{"id":7763,"date":"2024-08-08T07:47:43","date_gmt":"2024-08-08T07:47:43","guid":{"rendered":"https:\/\/www.escuela-hablamos.com\/?page_id=7763"},"modified":"2025-06-12T11:55:07","modified_gmt":"2025-06-12T11:55:07","slug":"workshop-lets-talk-about-football","status":"publish","type":"page","link":"https:\/\/www.escuela-hablamos.com\/pt\/workshop-lets-talk-about-football\/","title":{"rendered":"Workshop: Falamos de Futebol"},"content":{"rendered":"<div class=\"wpb-content-wrapper\"><div data-parent=\"true\" class=\"vc_row row-container\" id=\"row-unique-5\"><div class=\"row unequal limit-width row-parent\"><div class=\"wpb_row row-inner\"><div class=\"wpb_column pos-top pos-center align_left column_parent col-lg-6 single-internal-gutter\"><div class=\"uncol style-light\"  ><div class=\"uncoltable\" style=\"min-height: 400px;\"><div class=\"uncell single-block-padding\" ><div class=\"column-background background-element\">\n\t\t\t\t\t\t\t\t\t\t\t<div class=\"background-wrapper\">\n\t\t\t\t\t\t\t\t\t\t\t\t<div class=\"background-inner\" style=\"background-image: url(https:\/\/www.escuela-hablamos.com\/wp-content\/uploads\/2024\/08\/futbol-1.jpg);background-repeat: no-repeat;background-position: center center;background-size: cover;\" data-o_src=\"https:\/\/www.escuela-hablamos.com\/wp-content\/uploads\/2024\/08\/futbol-1.jpg\"><\/div>\n\t\t\t\t\t\t\t\t\t\t\t\t\n\t\t\t\t\t\t\t\t\t\t\t<\/div>\n\t\t\t\t\t\t\t\t\t\t<\/div><div class=\"uncont\" ><div  class=\"vertical-text text-Hablamos-red-color h3 vertical-text--noflip vertical-text--left vertical-text--center shift_x_neg_half\">Vem estudar em Madrid<\/div><\/div><\/div><\/div><\/div><\/div><div class=\"wpb_column pos-top pos-center align_left column_parent col-lg-6 one-internal-gutter\"><div class=\"uncol style-light\"  ><div class=\"uncoltable\"><div class=\"uncell no-block-padding\" ><div class=\"uncont\" ><div class=\"vc_custom_heading_wrap\"><div class=\"heading-text el-text\" ><h1 class=\"h3 font-weight-400\" ><span><mark>WORKSHOP<\/mark><\/span><\/h1><\/div><div class=\"clear\"><\/div><\/div><div class=\"empty-space empty-half\" ><span class=\"empty-space-inner\"><\/span><\/div>\n<div class=\"vc_custom_heading_wrap\"><div class=\"heading-text el-text\" ><h2 class=\"h1 font-weight-300\" ><span>FALAMOS DE<\/span><\/h2><\/div><div class=\"clear\"><\/div><\/div><div class=\"vc_custom_heading_wrap\"><div class=\"heading-text el-text\" ><h2 class=\"h1 font-weight-700\" ><span>FUTEBOL<\/span><\/h2><\/div><div class=\"clear\"><\/div><\/div><div class=\"divider-wrapper\"  >\n    <hr class=\"unseparator border-Hablamos-red-color separator-no-padding\"  style=\"width: 30%;border-top-width: 8px;\" \/>\n<\/div>\n<div class=\"empty-space empty-half\" ><span class=\"empty-space-inner\"><\/span><\/div>\n<div class=\"uncode_text_column text-lead\" ><p>Um curso concebido para estudantes de n\u00edvel interm\u00e9dio (B1 &#8211; B2) que desejam melhorar o seu espanhol atrav\u00e9s do excitante mundo do futebol.<\/p>\n<\/div><div class=\"empty-space empty-half\" ><span class=\"empty-space-inner\"><\/span><\/div>\n\n\t<div class=\"wpb_raw_code wpb_raw_html\" >\n\t\t<div class=\"wpb_wrapper\">\n\t\t\t<div style=\"background-color:#4d7285;border-radius:0px 0px 45px 0px;color:white;padding:20px;font-weight:700;\">\n<span style=\"font-weight:400;font-size:1.4em;\"><mark>Faz o teste de n\u00edvel<\/mark><\/span><br>\n<span style=\"font-size:2.6em;\">REGISTO ><\/span>\n<\/div>\n\n\t\t<\/div>\n\t<\/div>\n<\/div><\/div><\/div><\/div><a class=\"col-link custom-link\" href=\"https:\/\/www.escuela-hablamos.com\/pt\/book-your-course\/\" target=\"_self\" title=\"Inscr\u00edbete\"><\/a><\/div><script id=\"script-row-unique-5\" data-row=\"script-row-unique-5\" type=\"text\/javascript\" class=\"vc_controls\">UNCODE.initRow(document.getElementById(\"row-unique-5\"));<\/script><\/div><\/div><\/div><div data-parent=\"true\" class=\"vc_row has-bg need-focus style-Hablamos-blue2-bg row-container\" id=\"row-unique-12\"><div class=\"row unequal limit-width row-parent\"><div class=\"wpb_row row-inner\"><div class=\"wpb_column pos-top pos-center align_left column_parent col-lg-6 single-internal-gutter\"><div class=\"uncol style-light\"  ><div class=\"uncoltable\" style=\"min-height: 400px;\"><div class=\"uncell no-block-padding\" ><div class=\"uncont\" ><div class=\"uncode_text_column\" ><p><strong>Falemos de futebol<\/strong> foi concebido para os estudantes que necessitam de dominar toda a terminologia deste desporto, utilizada diariamente por treinadores, jogadores, fisioterapeutas, m\u00e9dicos desportivos e dirigentes de clubes.<\/p>\n<p>Ao longo de 40 horas num m\u00eas (aulas de duas horas todos os dias, de segunda a sexta-feira), os participantes combinar\u00e3o a pr\u00e1tica do espanhol nas aulas com a aquisi\u00e7\u00e3o de vocabul\u00e1rio espec\u00edfico do futebol (s\u00e3o ensinadas 400 novas palavras futebol\u00edsticas, bem como estruturas muito utilizadas pelos jogadores e pelo pessoal t\u00e9cnico).<\/p>\n<\/div><\/div><\/div><\/div><\/div><\/div><div class=\"wpb_column pos-top pos-center align_left column_parent col-lg-6 one-internal-gutter\"><div class=\"uncol style-light\"  ><div class=\"uncoltable\"><div class=\"uncell no-block-padding\" ><div class=\"uncont\" ><div class=\"uncode_text_column\" ><p>Nas aulas utilizamos exemplos reais da l\u00edngua espanhola relacionados com o futebol, tais como coment\u00e1rios de treinos e jogos, vocabul\u00e1rio essencial e t\u00e9cnico, entrevistas com jogadores, an\u00e1lises desportivas, desenvolvendo as compet\u00eancias lingu\u00edsticas dos alunos num contexto pr\u00e1tico e atrativo.<\/p>\n<p>Este curso \u00e9 ideal para os adeptos estrangeiros do futebol ou para as pessoas que j\u00e1 est\u00e3o envolvidas no desporto e precisam de dominar em espanhol todos os termos e estruturas mais essenciais deste desporto; <strong>prepare-se para aprender e desfrutar da l\u00edngua como nunca antes!<\/strong><\/p>\n<\/div><\/div><\/div><\/div><\/div><a class=\"col-link custom-link\" href=\"https:\/\/www.escuela-hablamos.com\/pt\/book-your-course\/\" target=\"_self\" title=\"Inscr\u00edbete\"><\/a><\/div><script id=\"script-row-unique-12\" data-row=\"script-row-unique-12\" type=\"text\/javascript\" class=\"vc_controls\">UNCODE.initRow(document.getElementById(\"row-unique-12\"));<\/script><\/div><\/div><\/div><div data-parent=\"true\" class=\"vc_row inverted-device-order has-bg need-focus style-Hablamos-blue3-bg row-container\" id=\"row-unique-19\"><div class=\"row unequal limit-width row-parent\"><div class=\"wpb_row row-inner\"><div class=\"wpb_column pos-top pos-center align_left column_parent col-lg-6 single-internal-gutter\"><div class=\"uncol style-light\"  ><div class=\"uncoltable\"><div class=\"uncell no-block-padding\" ><div class=\"uncont\" >\n\t<div class=\"wpb_raw_code wpb_raw_html\" >\n\t\t<div class=\"wpb_wrapper\">\n\t\t\t<div style=\"background-color:#ffffff;border-radius:0px 0px 0px 45px;color:#145f85;padding:20px;\">\n<img decoding=\"async\" style=\"margin-bottom:20px;\" src=\"https:\/\/www.escuela-hablamos.com\/wp-content\/uploads\/2024\/08\/rm2.jpg\">\n<span style=\"font-size:2em;\">ESTE WORKSHOP <span style=\"font-weight:700;\">INCLUI<\/span><\/span>\n<br>O semin\u00e1rio ter\u00e1 uma dura\u00e7\u00e3o de 40 horas e ser\u00e1 dividido nos seguintes t\u00f3picos:\n<ul>\n<li>O vocabul\u00e1rio essencial mais utilizado e o vocabul\u00e1rio t\u00e9cnico<\/li>\n<li>As contrata\u00e7\u00f5es<\/li>\n<li>A forma\u00e7\u00e3o<\/li>\n<li>O jogo<\/li>\n<li>O campeonato<\/li>\n<li>As les\u00f5es<\/li>\n<li>Hist\u00f3ria do futebol em Espanha e em Madrid<\/li>\n<li>O futebol e os media<\/li>\n<li><span style=\"font-weight:700;\">Uma visita com o nosso professor e um guia do Real Madrid ao est\u00e1dio Santiago Bernabeu est\u00e1 inclu\u00edda no pre\u00e7o do curso.<\/span><\/li>\n<\/ul>\n<br><br>\n<\/div>\n\n\t\t<\/div>\n\t<\/div>\n<\/div><\/div><\/div><\/div><\/div><div class=\"wpb_column pos-top pos-center align_left column_parent col-lg-6 single-internal-gutter\"><div class=\"uncol style-light sticky-element sticky-sidebar\"  ><div class=\"uncoltable\"><div class=\"uncell no-block-padding\" ><div class=\"uncont\" ><div class=\"vc_row row-internal row-container\"><div class=\"row row-child\"><div class=\"wpb_row row-inner\"><div class=\"wpb_column pos-top pos-center align_center column_child col-lg-6 single-internal-gutter\"><div class=\"uncol style-light\" ><div class=\"uncoltable\"><div class=\"uncell no-block-padding\" ><div class=\"uncont\" ><div class=\"icon-box icon-box-top\" ><div class=\"icon-box-icon fa-container\" ><span class=\"fa fa-stack fa-2x btn-accent fa-rounded btn-outline btn-disable-hover\"><i class=\"fa fa-futbol-o\"><\/i><\/span><\/div><div class=\"icon-box-content\"><div class=\"icon-box-heading icon-box-fa-2x-back\"><h4 class=\"h3\">A quem se destina?<\/h4><\/div>\n<p class=\"text-top-reduced\" style=\"text-align: center;\">Este curso \u00e9 o complemento perfeito para os alunos que j\u00e1 t\u00eam um n\u00edvel B1 ou B2 de espanhol e querem fazer um curso espec\u00edfico sobre este tema.<br \/><\/p>\n<\/div><\/div><\/div><\/div><\/div><\/div><\/div><div class=\"wpb_column pos-top pos-center align_center column_child col-lg-6 single-internal-gutter\"><div class=\"uncol style-light\" ><div class=\"uncoltable\"><div class=\"uncell no-block-padding\" ><div class=\"uncont\" ><div class=\"icon-box icon-box-top\" ><div class=\"icon-box-icon fa-container\" ><span class=\"fa fa-stack fa-2x btn-accent fa-rounded btn-outline btn-disable-hover\"><i class=\"fa fa-hourglass-o\"><\/i><\/span><\/div><div class=\"icon-box-content\"><div class=\"icon-box-heading icon-box-fa-2x-back\"><h4 class=\"h3\">10 horas\/semana<\/h4><\/div>\n<p class=\"text-top-reduced\" style=\"text-align: center;\">Manh\u00e3s ou tardes<br \/><\/p>\n<\/div><\/div><\/div><\/div><\/div><\/div><\/div><\/div><\/div><\/div><div class=\"vc_row row-internal row-container\"><div class=\"row row-child\"><div class=\"wpb_row row-inner\"><div class=\"wpb_column pos-top pos-center align_center column_child col-lg-6 single-internal-gutter\"><div class=\"uncol style-light\" ><div class=\"uncoltable\"><div class=\"uncell no-block-padding\" ><div class=\"uncont\" ><div class=\"icon-box icon-box-top\" ><div class=\"icon-box-icon fa-container\" ><span class=\"fa fa-stack fa-2x btn-accent fa-rounded btn-outline btn-disable-hover\"><i class=\"fa fa-calendar\"><\/i><\/span><\/div><div class=\"icon-box-content\"><div class=\"icon-box-heading icon-box-fa-2x-back\"><h4 class=\"h3\">De segunda a sexta-feira<\/h4><\/div>\n<p class=\"text-top-reduced\" style=\"text-align: center;\">2 horas por dia<br \/><\/p>\n<\/div><\/div><\/div><\/div><\/div><\/div><\/div><div class=\"wpb_column pos-top pos-center align_center column_child col-lg-6 single-internal-gutter\"><div class=\"uncol style-light\" ><div class=\"uncoltable\"><div class=\"uncell no-block-padding\" ><div class=\"uncont\" ><div class=\"icon-box icon-box-top\" ><div class=\"icon-box-icon fa-container\" ><span class=\"fa fa-stack fa-2x btn-accent fa-rounded btn-outline btn-disable-hover\"><i class=\"fa fa-credit-card\"><\/i><\/span><\/div><div class=\"icon-box-content\"><div class=\"icon-box-heading icon-box-fa-2x-back\"><h4 class=\"h3\">Pre\u00e7o<\/h4><\/div><p class=\"text-top-reduced\" style=\"text-align: center;\">350 euros\/m\u00eas<br \/>\n+ 15 euros de inscri\u00e7\u00e3o<\/p>\n<\/div><\/div><\/div><\/div><\/div><\/div><\/div><\/div><\/div><\/div><\/div><\/div><\/div><\/div><\/div><script id=\"script-row-unique-19\" data-row=\"script-row-unique-19\" type=\"text\/javascript\" class=\"vc_controls\">UNCODE.initRow(document.getElementById(\"row-unique-19\"));<\/script><\/div><\/div><\/div><div data-parent=\"true\" class=\"vc_row inverted-device-order has-bg need-focus style-Hablamos-blue3-bg row-container\" id=\"row-unique-22\"><div class=\"row unequal full-width row-parent\"><div class=\"wpb_row row-inner\"><div class=\"wpb_column pos-top pos-center align_left column_parent col-lg-4 single-internal-gutter\"><div class=\"uncol style-light\"  ><div class=\"uncoltable\"><div class=\"uncell no-block-padding\" ><div class=\"uncont\" ><div class=\"uncode-single-media  text-left\"><div class=\"single-wrapper\" style=\"max-width: 100%;\"><div class=\"tmb tmb-light  tmb-media-first tmb-media-last tmb-content-overlay tmb-no-bg\"><div class=\"t-inside\"><div class=\"t-entry-visual\"><div class=\"t-entry-visual-tc\"><div class=\"uncode-single-media-wrapper\"><div class=\"h3 youtube-video fluid-object\" style=\"padding-top: 56.31%\"><iframe title=\"Interview with Olga - Spanish Teacher with Hablamos Escuela de Espa&ntilde;ol, in Madrid\" width=\"840\" height=\"473\" src=\"https:\/\/www.youtube.com\/embed\/V9mM5AplCk4?feature=oembed&amp;v=V9mM5AplCk4\" frameborder=\"0\" allow=\"accelerometer; autoplay; clipboard-write; encrypted-media; gyroscope; picture-in-picture; web-share\" referrerpolicy=\"strict-origin-when-cross-origin\" allowfullscreen><\/iframe><\/div><\/div>\n\t\t\t\t\t<\/div>\n\t\t\t\t<\/div><\/div><\/div><\/div><\/div><\/div><\/div><\/div><\/div><\/div><div class=\"wpb_column pos-top pos-center align_left column_parent col-lg-4 single-internal-gutter\"><div class=\"uncol style-light\"  ><div class=\"uncoltable\"><div class=\"uncell no-block-padding\" ><div class=\"uncont\" ><div class=\"uncode-single-media  text-left\"><div class=\"single-wrapper\" style=\"max-width: 100%;\"><div class=\"tmb tmb-light  tmb-media-first tmb-media-last tmb-content-overlay tmb-no-bg\"><div class=\"t-inside\"><div class=\"t-entry-visual\"><div class=\"t-entry-visual-tc\"><div class=\"uncode-single-media-wrapper\"><div class=\"h3 youtube-video fluid-object\" style=\"padding-top: 56.31%\"><iframe title=\"Hablamos Entrevista Oscar, Profesor de Espa&ntilde;ol\" width=\"840\" height=\"473\" src=\"https:\/\/www.youtube.com\/embed\/lpsT6JSvsyw?feature=oembed&amp;v=lpsT6JSvsyw\" frameborder=\"0\" allow=\"accelerometer; autoplay; clipboard-write; encrypted-media; gyroscope; picture-in-picture; web-share\" referrerpolicy=\"strict-origin-when-cross-origin\" allowfullscreen><\/iframe><\/div><\/div>\n\t\t\t\t\t<\/div>\n\t\t\t\t<\/div><\/div><\/div><\/div><\/div><\/div><\/div><\/div><\/div><\/div><div class=\"wpb_column pos-top pos-center align_left column_parent col-lg-4 single-internal-gutter\"><div class=\"uncol style-light\"  ><div class=\"uncoltable\"><div class=\"uncell no-block-padding\" ><div class=\"uncont\" ><div class=\"uncode-single-media  text-left\"><div class=\"single-wrapper\" style=\"max-width: 100%;\"><div class=\"tmb tmb-light  tmb-media-first tmb-media-last tmb-content-overlay tmb-no-bg\"><div class=\"t-inside\"><div class=\"t-entry-visual\"><div class=\"t-entry-visual-tc\"><div class=\"uncode-single-media-wrapper\"><div class=\"h3 youtube-video fluid-object\" style=\"padding-top: 56.31%\"><iframe title=\"Interview with Maria - Spanish Teacher with Hablamos\" width=\"840\" height=\"473\" src=\"https:\/\/www.youtube.com\/embed\/gZMwAGFnec0?feature=oembed&amp;v=gZMwAGFnec0\" frameborder=\"0\" allow=\"accelerometer; autoplay; clipboard-write; encrypted-media; gyroscope; picture-in-picture; web-share\" referrerpolicy=\"strict-origin-when-cross-origin\" allowfullscreen><\/iframe><\/div><\/div>\n\t\t\t\t\t<\/div>\n\t\t\t\t<\/div><\/div><\/div><\/div><\/div><\/div><\/div><\/div><\/div><\/div><script id=\"script-row-unique-22\" data-row=\"script-row-unique-22\" type=\"text\/javascript\" class=\"vc_controls\">UNCODE.initRow(document.getElementById(\"row-unique-22\"));<\/script><\/div><\/div><\/div><div data-parent=\"true\" class=\"vc_row inverted-device-order has-bg need-focus style-Hablamos-blue3-bg row-container\" id=\"row-unique-23\"><div class=\"row unequal full-width row-parent\"><div class=\"wpb_row row-inner\"><div class=\"wpb_column pos-top pos-center align_left column_parent col-lg-4 single-internal-gutter\"><div class=\"uncol style-light\"  ><div class=\"uncoltable\"><div class=\"uncell no-block-padding\" ><div class=\"uncont\" ><div class=\"uncode-single-media  text-left\"><div class=\"single-wrapper\" style=\"max-width: 100%;\"><div class=\"tmb tmb-light  tmb-media-first tmb-media-last tmb-content-overlay tmb-no-bg\"><div class=\"t-inside\"><div class=\"t-entry-visual\"><div class=\"t-entry-visual-tc\"><div class=\"uncode-single-media-wrapper\"><div class=\"h3 youtube-video fluid-object\" style=\"padding-top: 56.31%\"><iframe title=\"Interview with Begon&#771;a - Spanish Teacher with Hablamos Escuela de Espa&ntilde;ol, in Madrid\" width=\"840\" height=\"473\" src=\"https:\/\/www.youtube.com\/embed\/mswPdv2vEVI?feature=oembed&amp;v=mswPdv2vEVI\" frameborder=\"0\" allow=\"accelerometer; autoplay; clipboard-write; encrypted-media; gyroscope; picture-in-picture; web-share\" referrerpolicy=\"strict-origin-when-cross-origin\" allowfullscreen><\/iframe><\/div><\/div>\n\t\t\t\t\t<\/div>\n\t\t\t\t<\/div><\/div><\/div><\/div><\/div><\/div><\/div><\/div><\/div><\/div><div class=\"wpb_column pos-top pos-center align_left column_parent col-lg-4 single-internal-gutter\"><div class=\"uncol style-light\"  ><div class=\"uncoltable\"><div class=\"uncell no-block-padding\" ><div class=\"uncont\" ><div class=\"uncode-single-media  text-left\"><div class=\"single-wrapper\" style=\"max-width: 100%;\"><div class=\"tmb tmb-light  tmb-media-first tmb-media-last tmb-content-overlay tmb-no-bg\"><div class=\"t-inside\"><div class=\"t-entry-visual\"><div class=\"t-entry-visual-tc\"><div class=\"uncode-single-media-wrapper\"><div class=\"h3 youtube-video fluid-object\" style=\"padding-top: 56.31%\"><iframe title=\"Learn Spanish with Clara | Interactive Spanish Classes Online\" width=\"840\" height=\"473\" src=\"https:\/\/www.youtube.com\/embed\/ZELb2LC1rrg?feature=oembed\" frameborder=\"0\" allow=\"accelerometer; autoplay; clipboard-write; encrypted-media; gyroscope; picture-in-picture; web-share\" referrerpolicy=\"strict-origin-when-cross-origin\" allowfullscreen><\/iframe><\/div><\/div>\n\t\t\t\t\t<\/div>\n\t\t\t\t<\/div><\/div><\/div><\/div><\/div><\/div><\/div><\/div><\/div><\/div><div class=\"wpb_column pos-top pos-center align_left column_parent col-lg-4 single-internal-gutter\"><div class=\"uncol style-light\"  ><div class=\"uncoltable\"><div class=\"uncell no-block-padding\" ><div class=\"uncont\" ><div class=\"uncode-single-media  text-left\"><div class=\"single-wrapper\" style=\"max-width: 100%;\"><div class=\"tmb tmb-light  tmb-media-first tmb-media-last tmb-content-overlay tmb-no-bg\"><div class=\"t-inside\"><div class=\"t-entry-visual\"><div class=\"t-entry-visual-tc\"><div class=\"uncode-single-media-wrapper\"><div class=\"h3 youtube-video fluid-object\" style=\"padding-top: 56.31%\"><iframe title=\"Meet Mari&aacute;ngeles | Spanish Teacher at Escuela Hablamos\" width=\"840\" height=\"473\" src=\"https:\/\/www.youtube.com\/embed\/stNLgavYYSU?feature=oembed\" frameborder=\"0\" allow=\"accelerometer; autoplay; clipboard-write; encrypted-media; gyroscope; picture-in-picture; web-share\" referrerpolicy=\"strict-origin-when-cross-origin\" allowfullscreen><\/iframe><\/div><\/div>\n\t\t\t\t\t<\/div>\n\t\t\t\t<\/div><\/div><\/div><\/div><\/div><\/div><\/div><\/div><\/div><\/div><script id=\"script-row-unique-23\" data-row=\"script-row-unique-23\" type=\"text\/javascript\" class=\"vc_controls\">UNCODE.initRow(document.getElementById(\"row-unique-23\"));<\/script><\/div><\/div><\/div>\r\n<div data-parent=\"true\" class=\"vc_row row-container\" id=\"row-unique-30\"><div class=\"row double-top-padding double-bottom-padding single-h-padding limit-width row-parent\"><div class=\"wpb_row row-inner\"><div class=\"wpb_column pos-top pos-center align_center column_parent col-lg-12 single-internal-gutter\"><div class=\"uncol style-light\"  ><div class=\"uncoltable\"><div class=\"uncell no-block-padding\" ><div class=\"uncont\" ><span class=\"btn-container btn-inline animate_when_almost_visible left-t-right\" ><a role=\"button\"  href=\"https:\/\/www.escuela-hablamos.com\/pt\/contact-hablamos\/\" class=\"custom-link btn border-width-0 btn-accent btn-no-scale btn-icon-left\" title=\"Contact Hablamos\">Precisa de mais informa\u00e7\u00f5es?<\/a><\/span><span class=\"btn-container btn-inline animate_when_almost_visible right-t-left\" ><a role=\"button\"  href=\"https:\/\/www.escuela-hablamos.com\/pt\/book-your-course\/\" class=\"custom-link btn border-width-0 btn-Hablamos-blue btn-no-scale btn-icon-left\" title=\"Reserve o teu curso\">Registe-se agora<\/a><\/span><\/div><\/div><\/div><\/div><\/div><script id=\"script-row-unique-30\" data-row=\"script-row-unique-30\" type=\"text\/javascript\" class=\"vc_controls\">UNCODE.initRow(document.getElementById(\"row-unique-30\"));<\/script><\/div><\/div><\/div>\n<\/div>","protected":false},"excerpt":{"rendered":"<p>A course designed for intermediate level students (B1 &#8211; B2) who wish to improve their Spanish through the exciting world of football<\/p>","protected":false},"author":2,"featured_media":7945,"parent":0,"menu_order":0,"comment_status":"closed","ping_status":"closed","template":"","meta":{"iawp_total_views":2168,"footnotes":""},"class_list":["post-7763","page","type-page","status-publish","has-post-thumbnail","hentry","page_category-courses-in-person"],"_links":{"self":[{"href":"https:\/\/www.escuela-hablamos.com\/pt\/wp-json\/wp\/v2\/pages\/7763","targetHints":{"allow":["GET"]}}],"collection":[{"href":"https:\/\/www.escuela-hablamos.com\/pt\/wp-json\/wp\/v2\/pages"}],"about":[{"href":"https:\/\/www.escuela-hablamos.com\/pt\/wp-json\/wp\/v2\/types\/page"}],"author":[{"embeddable":true,"href":"https:\/\/www.escuela-hablamos.com\/pt\/wp-json\/wp\/v2\/users\/2"}],"replies":[{"embeddable":true,"href":"https:\/\/www.escuela-hablamos.com\/pt\/wp-json\/wp\/v2\/comments?post=7763"}],"version-history":[{"count":76,"href":"https:\/\/www.escuela-hablamos.com\/pt\/wp-json\/wp\/v2\/pages\/7763\/revisions"}],"predecessor-version":[{"id":155172,"href":"https:\/\/www.escuela-hablamos.com\/pt\/wp-json\/wp\/v2\/pages\/7763\/revisions\/155172"}],"wp:featuredmedia":[{"embeddable":true,"href":"https:\/\/www.escuela-hablamos.com\/pt\/wp-json\/wp\/v2\/media\/7945"}],"wp:attachment":[{"href":"https:\/\/www.escuela-hablamos.com\/pt\/wp-json\/wp\/v2\/media?parent=7763"}],"curies":[{"name":"wp","href":"https:\/\/api.w.org\/{rel}","templated":true}]}}