{"id":149,"date":"2022-05-27T13:13:51","date_gmt":"2022-05-27T13:13:51","guid":{"rendered":"https:\/\/www.escuela-hablamos.com\/?page_id=149"},"modified":"2025-04-23T06:54:12","modified_gmt":"2025-04-23T06:54:12","slug":"methodology-and-team","status":"publish","type":"page","link":"https:\/\/www.escuela-hablamos.com\/pt\/methodology-and-team\/","title":{"rendered":"Metodologia e Equipa"},"content":{"rendered":"<div class=\"wpb-content-wrapper\"><div data-parent=\"true\" class=\"vc_row row-container\" id=\"row-unique-5\"><div class=\"row unequal no-top-padding no-bottom-padding no-h-padding full-width row-parent\"><div class=\"wpb_row row-inner\"><div class=\"wpb_column pos-top pos-center align_left column_parent col-lg-6 single-internal-gutter\"><div class=\"uncol style-light animate_when_almost_visible left-t-right\"  ><div class=\"uncoltable\" style=\"min-height: 340px;\"><div class=\"uncell no-block-padding\" ><div class=\"column-background background-element\">\n\t\t\t\t\t\t\t\t\t\t\t<div class=\"background-wrapper\">\n\t\t\t\t\t\t\t\t\t\t\t\t<div class=\"background-inner\" style=\"background-image: url(https:\/\/www.escuela-hablamos.com\/wp-content\/uploads\/2022\/07\/profe-el.jpg);background-repeat: no-repeat;background-position: center center;background-size: cover;\" data-o_src=\"https:\/\/www.escuela-hablamos.com\/wp-content\/uploads\/2022\/07\/profe-el.jpg\"><\/div>\n\t\t\t\t\t\t\t\t\t\t\t\t\n\t\t\t\t\t\t\t\t\t\t\t<\/div>\n\t\t\t\t\t\t\t\t\t\t<\/div><div class=\"uncont\" ><\/div><\/div><\/div><\/div><\/div><div class=\"wpb_column pos-middle pos-left align_left column_parent col-lg-6 single-internal-gutter\"><div class=\"uncol style-light animate_when_almost_visible right-t-left\"  ><div class=\"uncoltable\"><div class=\"uncell no-block-padding\" ><div class=\"uncont\" ><div class=\"vc_row row-internal row-container\"><div class=\"row row-child\"><div class=\"wpb_row row-inner\"><div class=\"wpb_column pos-top pos-left align_left column_child col-lg-12 half-internal-gutter\"><div class=\"uncol style-light\" ><div class=\"uncoltable\"><div class=\"uncell single-block-padding\" ><div class=\"uncont\" style=\" max-width:80%;\" ><div class=\"vc_custom_heading_wrap\"><div class=\"heading-text el-text\" data-marquee-speed=\"\"><h3 class=\"h3 font-weight-400 text-color-620122-color text-uppercase un-text-marquee un-marquee\" ><span><mark>Hablamos<\/mark> est\u00e1 a falar espanhol e a praticar o que se aprende a toda a hora<\/span><\/h3><\/div><div class=\"clear\"><\/div><\/div><div class=\"empty-space empty-single\" ><span class=\"empty-space-inner\"><\/span><\/div>\n<div class=\"vc_custom_heading_wrap\"><div class=\"heading-text el-text\" ><h1 class=\"h2\" ><span>Metodologia e Faculdade<\/span><\/h1><\/div><div class=\"clear\"><\/div><\/div><div class=\"uncode_text_column text-lead\" ><p>A nossa metodologia \u00e9 simplesmente dizer o nosso nome. <strong>Hablamos \u00e9 falar espanhol e praticar o que se aprende a toda a hora<\/strong>, porque tudo o que fazemos tem um enfoque pr\u00e1tico e comunicativo, mesmo que ensinemos gram\u00e1tica, leitura ou exerc\u00edcios de \u00e1udio. E isto vale tanto para as nossas aulas presenciais como para as nossas aulas online.<\/p>\n<\/div><div class=\"uncode_text_column text-lead\" ><p>O nosso m\u00e9todo <mark>Hablamos<\/mark> \u00e9 baseado nestes princ\u00edpios:<\/p>\n<\/div><div class=\"empty-space empty-double\" ><span class=\"empty-space-inner\"><\/span><\/div>\n<\/div><\/div><\/div><\/div><\/div><\/div><\/div><\/div><\/div><\/div><\/div><\/div><\/div><script id=\"script-row-unique-5\" data-row=\"script-row-unique-5\" type=\"text\/javascript\" class=\"vc_controls\">UNCODE.initRow(document.getElementById(\"row-unique-5\"));<\/script><\/div><\/div><\/div><div data-parent=\"true\" class=\"vc_row has-bg need-focus style-Hablamos-blue3-bg row-container\" id=\"row-unique-12\"><div class=\"row unequal col-double-gutter triple-top-padding triple-bottom-padding single-h-padding limit-width row-parent\"><div class=\"wpb_row row-inner\"><div class=\"wpb_column pos-top pos-center align_left column_parent col-lg-4 half-internal-gutter\"><div class=\"uncol style-light animate_when_almost_visible top-t-bottom\"  ><div class=\"uncoltable\"><div class=\"uncell no-block-padding\" ><div class=\"uncont\" ><div class=\"vc_custom_heading_wrap\"><div class=\"heading-text el-text\" ><h6 class=\"h6 text-accent-color text-uppercase\" ><span><mark>Pr\u00e1tica<\/mark><\/span><\/h6><\/div><div class=\"clear\"><\/div><\/div><div class=\"vc_custom_heading_wrap\"><div class=\"heading-text el-text\" ><h2 class=\"h3\" ><span>O que \u00e9 aprendido \u00e9 praticado<\/span><\/h2><\/div><div class=\"clear\"><\/div><\/div><div class=\"uncode_text_column\" ><p>Desde o momento em que entra em qualquer uma das nossas aulas, o nosso objectivo \u00e9 que n\u00e3o deixe de falar e de usar o que lhe ensinamos. <strong>A nossa abordagem \u00e9 puramente comunicativa. Damos \u00eanfase \u00e0 melhoria da sua pron\u00fancia e \u00e0 correc\u00e7\u00e3o dos seus erros b\u00e1sicos para que fa\u00e7a verdadeiros progressos.<\/strong><\/p>\n<\/div><\/div><\/div><\/div><\/div><\/div><div class=\"wpb_column pos-top pos-center align_left column_parent col-lg-4 half-internal-gutter\"><div class=\"uncol style-light animate_when_almost_visible top-t-bottom\"  ><div class=\"uncoltable\"><div class=\"uncell no-block-padding\" ><div class=\"uncont\" ><div class=\"vc_custom_heading_wrap\"><div class=\"heading-text el-text\" ><h6 class=\"h6 text-accent-color text-uppercase\" ><span><mark>Significativo<\/mark><\/span><\/h6><\/div><div class=\"clear\"><\/div><\/div><div class=\"vc_custom_heading_wrap\"><div class=\"heading-text el-text\" ><h2 class=\"h3\" ><span>O que \u00e9 aprendido \u00e9 compreendido<\/span><\/h2><\/div><div class=\"clear\"><\/div><\/div><div class=\"uncode_text_column\" ><p>Queremos que use o seu espanhol o tempo todo, mas n\u00e3o de uma forma mec\u00e2nica ou rob\u00f3tica, <strong><em>mas de uma forma significativa<\/em><\/strong>, dando sentido \u00e0s frases que forma, \u00e0s palavras que usa.<\/p>\n<\/div><\/div><\/div><\/div><\/div><\/div><div class=\"wpb_column pos-top pos-center align_left column_parent col-lg-4 half-internal-gutter\"><div class=\"uncol style-light animate_when_almost_visible top-t-bottom\"  ><div class=\"uncoltable\"><div class=\"uncell no-block-padding\" ><div class=\"uncont\" ><div class=\"vc_custom_heading_wrap\"><div class=\"heading-text el-text\" ><h6 class=\"h6 text-accent-color text-uppercase\" ><span><mark>No contexto<\/mark><\/span><\/h6><\/div><div class=\"clear\"><\/div><\/div><div class=\"vc_custom_heading_wrap\"><div class=\"heading-text el-text\" ><h2 class=\"h3\" ><span>O que \u00e9 aprendido \u00e9 utilizado de acordo com o contexto<\/span><\/h2><\/div><div class=\"clear\"><\/div><\/div><div class=\"uncode_text_column\" ><p>H\u00e1 um espanhol informal, um espanhol formal, um espanhol mais liter\u00e1rio, um espanhol mais comercial. \u00c9 essencial que <strong>desde o in\u00edcio o seu espanhol tenha um registo<\/strong>, ou seja, que o possa modular de acordo com o contexto em que tem de o utilizar. \u00c9 por isso que nas nossas aulas lhe ensinamos a contextualizar o que aprende para que o seu espanhol n\u00e3o seja apenas o mais eficaz, mas tamb\u00e9m para que saiba qual o espanhol a utilizar no melhor contexto.<\/p>\n<\/div><\/div><\/div><\/div><\/div><\/div><script id=\"script-row-unique-12\" data-row=\"script-row-unique-12\" type=\"text\/javascript\" class=\"vc_controls\">UNCODE.initRow(document.getElementById(\"row-unique-12\"));<\/script><\/div><\/div><\/div><div data-parent=\"true\" class=\"vc_row row-container\" id=\"row-unique-19\"><div class=\"row unequal no-top-padding no-bottom-padding no-h-padding full-width row-parent\"><div class=\"wpb_row row-inner\"><div class=\"wpb_column pos-middle pos-left align_left column_parent col-lg-6 single-internal-gutter\"><div class=\"uncol style-light animate_when_almost_visible right-t-left\"  ><div class=\"uncoltable\"><div class=\"uncell no-block-padding\" ><div class=\"uncont\" ><div class=\"vc_row row-internal row-container\"><div class=\"row row-child\"><div class=\"wpb_row row-inner\"><div class=\"wpb_column pos-top pos-right align_left column_child col-lg-12 half-internal-gutter\"><div class=\"uncol style-light\" ><div class=\"uncoltable\"><div class=\"uncell single-block-padding\" ><div class=\"uncont\" style=\" max-width:80%;\" ><div class=\"empty-space empty-double\" ><span class=\"empty-space-inner\"><\/span><\/div>\n<div class=\"vc_custom_heading_wrap\"><div class=\"heading-text el-text\" ><h1 class=\"h2\" ><span>Faculdade Hablamos: Uma equipa excelente<\/span><\/h1><\/div><div class=\"clear\"><\/div><\/div><div class=\"uncode_text_column text-lead\" ><p>O pessoal docente \u00e9 o elemento mais importante para o funcionamento de um centro educativo. Por este motivo, em <mark>Hablamos<\/mark> temos o maior cuidado em criar boas condi\u00e7\u00f5es de trabalho para os nossos professores, bem como em fornecer-lhes todos os meios pedag\u00f3gicos necess\u00e1rios para o melhor desempenho do seu trabalho. Todos os nossos professores s\u00e3o falantes nativos, t\u00eam um diploma universit\u00e1rio e s\u00e3o professores experientes de espanhol como l\u00edngua estrangeira. S\u00e3o contratados com horas lectivas e n\u00e3o lectivas para a prepara\u00e7\u00e3o das aulas. Participam regularmente em reuni\u00f5es com os chefes de estudos, e toda a equipa est\u00e1 motivada a oferecer os melhores cursos de espanhol.<\/p>\n<\/div><div class=\"empty-space empty-double\" ><span class=\"empty-space-inner\"><\/span><\/div>\n<\/div><\/div><\/div><\/div><\/div><\/div><\/div><\/div><\/div><\/div><\/div><\/div><\/div><div class=\"wpb_column pos-top pos-center align_left column_parent col-lg-6 single-internal-gutter\"><div class=\"uncol style-light animate_when_almost_visible left-t-right\"  ><div class=\"uncoltable\" style=\"min-height: 340px;\"><div class=\"uncell no-block-padding\" ><div class=\"column-background background-element\">\n\t\t\t\t\t\t\t\t\t\t\t<div class=\"background-wrapper\">\n\t\t\t\t\t\t\t\t\t\t\t\t<div class=\"background-inner\" style=\"background-image: url(https:\/\/www.escuela-hablamos.com\/wp-content\/uploads\/2022\/07\/profe-ella.jpg);background-repeat: no-repeat;background-position: center center;background-size: cover;\" data-o_src=\"https:\/\/www.escuela-hablamos.com\/wp-content\/uploads\/2022\/07\/profe-ella.jpg\"><\/div>\n\t\t\t\t\t\t\t\t\t\t\t\t\n\t\t\t\t\t\t\t\t\t\t\t<\/div>\n\t\t\t\t\t\t\t\t\t\t<\/div><div class=\"uncont\" ><\/div><\/div><\/div><\/div><\/div><script id=\"script-row-unique-19\" data-row=\"script-row-unique-19\" type=\"text\/javascript\" class=\"vc_controls\">UNCODE.initRow(document.getElementById(\"row-unique-19\"));<\/script><\/div><\/div><\/div><div data-parent=\"true\" class=\"vc_row inverted-device-order has-bg need-focus style-accent-bg row-container\" id=\"row-unique-21\"><div class=\"row unequal full-width row-parent\"><div class=\"wpb_row row-inner\"><div class=\"wpb_column pos-top pos-center align_left column_parent col-lg-4 single-internal-gutter\"><div class=\"uncol style-light\"  ><div class=\"uncoltable\"><div class=\"uncell no-block-padding\" ><div class=\"uncont\" ><div class=\"uncode-single-media  text-left\"><div class=\"single-wrapper\" style=\"max-width: 100%;\"><div class=\"tmb tmb-light  tmb-media-first tmb-media-last tmb-content-overlay tmb-no-bg\"><div class=\"t-inside\"><div class=\"t-entry-visual\"><div class=\"t-entry-visual-tc\"><div class=\"uncode-single-media-wrapper\"><div class=\"h3 youtube-video fluid-object\" style=\"padding-top: 56.31%\"><iframe title=\"Interview with Olga - Spanish Teacher with Hablamos Escuela de Espa&ntilde;ol, in Madrid\" width=\"840\" height=\"473\" src=\"https:\/\/www.youtube.com\/embed\/V9mM5AplCk4?feature=oembed&amp;v=V9mM5AplCk4\" frameborder=\"0\" allow=\"accelerometer; autoplay; clipboard-write; encrypted-media; gyroscope; picture-in-picture; web-share\" referrerpolicy=\"strict-origin-when-cross-origin\" allowfullscreen><\/iframe><\/div><\/div>\n\t\t\t\t\t<\/div>\n\t\t\t\t<\/div><\/div><\/div><\/div><\/div><\/div><\/div><\/div><\/div><\/div><div class=\"wpb_column pos-top pos-center align_left column_parent col-lg-4 single-internal-gutter\"><div class=\"uncol style-light\"  ><div class=\"uncoltable\"><div class=\"uncell no-block-padding\" ><div class=\"uncont\" ><div class=\"uncode-single-media  text-left\"><div class=\"single-wrapper\" style=\"max-width: 100%;\"><div class=\"tmb tmb-light  tmb-media-first tmb-media-last tmb-content-overlay tmb-no-bg\"><div class=\"t-inside\"><div class=\"t-entry-visual\"><div class=\"t-entry-visual-tc\"><div class=\"uncode-single-media-wrapper\"><div class=\"h3 youtube-video fluid-object\" style=\"padding-top: 56.31%\"><iframe title=\"Hablamos Entrevista Oscar, Profesor de Espa&ntilde;ol\" width=\"840\" height=\"473\" src=\"https:\/\/www.youtube.com\/embed\/lpsT6JSvsyw?feature=oembed&amp;v=lpsT6JSvsyw\" frameborder=\"0\" allow=\"accelerometer; autoplay; clipboard-write; encrypted-media; gyroscope; picture-in-picture; web-share\" referrerpolicy=\"strict-origin-when-cross-origin\" allowfullscreen><\/iframe><\/div><\/div>\n\t\t\t\t\t<\/div>\n\t\t\t\t<\/div><\/div><\/div><\/div><\/div><\/div><\/div><\/div><\/div><\/div><div class=\"wpb_column pos-top pos-center align_left column_parent col-lg-4 single-internal-gutter\"><div class=\"uncol style-light\"  ><div class=\"uncoltable\"><div class=\"uncell no-block-padding\" ><div class=\"uncont\" ><div class=\"uncode-single-media  text-left\"><div class=\"single-wrapper\" style=\"max-width: 100%;\"><div class=\"tmb tmb-light  tmb-media-first tmb-media-last tmb-content-overlay tmb-no-bg\"><div class=\"t-inside\"><div class=\"t-entry-visual\"><div class=\"t-entry-visual-tc\"><div class=\"uncode-single-media-wrapper\"><div class=\"h3 youtube-video fluid-object\" style=\"padding-top: 56.31%\"><iframe title=\"Interview with Maria - Spanish Teacher with Hablamos\" width=\"840\" height=\"473\" src=\"https:\/\/www.youtube.com\/embed\/gZMwAGFnec0?feature=oembed&amp;v=gZMwAGFnec0\" frameborder=\"0\" allow=\"accelerometer; autoplay; clipboard-write; encrypted-media; gyroscope; picture-in-picture; web-share\" referrerpolicy=\"strict-origin-when-cross-origin\" allowfullscreen><\/iframe><\/div><\/div>\n\t\t\t\t\t<\/div>\n\t\t\t\t<\/div><\/div><\/div><\/div><\/div><\/div><\/div><\/div><\/div><\/div><script id=\"script-row-unique-21\" data-row=\"script-row-unique-21\" type=\"text\/javascript\" class=\"vc_controls\">UNCODE.initRow(document.getElementById(\"row-unique-21\"));<\/script><\/div><\/div><\/div><div data-parent=\"true\" class=\"vc_row inverted-device-order has-bg need-focus style-accent-bg row-container\" id=\"row-unique-22\"><div class=\"row unequal full-width row-parent\"><div class=\"wpb_row row-inner\"><div class=\"wpb_column pos-top pos-center align_left column_parent col-lg-4 single-internal-gutter\"><div class=\"uncol style-light\"  ><div class=\"uncoltable\"><div class=\"uncell no-block-padding\" ><div class=\"uncont\" ><div class=\"uncode-single-media  text-left\"><div class=\"single-wrapper\" style=\"max-width: 100%;\"><div class=\"tmb tmb-light  tmb-media-first tmb-media-last tmb-content-overlay tmb-no-bg\"><div class=\"t-inside\"><div class=\"t-entry-visual\"><div class=\"t-entry-visual-tc\"><div class=\"uncode-single-media-wrapper\"><div class=\"h3 youtube-video fluid-object\" style=\"padding-top: 56.31%\"><iframe title=\"Learn Spanish with Clara | Interactive Spanish Classes Online\" width=\"840\" height=\"473\" src=\"https:\/\/www.youtube.com\/embed\/ZELb2LC1rrg?feature=oembed\" frameborder=\"0\" allow=\"accelerometer; autoplay; clipboard-write; encrypted-media; gyroscope; picture-in-picture; web-share\" referrerpolicy=\"strict-origin-when-cross-origin\" allowfullscreen><\/iframe><\/div><\/div>\n\t\t\t\t\t<\/div>\n\t\t\t\t<\/div><\/div><\/div><\/div><\/div><\/div><\/div><\/div><\/div><\/div><div class=\"wpb_column pos-top pos-center align_left column_parent col-lg-4 single-internal-gutter\"><div class=\"uncol style-light\"  ><div class=\"uncoltable\"><div class=\"uncell no-block-padding\" ><div class=\"uncont\" ><div class=\"uncode-single-media  text-left\"><div class=\"single-wrapper\" style=\"max-width: 100%;\"><div class=\"tmb tmb-light  tmb-media-first tmb-media-last tmb-content-overlay tmb-no-bg\"><div class=\"t-inside\"><div class=\"t-entry-visual\"><div class=\"t-entry-visual-tc\"><div class=\"uncode-single-media-wrapper\"><div class=\"h3 youtube-video fluid-object\" style=\"padding-top: 56.31%\"><iframe title=\"Meet Mari&aacute;ngeles | Spanish Teacher at Escuela Hablamos\" width=\"840\" height=\"473\" src=\"https:\/\/www.youtube.com\/embed\/stNLgavYYSU?feature=oembed\" frameborder=\"0\" allow=\"accelerometer; autoplay; clipboard-write; encrypted-media; gyroscope; picture-in-picture; web-share\" referrerpolicy=\"strict-origin-when-cross-origin\" allowfullscreen><\/iframe><\/div><\/div>\n\t\t\t\t\t<\/div>\n\t\t\t\t<\/div><\/div><\/div><\/div><\/div><\/div><\/div><\/div><\/div><\/div><div class=\"wpb_column pos-top pos-center align_left column_parent col-lg-4 single-internal-gutter\"><div class=\"uncol style-light\"  ><div class=\"uncoltable\"><div class=\"uncell no-block-padding\" ><div class=\"uncont\" ><div class=\"uncode-single-media  text-left\"><div class=\"single-wrapper\" style=\"max-width: 100%;\"><div class=\"tmb tmb-light  tmb-media-first tmb-media-last tmb-content-overlay tmb-no-bg\"><div class=\"t-inside\"><div class=\"t-entry-visual\"><div class=\"t-entry-visual-tc\"><div class=\"uncode-single-media-wrapper\"><div class=\"h3 youtube-video fluid-object\" style=\"padding-top: 56.31%\"><iframe title=\"Interview with Begon&#771;a - Spanish Teacher with Hablamos Escuela de Espa&ntilde;ol, in Madrid\" width=\"840\" height=\"473\" src=\"https:\/\/www.youtube.com\/embed\/mswPdv2vEVI?feature=oembed&amp;v=mswPdv2vEVI\" frameborder=\"0\" allow=\"accelerometer; autoplay; clipboard-write; encrypted-media; gyroscope; picture-in-picture; web-share\" referrerpolicy=\"strict-origin-when-cross-origin\" allowfullscreen><\/iframe><\/div><\/div>\n\t\t\t\t\t<\/div>\n\t\t\t\t<\/div><\/div><\/div><\/div><\/div><\/div><\/div><\/div><\/div><\/div><script id=\"script-row-unique-22\" data-row=\"script-row-unique-22\" type=\"text\/javascript\" class=\"vc_controls\">UNCODE.initRow(document.getElementById(\"row-unique-22\"));<\/script><\/div><\/div><\/div><div data-parent=\"true\" class=\"vc_row has-bg need-focus style-accent-bg row-container mobile-hidden\" id=\"row-unique-35\"><div class=\"row limit-width row-parent\"><div class=\"wpb_row row-inner\"><div class=\"wpb_column pos-top pos-center align_center column_parent col-lg-12 single-internal-gutter\"><div class=\"uncol style-light\"  ><div class=\"uncoltable\"><div class=\"uncell no-block-padding\" ><div class=\"uncont\" ><div class=\"vc_custom_heading_wrap mobile-hidden\"><div class=\"heading-text el-text\" ><h2 class=\"h1 text-color-xsdn-color\" ><span>Isto \u00e9 <span class=\"split-word uncode-rotating-span uncode-rotating-text-start\" data-text=\"a sua escola de espanhol em Madrid|muito mais do que aprender espanhol|Hablamos\" data-fx=\"zoom\" data-wait=\"3000\">&nbsp;<\/span><span class=\"split-word word1\"><span class=\"split-word-flow\"><span class=\"split-word-inner\"><span class=\"split-char char92\">H<\/span><span class=\"split-char char93\">a<\/span><span class=\"split-char char94\">b<\/span><span class=\"split-char char95\">l<\/span><span class=\"split-char char96\">a<\/span><span class=\"split-char char97\">m<\/span><span class=\"split-char char98\">o<\/span><span class=\"split-char char99\">s<\/span><\/span><\/span><\/span><span class=\"split-word uncode-rotating-span uncode-rotating-text-end\">&nbsp;<\/span><\/span><\/h2><\/div><div class=\"clear\"><\/div><\/div><\/div><\/div><\/div><\/div><\/div><script id=\"script-row-unique-35\" data-row=\"script-row-unique-35\" type=\"text\/javascript\" class=\"vc_controls\">UNCODE.initRow(document.getElementById(\"row-unique-35\"));<\/script><\/div><\/div><\/div><div data-parent=\"true\" class=\"vc_row has-bg need-focus style-accent-bg row-container desktop-hidden tablet-hidden\" id=\"row-unique-36\"><div class=\"row limit-width row-parent\"><div class=\"wpb_row row-inner\"><div class=\"wpb_column pos-top pos-center align_center column_parent col-lg-12 single-internal-gutter\"><div class=\"uncol style-light\"  ><div class=\"uncoltable\"><div class=\"uncell no-block-padding\" ><div class=\"uncont\" ><div class=\"vc_custom_heading_wrap desktop-hidden tablet-hidden\"><div class=\"heading-text el-text\" ><h2 class=\"h1 text-color-xsdn-color\" ><span>Isto \u00e9 <span class=\"split-word uncode-rotating-span uncode-rotating-text-start\" data-text=\"a sua escola de espanhol em Madrid|Hablamos\" data-fx=\"zoom\" data-wait=\"3000\">&nbsp;<\/span><span class=\"split-word word1\"><span class=\"split-word-flow\"><span class=\"split-word-inner\"><span class=\"split-char char92\">H<\/span><span class=\"split-char char93\">a<\/span><span class=\"split-char char94\">b<\/span><span class=\"split-char char95\">l<\/span><span class=\"split-char char96\">a<\/span><span class=\"split-char char97\">m<\/span><span class=\"split-char char98\">o<\/span><span class=\"split-char char99\">s<\/span><\/span><\/span><\/span><span class=\"split-word uncode-rotating-span uncode-rotating-text-end\">&nbsp;<\/span><\/span><\/h2><\/div><div class=\"clear\"><\/div><\/div><\/div><\/div><\/div><\/div><\/div><script id=\"script-row-unique-36\" data-row=\"script-row-unique-36\" type=\"text\/javascript\" class=\"vc_controls\">UNCODE.initRow(document.getElementById(\"row-unique-36\"));<\/script><\/div><\/div><\/div><div data-parent=\"true\" class=\"vc_row row-container\" id=\"row-unique-37\"><div class=\"row double-top-padding double-bottom-padding single-h-padding limit-width row-parent\"><div class=\"wpb_row row-inner\"><div class=\"wpb_column pos-top pos-center align_center column_parent col-lg-12 single-internal-gutter\"><div class=\"uncol style-light\"  ><div class=\"uncoltable\"><div class=\"uncell no-block-padding\" ><div class=\"uncont\" ><span class=\"btn-container btn-inline animate_when_almost_visible left-t-right\" ><a role=\"button\"  href=\"https:\/\/www.escuela-hablamos.com\/pt\/contact-hablamos\/\" class=\"custom-link btn border-width-0 btn-accent btn-no-scale btn-icon-left\" title=\"Contact Hablamos\">Falamos?<\/a><\/span><span class=\"btn-container btn-inline animate_when_almost_visible right-t-left\" ><a role=\"button\"  href=\"#\" class=\"custom-link btn border-width-0 popmake-1853 btn-Hablamos-blue btn-no-scale btn-icon-left\" title=\"Contact Hablamos\">Quer a nossa newsletter?<\/a><\/span><\/div><\/div><\/div><\/div><\/div><script id=\"script-row-unique-37\" data-row=\"script-row-unique-37\" type=\"text\/javascript\" class=\"vc_controls\">UNCODE.initRow(document.getElementById(\"row-unique-37\"));<\/script><\/div><\/div><\/div>\n<\/div>","protected":false},"excerpt":{"rendered":"<p>Hablamos is speaking Spanish and practising what you learn all the time<\/p>","protected":false},"author":2,"featured_media":1142,"parent":0,"menu_order":0,"comment_status":"closed","ping_status":"closed","template":"","meta":{"iawp_total_views":994,"footnotes":""},"class_list":["post-149","page","type-page","status-publish","has-post-thumbnail","hentry"],"_links":{"self":[{"href":"https:\/\/www.escuela-hablamos.com\/pt\/wp-json\/wp\/v2\/pages\/149","targetHints":{"allow":["GET"]}}],"collection":[{"href":"https:\/\/www.escuela-hablamos.com\/pt\/wp-json\/wp\/v2\/pages"}],"about":[{"href":"https:\/\/www.escuela-hablamos.com\/pt\/wp-json\/wp\/v2\/types\/page"}],"author":[{"embeddable":true,"href":"https:\/\/www.escuela-hablamos.com\/pt\/wp-json\/wp\/v2\/users\/2"}],"replies":[{"embeddable":true,"href":"https:\/\/www.escuela-hablamos.com\/pt\/wp-json\/wp\/v2\/comments?post=149"}],"version-history":[{"count":44,"href":"https:\/\/www.escuela-hablamos.com\/pt\/wp-json\/wp\/v2\/pages\/149\/revisions"}],"predecessor-version":[{"id":12173,"href":"https:\/\/www.escuela-hablamos.com\/pt\/wp-json\/wp\/v2\/pages\/149\/revisions\/12173"}],"wp:featuredmedia":[{"embeddable":true,"href":"https:\/\/www.escuela-hablamos.com\/pt\/wp-json\/wp\/v2\/media\/1142"}],"wp:attachment":[{"href":"https:\/\/www.escuela-hablamos.com\/pt\/wp-json\/wp\/v2\/media?parent=149"}],"curies":[{"name":"wp","href":"https:\/\/api.w.org\/{rel}","templated":true}]}}