{"id":176,"date":"2022-05-27T13:21:56","date_gmt":"2022-05-27T13:21:56","guid":{"rendered":"https:\/\/www.escuela-hablamos.com\/?page_id=176"},"modified":"2025-04-09T07:24:58","modified_gmt":"2025-04-09T07:24:58","slug":"about-madrid","status":"publish","type":"page","link":"https:\/\/www.escuela-hablamos.com\/ko\/about-madrid\/","title":{"rendered":"\ub9c8\ub4dc\ub9ac\ub4dc \uc18c\uac1c"},"content":{"rendered":"<div class=\"wpb-content-wrapper\"><div data-parent=\"true\" class=\"vc_row row-container\" id=\"row-unique-1\"><div class=\"row unequal no-top-padding no-bottom-padding no-h-padding full-width row-parent\"><div class=\"wpb_row row-inner\"><div class=\"wpb_column pos-top pos-center align_left column_parent col-lg-6 single-internal-gutter\"><div class=\"uncol style-light animate_when_almost_visible left-t-right\"  ><div class=\"uncoltable\" style=\"min-height: 340px;\"><div class=\"uncell no-block-padding\" ><div class=\"column-background background-element\">\n\t\t\t\t\t\t\t\t\t\t\t<div class=\"background-wrapper\">\n\t\t\t\t\t\t\t\t\t\t\t\t<div class=\"background-inner\" style=\"background-image: url(https:\/\/www.escuela-hablamos.com\/wp-content\/uploads\/2022\/08\/madrid.jpg);background-repeat: no-repeat;background-position: center center;background-size: cover;\" data-o_src=\"https:\/\/www.escuela-hablamos.com\/wp-content\/uploads\/2022\/08\/madrid.jpg\"><\/div>\n\t\t\t\t\t\t\t\t\t\t\t\t\n\t\t\t\t\t\t\t\t\t\t\t<\/div>\n\t\t\t\t\t\t\t\t\t\t<\/div><div class=\"uncont\" ><\/div><\/div><\/div><\/div><\/div><div class=\"wpb_column pos-middle pos-left align_left column_parent col-lg-6 single-internal-gutter\"><div class=\"uncol style-light animate_when_almost_visible right-t-left\"  ><div class=\"uncoltable\"><div class=\"uncell no-block-padding\" ><div class=\"uncont\" ><div class=\"vc_row row-internal row-container\"><div class=\"row row-child\"><div class=\"wpb_row row-inner\"><div class=\"wpb_column pos-top pos-left align_left column_child col-lg-12 half-internal-gutter\"><div class=\"uncol style-light\" ><div class=\"uncoltable\"><div class=\"uncell single-block-padding\" ><div class=\"uncont\" style=\" max-width:80%;\" ><div class=\"vc_custom_heading_wrap\"><div class=\"heading-text el-text\" data-marquee-speed=\"0\"><h3 class=\"h3 font-weight-400 text-color-620122-color text-uppercase un-text-marquee un-marquee\" ><span>\ub9c8\ub4dc\ub9ac\ub4dc\uac00 \ubc14\ub85c \uadf8\uacf3\uc785\ub2c8\ub2e4. \uc2a4\ud398\uc778\uc5b4\ub97c \ubc30\uc6b8 \uc218 \uc788\ub294 \ud65c\uae30\ucc2c \ub3c4\uc2dc @ <mark>\uc544\ube14\ub77c\ubaa8\uc2a4\uc5d0\uc11c<\/mark> \uc990\uac70\uc6b4 \uc2dc\uac04\uc744 \ubcf4\ub0b4\uc138\uc694<\/span><\/h3><\/div><div class=\"clear\"><\/div><\/div><div class=\"empty-space empty-single\" ><span class=\"empty-space-inner\"><\/span><\/div>\n<div class=\"vc_custom_heading_wrap\"><div class=\"heading-text el-text\" ><h1 class=\"h2\" ><span>\ub9c8\ub4dc\ub9ac\ub4dc\uc5d0\uc11c\uc758 \uc561\ud2f0\ube44\ud2f0<\/span><\/h1><\/div><div class=\"clear\"><\/div><\/div><div class=\"uncode_text_column text-lead\" ><p>\uc8fc\ub2f9 20\uc2dc\uac04\uc758 \uc9d1\uc911 \uc2a4\ud398\uc778\uc5b4 \ucf54\uc2a4\uc5d0\uc11c\ub294 \uae08\uc694\uc77c \uc624\ud6c4\uc5d0 \ub2e4\uc591\ud55c \uc561\ud2f0\ube44\ud2f0\uac00 \uc900\ube44\ub418\uc5b4 \uc788\uc2b5\ub2c8\ub2e4.<br \/>\n\uc2dc\ub0b4\uc640 \ud559\uad50\uc5d0\uc11c\uc758 \uc774\ub7ec\ud55c \ud65c\ub3d9\uc740 \ud56d\uc0c1 \ubb34\ub8cc\uc774\uba70, \ud544\uc694\ud55c \uacbd\uc6b0 \uc74c\ub8cc\uc218\ub098 \ubc15\ubb3c\uad00 \uc785\uc7a5\ub8cc\ub9cc \uc9c0\ubd88\ud558\uba74 \ub429\ub2c8\ub2e4.<\/p>\n<\/div><div class=\"empty-space empty-double\" ><span class=\"empty-space-inner\"><\/span><\/div>\n<\/div><\/div><\/div><\/div><\/div><\/div><\/div><\/div><\/div><\/div><\/div><\/div><\/div><script id=\"script-row-unique-1\" data-row=\"script-row-unique-1\" type=\"text\/javascript\" class=\"vc_controls\">UNCODE.initRow(document.getElementById(\"row-unique-1\"));<\/script><\/div><\/div><\/div><div data-parent=\"true\" class=\"vc_row has-bg need-focus style-Hablamos-blue3-bg row-container\" id=\"row-unique-7\"><div class=\"row unequal col-double-gutter triple-top-padding no-bottom-padding single-h-padding limit-width row-parent\"><div class=\"wpb_row row-inner\"><div class=\"wpb_column pos-top pos-center align_left column_parent col-lg-12 half-internal-gutter\"><div class=\"uncol style-light animate_when_almost_visible top-t-bottom\"  ><div class=\"uncoltable\"><div class=\"uncell no-block-padding\" ><div class=\"uncont\" ><div class=\"uncode-single-media  text-center\"><div class=\"single-wrapper\" style=\"max-width: 80%;\"><div class=\"tmb tmb-light  tmb-media-first tmb-media-last tmb-content-overlay tmb-no-bg\"><div class=\"t-inside\"><div class=\"t-entry-visual\"><div class=\"t-entry-visual-tc\"><div class=\"uncode-single-media-wrapper\"><div class=\"h3 youtube-video fluid-object\" style=\"padding-top: 56.31%\"><iframe title=\"Interview with Rocio - in charge of our cultural activities in Hablamos, Spanish School in Madrid\" width=\"840\" height=\"473\" src=\"https:\/\/www.youtube.com\/embed\/BgTlQh65vYY?feature=oembed&amp;v=BgTlQh65vYY\" frameborder=\"0\" allow=\"accelerometer; autoplay; clipboard-write; encrypted-media; gyroscope; picture-in-picture; web-share\" referrerpolicy=\"strict-origin-when-cross-origin\" allowfullscreen><\/iframe><\/div><\/div>\n\t\t\t\t\t<\/div>\n\t\t\t\t<\/div><\/div><\/div><\/div><\/div><\/div><\/div><\/div><\/div><\/div><script id=\"script-row-unique-7\" data-row=\"script-row-unique-7\" type=\"text\/javascript\" class=\"vc_controls\">UNCODE.initRow(document.getElementById(\"row-unique-7\"));<\/script><\/div><\/div><\/div><div data-parent=\"true\" class=\"vc_row has-bg need-focus style-Hablamos-blue3-bg row-container\" id=\"row-unique-9\"><div class=\"row unequal col-double-gutter triple-top-padding triple-bottom-padding single-h-padding limit-width row-parent\"><div class=\"wpb_row row-inner\"><div class=\"wpb_column pos-top pos-center align_left column_parent col-lg-4 half-internal-gutter\"><div class=\"uncol style-light animate_when_almost_visible top-t-bottom\"  ><div class=\"uncoltable\"><div class=\"uncell no-block-padding\" ><div class=\"uncont\" ><div class=\"vc_custom_heading_wrap\"><div class=\"heading-text el-text\" ><h6 class=\"h6 text-accent-color text-uppercase\" ><span><mark>\ub9c8\ub4dc\ub9ac\ub4dc\uc5d0 \ub300\ud574 \uc54c\uc544\ubcf4\uc138\uc694<\/mark><\/span><\/h6><\/div><div class=\"clear\"><\/div><\/div><div class=\"vc_custom_heading_wrap\"><div class=\"heading-text el-text\" ><h2 class=\"h3\" ><span>\ub3c4\uc2dc \ubc29\ubb38<\/span><\/h2><\/div><div class=\"clear\"><\/div><\/div><div class=\"uncode_text_column\" ><\/p>\n<ul>\n<li>\ub3c4\uc2dc\uc758 \ub2e4\uc591\ud55c \uc9c0\uc5ed\uc744 \ub458\ub7ec\ubcf4\ub294 \uac00\uc774\ub4dc \ud22c\uc5b4<\/li>\n<li>\ubc15\ubb3c\uad00 \ubc0f \uc804\uc2dc\ud68c \ubc29\ubb38<\/li>\n<li>\ubc14, \ub3c4\uc2dc\uc758 \uc0c1\uc9d5\uc801\uc778 \ub808\uc2a4\ud1a0\ub791 \ubc29\ubb38<\/li>\n<li>\uad00\uc2ec \uc788\ub294 \uc2dc\uc7a5 \ubc0f \uc1fc\ud551 \uc9c0\uc5ed \ubc29\ubb38<\/li>\n<\/ul>\n<p>\n<\/div><\/div><\/div><\/div><\/div><\/div><div class=\"wpb_column pos-top pos-center align_left column_parent col-lg-4 half-internal-gutter\"><div class=\"uncol style-light animate_when_almost_visible top-t-bottom\"  ><div class=\"uncoltable\"><div class=\"uncell no-block-padding\" ><div class=\"uncont\" ><div class=\"vc_custom_heading_wrap\"><div class=\"heading-text el-text\" ><h6 class=\"h6 text-accent-color text-uppercase\" ><span><mark>\uacc4\uc18d \ubc30\uc6b0\uac8c \ub429\ub2c8\ub2e4<\/mark><\/span><\/h6><\/div><div class=\"clear\"><\/div><\/div><div class=\"vc_custom_heading_wrap\"><div class=\"heading-text el-text\" ><h2 class=\"h3\" ><span>\ud559\uad50\uc5d0\uc11c \uc544\ube14\ub77c\ubaa8\uc2a4 \uc774\uc57c\uae30\ud558\uae30<\/span><\/h2><\/div><div class=\"clear\"><\/div><\/div><div class=\"uncode_text_column\" ><\/p>\n<ul>\n<li>\uc694\ub9ac \ubc0f \ubbf8\uc2dd \ud65c\ub3d9<\/li>\n<li>\uc2a4\ud398\uc778 \uc5ed\uc0ac, \uc815\uce58 \ub610\ub294 \ubb38\ud654\uc5d0 \uad00\ud55c \uac15\uc758<\/li>\n<\/ul>\n<p>\n<\/div><\/div><\/div><\/div><\/div><\/div><div class=\"wpb_column pos-top pos-center align_left column_parent col-lg-4 half-internal-gutter\"><div class=\"uncol style-light animate_when_almost_visible top-t-bottom\"  ><div class=\"uncoltable\"><div class=\"uncell no-block-padding\" ><div class=\"uncont\" ><div class=\"vc_custom_heading_wrap\"><div class=\"heading-text el-text\" ><h6 class=\"h6 text-accent-color text-uppercase\" ><span><mark>\uc2a4\ud398\uc778\uc744 \uc5ec\ud589\ud558\uac8c \ub429\ub2c8\ub2e4<\/mark><\/span><\/h6><\/div><div class=\"clear\"><\/div><\/div><div class=\"vc_custom_heading_wrap\"><div class=\"heading-text el-text\" ><h2 class=\"h3\" ><span>\uc5ec\ud589*<\/span><\/h2><\/div><div class=\"clear\"><\/div><\/div><div class=\"uncode_text_column\" ><\/p>\n<ul>\n<li>\uc138\uace0\ube44\uc544, \ud1a8\ub808\ub3c4, \ucfe0\uc5e5\uce74, \uc544\ube4c\ub77c \ub4f1\uacfc \uac19\uc740 \ub3c4\uc2dc\ub85c\uc758 \uc885\uc77c \uc5ec\ud589(\ud1a0\uc694\uc77c \ub610\ub294 \uc77c\uc694\uc77c).<\/li>\n<li>\uc138\ube44\uc57c, \uadf8\ub77c\ub098\ub2e4, \ubc14\ub974\uc140\ub85c\ub098, \ub77c \ub9ac\uc624\ud558, \ub77c \ub9cc\ucc28, \uac08\ub9ac\uc2dc\uc544 \ub4f1\uc758 \ub3c4\uc2dc\ub85c \ub5a0\ub098\ub294 \uc8fc\ub9d0 \uc5ec\ud589.<\/li>\n<\/ul>\n<p><em>*\uc774 \uc5ec\ud589\uc740 \ucf54\uc2a4\uc5d0 \ud3ec\ud568\ub418\uc5b4 \uc788\uc9c0 \uc54a\uc73c\uba70 \uace0\uc815 \uac00\uaca9\uc774 \uc788\uc2b5\ub2c8\ub2e4.<\/em> <em>\ub0a0\uc9dc\uc640 \ube44\uc6a9\uc740 \ud559\uc0dd\uc758 \ucea0\ud37c\uc2a4\uc5d0 \uacf5\uc9c0\ub429\ub2c8\ub2e4.<\/em><\/p>\n<\/div><\/div><\/div><\/div><\/div><\/div><script id=\"script-row-unique-9\" data-row=\"script-row-unique-9\" type=\"text\/javascript\" class=\"vc_controls\">UNCODE.initRow(document.getElementById(\"row-unique-9\"));<\/script><\/div><\/div><\/div><div data-parent=\"true\" class=\"vc_row row-container\" id=\"row-unique-15\"><div class=\"row limit-width row-parent\"><div class=\"wpb_row row-inner\"><div class=\"wpb_column pos-top pos-center align_center column_parent col-lg-12 single-internal-gutter\"><div class=\"uncol style-light\"  ><div class=\"uncoltable\"><div class=\"uncell no-block-padding\" ><div class=\"uncont\" ><div id=\"index-139617\" class=\"isotope-system isotope-general-light grid-general-light\" >\n\t\t\t\n\t\t\t\t\t\t\t\t\t\t\t\t\t\t<div class=\"isotope-wrapper grid-wrapper single-gutter\" >\t\t\t\t\t\t\t\t\t\t\t\t<div class=\"isotope-container grid-container isotope-layout style-masonry isotope-infinite grid-infinite\" data-type=\"masonry\" data-layout=\"masonry\" data-lg=\"1000\" data-md=\"600\" data-sm=\"480\" data-vp-height=\"\">\t\t\t<div class=\"tmb atc-typography-inherit tmb-iso-w4 tmb-iso-h4 tmb-round img-round-xl tmb-light tmb-overlay-text-anim tmb-overlay-showed tmb-overlay-anim tmb-content-center tmb-content-mobile-center tmb-text-space-reduced tmb-image-color-anim tmb-image-anim-magnetic tmb-bordered  grid-cat-9 grid-cat-6 tmb-id-158334 tmb-content-under tmb-media-first\" ><div class=\"t-inside style-Hablamos-blue3-bg animate_when_almost_visible top-t-bottom\" data-cursor=\"icon-accent\"><div class=\"t-entry-visual\"><div class=\"t-entry-visual-tc\"><div class=\"t-entry-visual-cont\"><div class=\"dummy\" style=\"padding-top: 100%;\"><\/div><a role=\"button\" tabindex=\"-1\" href=\"https:\/\/www.escuela-hablamos.com\/ko\/flamenco-con-hablamos\/\" class=\"pushed\" aria-label=\"Flamenco con Hablamos\"  target=\"_self\" data-lb-index=\"0\"><div class=\"t-entry-visual-overlay\"><div class=\"t-entry-visual-overlay-in style-dark-bg\" style=\"opacity: 0.01;\"><\/div><\/div><img decoding=\"async\" class=\"wp-image-158335\" src=\"https:\/\/www.escuela-hablamos.com\/wp-content\/uploads\/2026\/04\/Flamenco-con-Hablamos.jpg\" width=\"991\" height=\"991\" alt=\"Flamenco con Hablamos\" srcset=\"https:\/\/www.escuela-hablamos.com\/wp-content\/uploads\/2026\/04\/Flamenco-con-Hablamos.jpg 991w, https:\/\/www.escuela-hablamos.com\/wp-content\/uploads\/2026\/04\/Flamenco-con-Hablamos-300x300.jpg 300w, https:\/\/www.escuela-hablamos.com\/wp-content\/uploads\/2026\/04\/Flamenco-con-Hablamos-150x150.jpg 150w, https:\/\/www.escuela-hablamos.com\/wp-content\/uploads\/2026\/04\/Flamenco-con-Hablamos-768x768.jpg 768w, https:\/\/www.escuela-hablamos.com\/wp-content\/uploads\/2026\/04\/Flamenco-con-Hablamos-12x12.jpg 12w, https:\/\/www.escuela-hablamos.com\/wp-content\/uploads\/2026\/04\/Flamenco-con-Hablamos-350x350.jpg 350w, https:\/\/www.escuela-hablamos.com\/wp-content\/uploads\/2026\/04\/Flamenco-con-Hablamos-348x348.jpg 348w, https:\/\/www.escuela-hablamos.com\/wp-content\/uploads\/2026\/04\/Flamenco-con-Hablamos-uai-720x720.jpg 720w\" sizes=\"(max-width: 991px) 100vw, 991px\" \/><\/a><\/div>\n\t\t\t\t\t<\/div>\n\t\t\t\t<\/div><div class=\"t-entry-text\">\n\t\t\t\t\t\t\t\t\t<div class=\"t-entry-text-tc half-block-padding\"><div class=\"t-entry\"><h2 class=\"t-entry-title h3 title-scale\"><a href=\"https:\/\/www.escuela-hablamos.com\/ko\/flamenco-con-hablamos\/\" target=\"_self\">Flamenco con Hablamos<\/a><\/h2><div class=\"t-entry-excerpt\"><p>Una de las actividades culturales que m\u00e1s \u00e9xito tienen entre los alumnos de Hablamos es la de\u2026<\/p><\/div><p class=\"t-entry-readmore btn-container\"><a href=\"https:\/\/www.escuela-hablamos.com\/ko\/flamenco-con-hablamos\/\" class=\"btn btn-default btn-sm\" target=\"_self\">Read More<\/a><\/p><\/div><\/div>\n\t\t\t\t\t\t\t<\/div><\/div><\/div><div class=\"tmb atc-typography-inherit tmb-iso-w4 tmb-iso-h4 tmb-round img-round-xl tmb-light tmb-overlay-text-anim tmb-overlay-showed tmb-overlay-anim tmb-content-center tmb-content-mobile-center tmb-text-space-reduced tmb-image-color-anim tmb-image-anim-magnetic tmb-bordered  grid-cat-9 grid-cat-6 tmb-id-158161 tmb-content-under tmb-media-first\" ><div class=\"t-inside style-Hablamos-blue3-bg animate_when_almost_visible top-t-bottom\" data-cursor=\"icon-accent\"><div class=\"t-entry-visual\"><div class=\"t-entry-visual-tc\"><div class=\"t-entry-visual-cont\"><div class=\"dummy\" style=\"padding-top: 100%;\"><\/div><a role=\"button\" tabindex=\"-1\" href=\"https:\/\/www.escuela-hablamos.com\/ko\/perdido-en-madrid\/\" class=\"pushed\" aria-label=\"\u00bfPerdido en Madrid?\"  target=\"_self\" data-lb-index=\"1\"><div class=\"t-entry-visual-overlay\"><div class=\"t-entry-visual-overlay-in style-dark-bg\" style=\"opacity: 0.01;\"><\/div><\/div><img decoding=\"async\" class=\"wp-image-158162\" src=\"https:\/\/www.escuela-hablamos.com\/wp-content\/uploads\/2026\/03\/Perdido-en-Madrid.jpg\" width=\"700\" height=\"700\" alt=\"\u00bfPerdido en Madrid?\" srcset=\"https:\/\/www.escuela-hablamos.com\/wp-content\/uploads\/2026\/03\/Perdido-en-Madrid.jpg 700w, https:\/\/www.escuela-hablamos.com\/wp-content\/uploads\/2026\/03\/Perdido-en-Madrid-300x300.jpg 300w, https:\/\/www.escuela-hablamos.com\/wp-content\/uploads\/2026\/03\/Perdido-en-Madrid-150x150.jpg 150w, https:\/\/www.escuela-hablamos.com\/wp-content\/uploads\/2026\/03\/Perdido-en-Madrid-12x12.jpg 12w, https:\/\/www.escuela-hablamos.com\/wp-content\/uploads\/2026\/03\/Perdido-en-Madrid-350x350.jpg 350w, https:\/\/www.escuela-hablamos.com\/wp-content\/uploads\/2026\/03\/Perdido-en-Madrid-348x348.jpg 348w\" sizes=\"(max-width: 700px) 100vw, 700px\" \/><\/a><\/div>\n\t\t\t\t\t<\/div>\n\t\t\t\t<\/div><div class=\"t-entry-text\">\n\t\t\t\t\t\t\t\t\t<div class=\"t-entry-text-tc half-block-padding\"><div class=\"t-entry\"><h2 class=\"t-entry-title h3 title-scale\"><a href=\"https:\/\/www.escuela-hablamos.com\/ko\/perdido-en-madrid\/\" target=\"_self\">\u00bfPerdido en Madrid?<\/a><\/h2><div class=\"t-entry-excerpt\"><p>En nuestro blog de hoy te ense\u00f1amos a c\u00f3mo pedir direcciones en espa\u00f1ol y no morir en el\u2026\u2026<\/p><\/div><p class=\"t-entry-readmore btn-container\"><a href=\"https:\/\/www.escuela-hablamos.com\/ko\/perdido-en-madrid\/\" class=\"btn btn-default btn-sm\" target=\"_self\">Read More<\/a><\/p><\/div><\/div>\n\t\t\t\t\t\t\t<\/div><\/div><\/div><div class=\"tmb atc-typography-inherit tmb-iso-w4 tmb-iso-h4 tmb-round img-round-xl tmb-light tmb-overlay-text-anim tmb-overlay-showed tmb-overlay-anim tmb-content-center tmb-content-mobile-center tmb-text-space-reduced tmb-image-color-anim tmb-image-anim-magnetic tmb-bordered  grid-cat-8 grid-cat-6 tmb-id-157942 tmb-content-under tmb-media-first\" ><div class=\"t-inside style-Hablamos-blue3-bg animate_when_almost_visible top-t-bottom\" data-cursor=\"icon-accent\"><div class=\"t-entry-visual\"><div class=\"t-entry-visual-tc\"><div class=\"t-entry-visual-cont\"><div class=\"dummy\" style=\"padding-top: 100%;\"><\/div><a role=\"button\" tabindex=\"-1\" href=\"https:\/\/www.escuela-hablamos.com\/ko\/feliz-ano-del-caballo\/\" class=\"pushed\" aria-label=\"\u00a1Feliz A\u00f1o del Caballo!\"  target=\"_self\" data-lb-index=\"2\"><div class=\"t-entry-visual-overlay\"><div class=\"t-entry-visual-overlay-in style-dark-bg\" style=\"opacity: 0.01;\"><\/div><\/div><img decoding=\"async\" class=\"wp-image-157943\" src=\"https:\/\/www.escuela-hablamos.com\/wp-content\/uploads\/2026\/02\/Feliz-Ano-del-Caballo.jpg\" width=\"900\" height=\"900\" alt=\"\u00a1Feliz A\u00f1o del Caballo!\" srcset=\"https:\/\/www.escuela-hablamos.com\/wp-content\/uploads\/2026\/02\/Feliz-Ano-del-Caballo.jpg 900w, https:\/\/www.escuela-hablamos.com\/wp-content\/uploads\/2026\/02\/Feliz-Ano-del-Caballo-300x300.jpg 300w, https:\/\/www.escuela-hablamos.com\/wp-content\/uploads\/2026\/02\/Feliz-Ano-del-Caballo-150x150.jpg 150w, https:\/\/www.escuela-hablamos.com\/wp-content\/uploads\/2026\/02\/Feliz-Ano-del-Caballo-768x768.jpg 768w, https:\/\/www.escuela-hablamos.com\/wp-content\/uploads\/2026\/02\/Feliz-Ano-del-Caballo-12x12.jpg 12w, https:\/\/www.escuela-hablamos.com\/wp-content\/uploads\/2026\/02\/Feliz-Ano-del-Caballo-350x350.jpg 350w, https:\/\/www.escuela-hablamos.com\/wp-content\/uploads\/2026\/02\/Feliz-Ano-del-Caballo-348x348.jpg 348w, https:\/\/www.escuela-hablamos.com\/wp-content\/uploads\/2026\/02\/Feliz-Ano-del-Caballo-uai-720x720.jpg 720w\" sizes=\"(max-width: 900px) 100vw, 900px\" \/><\/a><\/div>\n\t\t\t\t\t<\/div>\n\t\t\t\t<\/div><div class=\"t-entry-text\">\n\t\t\t\t\t\t\t\t\t<div class=\"t-entry-text-tc half-block-padding\"><div class=\"t-entry\"><h2 class=\"t-entry-title h3 title-scale\"><a href=\"https:\/\/www.escuela-hablamos.com\/ko\/feliz-ano-del-caballo\/\" target=\"_self\">\u00a1Feliz A\u00f1o del Caballo!<\/a><\/h2><div class=\"t-entry-excerpt\"><p>Una de las actividades culturales que m\u00e1s gusta a los alumnos es la visita a Usera, el \u201cbarrio\u2026<\/p><\/div><p class=\"t-entry-readmore btn-container\"><a href=\"https:\/\/www.escuela-hablamos.com\/ko\/feliz-ano-del-caballo\/\" class=\"btn btn-default btn-sm\" target=\"_self\">Read More<\/a><\/p><\/div><\/div>\n\t\t\t\t\t\t\t<\/div><\/div><\/div><div class=\"tmb atc-typography-inherit tmb-iso-w4 tmb-iso-h4 tmb-round img-round-xl tmb-light tmb-overlay-text-anim tmb-overlay-showed tmb-overlay-anim tmb-content-center tmb-content-mobile-center tmb-text-space-reduced tmb-image-color-anim tmb-image-anim-magnetic tmb-bordered  grid-cat-8 grid-cat-6 tmb-id-157939 tmb-content-under tmb-media-first\" ><div class=\"t-inside style-Hablamos-blue3-bg animate_when_almost_visible top-t-bottom\" data-cursor=\"icon-accent\"><div class=\"t-entry-visual\"><div class=\"t-entry-visual-tc\"><div class=\"t-entry-visual-cont\"><div class=\"dummy\" style=\"padding-top: 100%;\"><\/div><a role=\"button\" tabindex=\"-1\" href=\"https:\/\/www.escuela-hablamos.com\/ko\/carnaval-en-hablamos\/\" class=\"pushed\" aria-label=\"\u00a1Carnaval en Hablamos!\"  target=\"_self\" data-lb-index=\"3\"><div class=\"t-entry-visual-overlay\"><div class=\"t-entry-visual-overlay-in style-dark-bg\" style=\"opacity: 0.01;\"><\/div><\/div><img decoding=\"async\" class=\"wp-image-157940\" src=\"https:\/\/www.escuela-hablamos.com\/wp-content\/uploads\/2026\/02\/Carnaval-en-Hablamos.jpg\" width=\"900\" height=\"900\" alt=\"\u00a1Carnaval en Hablamos!\" srcset=\"https:\/\/www.escuela-hablamos.com\/wp-content\/uploads\/2026\/02\/Carnaval-en-Hablamos.jpg 900w, https:\/\/www.escuela-hablamos.com\/wp-content\/uploads\/2026\/02\/Carnaval-en-Hablamos-300x300.jpg 300w, https:\/\/www.escuela-hablamos.com\/wp-content\/uploads\/2026\/02\/Carnaval-en-Hablamos-150x150.jpg 150w, https:\/\/www.escuela-hablamos.com\/wp-content\/uploads\/2026\/02\/Carnaval-en-Hablamos-768x768.jpg 768w, https:\/\/www.escuela-hablamos.com\/wp-content\/uploads\/2026\/02\/Carnaval-en-Hablamos-12x12.jpg 12w, https:\/\/www.escuela-hablamos.com\/wp-content\/uploads\/2026\/02\/Carnaval-en-Hablamos-350x350.jpg 350w, https:\/\/www.escuela-hablamos.com\/wp-content\/uploads\/2026\/02\/Carnaval-en-Hablamos-348x348.jpg 348w, https:\/\/www.escuela-hablamos.com\/wp-content\/uploads\/2026\/02\/Carnaval-en-Hablamos-uai-720x720.jpg 720w\" sizes=\"(max-width: 900px) 100vw, 900px\" \/><\/a><\/div>\n\t\t\t\t\t<\/div>\n\t\t\t\t<\/div><div class=\"t-entry-text\">\n\t\t\t\t\t\t\t\t\t<div class=\"t-entry-text-tc half-block-padding\"><div class=\"t-entry\"><h2 class=\"t-entry-title h3 title-scale\"><a href=\"https:\/\/www.escuela-hablamos.com\/ko\/carnaval-en-hablamos\/\" target=\"_self\">\u00a1Carnaval en Hablamos!<\/a><\/h2><div class=\"t-entry-excerpt\"><p>Carnaval, una fiesta que parece que mucha gente relaciona con Brasil y sus plumas, o con Venecia y\u2026<\/p><\/div><p class=\"t-entry-readmore btn-container\"><a href=\"https:\/\/www.escuela-hablamos.com\/ko\/carnaval-en-hablamos\/\" class=\"btn btn-default btn-sm\" target=\"_self\">Read More<\/a><\/p><\/div><\/div>\n\t\t\t\t\t\t\t<\/div><\/div><\/div><div class=\"tmb atc-typography-inherit tmb-iso-w4 tmb-iso-h4 tmb-round img-round-xl tmb-light tmb-overlay-text-anim tmb-overlay-showed tmb-overlay-anim tmb-content-center tmb-content-mobile-center tmb-text-space-reduced tmb-image-color-anim tmb-image-anim-magnetic tmb-bordered  grid-cat-9 grid-cat-6 tmb-id-157777 tmb-content-under tmb-media-first\" ><div class=\"t-inside style-Hablamos-blue3-bg animate_when_almost_visible top-t-bottom\" data-cursor=\"icon-accent\"><div class=\"t-entry-visual\"><div class=\"t-entry-visual-tc\"><div class=\"t-entry-visual-cont\"><div class=\"dummy\" style=\"padding-top: 100%;\"><\/div><a role=\"button\" tabindex=\"-1\" href=\"https:\/\/www.escuela-hablamos.com\/ko\/como-vienes-a-la-escuela\/\" class=\"pushed\" aria-label=\"\u00bfC\u00f3mo vienes a la escuela?\"  target=\"_self\" data-lb-index=\"4\"><div class=\"t-entry-visual-overlay\"><div class=\"t-entry-visual-overlay-in style-dark-bg\" style=\"opacity: 0.01;\"><\/div><\/div><img decoding=\"async\" class=\"wp-image-157778\" src=\"https:\/\/www.escuela-hablamos.com\/wp-content\/uploads\/2026\/02\/Como-vienes-a-la-escuela.jpg\" width=\"750\" height=\"750\" alt=\"\u00bfC\u00f3mo vienes a la escuela?\" srcset=\"https:\/\/www.escuela-hablamos.com\/wp-content\/uploads\/2026\/02\/Como-vienes-a-la-escuela.jpg 750w, https:\/\/www.escuela-hablamos.com\/wp-content\/uploads\/2026\/02\/Como-vienes-a-la-escuela-300x300.jpg 300w, https:\/\/www.escuela-hablamos.com\/wp-content\/uploads\/2026\/02\/Como-vienes-a-la-escuela-150x150.jpg 150w, https:\/\/www.escuela-hablamos.com\/wp-content\/uploads\/2026\/02\/Como-vienes-a-la-escuela-12x12.jpg 12w, https:\/\/www.escuela-hablamos.com\/wp-content\/uploads\/2026\/02\/Como-vienes-a-la-escuela-350x350.jpg 350w, https:\/\/www.escuela-hablamos.com\/wp-content\/uploads\/2026\/02\/Como-vienes-a-la-escuela-348x348.jpg 348w, https:\/\/www.escuela-hablamos.com\/wp-content\/uploads\/2026\/02\/Como-vienes-a-la-escuela-uai-720x720.jpg 720w\" sizes=\"(max-width: 750px) 100vw, 750px\" \/><\/a><\/div>\n\t\t\t\t\t<\/div>\n\t\t\t\t<\/div><div class=\"t-entry-text\">\n\t\t\t\t\t\t\t\t\t<div class=\"t-entry-text-tc half-block-padding\"><div class=\"t-entry\"><h2 class=\"t-entry-title h3 title-scale\"><a href=\"https:\/\/www.escuela-hablamos.com\/ko\/como-vienes-a-la-escuela\/\" target=\"_self\">\u00bfC\u00f3mo vienes a la escuela?<\/a><\/h2><div class=\"t-entry-excerpt\"><p>Es por la ma\u00f1ana, sales de tu casa para ir a tu clase en Hablamos y\u2026 \u00bfqu\u00e9 medio de transporte\u2026<\/p><\/div><p class=\"t-entry-readmore btn-container\"><a href=\"https:\/\/www.escuela-hablamos.com\/ko\/como-vienes-a-la-escuela\/\" class=\"btn btn-default btn-sm\" target=\"_self\">Read More<\/a><\/p><\/div><\/div>\n\t\t\t\t\t\t\t<\/div><\/div><\/div><div class=\"tmb atc-typography-inherit tmb-iso-w4 tmb-iso-h4 tmb-round img-round-xl tmb-light tmb-overlay-text-anim tmb-overlay-showed tmb-overlay-anim tmb-content-center tmb-content-mobile-center tmb-text-space-reduced tmb-image-color-anim tmb-image-anim-magnetic tmb-bordered  grid-cat-8 grid-cat-6 tmb-id-157304 tmb-content-under tmb-media-first\" ><div class=\"t-inside style-Hablamos-blue3-bg animate_when_almost_visible top-t-bottom\" data-cursor=\"icon-accent\"><div class=\"t-entry-visual\"><div class=\"t-entry-visual-tc\"><div class=\"t-entry-visual-cont\"><div class=\"dummy\" style=\"padding-top: 100%;\"><\/div><a role=\"button\" tabindex=\"-1\" href=\"https:\/\/www.escuela-hablamos.com\/ko\/talleres-navidenos-en-hablamos\/\" class=\"pushed\" aria-label=\"Talleres navide\u00f1os en Hablamos\"  target=\"_self\" data-lb-index=\"5\"><div class=\"t-entry-visual-overlay\"><div class=\"t-entry-visual-overlay-in style-dark-bg\" style=\"opacity: 0.01;\"><\/div><\/div><img decoding=\"async\" class=\"wp-image-157305\" src=\"https:\/\/www.escuela-hablamos.com\/wp-content\/uploads\/2025\/12\/Christmas-Workshop.jpg\" width=\"600\" height=\"600\" alt=\"Talleres navide\u00f1os en Hablamos\" srcset=\"https:\/\/www.escuela-hablamos.com\/wp-content\/uploads\/2025\/12\/Christmas-Workshop.jpg 600w, https:\/\/www.escuela-hablamos.com\/wp-content\/uploads\/2025\/12\/Christmas-Workshop-300x300.jpg 300w, https:\/\/www.escuela-hablamos.com\/wp-content\/uploads\/2025\/12\/Christmas-Workshop-150x150.jpg 150w, https:\/\/www.escuela-hablamos.com\/wp-content\/uploads\/2025\/12\/Christmas-Workshop-12x12.jpg 12w, https:\/\/www.escuela-hablamos.com\/wp-content\/uploads\/2025\/12\/Christmas-Workshop-350x350.jpg 350w, https:\/\/www.escuela-hablamos.com\/wp-content\/uploads\/2025\/12\/Christmas-Workshop-348x348.jpg 348w\" sizes=\"(max-width: 600px) 100vw, 600px\" \/><\/a><\/div>\n\t\t\t\t\t<\/div>\n\t\t\t\t<\/div><div class=\"t-entry-text\">\n\t\t\t\t\t\t\t\t\t<div class=\"t-entry-text-tc half-block-padding\"><div class=\"t-entry\"><h2 class=\"t-entry-title h3 title-scale\"><a href=\"https:\/\/www.escuela-hablamos.com\/ko\/talleres-navidenos-en-hablamos\/\" target=\"_self\">Talleres navide\u00f1os en Hablamos<\/a><\/h2><div class=\"t-entry-excerpt\"><p>Las navidades son unas fiestas muy importantes para pasar en familia, sin embargo, muchos de los\u2026<\/p><\/div><p class=\"t-entry-readmore btn-container\"><a href=\"https:\/\/www.escuela-hablamos.com\/ko\/talleres-navidenos-en-hablamos\/\" class=\"btn btn-default btn-sm\" target=\"_self\">Read More<\/a><\/p><\/div><\/div>\n\t\t\t\t\t\t\t<\/div><\/div><\/div><div class=\"tmb atc-typography-inherit tmb-iso-w4 tmb-iso-h4 tmb-round img-round-xl tmb-light tmb-overlay-text-anim tmb-overlay-showed tmb-overlay-anim tmb-content-center tmb-content-mobile-center tmb-text-space-reduced tmb-image-color-anim tmb-image-anim-magnetic tmb-bordered  grid-cat-9 grid-cat-5 grid-cat-6 tmb-id-157240 tmb-content-under tmb-media-first\" ><div class=\"t-inside style-Hablamos-blue3-bg animate_when_almost_visible top-t-bottom\" data-cursor=\"icon-accent\"><div class=\"t-entry-visual\"><div class=\"t-entry-visual-tc\"><div class=\"t-entry-visual-cont\"><div class=\"dummy\" style=\"padding-top: 100%;\"><\/div><a role=\"button\" tabindex=\"-1\" href=\"https:\/\/www.escuela-hablamos.com\/ko\/2025-the-year-of-hablamos\/\" class=\"pushed\" aria-label=\"2025, the year of Hablamos\"  target=\"_self\" data-lb-index=\"6\"><div class=\"t-entry-visual-overlay\"><div class=\"t-entry-visual-overlay-in style-dark-bg\" style=\"opacity: 0.01;\"><\/div><\/div><img decoding=\"async\" class=\"wp-image-157241\" src=\"https:\/\/www.escuela-hablamos.com\/wp-content\/uploads\/2025\/12\/dehablamos.jpg\" width=\"900\" height=\"900\" alt=\"2025, the year of Hablamos\" srcset=\"https:\/\/www.escuela-hablamos.com\/wp-content\/uploads\/2025\/12\/dehablamos.jpg 900w, https:\/\/www.escuela-hablamos.com\/wp-content\/uploads\/2025\/12\/dehablamos-300x300.jpg 300w, https:\/\/www.escuela-hablamos.com\/wp-content\/uploads\/2025\/12\/dehablamos-150x150.jpg 150w, https:\/\/www.escuela-hablamos.com\/wp-content\/uploads\/2025\/12\/dehablamos-768x768.jpg 768w, https:\/\/www.escuela-hablamos.com\/wp-content\/uploads\/2025\/12\/dehablamos-12x12.jpg 12w, https:\/\/www.escuela-hablamos.com\/wp-content\/uploads\/2025\/12\/dehablamos-350x350.jpg 350w, https:\/\/www.escuela-hablamos.com\/wp-content\/uploads\/2025\/12\/dehablamos-348x348.jpg 348w, https:\/\/www.escuela-hablamos.com\/wp-content\/uploads\/2025\/12\/dehablamos-uai-720x720.jpg 720w\" sizes=\"(max-width: 900px) 100vw, 900px\" \/><\/a><\/div>\n\t\t\t\t\t<\/div>\n\t\t\t\t<\/div><div class=\"t-entry-text\">\n\t\t\t\t\t\t\t\t\t<div class=\"t-entry-text-tc half-block-padding\"><div class=\"t-entry\"><h2 class=\"t-entry-title h3 title-scale\"><a href=\"https:\/\/www.escuela-hablamos.com\/ko\/2025-the-year-of-hablamos\/\" target=\"_self\">2025, the year of Hablamos<\/a><\/h2><div class=\"t-entry-excerpt\"><p>As we approach the end of 2025, at Hablamos we feel that we are not only closing a cycle, but also\u2026<\/p><\/div><p class=\"t-entry-readmore btn-container\"><a href=\"https:\/\/www.escuela-hablamos.com\/ko\/2025-the-year-of-hablamos\/\" class=\"btn btn-default btn-sm\" target=\"_self\">Read More<\/a><\/p><\/div><\/div>\n\t\t\t\t\t\t\t<\/div><\/div><\/div><div class=\"tmb atc-typography-inherit tmb-iso-w4 tmb-iso-h4 tmb-round img-round-xl tmb-light tmb-overlay-text-anim tmb-overlay-showed tmb-overlay-anim tmb-content-center tmb-content-mobile-center tmb-text-space-reduced tmb-image-color-anim tmb-image-anim-magnetic tmb-bordered  grid-cat-8 grid-cat-6 tmb-id-157202 tmb-content-under tmb-media-first\" ><div class=\"t-inside style-Hablamos-blue3-bg animate_when_almost_visible top-t-bottom\" data-cursor=\"icon-accent\"><div class=\"t-entry-visual\"><div class=\"t-entry-visual-tc\"><div class=\"t-entry-visual-cont\"><div class=\"dummy\" style=\"padding-top: 100%;\"><\/div><a role=\"button\" tabindex=\"-1\" href=\"https:\/\/www.escuela-hablamos.com\/ko\/mil-euros-o-la-loteria-de-navidad-mas-famosa-del-mundo\/\" class=\"pushed\" aria-label=\"\u201c\u00a1Mil euros!\u201d o la Loter\u00eda de Navidad m\u00e1s famosa del mundo\"  target=\"_self\" data-lb-index=\"7\"><div class=\"t-entry-visual-overlay\"><div class=\"t-entry-visual-overlay-in style-dark-bg\" style=\"opacity: 0.01;\"><\/div><\/div><img decoding=\"async\" class=\"wp-image-157203\" src=\"https:\/\/www.escuela-hablamos.com\/wp-content\/uploads\/2025\/12\/Loteria-de-Navidad-mas-famosa-del-mundo.jpg\" width=\"800\" height=\"800\" alt=\"\u201c\u00a1Mil euros!\u201d o la Loter\u00eda de Navidad m\u00e1s famosa del mundo\" srcset=\"https:\/\/www.escuela-hablamos.com\/wp-content\/uploads\/2025\/12\/Loteria-de-Navidad-mas-famosa-del-mundo.jpg 800w, https:\/\/www.escuela-hablamos.com\/wp-content\/uploads\/2025\/12\/Loteria-de-Navidad-mas-famosa-del-mundo-300x300.jpg 300w, https:\/\/www.escuela-hablamos.com\/wp-content\/uploads\/2025\/12\/Loteria-de-Navidad-mas-famosa-del-mundo-150x150.jpg 150w, https:\/\/www.escuela-hablamos.com\/wp-content\/uploads\/2025\/12\/Loteria-de-Navidad-mas-famosa-del-mundo-768x768.jpg 768w, https:\/\/www.escuela-hablamos.com\/wp-content\/uploads\/2025\/12\/Loteria-de-Navidad-mas-famosa-del-mundo-12x12.jpg 12w, https:\/\/www.escuela-hablamos.com\/wp-content\/uploads\/2025\/12\/Loteria-de-Navidad-mas-famosa-del-mundo-350x350.jpg 350w, https:\/\/www.escuela-hablamos.com\/wp-content\/uploads\/2025\/12\/Loteria-de-Navidad-mas-famosa-del-mundo-348x348.jpg 348w, https:\/\/www.escuela-hablamos.com\/wp-content\/uploads\/2025\/12\/Loteria-de-Navidad-mas-famosa-del-mundo-uai-720x720.jpg 720w\" sizes=\"(max-width: 800px) 100vw, 800px\" \/><\/a><\/div>\n\t\t\t\t\t<\/div>\n\t\t\t\t<\/div><div class=\"t-entry-text\">\n\t\t\t\t\t\t\t\t\t<div class=\"t-entry-text-tc half-block-padding\"><div class=\"t-entry\"><h2 class=\"t-entry-title h3 title-scale\"><a href=\"https:\/\/www.escuela-hablamos.com\/ko\/mil-euros-o-la-loteria-de-navidad-mas-famosa-del-mundo\/\" target=\"_self\">\u201c\u00a1Mil euros!\u201d o la Loter\u00eda de Navidad m\u00e1s famosa del mundo<\/a><\/h2><div class=\"t-entry-excerpt\"><p>Sala de profesores de Hablamos, nuestra escuela de espa\u00f1ol en Madrid. Finales de noviembre. Aparece\u2026<\/p><\/div><p class=\"t-entry-readmore btn-container\"><a href=\"https:\/\/www.escuela-hablamos.com\/ko\/mil-euros-o-la-loteria-de-navidad-mas-famosa-del-mundo\/\" class=\"btn btn-default btn-sm\" target=\"_self\">Read More<\/a><\/p><\/div><\/div>\n\t\t\t\t\t\t\t<\/div><\/div><\/div><div class=\"tmb atc-typography-inherit tmb-iso-w4 tmb-iso-h4 tmb-round img-round-xl tmb-light tmb-overlay-text-anim tmb-overlay-showed tmb-overlay-anim tmb-content-center tmb-content-mobile-center tmb-text-space-reduced tmb-image-color-anim tmb-image-anim-magnetic tmb-bordered  grid-cat-6 tmb-id-155636 tmb-content-under tmb-media-first\" ><div class=\"t-inside style-Hablamos-blue3-bg animate_when_almost_visible top-t-bottom\" data-cursor=\"icon-accent\"><div class=\"t-entry-visual\"><div class=\"t-entry-visual-tc\"><div class=\"t-entry-visual-cont\"><div class=\"dummy\" style=\"padding-top: 100%;\"><\/div><a role=\"button\" tabindex=\"-1\" href=\"https:\/\/www.escuela-hablamos.com\/ko\/madrid-es-una-ciudad-muy-calurosa\/\" class=\"pushed\" aria-label=\"Madrid es una ciudad muy calurosa\"  target=\"_self\" data-lb-index=\"8\"><div class=\"t-entry-visual-overlay\"><div class=\"t-entry-visual-overlay-in style-dark-bg\" style=\"opacity: 0.01;\"><\/div><\/div><img decoding=\"async\" class=\"wp-image-155638\" src=\"https:\/\/www.escuela-hablamos.com\/wp-content\/uploads\/2025\/08\/summer-madrid.jpg\" width=\"800\" height=\"800\" alt=\"Madrid es una ciudad muy calurosa\" srcset=\"https:\/\/www.escuela-hablamos.com\/wp-content\/uploads\/2025\/08\/summer-madrid.jpg 800w, https:\/\/www.escuela-hablamos.com\/wp-content\/uploads\/2025\/08\/summer-madrid-300x300.jpg 300w, https:\/\/www.escuela-hablamos.com\/wp-content\/uploads\/2025\/08\/summer-madrid-150x150.jpg 150w, https:\/\/www.escuela-hablamos.com\/wp-content\/uploads\/2025\/08\/summer-madrid-768x768.jpg 768w, https:\/\/www.escuela-hablamos.com\/wp-content\/uploads\/2025\/08\/summer-madrid-12x12.jpg 12w, https:\/\/www.escuela-hablamos.com\/wp-content\/uploads\/2025\/08\/summer-madrid-350x350.jpg 350w, https:\/\/www.escuela-hablamos.com\/wp-content\/uploads\/2025\/08\/summer-madrid-348x348.jpg 348w, https:\/\/www.escuela-hablamos.com\/wp-content\/uploads\/2025\/08\/summer-madrid-uai-720x720.jpg 720w\" sizes=\"(max-width: 800px) 100vw, 800px\" \/><\/a><\/div>\n\t\t\t\t\t<\/div>\n\t\t\t\t<\/div><div class=\"t-entry-text\">\n\t\t\t\t\t\t\t\t\t<div class=\"t-entry-text-tc half-block-padding\"><div class=\"t-entry\"><h2 class=\"t-entry-title h3 title-scale\"><a href=\"https:\/\/www.escuela-hablamos.com\/ko\/madrid-es-una-ciudad-muy-calurosa\/\" target=\"_self\">Madrid es una ciudad muy calurosa<\/a><\/h2><div class=\"t-entry-excerpt\"><p>Madrid es una ciudad muy calurosa, tanto que quiz\u00e1s necesites encontrar ciertos lugares donde\u2026<\/p><\/div><p class=\"t-entry-readmore btn-container\"><a href=\"https:\/\/www.escuela-hablamos.com\/ko\/madrid-es-una-ciudad-muy-calurosa\/\" class=\"btn btn-default btn-sm\" target=\"_self\">Read More<\/a><\/p><\/div><\/div>\n\t\t\t\t\t\t\t<\/div><\/div><\/div><div class=\"tmb atc-typography-inherit tmb-iso-w4 tmb-iso-h4 tmb-round img-round-xl tmb-light tmb-overlay-text-anim tmb-overlay-showed tmb-overlay-anim tmb-content-center tmb-content-mobile-center tmb-text-space-reduced tmb-image-color-anim tmb-image-anim-magnetic tmb-bordered  grid-cat-6 tmb-id-155505 tmb-content-under tmb-media-first\" ><div class=\"t-inside style-Hablamos-blue3-bg animate_when_almost_visible top-t-bottom\" data-cursor=\"icon-accent\"><div class=\"t-entry-visual\"><div class=\"t-entry-visual-tc\"><div class=\"t-entry-visual-cont\"><div class=\"dummy\" style=\"padding-top: 100%;\"><\/div><a role=\"button\" tabindex=\"-1\" href=\"https:\/\/www.escuela-hablamos.com\/ko\/fiesta-de-verano\/\" class=\"pushed\" aria-label=\"Hablamos, Escuela de Espa\u00f1ol en Madrid\"  target=\"_self\" data-lb-index=\"9\"><div class=\"t-entry-visual-overlay\"><div class=\"t-entry-visual-overlay-in style-dark-bg\" style=\"opacity: 0.01;\"><\/div><\/div><img decoding=\"async\" class=\"wp-image-155506\" src=\"https:\/\/www.escuela-hablamos.com\/wp-content\/uploads\/2025\/07\/verano.jpg\" width=\"900\" height=\"900\" alt=\"Hablamos, Escuela de Espa\u00f1ol en Madrid\" srcset=\"https:\/\/www.escuela-hablamos.com\/wp-content\/uploads\/2025\/07\/verano.jpg 900w, https:\/\/www.escuela-hablamos.com\/wp-content\/uploads\/2025\/07\/verano-300x300.jpg 300w, https:\/\/www.escuela-hablamos.com\/wp-content\/uploads\/2025\/07\/verano-150x150.jpg 150w, https:\/\/www.escuela-hablamos.com\/wp-content\/uploads\/2025\/07\/verano-768x768.jpg 768w, https:\/\/www.escuela-hablamos.com\/wp-content\/uploads\/2025\/07\/verano-12x12.jpg 12w, https:\/\/www.escuela-hablamos.com\/wp-content\/uploads\/2025\/07\/verano-350x350.jpg 350w, https:\/\/www.escuela-hablamos.com\/wp-content\/uploads\/2025\/07\/verano-348x348.jpg 348w, https:\/\/www.escuela-hablamos.com\/wp-content\/uploads\/2025\/07\/verano-uai-720x720.jpg 720w\" sizes=\"(max-width: 900px) 100vw, 900px\" \/><\/a><\/div>\n\t\t\t\t\t<\/div>\n\t\t\t\t<\/div><div class=\"t-entry-text\">\n\t\t\t\t\t\t\t\t\t<div class=\"t-entry-text-tc half-block-padding\"><div class=\"t-entry\"><h2 class=\"t-entry-title h3 title-scale\"><a href=\"https:\/\/www.escuela-hablamos.com\/ko\/fiesta-de-verano\/\" target=\"_self\">Fiesta de Verano<\/a><\/h2><div class=\"t-entry-excerpt\"><p>Con la llegada del calor y el final de algunos de nuestros cursos intensivos y extensivos, en la\u2026<\/p><\/div><p class=\"t-entry-readmore btn-container\"><a href=\"https:\/\/www.escuela-hablamos.com\/ko\/fiesta-de-verano\/\" class=\"btn btn-default btn-sm\" target=\"_self\">Read More<\/a><\/p><\/div><\/div>\n\t\t\t\t\t\t\t<\/div><\/div><\/div><div class=\"tmb atc-typography-inherit tmb-iso-w4 tmb-iso-h4 tmb-round img-round-xl tmb-light tmb-overlay-text-anim tmb-overlay-showed tmb-overlay-anim tmb-content-center tmb-content-mobile-center tmb-text-space-reduced tmb-image-color-anim tmb-image-anim-magnetic tmb-bordered  grid-cat-6 tmb-id-155234 tmb-content-under tmb-media-first\" ><div class=\"t-inside style-Hablamos-blue3-bg animate_when_almost_visible top-t-bottom\" data-cursor=\"icon-accent\"><div class=\"t-entry-visual\"><div class=\"t-entry-visual-tc\"><div class=\"t-entry-visual-cont\"><div class=\"dummy\" style=\"padding-top: 100%;\"><\/div><a role=\"button\" tabindex=\"-1\" href=\"https:\/\/www.escuela-hablamos.com\/ko\/hablamos-participant-in-icef-spanish-education-2025\/\" class=\"pushed\" aria-label=\"Hablamos s.a., participant in ICEF Spanish Education 2025\"  target=\"_self\" data-lb-index=\"10\"><div class=\"t-entry-visual-overlay\"><div class=\"t-entry-visual-overlay-in style-dark-bg\" style=\"opacity: 0.01;\"><\/div><\/div><img decoding=\"async\" class=\"wp-image-155235\" src=\"https:\/\/www.escuela-hablamos.com\/wp-content\/uploads\/2025\/06\/icef.jpg\" width=\"600\" height=\"600\" alt=\"Hablamos s.a., participant in ICEF Spanish Education 2025\" srcset=\"https:\/\/www.escuela-hablamos.com\/wp-content\/uploads\/2025\/06\/icef.jpg 600w, https:\/\/www.escuela-hablamos.com\/wp-content\/uploads\/2025\/06\/icef-300x300.jpg 300w, https:\/\/www.escuela-hablamos.com\/wp-content\/uploads\/2025\/06\/icef-150x150.jpg 150w, https:\/\/www.escuela-hablamos.com\/wp-content\/uploads\/2025\/06\/icef-12x12.jpg 12w, https:\/\/www.escuela-hablamos.com\/wp-content\/uploads\/2025\/06\/icef-350x350.jpg 350w, https:\/\/www.escuela-hablamos.com\/wp-content\/uploads\/2025\/06\/icef-348x348.jpg 348w\" sizes=\"(max-width: 600px) 100vw, 600px\" \/><\/a><\/div>\n\t\t\t\t\t<\/div>\n\t\t\t\t<\/div><div class=\"t-entry-text\">\n\t\t\t\t\t\t\t\t\t<div class=\"t-entry-text-tc half-block-padding\"><div class=\"t-entry\"><h2 class=\"t-entry-title h3 title-scale\"><a href=\"https:\/\/www.escuela-hablamos.com\/ko\/hablamos-participant-in-icef-spanish-education-2025\/\" target=\"_self\">Hablamos, participant in ICEF Spanish Education 2025<\/a><\/h2><div class=\"t-entry-excerpt\"><p>This May, Hablamos had the honour of participating in one of the most important events in the\u2026<\/p><\/div><p class=\"t-entry-readmore btn-container\"><a href=\"https:\/\/www.escuela-hablamos.com\/ko\/hablamos-participant-in-icef-spanish-education-2025\/\" class=\"btn btn-default btn-sm\" target=\"_self\">Read More<\/a><\/p><\/div><\/div>\n\t\t\t\t\t\t\t<\/div><\/div><\/div><div class=\"tmb atc-typography-inherit tmb-iso-w4 tmb-iso-h4 tmb-round img-round-xl tmb-light tmb-overlay-text-anim tmb-overlay-showed tmb-overlay-anim tmb-content-center tmb-content-mobile-center tmb-text-space-reduced tmb-image-color-anim tmb-image-anim-magnetic tmb-bordered  grid-cat-8 grid-cat-6 tmb-id-154875 tmb-content-under tmb-media-first\" ><div class=\"t-inside style-Hablamos-blue3-bg animate_when_almost_visible top-t-bottom\" data-cursor=\"icon-accent\"><div class=\"t-entry-visual\"><div class=\"t-entry-visual-tc\"><div class=\"t-entry-visual-cont\"><div class=\"dummy\" style=\"padding-top: 100%;\"><\/div><a role=\"button\" tabindex=\"-1\" href=\"https:\/\/www.escuela-hablamos.com\/ko\/viva-san-isidro-viva-madrid\/\" class=\"pushed\" aria-label=\"\u00a1Viva San Isidro! \u00a1Viva Madrid!\"  target=\"_self\" data-lb-index=\"11\"><div class=\"t-entry-visual-overlay\"><div class=\"t-entry-visual-overlay-in style-dark-bg\" style=\"opacity: 0.01;\"><\/div><\/div><img decoding=\"async\" class=\"wp-image-154877\" src=\"https:\/\/www.escuela-hablamos.com\/wp-content\/uploads\/2025\/05\/SI-3.jpg\" width=\"989\" height=\"989\" alt=\"\u00a1Viva San Isidro! \u00a1Viva Madrid!\" srcset=\"https:\/\/www.escuela-hablamos.com\/wp-content\/uploads\/2025\/05\/SI-3.jpg 989w, https:\/\/www.escuela-hablamos.com\/wp-content\/uploads\/2025\/05\/SI-3-300x300.jpg 300w, https:\/\/www.escuela-hablamos.com\/wp-content\/uploads\/2025\/05\/SI-3-150x150.jpg 150w, https:\/\/www.escuela-hablamos.com\/wp-content\/uploads\/2025\/05\/SI-3-768x768.jpg 768w, https:\/\/www.escuela-hablamos.com\/wp-content\/uploads\/2025\/05\/SI-3-12x12.jpg 12w, https:\/\/www.escuela-hablamos.com\/wp-content\/uploads\/2025\/05\/SI-3-350x350.jpg 350w, https:\/\/www.escuela-hablamos.com\/wp-content\/uploads\/2025\/05\/SI-3-348x348.jpg 348w, https:\/\/www.escuela-hablamos.com\/wp-content\/uploads\/2025\/05\/SI-3-uai-720x720.jpg 720w\" sizes=\"(max-width: 989px) 100vw, 989px\" \/><\/a><\/div>\n\t\t\t\t\t<\/div>\n\t\t\t\t<\/div><div class=\"t-entry-text\">\n\t\t\t\t\t\t\t\t\t<div class=\"t-entry-text-tc half-block-padding\"><div class=\"t-entry\"><h2 class=\"t-entry-title h3 title-scale\"><a href=\"https:\/\/www.escuela-hablamos.com\/ko\/viva-san-isidro-viva-madrid\/\" target=\"_self\">\u00a1Viva San Isidro! \u00a1Viva Madrid!<\/a><\/h2><div class=\"t-entry-excerpt\"><p>En v\u00edsperas de festivo, una de nuestras salidas culturales de mayo nos invitaba a conocer y\u2026<\/p><\/div><p class=\"t-entry-readmore btn-container\"><a href=\"https:\/\/www.escuela-hablamos.com\/ko\/viva-san-isidro-viva-madrid\/\" class=\"btn btn-default btn-sm\" target=\"_self\">Read More<\/a><\/p><\/div><\/div>\n\t\t\t\t\t\t\t<\/div><\/div><\/div><div class=\"tmb atc-typography-inherit tmb-iso-w4 tmb-iso-h4 tmb-round img-round-xl tmb-light tmb-overlay-text-anim tmb-overlay-showed tmb-overlay-anim tmb-content-center tmb-content-mobile-center tmb-text-space-reduced tmb-image-color-anim tmb-image-anim-magnetic tmb-bordered  grid-cat-8 grid-cat-6 tmb-id-154462 tmb-content-under tmb-media-first\" ><div class=\"t-inside style-Hablamos-blue3-bg animate_when_almost_visible top-t-bottom\" data-cursor=\"icon-accent\"><div class=\"t-entry-visual\"><div class=\"t-entry-visual-tc\"><div class=\"t-entry-visual-cont\"><div class=\"dummy\" style=\"padding-top: 100%;\"><\/div><a role=\"button\" tabindex=\"-1\" href=\"https:\/\/www.escuela-hablamos.com\/ko\/el-diario-surrealista-del-apagon-en-madrid\/\" class=\"pushed\" aria-label=\"El diario (surrealista) del apag\u00f3n en Madrid\"  target=\"_self\" data-lb-index=\"12\"><div class=\"t-entry-visual-overlay\"><div class=\"t-entry-visual-overlay-in style-dark-bg\" style=\"opacity: 0.01;\"><\/div><\/div><img decoding=\"async\" class=\"wp-image-154463\" src=\"https:\/\/www.escuela-hablamos.com\/wp-content\/uploads\/2025\/05\/luz.jpg\" width=\"900\" height=\"900\" alt=\"El diario (surrealista) del apag\u00f3n en Madrid\" srcset=\"https:\/\/www.escuela-hablamos.com\/wp-content\/uploads\/2025\/05\/luz.jpg 900w, https:\/\/www.escuela-hablamos.com\/wp-content\/uploads\/2025\/05\/luz-300x300.jpg 300w, https:\/\/www.escuela-hablamos.com\/wp-content\/uploads\/2025\/05\/luz-150x150.jpg 150w, https:\/\/www.escuela-hablamos.com\/wp-content\/uploads\/2025\/05\/luz-768x768.jpg 768w, https:\/\/www.escuela-hablamos.com\/wp-content\/uploads\/2025\/05\/luz-12x12.jpg 12w, https:\/\/www.escuela-hablamos.com\/wp-content\/uploads\/2025\/05\/luz-350x350.jpg 350w, https:\/\/www.escuela-hablamos.com\/wp-content\/uploads\/2025\/05\/luz-348x348.jpg 348w, https:\/\/www.escuela-hablamos.com\/wp-content\/uploads\/2025\/05\/luz-uai-720x720.jpg 720w\" sizes=\"(max-width: 900px) 100vw, 900px\" \/><\/a><\/div>\n\t\t\t\t\t<\/div>\n\t\t\t\t<\/div><div class=\"t-entry-text\">\n\t\t\t\t\t\t\t\t\t<div class=\"t-entry-text-tc half-block-padding\"><div class=\"t-entry\"><h2 class=\"t-entry-title h3 title-scale\"><a href=\"https:\/\/www.escuela-hablamos.com\/ko\/el-diario-surrealista-del-apagon-en-madrid\/\" target=\"_self\">El diario (surrealista) del apag\u00f3n en Madrid<\/a><\/h2><div class=\"t-entry-excerpt\"><p>Hace unas semanas Espa\u00f1a sufri\u00f3 un apag\u00f3n. Muchos de nuestros estudiantes estaban todav\u00eda en clase\u2026<\/p><\/div><p class=\"t-entry-readmore btn-container\"><a href=\"https:\/\/www.escuela-hablamos.com\/ko\/el-diario-surrealista-del-apagon-en-madrid\/\" class=\"btn btn-default btn-sm\" target=\"_self\">Read More<\/a><\/p><\/div><\/div>\n\t\t\t\t\t\t\t<\/div><\/div><\/div><div class=\"tmb atc-typography-inherit tmb-iso-w4 tmb-iso-h4 tmb-round img-round-xl tmb-light tmb-overlay-text-anim tmb-overlay-showed tmb-overlay-anim tmb-content-center tmb-content-mobile-center tmb-text-space-reduced tmb-image-color-anim tmb-image-anim-magnetic tmb-bordered  grid-cat-9 grid-cat-5 grid-cat-6 tmb-id-12536 tmb-content-under tmb-media-first\" ><div class=\"t-inside style-Hablamos-blue3-bg animate_when_almost_visible top-t-bottom\" data-cursor=\"icon-accent\"><div class=\"t-entry-visual\"><div class=\"t-entry-visual-tc\"><div class=\"t-entry-visual-cont\"><div class=\"dummy\" style=\"padding-top: 100%;\"><\/div><a role=\"button\" tabindex=\"-1\" href=\"https:\/\/www.escuela-hablamos.com\/ko\/spanish-summer-courses-in-madrid-to-get-help-you-get-around\/\" class=\"pushed\" aria-label=\"Spanish summer courses in Madrid to get help you get around\"  target=\"_self\" data-lb-index=\"13\"><div class=\"t-entry-visual-overlay\"><div class=\"t-entry-visual-overlay-in style-dark-bg\" style=\"opacity: 0.01;\"><\/div><\/div><img decoding=\"async\" class=\"wp-image-12537\" src=\"https:\/\/www.escuela-hablamos.com\/wp-content\/uploads\/2025\/05\/summer-spain.jpg\" width=\"1200\" height=\"1200\" alt=\"Spanish summer courses in Madrid to get help you get around\" srcset=\"https:\/\/www.escuela-hablamos.com\/wp-content\/uploads\/2025\/05\/summer-spain.jpg 1200w, https:\/\/www.escuela-hablamos.com\/wp-content\/uploads\/2025\/05\/summer-spain-300x300.jpg 300w, https:\/\/www.escuela-hablamos.com\/wp-content\/uploads\/2025\/05\/summer-spain-1024x1024.jpg 1024w, https:\/\/www.escuela-hablamos.com\/wp-content\/uploads\/2025\/05\/summer-spain-150x150.jpg 150w, https:\/\/www.escuela-hablamos.com\/wp-content\/uploads\/2025\/05\/summer-spain-768x768.jpg 768w, https:\/\/www.escuela-hablamos.com\/wp-content\/uploads\/2025\/05\/summer-spain-12x12.jpg 12w, https:\/\/www.escuela-hablamos.com\/wp-content\/uploads\/2025\/05\/summer-spain-350x350.jpg 350w, https:\/\/www.escuela-hablamos.com\/wp-content\/uploads\/2025\/05\/summer-spain-348x348.jpg 348w, https:\/\/www.escuela-hablamos.com\/wp-content\/uploads\/2025\/05\/summer-spain-uai-720x720.jpg 720w, https:\/\/www.escuela-hablamos.com\/wp-content\/uploads\/2025\/05\/summer-spain-uai-1032x1032.jpg 1032w\" sizes=\"(max-width: 1200px) 100vw, 1200px\" \/><\/a><\/div>\n\t\t\t\t\t<\/div>\n\t\t\t\t<\/div><div class=\"t-entry-text\">\n\t\t\t\t\t\t\t\t\t<div class=\"t-entry-text-tc half-block-padding\"><div class=\"t-entry\"><h2 class=\"t-entry-title h3 title-scale\"><a href=\"https:\/\/www.escuela-hablamos.com\/ko\/spanish-summer-courses-in-madrid-to-get-help-you-get-around\/\" target=\"_self\">Spanish summer courses in Madrid to get help you get around<\/a><\/h2><div class=\"t-entry-excerpt\"><p>Are you planning your next holiday to Spain? Fantastic! You\u2019ve probably already booked your flight\u2026<\/p><\/div><p class=\"t-entry-readmore btn-container\"><a href=\"https:\/\/www.escuela-hablamos.com\/ko\/spanish-summer-courses-in-madrid-to-get-help-you-get-around\/\" class=\"btn btn-default btn-sm\" target=\"_self\">Read More<\/a><\/p><\/div><\/div>\n\t\t\t\t\t\t\t<\/div><\/div><\/div><div class=\"tmb atc-typography-inherit tmb-iso-w4 tmb-iso-h4 tmb-round img-round-xl tmb-light tmb-overlay-text-anim tmb-overlay-showed tmb-overlay-anim tmb-content-center tmb-content-mobile-center tmb-text-space-reduced tmb-image-color-anim tmb-image-anim-magnetic tmb-bordered  grid-cat-8 grid-cat-6 tmb-id-12350 tmb-content-under tmb-media-first\" ><div class=\"t-inside style-Hablamos-blue3-bg animate_when_almost_visible top-t-bottom\" data-cursor=\"icon-accent\"><div class=\"t-entry-visual\"><div class=\"t-entry-visual-tc\"><div class=\"t-entry-visual-cont\"><div class=\"dummy\" style=\"padding-top: 100%;\"><\/div><a role=\"button\" tabindex=\"-1\" href=\"https:\/\/www.escuela-hablamos.com\/ko\/el-2-de-mayo-en-madrid\/\" class=\"pushed\" aria-label=\"El 2 de mayo en Madrid\"  target=\"_self\" data-lb-index=\"14\"><div class=\"t-entry-visual-overlay\"><div class=\"t-entry-visual-overlay-in style-dark-bg\" style=\"opacity: 0.01;\"><\/div><\/div><img decoding=\"async\" class=\"wp-image-12354\" src=\"https:\/\/www.escuela-hablamos.com\/wp-content\/uploads\/2025\/04\/manuela3.jpg\" width=\"1300\" height=\"1300\" alt=\"El 2 de mayo en Madrid\" srcset=\"https:\/\/www.escuela-hablamos.com\/wp-content\/uploads\/2025\/04\/manuela3.jpg 1300w, https:\/\/www.escuela-hablamos.com\/wp-content\/uploads\/2025\/04\/manuela3-300x300.jpg 300w, https:\/\/www.escuela-hablamos.com\/wp-content\/uploads\/2025\/04\/manuela3-1024x1024.jpg 1024w, https:\/\/www.escuela-hablamos.com\/wp-content\/uploads\/2025\/04\/manuela3-150x150.jpg 150w, https:\/\/www.escuela-hablamos.com\/wp-content\/uploads\/2025\/04\/manuela3-768x768.jpg 768w, https:\/\/www.escuela-hablamos.com\/wp-content\/uploads\/2025\/04\/manuela3-12x12.jpg 12w, https:\/\/www.escuela-hablamos.com\/wp-content\/uploads\/2025\/04\/manuela3-350x350.jpg 350w, https:\/\/www.escuela-hablamos.com\/wp-content\/uploads\/2025\/04\/manuela3-348x348.jpg 348w, https:\/\/www.escuela-hablamos.com\/wp-content\/uploads\/2025\/04\/manuela3-uai-720x720.jpg 720w, https:\/\/www.escuela-hablamos.com\/wp-content\/uploads\/2025\/04\/manuela3-uai-1032x1032.jpg 1032w\" sizes=\"(max-width: 1300px) 100vw, 1300px\" \/><\/a><\/div>\n\t\t\t\t\t<\/div>\n\t\t\t\t<\/div><div class=\"t-entry-text\">\n\t\t\t\t\t\t\t\t\t<div class=\"t-entry-text-tc half-block-padding\"><div class=\"t-entry\"><h2 class=\"t-entry-title h3 title-scale\"><a href=\"https:\/\/www.escuela-hablamos.com\/ko\/el-2-de-mayo-en-madrid\/\" target=\"_self\">El 2 de mayo en Madrid<\/a><\/h2><div class=\"t-entry-excerpt\"><p>Esta semana no es una semana corriente. \u00a1Hay puente! Esto significa que hay dos d\u00edas festivos que\u2026<\/p><\/div><p class=\"t-entry-readmore btn-container\"><a href=\"https:\/\/www.escuela-hablamos.com\/ko\/el-2-de-mayo-en-madrid\/\" class=\"btn btn-default btn-sm\" target=\"_self\">Read More<\/a><\/p><\/div><\/div>\n\t\t\t\t\t\t\t<\/div><\/div><\/div><div class=\"tmb atc-typography-inherit tmb-iso-w4 tmb-iso-h4 tmb-round img-round-xl tmb-light tmb-overlay-text-anim tmb-overlay-showed tmb-overlay-anim tmb-content-center tmb-content-mobile-center tmb-text-space-reduced tmb-image-color-anim tmb-image-anim-magnetic tmb-bordered  grid-cat-7 grid-cat-8 grid-cat-6 tmb-id-11988 tmb-content-under tmb-media-first\" ><div class=\"t-inside style-Hablamos-blue3-bg animate_when_almost_visible top-t-bottom\" data-cursor=\"icon-accent\"><div class=\"t-entry-visual\"><div class=\"t-entry-visual-tc\"><div class=\"t-entry-visual-cont\"><div class=\"dummy\" style=\"padding-top: 100%;\"><\/div><a role=\"button\" tabindex=\"-1\" href=\"https:\/\/www.escuela-hablamos.com\/ko\/no-me-cuentes-milongas-cantalas-y-bailalas\/\" class=\"pushed\" aria-label=\"No me cuentes milongas, \u00a1c\u00e1ntalas y b\u00e1ilalas!\"  target=\"_self\" data-lb-index=\"15\"><div class=\"t-entry-visual-overlay\"><div class=\"t-entry-visual-overlay-in style-dark-bg\" style=\"opacity: 0.01;\"><\/div><\/div><img decoding=\"async\" class=\"wp-image-11989\" src=\"https:\/\/www.escuela-hablamos.com\/wp-content\/uploads\/2025\/04\/milonga1.jpg\" width=\"515\" height=\"515\" alt=\"No me cuentes milongas, \u00a1c\u00e1ntalas y b\u00e1ilalas!\" srcset=\"https:\/\/www.escuela-hablamos.com\/wp-content\/uploads\/2025\/04\/milonga1.jpg 515w, https:\/\/www.escuela-hablamos.com\/wp-content\/uploads\/2025\/04\/milonga1-300x300.jpg 300w, https:\/\/www.escuela-hablamos.com\/wp-content\/uploads\/2025\/04\/milonga1-150x150.jpg 150w, https:\/\/www.escuela-hablamos.com\/wp-content\/uploads\/2025\/04\/milonga1-12x12.jpg 12w, https:\/\/www.escuela-hablamos.com\/wp-content\/uploads\/2025\/04\/milonga1-350x350.jpg 350w, https:\/\/www.escuela-hablamos.com\/wp-content\/uploads\/2025\/04\/milonga1-348x348.jpg 348w\" sizes=\"(max-width: 515px) 100vw, 515px\" \/><\/a><\/div>\n\t\t\t\t\t<\/div>\n\t\t\t\t<\/div><div class=\"t-entry-text\">\n\t\t\t\t\t\t\t\t\t<div class=\"t-entry-text-tc half-block-padding\"><div class=\"t-entry\"><h2 class=\"t-entry-title h3 title-scale\"><a href=\"https:\/\/www.escuela-hablamos.com\/ko\/no-me-cuentes-milongas-cantalas-y-bailalas\/\" target=\"_self\">No me cuentes milongas, \u00a1c\u00e1ntalas y b\u00e1ilalas!<\/a><\/h2><div class=\"t-entry-excerpt\"><p>Como ya sabemos, el espa\u00f1ol se habla en muchos pa\u00edses adem\u00e1s de Espa\u00f1a. En esta salida cultural,\u2026<\/p><\/div><p class=\"t-entry-readmore btn-container\"><a href=\"https:\/\/www.escuela-hablamos.com\/ko\/no-me-cuentes-milongas-cantalas-y-bailalas\/\" class=\"btn btn-default btn-sm\" target=\"_self\">Read More<\/a><\/p><\/div><\/div>\n\t\t\t\t\t\t\t<\/div><\/div><\/div><div class=\"tmb atc-typography-inherit tmb-iso-w4 tmb-iso-h4 tmb-round img-round-xl tmb-light tmb-overlay-text-anim tmb-overlay-showed tmb-overlay-anim tmb-content-center tmb-content-mobile-center tmb-text-space-reduced tmb-image-color-anim tmb-image-anim-magnetic tmb-bordered  grid-cat-8 grid-cat-6 tmb-id-11474 tmb-content-under tmb-media-first\" ><div class=\"t-inside style-Hablamos-blue3-bg animate_when_almost_visible top-t-bottom\" data-cursor=\"icon-accent\"><div class=\"t-entry-visual\"><div class=\"t-entry-visual-tc\"><div class=\"t-entry-visual-cont\"><div class=\"dummy\" style=\"padding-top: 100%;\"><\/div><a role=\"button\" tabindex=\"-1\" href=\"https:\/\/www.escuela-hablamos.com\/ko\/hablamos-de-un-feliz-ano-nuevo-chino\/\" class=\"pushed\" aria-label=\"Hablamos de un feliz a\u00f1o nuevo chino\"  target=\"_self\" data-lb-index=\"16\"><div class=\"t-entry-visual-overlay\"><div class=\"t-entry-visual-overlay-in style-dark-bg\" style=\"opacity: 0.01;\"><\/div><\/div><img decoding=\"async\" class=\"wp-image-11475\" src=\"https:\/\/www.escuela-hablamos.com\/wp-content\/uploads\/2025\/03\/chino-1.jpg\" width=\"899\" height=\"899\" alt=\"Hablamos de un feliz a\u00f1o nuevo chino\" srcset=\"https:\/\/www.escuela-hablamos.com\/wp-content\/uploads\/2025\/03\/chino-1.jpg 899w, https:\/\/www.escuela-hablamos.com\/wp-content\/uploads\/2025\/03\/chino-1-300x300.jpg 300w, https:\/\/www.escuela-hablamos.com\/wp-content\/uploads\/2025\/03\/chino-1-150x150.jpg 150w, https:\/\/www.escuela-hablamos.com\/wp-content\/uploads\/2025\/03\/chino-1-768x768.jpg 768w, https:\/\/www.escuela-hablamos.com\/wp-content\/uploads\/2025\/03\/chino-1-12x12.jpg 12w, https:\/\/www.escuela-hablamos.com\/wp-content\/uploads\/2025\/03\/chino-1-350x350.jpg 350w, https:\/\/www.escuela-hablamos.com\/wp-content\/uploads\/2025\/03\/chino-1-348x348.jpg 348w, https:\/\/www.escuela-hablamos.com\/wp-content\/uploads\/2025\/03\/chino-1-uai-720x720.jpg 720w\" sizes=\"(max-width: 899px) 100vw, 899px\" \/><\/a><\/div>\n\t\t\t\t\t<\/div>\n\t\t\t\t<\/div><div class=\"t-entry-text\">\n\t\t\t\t\t\t\t\t\t<div class=\"t-entry-text-tc half-block-padding\"><div class=\"t-entry\"><h2 class=\"t-entry-title h3 title-scale\"><a href=\"https:\/\/www.escuela-hablamos.com\/ko\/hablamos-de-un-feliz-ano-nuevo-chino\/\" target=\"_self\">Hablamos de un feliz a\u00f1o nuevo chino<\/a><\/h2><div class=\"t-entry-excerpt\"><p>Este a\u00f1o, el A\u00f1o Nuevo chino comenz\u00f3 el 29 de enero. En Hablamos aprovechamos nuestra salida\u2026<\/p><\/div><p class=\"t-entry-readmore btn-container\"><a href=\"https:\/\/www.escuela-hablamos.com\/ko\/hablamos-de-un-feliz-ano-nuevo-chino\/\" class=\"btn btn-default btn-sm\" target=\"_self\">Read More<\/a><\/p><\/div><\/div>\n\t\t\t\t\t\t\t<\/div><\/div><\/div><div class=\"tmb atc-typography-inherit tmb-iso-w4 tmb-iso-h4 tmb-round img-round-xl tmb-light tmb-overlay-text-anim tmb-overlay-showed tmb-overlay-anim tmb-content-center tmb-content-mobile-center tmb-text-space-reduced tmb-image-color-anim tmb-image-anim-magnetic tmb-bordered  grid-cat-9 grid-cat-5 grid-cat-8 grid-cat-6 tmb-id-10859 tmb-content-under tmb-media-first\" ><div class=\"t-inside style-Hablamos-blue3-bg animate_when_almost_visible top-t-bottom\" data-cursor=\"icon-accent\"><div class=\"t-entry-visual\"><div class=\"t-entry-visual-tc\"><div class=\"t-entry-visual-cont\"><div class=\"dummy\" style=\"padding-top: 100%;\"><\/div><a role=\"button\" tabindex=\"-1\" href=\"https:\/\/www.escuela-hablamos.com\/ko\/dare-to-be-a-different-kind-of-tourist\/\" class=\"pushed\" aria-label=\"\uc2a4\ud398\uc778\uc5b4\ub85c \ubc30\uc6b0\ub294 \ub9c8\ub4dc\ub9ac\ub4dc \uad00\uad11\"  target=\"_self\" data-lb-index=\"17\"><div class=\"t-entry-visual-overlay\"><div class=\"t-entry-visual-overlay-in style-dark-bg\" style=\"opacity: 0.01;\"><\/div><\/div><img decoding=\"async\" class=\"wp-image-10027\" src=\"https:\/\/www.escuela-hablamos.com\/wp-content\/uploads\/2025\/01\/turismo.jpg\" width=\"1200\" height=\"1200\" alt=\"Madrid Tourism in Spanish\" srcset=\"https:\/\/www.escuela-hablamos.com\/wp-content\/uploads\/2025\/01\/turismo.jpg 1200w, https:\/\/www.escuela-hablamos.com\/wp-content\/uploads\/2025\/01\/turismo-300x300.jpg 300w, https:\/\/www.escuela-hablamos.com\/wp-content\/uploads\/2025\/01\/turismo-1024x1024.jpg 1024w, https:\/\/www.escuela-hablamos.com\/wp-content\/uploads\/2025\/01\/turismo-150x150.jpg 150w, https:\/\/www.escuela-hablamos.com\/wp-content\/uploads\/2025\/01\/turismo-768x768.jpg 768w, https:\/\/www.escuela-hablamos.com\/wp-content\/uploads\/2025\/01\/turismo-12x12.jpg 12w, https:\/\/www.escuela-hablamos.com\/wp-content\/uploads\/2025\/01\/turismo-350x350.jpg 350w, https:\/\/www.escuela-hablamos.com\/wp-content\/uploads\/2025\/01\/turismo-348x348.jpg 348w, https:\/\/www.escuela-hablamos.com\/wp-content\/uploads\/2025\/01\/turismo-uai-720x720.jpg 720w, https:\/\/www.escuela-hablamos.com\/wp-content\/uploads\/2025\/01\/turismo-uai-1032x1032.jpg 1032w\" sizes=\"(max-width: 1200px) 100vw, 1200px\" \/><\/a><\/div>\n\t\t\t\t\t<\/div>\n\t\t\t\t<\/div><div class=\"t-entry-text\">\n\t\t\t\t\t\t\t\t\t<div class=\"t-entry-text-tc half-block-padding\"><div class=\"t-entry\"><h2 class=\"t-entry-title h3 title-scale\"><a href=\"https:\/\/www.escuela-hablamos.com\/ko\/dare-to-be-a-different-kind-of-tourist\/\" target=\"_self\">Dare to be a different kind of tourist!<\/a><\/h2><div class=\"t-entry-excerpt\"><p>Summer is approaching and with it, free time, sun, the desire to spend time outside... and travel!\u2026<\/p><\/div><p class=\"t-entry-readmore btn-container\"><a href=\"https:\/\/www.escuela-hablamos.com\/ko\/dare-to-be-a-different-kind-of-tourist\/\" class=\"btn btn-default btn-sm\" target=\"_self\">Read More<\/a><\/p><\/div><\/div>\n\t\t\t\t\t\t\t<\/div><\/div><\/div><div class=\"tmb atc-typography-inherit tmb-iso-w4 tmb-iso-h4 tmb-round img-round-xl tmb-light tmb-overlay-text-anim tmb-overlay-showed tmb-overlay-anim tmb-content-center tmb-content-mobile-center tmb-text-space-reduced tmb-image-color-anim tmb-image-anim-magnetic tmb-bordered  grid-cat-7 grid-cat-8 grid-cat-6 tmb-id-10630 tmb-content-under tmb-media-first\" ><div class=\"t-inside style-Hablamos-blue3-bg animate_when_almost_visible top-t-bottom\" data-cursor=\"icon-accent\"><div class=\"t-entry-visual\"><div class=\"t-entry-visual-tc\"><div class=\"t-entry-visual-cont\"><div class=\"dummy\" style=\"padding-top: 100%;\"><\/div><a role=\"button\" tabindex=\"-1\" href=\"https:\/\/www.escuela-hablamos.com\/ko\/espanol-tapas-y-vermut-una-actividad-cultural-diferente\/\" class=\"pushed\" aria-label=\"Espa\u00f1ol, tapas y vermut: una actividad cultural diferente\"  target=\"_self\" data-lb-index=\"18\"><div class=\"t-entry-visual-overlay\"><div class=\"t-entry-visual-overlay-in style-dark-bg\" style=\"opacity: 0.01;\"><\/div><\/div><img decoding=\"async\" class=\"wp-image-10631\" src=\"https:\/\/www.escuela-hablamos.com\/wp-content\/uploads\/2025\/02\/tapas1.jpg\" width=\"1419\" height=\"1419\" alt=\"Espa\u00f1ol, tapas y vermut: una actividad cultural diferente\" srcset=\"https:\/\/www.escuela-hablamos.com\/wp-content\/uploads\/2025\/02\/tapas1.jpg 1419w, https:\/\/www.escuela-hablamos.com\/wp-content\/uploads\/2025\/02\/tapas1-300x300.jpg 300w, https:\/\/www.escuela-hablamos.com\/wp-content\/uploads\/2025\/02\/tapas1-1024x1024.jpg 1024w, https:\/\/www.escuela-hablamos.com\/wp-content\/uploads\/2025\/02\/tapas1-150x150.jpg 150w, https:\/\/www.escuela-hablamos.com\/wp-content\/uploads\/2025\/02\/tapas1-768x768.jpg 768w, https:\/\/www.escuela-hablamos.com\/wp-content\/uploads\/2025\/02\/tapas1-12x12.jpg 12w, https:\/\/www.escuela-hablamos.com\/wp-content\/uploads\/2025\/02\/tapas1-350x350.jpg 350w, https:\/\/www.escuela-hablamos.com\/wp-content\/uploads\/2025\/02\/tapas1-348x348.jpg 348w, https:\/\/www.escuela-hablamos.com\/wp-content\/uploads\/2025\/02\/tapas1-uai-720x720.jpg 720w, https:\/\/www.escuela-hablamos.com\/wp-content\/uploads\/2025\/02\/tapas1-uai-1032x1032.jpg 1032w\" sizes=\"(max-width: 1419px) 100vw, 1419px\" \/><\/a><\/div>\n\t\t\t\t\t<\/div>\n\t\t\t\t<\/div><div class=\"t-entry-text\">\n\t\t\t\t\t\t\t\t\t<div class=\"t-entry-text-tc half-block-padding\"><div class=\"t-entry\"><h2 class=\"t-entry-title h3 title-scale\"><a href=\"https:\/\/www.escuela-hablamos.com\/ko\/espanol-tapas-y-vermut-una-actividad-cultural-diferente\/\" target=\"_self\">Espa\u00f1ol, tapas y vermut: una actividad cultural diferente<\/a><\/h2><div class=\"t-entry-excerpt\"><p>Sabemos que la cultura va m\u00e1s all\u00e1 de los museos, exposiciones y lugares t\u00edpicos de una ciudad. La\u2026<\/p><\/div><p class=\"t-entry-readmore btn-container\"><a href=\"https:\/\/www.escuela-hablamos.com\/ko\/espanol-tapas-y-vermut-una-actividad-cultural-diferente\/\" class=\"btn btn-default btn-sm\" target=\"_self\">Read More<\/a><\/p><\/div><\/div>\n\t\t\t\t\t\t\t<\/div><\/div><\/div><div class=\"tmb atc-typography-inherit tmb-iso-w4 tmb-iso-h4 tmb-round img-round-xl tmb-light tmb-overlay-text-anim tmb-overlay-showed tmb-overlay-anim tmb-content-center tmb-content-mobile-center tmb-text-space-reduced tmb-image-color-anim tmb-image-anim-magnetic tmb-bordered  grid-cat-9 grid-cat-8 grid-cat-6 tmb-id-9670 tmb-content-under tmb-media-first\" ><div class=\"t-inside style-Hablamos-blue3-bg animate_when_almost_visible top-t-bottom\" data-cursor=\"icon-accent\"><div class=\"t-entry-visual\"><div class=\"t-entry-visual-tc\"><div class=\"t-entry-visual-cont\"><div class=\"dummy\" style=\"padding-top: 100%;\"><\/div><a role=\"button\" tabindex=\"-1\" href=\"https:\/\/www.escuela-hablamos.com\/ko\/una-navidad-con-luces-y-sabores-madrilenos\/\" class=\"pushed\" aria-label=\"Una Navidad con luces y sabores madrile\u00f1os\"  target=\"_self\" data-lb-index=\"19\"><div class=\"t-entry-visual-overlay\"><div class=\"t-entry-visual-overlay-in style-dark-bg\" style=\"opacity: 0.01;\"><\/div><\/div><img decoding=\"async\" class=\"wp-image-9671\" src=\"https:\/\/www.escuela-hablamos.com\/wp-content\/uploads\/2024\/12\/churros-1.jpg\" width=\"1000\" height=\"1000\" alt=\"Una Navidad con luces y sabores madrile\u00f1os\" srcset=\"https:\/\/www.escuela-hablamos.com\/wp-content\/uploads\/2024\/12\/churros-1.jpg 1000w, https:\/\/www.escuela-hablamos.com\/wp-content\/uploads\/2024\/12\/churros-1-300x300.jpg 300w, https:\/\/www.escuela-hablamos.com\/wp-content\/uploads\/2024\/12\/churros-1-150x150.jpg 150w, https:\/\/www.escuela-hablamos.com\/wp-content\/uploads\/2024\/12\/churros-1-768x768.jpg 768w, https:\/\/www.escuela-hablamos.com\/wp-content\/uploads\/2024\/12\/churros-1-12x12.jpg 12w, https:\/\/www.escuela-hablamos.com\/wp-content\/uploads\/2024\/12\/churros-1-350x350.jpg 350w, https:\/\/www.escuela-hablamos.com\/wp-content\/uploads\/2024\/12\/churros-1-348x348.jpg 348w, https:\/\/www.escuela-hablamos.com\/wp-content\/uploads\/2024\/12\/churros-1-uai-720x720.jpg 720w\" sizes=\"(max-width: 1000px) 100vw, 1000px\" \/><\/a><\/div>\n\t\t\t\t\t<\/div>\n\t\t\t\t<\/div><div class=\"t-entry-text\">\n\t\t\t\t\t\t\t\t\t<div class=\"t-entry-text-tc half-block-padding\"><div class=\"t-entry\"><h2 class=\"t-entry-title h3 title-scale\"><a href=\"https:\/\/www.escuela-hablamos.com\/ko\/una-navidad-con-luces-y-sabores-madrilenos\/\" target=\"_self\">Una Navidad con luces y sabores madrile\u00f1os<\/a><\/h2><div class=\"t-entry-excerpt\"><p>Al llegar diciembre, se acerca la Navidad y comienza a sentirse en la ciudad. Pueden verse en las\u2026<\/p><\/div><p class=\"t-entry-readmore btn-container\"><a href=\"https:\/\/www.escuela-hablamos.com\/ko\/una-navidad-con-luces-y-sabores-madrilenos\/\" class=\"btn btn-default btn-sm\" target=\"_self\">Read More<\/a><\/p><\/div><\/div>\n\t\t\t\t\t\t\t<\/div><\/div><\/div><div class=\"tmb atc-typography-inherit tmb-iso-w4 tmb-iso-h4 tmb-round img-round-xl tmb-light tmb-overlay-text-anim tmb-overlay-showed tmb-overlay-anim tmb-content-center tmb-content-mobile-center tmb-text-space-reduced tmb-image-color-anim tmb-image-anim-magnetic tmb-bordered  grid-cat-8 grid-cat-6 tmb-id-9530 tmb-content-under tmb-media-first\" ><div class=\"t-inside style-Hablamos-blue3-bg animate_when_almost_visible top-t-bottom\" data-cursor=\"icon-accent\"><div class=\"t-entry-visual\"><div class=\"t-entry-visual-tc\"><div class=\"t-entry-visual-cont\"><div class=\"dummy\" style=\"padding-top: 100%;\"><\/div><a role=\"button\" tabindex=\"-1\" href=\"https:\/\/www.escuela-hablamos.com\/ko\/te-gusta-el-chocolate\/\" class=\"pushed\" aria-label=\"\u00bfTe gusta el chocolate?\"  target=\"_self\" data-lb-index=\"20\"><div class=\"t-entry-visual-overlay\"><div class=\"t-entry-visual-overlay-in style-dark-bg\" style=\"opacity: 0.01;\"><\/div><\/div><img decoding=\"async\" class=\"wp-image-9531\" src=\"https:\/\/www.escuela-hablamos.com\/wp-content\/uploads\/2024\/12\/kai-1.jpg\" width=\"900\" height=\"900\" alt=\"\u00bfTe gusta el chocolate?\" srcset=\"https:\/\/www.escuela-hablamos.com\/wp-content\/uploads\/2024\/12\/kai-1.jpg 900w, https:\/\/www.escuela-hablamos.com\/wp-content\/uploads\/2024\/12\/kai-1-300x300.jpg 300w, https:\/\/www.escuela-hablamos.com\/wp-content\/uploads\/2024\/12\/kai-1-150x150.jpg 150w, https:\/\/www.escuela-hablamos.com\/wp-content\/uploads\/2024\/12\/kai-1-768x768.jpg 768w, https:\/\/www.escuela-hablamos.com\/wp-content\/uploads\/2024\/12\/kai-1-12x12.jpg 12w, https:\/\/www.escuela-hablamos.com\/wp-content\/uploads\/2024\/12\/kai-1-350x350.jpg 350w, https:\/\/www.escuela-hablamos.com\/wp-content\/uploads\/2024\/12\/kai-1-348x348.jpg 348w, https:\/\/www.escuela-hablamos.com\/wp-content\/uploads\/2024\/12\/kai-1-uai-720x720.jpg 720w\" sizes=\"(max-width: 900px) 100vw, 900px\" \/><\/a><\/div>\n\t\t\t\t\t<\/div>\n\t\t\t\t<\/div><div class=\"t-entry-text\">\n\t\t\t\t\t\t\t\t\t<div class=\"t-entry-text-tc half-block-padding\"><div class=\"t-entry\"><h2 class=\"t-entry-title h3 title-scale\"><a href=\"https:\/\/www.escuela-hablamos.com\/ko\/te-gusta-el-chocolate\/\" target=\"_self\">\u00bfTe gusta el chocolate?<\/a><\/h2><div class=\"t-entry-excerpt\"><p>\u00bfTe gusta el chocolate? \u00bfConoces su historia y variedades? \u00bfSabes c\u00f3mo se fabrica?\n<\/p><\/div><p class=\"t-entry-readmore btn-container\"><a href=\"https:\/\/www.escuela-hablamos.com\/ko\/te-gusta-el-chocolate\/\" class=\"btn btn-default btn-sm\" target=\"_self\">Read More<\/a><\/p><\/div><\/div>\n\t\t\t\t\t\t\t<\/div><\/div><\/div><div class=\"tmb atc-typography-inherit tmb-iso-w4 tmb-iso-h4 tmb-round img-round-xl tmb-light tmb-overlay-text-anim tmb-overlay-showed tmb-overlay-anim tmb-content-center tmb-content-mobile-center tmb-text-space-reduced tmb-image-color-anim tmb-image-anim-magnetic tmb-bordered  grid-cat-8 grid-cat-6 tmb-id-9283 tmb-content-under tmb-media-first\" ><div class=\"t-inside style-Hablamos-blue3-bg animate_when_almost_visible top-t-bottom\" data-cursor=\"icon-accent\"><div class=\"t-entry-visual\"><div class=\"t-entry-visual-tc\"><div class=\"t-entry-visual-cont\"><div class=\"dummy\" style=\"padding-top: 100%;\"><\/div><a role=\"button\" tabindex=\"-1\" href=\"https:\/\/www.escuela-hablamos.com\/ko\/visita-a-los-origenes-de-madrid\/\" class=\"pushed\" aria-label=\"Visita a los or\u00edgenes de Madrid\"  target=\"_self\" data-lb-index=\"21\"><div class=\"t-entry-visual-overlay\"><div class=\"t-entry-visual-overlay-in style-dark-bg\" style=\"opacity: 0.01;\"><\/div><\/div><img decoding=\"async\" class=\"wp-image-9284\" src=\"https:\/\/www.escuela-hablamos.com\/wp-content\/uploads\/2024\/11\/arabe.jpg\" width=\"800\" height=\"800\" alt=\"Visita a los or\u00edgenes de Madrid\" srcset=\"https:\/\/www.escuela-hablamos.com\/wp-content\/uploads\/2024\/11\/arabe.jpg 800w, https:\/\/www.escuela-hablamos.com\/wp-content\/uploads\/2024\/11\/arabe-300x300.jpg 300w, https:\/\/www.escuela-hablamos.com\/wp-content\/uploads\/2024\/11\/arabe-150x150.jpg 150w, https:\/\/www.escuela-hablamos.com\/wp-content\/uploads\/2024\/11\/arabe-768x768.jpg 768w, https:\/\/www.escuela-hablamos.com\/wp-content\/uploads\/2024\/11\/arabe-12x12.jpg 12w, https:\/\/www.escuela-hablamos.com\/wp-content\/uploads\/2024\/11\/arabe-350x350.jpg 350w, https:\/\/www.escuela-hablamos.com\/wp-content\/uploads\/2024\/11\/arabe-348x348.jpg 348w, https:\/\/www.escuela-hablamos.com\/wp-content\/uploads\/2024\/11\/arabe-uai-720x720.jpg 720w\" sizes=\"(max-width: 800px) 100vw, 800px\" \/><\/a><\/div>\n\t\t\t\t\t<\/div>\n\t\t\t\t<\/div><div class=\"t-entry-text\">\n\t\t\t\t\t\t\t\t\t<div class=\"t-entry-text-tc half-block-padding\"><div class=\"t-entry\"><h2 class=\"t-entry-title h3 title-scale\"><a href=\"https:\/\/www.escuela-hablamos.com\/ko\/visita-a-los-origenes-de-madrid\/\" target=\"_self\">Visita a los or\u00edgenes de Madrid<\/a><\/h2><div class=\"t-entry-excerpt\"><p>\u00bfAlguna vez te has preguntado de d\u00f3nde viene el espa\u00f1ol?\n<\/p><\/div><p class=\"t-entry-readmore btn-container\"><a href=\"https:\/\/www.escuela-hablamos.com\/ko\/visita-a-los-origenes-de-madrid\/\" class=\"btn btn-default btn-sm\" target=\"_self\">Read More<\/a><\/p><\/div><\/div>\n\t\t\t\t\t\t\t<\/div><\/div><\/div><div class=\"tmb atc-typography-inherit tmb-iso-w4 tmb-iso-h4 tmb-round img-round-xl tmb-light tmb-overlay-text-anim tmb-overlay-showed tmb-overlay-anim tmb-content-center tmb-content-mobile-center tmb-text-space-reduced tmb-image-color-anim tmb-image-anim-magnetic tmb-bordered  grid-cat-8 grid-cat-6 tmb-id-8938 tmb-content-under tmb-media-first\" ><div class=\"t-inside style-Hablamos-blue3-bg animate_when_almost_visible top-t-bottom\" data-cursor=\"icon-accent\"><div class=\"t-entry-visual\"><div class=\"t-entry-visual-tc\"><div class=\"t-entry-visual-cont\"><div class=\"dummy\" style=\"padding-top: 100%;\"><\/div><a role=\"button\" tabindex=\"-1\" href=\"https:\/\/www.escuela-hablamos.com\/ko\/dia-de-muertos-en-hablamos\/\" class=\"pushed\" target=\"_self\" data-lb-index=\"22\"><div class=\"t-entry-visual-overlay\"><div class=\"t-entry-visual-overlay-in style-dark-bg\" style=\"opacity: 0.01;\"><\/div><\/div><img decoding=\"async\" class=\"wp-image-8939\" src=\"https:\/\/www.escuela-hablamos.com\/wp-content\/uploads\/2024\/11\/hallo1.jpg\" width=\"800\" height=\"800\" alt=\"\" srcset=\"https:\/\/www.escuela-hablamos.com\/wp-content\/uploads\/2024\/11\/hallo1.jpg 800w, https:\/\/www.escuela-hablamos.com\/wp-content\/uploads\/2024\/11\/hallo1-300x300.jpg 300w, https:\/\/www.escuela-hablamos.com\/wp-content\/uploads\/2024\/11\/hallo1-150x150.jpg 150w, https:\/\/www.escuela-hablamos.com\/wp-content\/uploads\/2024\/11\/hallo1-768x768.jpg 768w, https:\/\/www.escuela-hablamos.com\/wp-content\/uploads\/2024\/11\/hallo1-12x12.jpg 12w, https:\/\/www.escuela-hablamos.com\/wp-content\/uploads\/2024\/11\/hallo1-350x350.jpg 350w, https:\/\/www.escuela-hablamos.com\/wp-content\/uploads\/2024\/11\/hallo1-348x348.jpg 348w, https:\/\/www.escuela-hablamos.com\/wp-content\/uploads\/2024\/11\/hallo1-uai-720x720.jpg 720w\" sizes=\"(max-width: 800px) 100vw, 800px\" \/><\/a><\/div>\n\t\t\t\t\t<\/div>\n\t\t\t\t<\/div><div class=\"t-entry-text\">\n\t\t\t\t\t\t\t\t\t<div class=\"t-entry-text-tc half-block-padding\"><div class=\"t-entry\"><h2 class=\"t-entry-title h3 title-scale\"><a href=\"https:\/\/www.escuela-hablamos.com\/ko\/dia-de-muertos-en-hablamos\/\" target=\"_self\">D\u00eda de Muertos en Hablamos<\/a><\/h2><div class=\"t-entry-excerpt\"><p>Octubre es, para muchos, sin\u00f3nimo de Halloween, pero \u00bfy en los pa\u00edses hispanohablantes? \u00a1Ten\u00edamos\u2026<\/p><\/div><p class=\"t-entry-readmore btn-container\"><a href=\"https:\/\/www.escuela-hablamos.com\/ko\/dia-de-muertos-en-hablamos\/\" class=\"btn btn-default btn-sm\" target=\"_self\">Read More<\/a><\/p><\/div><\/div>\n\t\t\t\t\t\t\t<\/div><\/div><\/div><div class=\"tmb atc-typography-inherit tmb-iso-w4 tmb-iso-h4 tmb-round img-round-xl tmb-light tmb-overlay-text-anim tmb-overlay-showed tmb-overlay-anim tmb-content-center tmb-content-mobile-center tmb-text-space-reduced tmb-image-color-anim tmb-image-anim-magnetic tmb-bordered  grid-cat-8 grid-cat-6 tmb-id-8853 tmb-content-under tmb-media-first\" ><div class=\"t-inside style-Hablamos-blue3-bg animate_when_almost_visible top-t-bottom\" data-cursor=\"icon-accent\"><div class=\"t-entry-visual\"><div class=\"t-entry-visual-tc\"><div class=\"t-entry-visual-cont\"><div class=\"dummy\" style=\"padding-top: 100%;\"><\/div><a role=\"button\" tabindex=\"-1\" href=\"https:\/\/www.escuela-hablamos.com\/ko\/casas-encantadas-de-madrid\/\" class=\"pushed\" aria-label=\"Casas encantadas de Madrid\"  target=\"_self\" data-lb-index=\"23\"><div class=\"t-entry-visual-overlay\"><div class=\"t-entry-visual-overlay-in style-dark-bg\" style=\"opacity: 0.01;\"><\/div><\/div><img decoding=\"async\" class=\"wp-image-8854\" src=\"https:\/\/www.escuela-hablamos.com\/wp-content\/uploads\/2024\/10\/encantada.jpg\" width=\"800\" height=\"800\" alt=\"Casas encantadas de Madrid\" srcset=\"https:\/\/www.escuela-hablamos.com\/wp-content\/uploads\/2024\/10\/encantada.jpg 800w, https:\/\/www.escuela-hablamos.com\/wp-content\/uploads\/2024\/10\/encantada-300x300.jpg 300w, https:\/\/www.escuela-hablamos.com\/wp-content\/uploads\/2024\/10\/encantada-150x150.jpg 150w, https:\/\/www.escuela-hablamos.com\/wp-content\/uploads\/2024\/10\/encantada-768x768.jpg 768w, https:\/\/www.escuela-hablamos.com\/wp-content\/uploads\/2024\/10\/encantada-12x12.jpg 12w, https:\/\/www.escuela-hablamos.com\/wp-content\/uploads\/2024\/10\/encantada-350x350.jpg 350w, https:\/\/www.escuela-hablamos.com\/wp-content\/uploads\/2024\/10\/encantada-348x348.jpg 348w, https:\/\/www.escuela-hablamos.com\/wp-content\/uploads\/2024\/10\/encantada-uai-720x720.jpg 720w\" sizes=\"(max-width: 800px) 100vw, 800px\" \/><\/a><\/div>\n\t\t\t\t\t<\/div>\n\t\t\t\t<\/div><div class=\"t-entry-text\">\n\t\t\t\t\t\t\t\t\t<div class=\"t-entry-text-tc half-block-padding\"><div class=\"t-entry\"><h2 class=\"t-entry-title h3 title-scale\"><a href=\"https:\/\/www.escuela-hablamos.com\/ko\/casas-encantadas-de-madrid\/\" target=\"_self\">Casas encantadas de Madrid<\/a><\/h2><div class=\"t-entry-excerpt\"><p>\u00bfNotas eso? Un escalofr\u00edo que sube por la espalda, que te pone los pelos de punta. Sientes que\u2026<\/p><\/div><p class=\"t-entry-readmore btn-container\"><a href=\"https:\/\/www.escuela-hablamos.com\/ko\/casas-encantadas-de-madrid\/\" class=\"btn btn-default btn-sm\" target=\"_self\">Read More<\/a><\/p><\/div><\/div>\n\t\t\t\t\t\t\t<\/div><\/div><\/div><div class=\"tmb atc-typography-inherit tmb-iso-w4 tmb-iso-h4 tmb-round img-round-xl tmb-light tmb-overlay-text-anim tmb-overlay-showed tmb-overlay-anim tmb-content-center tmb-content-mobile-center tmb-text-space-reduced tmb-image-color-anim tmb-image-anim-magnetic tmb-bordered  grid-cat-8 grid-cat-6 tmb-id-8792 tmb-content-under tmb-media-first\" ><div class=\"t-inside style-Hablamos-blue3-bg animate_when_almost_visible top-t-bottom\" data-cursor=\"icon-accent\"><div class=\"t-entry-visual\"><div class=\"t-entry-visual-tc\"><div class=\"t-entry-visual-cont\"><div class=\"dummy\" style=\"padding-top: 100%;\"><\/div><a role=\"button\" tabindex=\"-1\" href=\"https:\/\/www.escuela-hablamos.com\/ko\/una-noche-con-duende\/\" class=\"pushed\" aria-label=\"Una noche con duende\"  target=\"_self\" data-lb-index=\"24\"><div class=\"t-entry-visual-overlay\"><div class=\"t-entry-visual-overlay-in style-dark-bg\" style=\"opacity: 0.01;\"><\/div><\/div><img decoding=\"async\" class=\"wp-image-8793\" src=\"https:\/\/www.escuela-hablamos.com\/wp-content\/uploads\/2024\/10\/fla-1.jpg\" width=\"1000\" height=\"1000\" alt=\"Una noche con duende\" srcset=\"https:\/\/www.escuela-hablamos.com\/wp-content\/uploads\/2024\/10\/fla-1.jpg 1000w, https:\/\/www.escuela-hablamos.com\/wp-content\/uploads\/2024\/10\/fla-1-300x300.jpg 300w, https:\/\/www.escuela-hablamos.com\/wp-content\/uploads\/2024\/10\/fla-1-150x150.jpg 150w, https:\/\/www.escuela-hablamos.com\/wp-content\/uploads\/2024\/10\/fla-1-768x768.jpg 768w, https:\/\/www.escuela-hablamos.com\/wp-content\/uploads\/2024\/10\/fla-1-12x12.jpg 12w, https:\/\/www.escuela-hablamos.com\/wp-content\/uploads\/2024\/10\/fla-1-350x350.jpg 350w, https:\/\/www.escuela-hablamos.com\/wp-content\/uploads\/2024\/10\/fla-1-348x348.jpg 348w, https:\/\/www.escuela-hablamos.com\/wp-content\/uploads\/2024\/10\/fla-1-uai-720x720.jpg 720w\" sizes=\"(max-width: 1000px) 100vw, 1000px\" \/><\/a><\/div>\n\t\t\t\t\t<\/div>\n\t\t\t\t<\/div><div class=\"t-entry-text\">\n\t\t\t\t\t\t\t\t\t<div class=\"t-entry-text-tc half-block-padding\"><div class=\"t-entry\"><h2 class=\"t-entry-title h3 title-scale\"><a href=\"https:\/\/www.escuela-hablamos.com\/ko\/una-noche-con-duende\/\" target=\"_self\">Una noche con duende<\/a><\/h2><div class=\"t-entry-excerpt\"><p>En Hablamos nos encanta presumir de nuestras actividades culturales. \u00a1Y es l\u00f3gico! Cada viernes los\u2026<\/p><\/div><p class=\"t-entry-readmore btn-container\"><a href=\"https:\/\/www.escuela-hablamos.com\/ko\/una-noche-con-duende\/\" class=\"btn btn-default btn-sm\" target=\"_self\">Read More<\/a><\/p><\/div><\/div>\n\t\t\t\t\t\t\t<\/div><\/div><\/div><div class=\"tmb atc-typography-inherit tmb-iso-w4 tmb-iso-h4 tmb-round img-round-xl tmb-light tmb-overlay-text-anim tmb-overlay-showed tmb-overlay-anim tmb-content-center tmb-content-mobile-center tmb-text-space-reduced tmb-image-color-anim tmb-image-anim-magnetic tmb-bordered  grid-cat-8 grid-cat-6 tmb-id-8238 tmb-content-under tmb-media-first\" ><div class=\"t-inside style-Hablamos-blue3-bg animate_when_almost_visible top-t-bottom\" data-cursor=\"icon-accent\"><div class=\"t-entry-visual\"><div class=\"t-entry-visual-tc\"><div class=\"t-entry-visual-cont\"><div class=\"dummy\" style=\"padding-top: 100%;\"><\/div><a role=\"button\" tabindex=\"-1\" href=\"https:\/\/www.escuela-hablamos.com\/ko\/hablamos-en-el-museo-sorolla\/\" class=\"pushed\" aria-label=\"Hablamos en el Museo Sorolla\"  target=\"_self\" data-lb-index=\"25\"><div class=\"t-entry-visual-overlay\"><div class=\"t-entry-visual-overlay-in style-dark-bg\" style=\"opacity: 0.01;\"><\/div><\/div><img decoding=\"async\" class=\"wp-image-8239\" src=\"https:\/\/www.escuela-hablamos.com\/wp-content\/uploads\/2024\/09\/sorolla-1.jpg\" width=\"900\" height=\"900\" alt=\"Hablamos en el Museo Sorolla\" srcset=\"https:\/\/www.escuela-hablamos.com\/wp-content\/uploads\/2024\/09\/sorolla-1.jpg 900w, https:\/\/www.escuela-hablamos.com\/wp-content\/uploads\/2024\/09\/sorolla-1-300x300.jpg 300w, https:\/\/www.escuela-hablamos.com\/wp-content\/uploads\/2024\/09\/sorolla-1-150x150.jpg 150w, https:\/\/www.escuela-hablamos.com\/wp-content\/uploads\/2024\/09\/sorolla-1-768x768.jpg 768w, https:\/\/www.escuela-hablamos.com\/wp-content\/uploads\/2024\/09\/sorolla-1-12x12.jpg 12w, https:\/\/www.escuela-hablamos.com\/wp-content\/uploads\/2024\/09\/sorolla-1-350x350.jpg 350w, https:\/\/www.escuela-hablamos.com\/wp-content\/uploads\/2024\/09\/sorolla-1-348x348.jpg 348w, https:\/\/www.escuela-hablamos.com\/wp-content\/uploads\/2024\/09\/sorolla-1-uai-720x720.jpg 720w\" sizes=\"(max-width: 900px) 100vw, 900px\" \/><\/a><\/div>\n\t\t\t\t\t<\/div>\n\t\t\t\t<\/div><div class=\"t-entry-text\">\n\t\t\t\t\t\t\t\t\t<div class=\"t-entry-text-tc half-block-padding\"><div class=\"t-entry\"><h2 class=\"t-entry-title h3 title-scale\"><a href=\"https:\/\/www.escuela-hablamos.com\/ko\/hablamos-en-el-museo-sorolla\/\" target=\"_self\">Hablamos en el Museo Sorolla<\/a><\/h2><div class=\"t-entry-excerpt\"><p>El viernes pasado los estudiantes de Hablamos visitaron el museo Sorolla. Como en otras ocasiones,\u2026<\/p><\/div><p class=\"t-entry-readmore btn-container\"><a href=\"https:\/\/www.escuela-hablamos.com\/ko\/hablamos-en-el-museo-sorolla\/\" class=\"btn btn-default btn-sm\" target=\"_self\">Read More<\/a><\/p><\/div><\/div>\n\t\t\t\t\t\t\t<\/div><\/div><\/div><div class=\"tmb atc-typography-inherit tmb-iso-w4 tmb-iso-h4 tmb-round img-round-xl tmb-light tmb-overlay-text-anim tmb-overlay-showed tmb-overlay-anim tmb-content-center tmb-content-mobile-center tmb-text-space-reduced tmb-image-color-anim tmb-image-anim-magnetic tmb-bordered  grid-cat-8 grid-cat-6 tmb-id-8142 tmb-content-under tmb-media-first\" ><div class=\"t-inside style-Hablamos-blue3-bg animate_when_almost_visible top-t-bottom\" data-cursor=\"icon-accent\"><div class=\"t-entry-visual\"><div class=\"t-entry-visual-tc\"><div class=\"t-entry-visual-cont\"><div class=\"dummy\" style=\"padding-top: 100%;\"><\/div><a role=\"button\" tabindex=\"-1\" href=\"https:\/\/www.escuela-hablamos.com\/ko\/10-curiosidades-que-quiza-no-conozcas-de-madrid\/\" class=\"pushed\" aria-label=\"10 curiosidades que quiz\u00e1 no conozcas de Madrid\"  target=\"_self\" data-lb-index=\"26\"><div class=\"t-entry-visual-overlay\"><div class=\"t-entry-visual-overlay-in style-dark-bg\" style=\"opacity: 0.01;\"><\/div><\/div><img decoding=\"async\" class=\"wp-image-8143\" src=\"https:\/\/www.escuela-hablamos.com\/wp-content\/uploads\/2024\/09\/rastro.jpg\" width=\"900\" height=\"900\" alt=\"10 curiosidades que quiz\u00e1 no conozcas de Madrid\" srcset=\"https:\/\/www.escuela-hablamos.com\/wp-content\/uploads\/2024\/09\/rastro.jpg 900w, https:\/\/www.escuela-hablamos.com\/wp-content\/uploads\/2024\/09\/rastro-300x300.jpg 300w, https:\/\/www.escuela-hablamos.com\/wp-content\/uploads\/2024\/09\/rastro-150x150.jpg 150w, https:\/\/www.escuela-hablamos.com\/wp-content\/uploads\/2024\/09\/rastro-768x768.jpg 768w, https:\/\/www.escuela-hablamos.com\/wp-content\/uploads\/2024\/09\/rastro-12x12.jpg 12w, https:\/\/www.escuela-hablamos.com\/wp-content\/uploads\/2024\/09\/rastro-350x350.jpg 350w, https:\/\/www.escuela-hablamos.com\/wp-content\/uploads\/2024\/09\/rastro-348x348.jpg 348w, https:\/\/www.escuela-hablamos.com\/wp-content\/uploads\/2024\/09\/rastro-uai-720x720.jpg 720w\" sizes=\"(max-width: 900px) 100vw, 900px\" \/><\/a><\/div>\n\t\t\t\t\t<\/div>\n\t\t\t\t<\/div><div class=\"t-entry-text\">\n\t\t\t\t\t\t\t\t\t<div class=\"t-entry-text-tc half-block-padding\"><div class=\"t-entry\"><h2 class=\"t-entry-title h3 title-scale\"><a href=\"https:\/\/www.escuela-hablamos.com\/ko\/10-curiosidades-que-quiza-no-conozcas-de-madrid\/\" target=\"_self\">10 curiosidades que quiz\u00e1 no conozcas de Madrid<\/a><\/h2><div class=\"t-entry-excerpt\"><p>Madrid, la capital de Espa\u00f1a y tambi\u00e9n un ba\u00fal de los secretos. Seguro que ya conoces el Palacio\u2026<\/p><\/div><p class=\"t-entry-readmore btn-container\"><a href=\"https:\/\/www.escuela-hablamos.com\/ko\/10-curiosidades-que-quiza-no-conozcas-de-madrid\/\" class=\"btn btn-default btn-sm\" target=\"_self\">Read More<\/a><\/p><\/div><\/div>\n\t\t\t\t\t\t\t<\/div><\/div><\/div><div class=\"tmb atc-typography-inherit tmb-iso-w4 tmb-iso-h4 tmb-round img-round-xl tmb-light tmb-overlay-text-anim tmb-overlay-showed tmb-overlay-anim tmb-content-center tmb-content-mobile-center tmb-text-space-reduced tmb-image-color-anim tmb-image-anim-magnetic tmb-bordered  grid-cat-8 grid-cat-6 tmb-id-8052 tmb-content-under tmb-media-first\" ><div class=\"t-inside style-Hablamos-blue3-bg animate_when_almost_visible top-t-bottom\" data-cursor=\"icon-accent\"><div class=\"t-entry-visual\"><div class=\"t-entry-visual-tc\"><div class=\"t-entry-visual-cont\"><div class=\"dummy\" style=\"padding-top: 100%;\"><\/div><a role=\"button\" tabindex=\"-1\" href=\"https:\/\/www.escuela-hablamos.com\/ko\/el-madrid-de-almodovar\/\" class=\"pushed\" aria-label=\"El Madrid de Almod\u00f3var\"  target=\"_self\" data-lb-index=\"27\"><div class=\"t-entry-visual-overlay\"><div class=\"t-entry-visual-overlay-in style-dark-bg\" style=\"opacity: 0.01;\"><\/div><\/div><img decoding=\"async\" class=\"wp-image-8053\" src=\"https:\/\/www.escuela-hablamos.com\/wp-content\/uploads\/2024\/09\/almo.jpg\" width=\"900\" height=\"900\" alt=\"El Madrid de Almod\u00f3var\" srcset=\"https:\/\/www.escuela-hablamos.com\/wp-content\/uploads\/2024\/09\/almo.jpg 900w, https:\/\/www.escuela-hablamos.com\/wp-content\/uploads\/2024\/09\/almo-300x300.jpg 300w, https:\/\/www.escuela-hablamos.com\/wp-content\/uploads\/2024\/09\/almo-150x150.jpg 150w, https:\/\/www.escuela-hablamos.com\/wp-content\/uploads\/2024\/09\/almo-768x768.jpg 768w, https:\/\/www.escuela-hablamos.com\/wp-content\/uploads\/2024\/09\/almo-12x12.jpg 12w, https:\/\/www.escuela-hablamos.com\/wp-content\/uploads\/2024\/09\/almo-350x350.jpg 350w, https:\/\/www.escuela-hablamos.com\/wp-content\/uploads\/2024\/09\/almo-348x348.jpg 348w, https:\/\/www.escuela-hablamos.com\/wp-content\/uploads\/2024\/09\/almo-uai-720x720.jpg 720w\" sizes=\"(max-width: 900px) 100vw, 900px\" \/><\/a><\/div>\n\t\t\t\t\t<\/div>\n\t\t\t\t<\/div><div class=\"t-entry-text\">\n\t\t\t\t\t\t\t\t\t<div class=\"t-entry-text-tc half-block-padding\"><div class=\"t-entry\"><h2 class=\"t-entry-title h3 title-scale\"><a href=\"https:\/\/www.escuela-hablamos.com\/ko\/el-madrid-de-almodovar\/\" target=\"_self\">El Madrid de Almod\u00f3var<\/a><\/h2><div class=\"t-entry-excerpt\"><p>Ya sabr\u00e1s que Hablamos, nuestra escuela de espa\u00f1ol, se sit\u00faa en pleno centro de Madrid, una ciudad\u2026<\/p><\/div><p class=\"t-entry-readmore btn-container\"><a href=\"https:\/\/www.escuela-hablamos.com\/ko\/el-madrid-de-almodovar\/\" class=\"btn btn-default btn-sm\" target=\"_self\">Read More<\/a><\/p><\/div><\/div>\n\t\t\t\t\t\t\t<\/div><\/div><\/div><div class=\"tmb atc-typography-inherit tmb-iso-w4 tmb-iso-h4 tmb-round img-round-xl tmb-light tmb-overlay-text-anim tmb-overlay-showed tmb-overlay-anim tmb-content-center tmb-content-mobile-center tmb-text-space-reduced tmb-image-color-anim tmb-image-anim-magnetic tmb-bordered  grid-cat-9 grid-cat-5 grid-cat-6 tmb-id-7927 tmb-content-under tmb-media-first\" ><div class=\"t-inside style-Hablamos-blue3-bg animate_when_almost_visible top-t-bottom\" data-cursor=\"icon-accent\"><div class=\"t-entry-visual\"><div class=\"t-entry-visual-tc\"><div class=\"t-entry-visual-cont\"><div class=\"dummy\" style=\"padding-top: 100%;\"><\/div><a role=\"button\" tabindex=\"-1\" href=\"https:\/\/www.escuela-hablamos.com\/ko\/studying-spanish-through-immersion-the-best-option\/\" class=\"pushed\" aria-label=\"Studying Spanish through immersion: the best option?\"  target=\"_self\" data-lb-index=\"28\"><div class=\"t-entry-visual-overlay\"><div class=\"t-entry-visual-overlay-in style-dark-bg\" style=\"opacity: 0.01;\"><\/div><\/div><img decoding=\"async\" class=\"wp-image-7929\" src=\"https:\/\/www.escuela-hablamos.com\/wp-content\/uploads\/2024\/08\/ella.jpg\" width=\"600\" height=\"600\" alt=\"Studying Spanish through immersion: the best option?\" srcset=\"https:\/\/www.escuela-hablamos.com\/wp-content\/uploads\/2024\/08\/ella.jpg 600w, https:\/\/www.escuela-hablamos.com\/wp-content\/uploads\/2024\/08\/ella-300x300.jpg 300w, https:\/\/www.escuela-hablamos.com\/wp-content\/uploads\/2024\/08\/ella-150x150.jpg 150w, https:\/\/www.escuela-hablamos.com\/wp-content\/uploads\/2024\/08\/ella-12x12.jpg 12w, https:\/\/www.escuela-hablamos.com\/wp-content\/uploads\/2024\/08\/ella-350x350.jpg 350w, https:\/\/www.escuela-hablamos.com\/wp-content\/uploads\/2024\/08\/ella-348x348.jpg 348w\" sizes=\"(max-width: 600px) 100vw, 600px\" \/><\/a><\/div>\n\t\t\t\t\t<\/div>\n\t\t\t\t<\/div><div class=\"t-entry-text\">\n\t\t\t\t\t\t\t\t\t<div class=\"t-entry-text-tc half-block-padding\"><div class=\"t-entry\"><h2 class=\"t-entry-title h3 title-scale\"><a href=\"https:\/\/www.escuela-hablamos.com\/ko\/studying-spanish-through-immersion-the-best-option\/\" target=\"_self\">Studying Spanish through immersion: the best option?<\/a><\/h2><div class=\"t-entry-excerpt\"><p>At Hablamos, a Spanish school for foreigners in Madrid, we often get asked this question: Is it\u2026<\/p><\/div><p class=\"t-entry-readmore btn-container\"><a href=\"https:\/\/www.escuela-hablamos.com\/ko\/studying-spanish-through-immersion-the-best-option\/\" class=\"btn btn-default btn-sm\" target=\"_self\">Read More<\/a><\/p><\/div><\/div>\n\t\t\t\t\t\t\t<\/div><\/div><\/div><div class=\"tmb atc-typography-inherit tmb-iso-w4 tmb-iso-h4 tmb-round img-round-xl tmb-light tmb-overlay-text-anim tmb-overlay-showed tmb-overlay-anim tmb-content-center tmb-content-mobile-center tmb-text-space-reduced tmb-image-color-anim tmb-image-anim-magnetic tmb-bordered  grid-cat-7 grid-cat-8 grid-cat-6 tmb-id-7914 tmb-content-under tmb-media-first\" ><div class=\"t-inside style-Hablamos-blue3-bg animate_when_almost_visible top-t-bottom\" data-cursor=\"icon-accent\"><div class=\"t-entry-visual\"><div class=\"t-entry-visual-tc\"><div class=\"t-entry-visual-cont\"><div class=\"dummy\" style=\"padding-top: 75%;\"><\/div><a role=\"button\" tabindex=\"-1\" href=\"https:\/\/www.escuela-hablamos.com\/ko\/fiesta-de-verano-en-hablamos\/\" class=\"pushed\" aria-label=\"\u00a1Fiesta de verano en Hablamos!\"  target=\"_self\" data-lb-index=\"29\"><div class=\"t-entry-visual-overlay\"><div class=\"t-entry-visual-overlay-in style-dark-bg\" style=\"opacity: 0.01;\"><\/div><\/div><img decoding=\"async\" class=\"wp-image-7920\" src=\"https:\/\/www.escuela-hablamos.com\/wp-content\/uploads\/2024\/08\/mk1.jpg\" width=\"640\" height=\"480\" alt=\"\u00a1Fiesta de verano en Hablamos!\" srcset=\"https:\/\/www.escuela-hablamos.com\/wp-content\/uploads\/2024\/08\/mk1.jpg 640w, https:\/\/www.escuela-hablamos.com\/wp-content\/uploads\/2024\/08\/mk1-300x225.jpg 300w, https:\/\/www.escuela-hablamos.com\/wp-content\/uploads\/2024\/08\/mk1-16x12.jpg 16w, https:\/\/www.escuela-hablamos.com\/wp-content\/uploads\/2024\/08\/mk1-350x263.jpg 350w\" sizes=\"(max-width: 640px) 100vw, 640px\" \/><\/a><\/div>\n\t\t\t\t\t<\/div>\n\t\t\t\t<\/div><div class=\"t-entry-text\">\n\t\t\t\t\t\t\t\t\t<div class=\"t-entry-text-tc half-block-padding\"><div class=\"t-entry\"><h2 class=\"t-entry-title h3 title-scale\"><a href=\"https:\/\/www.escuela-hablamos.com\/ko\/fiesta-de-verano-en-hablamos\/\" target=\"_self\">\u00a1Fiesta de verano en Hablamos!<\/a><\/h2><div class=\"t-entry-excerpt\"><p>El curso ha llegado a su fin y los alumnos de la escuela de espa\u00f1ol Hablamos se preparan para sus\u2026<\/p><\/div><p class=\"t-entry-readmore btn-container\"><a href=\"https:\/\/www.escuela-hablamos.com\/ko\/fiesta-de-verano-en-hablamos\/\" class=\"btn btn-default btn-sm\" target=\"_self\">Read More<\/a><\/p><\/div><\/div>\n\t\t\t\t\t\t\t<\/div><\/div><\/div><div class=\"tmb atc-typography-inherit tmb-iso-w4 tmb-iso-h4 tmb-round img-round-xl tmb-light tmb-overlay-text-anim tmb-overlay-showed tmb-overlay-anim tmb-content-center tmb-content-mobile-center tmb-text-space-reduced tmb-image-color-anim tmb-image-anim-magnetic tmb-bordered  grid-cat-8 grid-cat-6 tmb-id-7714 tmb-content-under tmb-media-first\" ><div class=\"t-inside style-Hablamos-blue3-bg animate_when_almost_visible top-t-bottom\" data-cursor=\"icon-accent\"><div class=\"t-entry-visual\"><div class=\"t-entry-visual-tc\"><div class=\"t-entry-visual-cont\"><div class=\"dummy\" style=\"padding-top: 100%;\"><\/div><a role=\"button\" tabindex=\"-1\" href=\"https:\/\/www.escuela-hablamos.com\/ko\/disfruta-del-verano-en-espana-en-la-piscina\/\" class=\"pushed\" aria-label=\"Disfruta del verano en Espa\u00f1a\u2026 \u00a1en la piscina!\"  target=\"_self\" data-lb-index=\"30\"><div class=\"t-entry-visual-overlay\"><div class=\"t-entry-visual-overlay-in style-dark-bg\" style=\"opacity: 0.01;\"><\/div><\/div><img decoding=\"async\" class=\"wp-image-7715\" src=\"https:\/\/www.escuela-hablamos.com\/wp-content\/uploads\/2024\/07\/pool.jpg\" width=\"900\" height=\"900\" alt=\"Disfruta del verano en Espa\u00f1a\u2026 \u00a1en la piscina!\" srcset=\"https:\/\/www.escuela-hablamos.com\/wp-content\/uploads\/2024\/07\/pool.jpg 900w, https:\/\/www.escuela-hablamos.com\/wp-content\/uploads\/2024\/07\/pool-300x300.jpg 300w, https:\/\/www.escuela-hablamos.com\/wp-content\/uploads\/2024\/07\/pool-150x150.jpg 150w, https:\/\/www.escuela-hablamos.com\/wp-content\/uploads\/2024\/07\/pool-768x768.jpg 768w, https:\/\/www.escuela-hablamos.com\/wp-content\/uploads\/2024\/07\/pool-12x12.jpg 12w, https:\/\/www.escuela-hablamos.com\/wp-content\/uploads\/2024\/07\/pool-350x350.jpg 350w, https:\/\/www.escuela-hablamos.com\/wp-content\/uploads\/2024\/07\/pool-348x348.jpg 348w, https:\/\/www.escuela-hablamos.com\/wp-content\/uploads\/2024\/07\/pool-uai-720x720.jpg 720w\" sizes=\"(max-width: 900px) 100vw, 900px\" \/><\/a><\/div>\n\t\t\t\t\t<\/div>\n\t\t\t\t<\/div><div class=\"t-entry-text\">\n\t\t\t\t\t\t\t\t\t<div class=\"t-entry-text-tc half-block-padding\"><div class=\"t-entry\"><h2 class=\"t-entry-title h3 title-scale\"><a href=\"https:\/\/www.escuela-hablamos.com\/ko\/disfruta-del-verano-en-espana-en-la-piscina\/\" target=\"_self\">Disfruta del verano en Espa\u00f1a\u2026 \u00a1en la piscina!<\/a><\/h2><div class=\"t-entry-excerpt\"><p>El verano ha llegado. En Hablamos, nuestros alumnos de los cursos de verano ya han descubierto que\u2026<\/p><\/div><p class=\"t-entry-readmore btn-container\"><a href=\"https:\/\/www.escuela-hablamos.com\/ko\/disfruta-del-verano-en-espana-en-la-piscina\/\" class=\"btn btn-default btn-sm\" target=\"_self\">Read More<\/a><\/p><\/div><\/div>\n\t\t\t\t\t\t\t<\/div><\/div><\/div><div class=\"tmb atc-typography-inherit tmb-iso-w4 tmb-iso-h4 tmb-round img-round-xl tmb-light tmb-overlay-text-anim tmb-overlay-showed tmb-overlay-anim tmb-content-center tmb-content-mobile-center tmb-text-space-reduced tmb-image-color-anim tmb-image-anim-magnetic tmb-bordered  grid-cat-9 grid-cat-5 grid-cat-6 tmb-id-7647 tmb-content-under tmb-media-first\" ><div class=\"t-inside style-Hablamos-blue3-bg animate_when_almost_visible top-t-bottom\" data-cursor=\"icon-accent\"><div class=\"t-entry-visual\"><div class=\"t-entry-visual-tc\"><div class=\"t-entry-visual-cont\"><div class=\"dummy\" style=\"padding-top: 100%;\"><\/div><a role=\"button\" tabindex=\"-1\" href=\"https:\/\/www.escuela-hablamos.com\/ko\/learn-spanish-through-hablamos-intensive-courses\/\" class=\"pushed\" aria-label=\"Learn Spanish through Hablamos Intensive Courses\"  target=\"_self\" data-lb-index=\"31\"><div class=\"t-entry-visual-overlay\"><div class=\"t-entry-visual-overlay-in style-dark-bg\" style=\"opacity: 0.01;\"><\/div><\/div><img decoding=\"async\" class=\"wp-image-7648\" src=\"https:\/\/www.escuela-hablamos.com\/wp-content\/uploads\/2024\/07\/intensivo20.jpg\" width=\"900\" height=\"900\" alt=\"Learn Spanish through Hablamos Intensive Courses\" srcset=\"https:\/\/www.escuela-hablamos.com\/wp-content\/uploads\/2024\/07\/intensivo20.jpg 900w, https:\/\/www.escuela-hablamos.com\/wp-content\/uploads\/2024\/07\/intensivo20-300x300.jpg 300w, https:\/\/www.escuela-hablamos.com\/wp-content\/uploads\/2024\/07\/intensivo20-150x150.jpg 150w, https:\/\/www.escuela-hablamos.com\/wp-content\/uploads\/2024\/07\/intensivo20-768x768.jpg 768w, https:\/\/www.escuela-hablamos.com\/wp-content\/uploads\/2024\/07\/intensivo20-12x12.jpg 12w, https:\/\/www.escuela-hablamos.com\/wp-content\/uploads\/2024\/07\/intensivo20-350x350.jpg 350w, https:\/\/www.escuela-hablamos.com\/wp-content\/uploads\/2024\/07\/intensivo20-348x348.jpg 348w, https:\/\/www.escuela-hablamos.com\/wp-content\/uploads\/2024\/07\/intensivo20-uai-720x720.jpg 720w\" sizes=\"(max-width: 900px) 100vw, 900px\" \/><\/a><\/div>\n\t\t\t\t\t<\/div>\n\t\t\t\t<\/div><div class=\"t-entry-text\">\n\t\t\t\t\t\t\t\t\t<div class=\"t-entry-text-tc half-block-padding\"><div class=\"t-entry\"><h2 class=\"t-entry-title h3 title-scale\"><a href=\"https:\/\/www.escuela-hablamos.com\/ko\/learn-spanish-through-hablamos-intensive-courses\/\" target=\"_self\">Learn Spanish through Hablamos Intensive Courses<\/a><\/h2><div class=\"t-entry-excerpt\"><p>Are you interested in mastering Spanish? Hablamos, the language school for students, offers courses\u2026<\/p><\/div><p class=\"t-entry-readmore btn-container\"><a href=\"https:\/\/www.escuela-hablamos.com\/ko\/learn-spanish-through-hablamos-intensive-courses\/\" class=\"btn btn-default btn-sm\" target=\"_self\">Read More<\/a><\/p><\/div><\/div>\n\t\t\t\t\t\t\t<\/div><\/div><\/div><div class=\"tmb atc-typography-inherit tmb-iso-w4 tmb-iso-h4 tmb-round img-round-xl tmb-light tmb-overlay-text-anim tmb-overlay-showed tmb-overlay-anim tmb-content-center tmb-content-mobile-center tmb-text-space-reduced tmb-image-color-anim tmb-image-anim-magnetic tmb-bordered  grid-cat-6 tmb-id-7513 tmb-content-under tmb-media-first\" ><div class=\"t-inside style-Hablamos-blue3-bg animate_when_almost_visible top-t-bottom\" data-cursor=\"icon-accent\"><div class=\"t-entry-visual\"><div class=\"t-entry-visual-tc\"><div class=\"t-entry-visual-cont\"><div class=\"dummy\" style=\"padding-top: 100%;\"><\/div><a role=\"button\" tabindex=\"-1\" href=\"https:\/\/www.escuela-hablamos.com\/ko\/suvenires-de-madrid\/\" class=\"pushed\" aria-label=\"Suvenires de Madrid\"  target=\"_self\" data-lb-index=\"32\"><div class=\"t-entry-visual-overlay\"><div class=\"t-entry-visual-overlay-in style-dark-bg\" style=\"opacity: 0.01;\"><\/div><\/div><img decoding=\"async\" class=\"wp-image-7514\" src=\"https:\/\/www.escuela-hablamos.com\/wp-content\/uploads\/2024\/06\/the-fan.jpg\" width=\"800\" height=\"800\" alt=\"Suvenires de Madrid\" srcset=\"https:\/\/www.escuela-hablamos.com\/wp-content\/uploads\/2024\/06\/the-fan.jpg 800w, https:\/\/www.escuela-hablamos.com\/wp-content\/uploads\/2024\/06\/the-fan-300x300.jpg 300w, https:\/\/www.escuela-hablamos.com\/wp-content\/uploads\/2024\/06\/the-fan-150x150.jpg 150w, https:\/\/www.escuela-hablamos.com\/wp-content\/uploads\/2024\/06\/the-fan-768x768.jpg 768w, https:\/\/www.escuela-hablamos.com\/wp-content\/uploads\/2024\/06\/the-fan-12x12.jpg 12w, https:\/\/www.escuela-hablamos.com\/wp-content\/uploads\/2024\/06\/the-fan-350x350.jpg 350w, https:\/\/www.escuela-hablamos.com\/wp-content\/uploads\/2024\/06\/the-fan-348x348.jpg 348w, https:\/\/www.escuela-hablamos.com\/wp-content\/uploads\/2024\/06\/the-fan-uai-720x720.jpg 720w\" sizes=\"(max-width: 800px) 100vw, 800px\" \/><\/a><\/div>\n\t\t\t\t\t<\/div>\n\t\t\t\t<\/div><div class=\"t-entry-text\">\n\t\t\t\t\t\t\t\t\t<div class=\"t-entry-text-tc half-block-padding\"><div class=\"t-entry\"><h2 class=\"t-entry-title h3 title-scale\"><a href=\"https:\/\/www.escuela-hablamos.com\/ko\/suvenires-de-madrid\/\" target=\"_self\">Suvenires de Madrid<\/a><\/h2><div class=\"t-entry-excerpt\"><p>\u00a1Hola a todos! \u00bfPlaneando las vacaciones de verano? Si es que verano significa viajar y los viajes,\u2026<\/p><\/div><p class=\"t-entry-readmore btn-container\"><a href=\"https:\/\/www.escuela-hablamos.com\/ko\/suvenires-de-madrid\/\" class=\"btn btn-default btn-sm\" target=\"_self\">Read More<\/a><\/p><\/div><\/div>\n\t\t\t\t\t\t\t<\/div><\/div><\/div><div class=\"tmb atc-typography-inherit tmb-iso-w4 tmb-iso-h4 tmb-round img-round-xl tmb-light tmb-overlay-text-anim tmb-overlay-showed tmb-overlay-anim tmb-content-center tmb-content-mobile-center tmb-text-space-reduced tmb-image-color-anim tmb-image-anim-magnetic tmb-bordered  grid-cat-8 grid-cat-6 tmb-id-7449 tmb-content-under tmb-media-first\" ><div class=\"t-inside style-Hablamos-blue3-bg animate_when_almost_visible top-t-bottom\" data-cursor=\"icon-accent\"><div class=\"t-entry-visual\"><div class=\"t-entry-visual-tc\"><div class=\"t-entry-visual-cont\"><div class=\"dummy\" style=\"padding-top: 100%;\"><\/div><a role=\"button\" tabindex=\"-1\" href=\"https:\/\/www.escuela-hablamos.com\/ko\/fiestas-del-orgullo-de-madrid-una-celebracion-de-diversidad-y-tolerancia\/\" class=\"pushed\" aria-label=\"Fiestas del Orgullo de Madrid: Una Celebraci\u00f3n de Diversidad y Tolerancia\"  target=\"_self\" data-lb-index=\"33\"><div class=\"t-entry-visual-overlay\"><div class=\"t-entry-visual-overlay-in style-dark-bg\" style=\"opacity: 0.01;\"><\/div><\/div><img decoding=\"async\" class=\"wp-image-7450\" src=\"https:\/\/www.escuela-hablamos.com\/wp-content\/uploads\/2024\/06\/pride.jpg\" width=\"800\" height=\"800\" alt=\"Fiestas del Orgullo de Madrid: Una Celebraci\u00f3n de Diversidad y Tolerancia\" srcset=\"https:\/\/www.escuela-hablamos.com\/wp-content\/uploads\/2024\/06\/pride.jpg 800w, https:\/\/www.escuela-hablamos.com\/wp-content\/uploads\/2024\/06\/pride-300x300.jpg 300w, https:\/\/www.escuela-hablamos.com\/wp-content\/uploads\/2024\/06\/pride-150x150.jpg 150w, https:\/\/www.escuela-hablamos.com\/wp-content\/uploads\/2024\/06\/pride-768x768.jpg 768w, https:\/\/www.escuela-hablamos.com\/wp-content\/uploads\/2024\/06\/pride-12x12.jpg 12w, https:\/\/www.escuela-hablamos.com\/wp-content\/uploads\/2024\/06\/pride-350x350.jpg 350w, https:\/\/www.escuela-hablamos.com\/wp-content\/uploads\/2024\/06\/pride-348x348.jpg 348w, https:\/\/www.escuela-hablamos.com\/wp-content\/uploads\/2024\/06\/pride-uai-720x720.jpg 720w\" sizes=\"(max-width: 800px) 100vw, 800px\" \/><\/a><\/div>\n\t\t\t\t\t<\/div>\n\t\t\t\t<\/div><div class=\"t-entry-text\">\n\t\t\t\t\t\t\t\t\t<div class=\"t-entry-text-tc half-block-padding\"><div class=\"t-entry\"><h2 class=\"t-entry-title h3 title-scale\"><a href=\"https:\/\/www.escuela-hablamos.com\/ko\/fiestas-del-orgullo-de-madrid-una-celebracion-de-diversidad-y-tolerancia\/\" target=\"_self\">Fiestas del Orgullo de Madrid: Una Celebraci\u00f3n de Diversidad y Tolerancia<\/a><\/h2><div class=\"t-entry-excerpt\"><p>Como cada a\u00f1o en el mes de junio, Madrid se llena de banderas arco\u00edris. Es tiempo de las Fiestas\u2026<\/p><\/div><p class=\"t-entry-readmore btn-container\"><a href=\"https:\/\/www.escuela-hablamos.com\/ko\/fiestas-del-orgullo-de-madrid-una-celebracion-de-diversidad-y-tolerancia\/\" class=\"btn btn-default btn-sm\" target=\"_self\">Read More<\/a><\/p><\/div><\/div>\n\t\t\t\t\t\t\t<\/div><\/div><\/div><div class=\"tmb atc-typography-inherit tmb-iso-w4 tmb-iso-h4 tmb-round img-round-xl tmb-light tmb-overlay-text-anim tmb-overlay-showed tmb-overlay-anim tmb-content-center tmb-content-mobile-center tmb-text-space-reduced tmb-image-color-anim tmb-image-anim-magnetic tmb-bordered  grid-cat-8 grid-cat-6 tmb-id-7409 tmb-content-under tmb-media-first\" ><div class=\"t-inside style-Hablamos-blue3-bg animate_when_almost_visible top-t-bottom\" data-cursor=\"icon-accent\"><div class=\"t-entry-visual\"><div class=\"t-entry-visual-tc\"><div class=\"t-entry-visual-cont\"><div class=\"dummy\" style=\"padding-top: 100%;\"><\/div><a role=\"button\" tabindex=\"-1\" href=\"https:\/\/www.escuela-hablamos.com\/ko\/madrid-learn-spanish-and-culture-at-hablamos\/\" class=\"pushed\" aria-label=\"Madrid: Learn Spanish and Culture at Hablamos\"  target=\"_self\" data-lb-index=\"34\"><div class=\"t-entry-visual-overlay\"><div class=\"t-entry-visual-overlay-in style-dark-bg\" style=\"opacity: 0.01;\"><\/div><\/div><img decoding=\"async\" class=\"wp-image-7410\" src=\"https:\/\/www.escuela-hablamos.com\/wp-content\/uploads\/2024\/06\/madrid.jpg\" width=\"1200\" height=\"1200\" alt=\"Madrid: Learn Spanish and Culture at Hablamos\" srcset=\"https:\/\/www.escuela-hablamos.com\/wp-content\/uploads\/2024\/06\/madrid.jpg 1200w, https:\/\/www.escuela-hablamos.com\/wp-content\/uploads\/2024\/06\/madrid-300x300.jpg 300w, https:\/\/www.escuela-hablamos.com\/wp-content\/uploads\/2024\/06\/madrid-1024x1024.jpg 1024w, https:\/\/www.escuela-hablamos.com\/wp-content\/uploads\/2024\/06\/madrid-150x150.jpg 150w, https:\/\/www.escuela-hablamos.com\/wp-content\/uploads\/2024\/06\/madrid-768x768.jpg 768w, https:\/\/www.escuela-hablamos.com\/wp-content\/uploads\/2024\/06\/madrid-12x12.jpg 12w, https:\/\/www.escuela-hablamos.com\/wp-content\/uploads\/2024\/06\/madrid-350x350.jpg 350w, https:\/\/www.escuela-hablamos.com\/wp-content\/uploads\/2024\/06\/madrid-348x348.jpg 348w, https:\/\/www.escuela-hablamos.com\/wp-content\/uploads\/2024\/06\/madrid-uai-720x720.jpg 720w, https:\/\/www.escuela-hablamos.com\/wp-content\/uploads\/2024\/06\/madrid-uai-1032x1032.jpg 1032w\" sizes=\"(max-width: 1200px) 100vw, 1200px\" \/><\/a><\/div>\n\t\t\t\t\t<\/div>\n\t\t\t\t<\/div><div class=\"t-entry-text\">\n\t\t\t\t\t\t\t\t\t<div class=\"t-entry-text-tc half-block-padding\"><div class=\"t-entry\"><h2 class=\"t-entry-title h3 title-scale\"><a href=\"https:\/\/www.escuela-hablamos.com\/ko\/madrid-learn-spanish-and-culture-at-hablamos\/\" target=\"_self\">Madrid: Learn Spanish and Culture at Hablamos<\/a><\/h2><div class=\"t-entry-excerpt\"><p>If you're seeking an authentic experience to study Spanish in Spain, look no further. The Hablamos\u2026<\/p><\/div><p class=\"t-entry-readmore btn-container\"><a href=\"https:\/\/www.escuela-hablamos.com\/ko\/madrid-learn-spanish-and-culture-at-hablamos\/\" class=\"btn btn-default btn-sm\" target=\"_self\">Read More<\/a><\/p><\/div><\/div>\n\t\t\t\t\t\t\t<\/div><\/div><\/div><div class=\"tmb atc-typography-inherit tmb-iso-w4 tmb-iso-h4 tmb-round img-round-xl tmb-light tmb-overlay-text-anim tmb-overlay-showed tmb-overlay-anim tmb-content-center tmb-content-mobile-center tmb-text-space-reduced tmb-image-color-anim tmb-image-anim-magnetic tmb-bordered  grid-cat-8 grid-cat-6 tmb-id-7215 tmb-content-under tmb-media-first\" ><div class=\"t-inside style-Hablamos-blue3-bg animate_when_almost_visible top-t-bottom\" data-cursor=\"icon-accent\"><div class=\"t-entry-visual\"><div class=\"t-entry-visual-tc\"><div class=\"t-entry-visual-cont\"><div class=\"dummy\" style=\"padding-top: 100%;\"><\/div><a role=\"button\" tabindex=\"-1\" href=\"https:\/\/www.escuela-hablamos.com\/ko\/hablamos-visita-toledo\/\" class=\"pushed\" aria-label=\"Hablamos visita Toledo\"  target=\"_self\" data-lb-index=\"35\"><div class=\"t-entry-visual-overlay\"><div class=\"t-entry-visual-overlay-in style-dark-bg\" style=\"opacity: 0.01;\"><\/div><\/div><img decoding=\"async\" class=\"wp-image-7229\" src=\"https:\/\/www.escuela-hablamos.com\/wp-content\/uploads\/2024\/05\/toledo.jpg\" width=\"531\" height=\"531\" alt=\"Hablamos visita Toledo\" srcset=\"https:\/\/www.escuela-hablamos.com\/wp-content\/uploads\/2024\/05\/toledo.jpg 531w, https:\/\/www.escuela-hablamos.com\/wp-content\/uploads\/2024\/05\/toledo-300x300.jpg 300w, https:\/\/www.escuela-hablamos.com\/wp-content\/uploads\/2024\/05\/toledo-150x150.jpg 150w, https:\/\/www.escuela-hablamos.com\/wp-content\/uploads\/2024\/05\/toledo-12x12.jpg 12w, https:\/\/www.escuela-hablamos.com\/wp-content\/uploads\/2024\/05\/toledo-350x350.jpg 350w, https:\/\/www.escuela-hablamos.com\/wp-content\/uploads\/2024\/05\/toledo-348x348.jpg 348w\" sizes=\"(max-width: 531px) 100vw, 531px\" \/><\/a><\/div>\n\t\t\t\t\t<\/div>\n\t\t\t\t<\/div><div class=\"t-entry-text\">\n\t\t\t\t\t\t\t\t\t<div class=\"t-entry-text-tc half-block-padding\"><div class=\"t-entry\"><h2 class=\"t-entry-title h3 title-scale\"><a href=\"https:\/\/www.escuela-hablamos.com\/ko\/hablamos-visita-toledo\/\" target=\"_self\">Hablamos visita Toledo<\/a><\/h2><div class=\"t-entry-excerpt\"><p>En el mes de abril y coincidiendo con el inicio de la primavera y el buen tiempo, los alumnos de\u2026<\/p><\/div><p class=\"t-entry-readmore btn-container\"><a href=\"https:\/\/www.escuela-hablamos.com\/ko\/hablamos-visita-toledo\/\" class=\"btn btn-default btn-sm\" target=\"_self\">Read More<\/a><\/p><\/div><\/div>\n\t\t\t\t\t\t\t<\/div><\/div><\/div><div class=\"tmb atc-typography-inherit tmb-iso-w4 tmb-iso-h4 tmb-round img-round-xl tmb-light tmb-overlay-text-anim tmb-overlay-showed tmb-overlay-anim tmb-content-center tmb-content-mobile-center tmb-text-space-reduced tmb-image-color-anim tmb-image-anim-magnetic tmb-bordered  grid-cat-8 grid-cat-6 tmb-id-7217 tmb-content-under tmb-media-first\" ><div class=\"t-inside style-Hablamos-blue3-bg animate_when_almost_visible top-t-bottom\" data-cursor=\"icon-accent\"><div class=\"t-entry-visual\"><div class=\"t-entry-visual-tc\"><div class=\"t-entry-visual-cont\"><div class=\"dummy\" style=\"padding-top: 100%;\"><\/div><a role=\"button\" tabindex=\"-1\" href=\"https:\/\/www.escuela-hablamos.com\/ko\/madrid-bajo-tierra-el-metro\/\" class=\"pushed\" aria-label=\"Madrid bajo tierra: El Metro\"  target=\"_self\" data-lb-index=\"36\"><div class=\"t-entry-visual-overlay\"><div class=\"t-entry-visual-overlay-in style-dark-bg\" style=\"opacity: 0.01;\"><\/div><\/div><img decoding=\"async\" class=\"wp-image-7218\" src=\"https:\/\/www.escuela-hablamos.com\/wp-content\/uploads\/2024\/05\/metro-madrid.jpg\" width=\"600\" height=\"600\" alt=\"Madrid bajo tierra: El Metro\" srcset=\"https:\/\/www.escuela-hablamos.com\/wp-content\/uploads\/2024\/05\/metro-madrid.jpg 600w, https:\/\/www.escuela-hablamos.com\/wp-content\/uploads\/2024\/05\/metro-madrid-300x300.jpg 300w, https:\/\/www.escuela-hablamos.com\/wp-content\/uploads\/2024\/05\/metro-madrid-150x150.jpg 150w, https:\/\/www.escuela-hablamos.com\/wp-content\/uploads\/2024\/05\/metro-madrid-12x12.jpg 12w, https:\/\/www.escuela-hablamos.com\/wp-content\/uploads\/2024\/05\/metro-madrid-350x350.jpg 350w, https:\/\/www.escuela-hablamos.com\/wp-content\/uploads\/2024\/05\/metro-madrid-348x348.jpg 348w\" sizes=\"(max-width: 600px) 100vw, 600px\" \/><\/a><\/div>\n\t\t\t\t\t<\/div>\n\t\t\t\t<\/div><div class=\"t-entry-text\">\n\t\t\t\t\t\t\t\t\t<div class=\"t-entry-text-tc half-block-padding\"><div class=\"t-entry\"><h2 class=\"t-entry-title h3 title-scale\"><a href=\"https:\/\/www.escuela-hablamos.com\/ko\/madrid-bajo-tierra-el-metro\/\" target=\"_self\">Madrid bajo tierra: El Metro<\/a><\/h2><div class=\"t-entry-excerpt\"><p>Si hay una forma de descubrir los secretos y la esencia de Madrid, es a trav\u00e9s de su extensa red de\u2026<\/p><\/div><p class=\"t-entry-readmore btn-container\"><a href=\"https:\/\/www.escuela-hablamos.com\/ko\/madrid-bajo-tierra-el-metro\/\" class=\"btn btn-default btn-sm\" target=\"_self\">Read More<\/a><\/p><\/div><\/div>\n\t\t\t\t\t\t\t<\/div><\/div><\/div><div class=\"tmb atc-typography-inherit tmb-iso-w4 tmb-iso-h4 tmb-round img-round-xl tmb-light tmb-overlay-text-anim tmb-overlay-showed tmb-overlay-anim tmb-content-center tmb-content-mobile-center tmb-text-space-reduced tmb-image-color-anim tmb-image-anim-magnetic tmb-bordered  grid-cat-9 grid-cat-5 grid-cat-6 tmb-id-7190 tmb-content-under tmb-media-first\" ><div class=\"t-inside style-Hablamos-blue3-bg animate_when_almost_visible top-t-bottom\" data-cursor=\"icon-accent\"><div class=\"t-entry-visual\"><div class=\"t-entry-visual-tc\"><div class=\"t-entry-visual-cont\"><div class=\"dummy\" style=\"padding-top: 100%;\"><\/div><a role=\"button\" tabindex=\"-1\" href=\"https:\/\/www.escuela-hablamos.com\/ko\/welcome-to-hablamos-our-spanish-school-for-foreigners-in-madrid\/\" class=\"pushed\" aria-label=\"Welcome to Hablamos, our Spanish school for foreigners in Madrid!\"  target=\"_self\" data-lb-index=\"37\"><div class=\"t-entry-visual-overlay\"><div class=\"t-entry-visual-overlay-in style-dark-bg\" style=\"opacity: 0.01;\"><\/div><\/div><img decoding=\"async\" class=\"wp-image-7191\" src=\"https:\/\/www.escuela-hablamos.com\/wp-content\/uploads\/2024\/05\/almudena.jpg\" width=\"1000\" height=\"1000\" alt=\"Welcome to Hablamos, our Spanish school for foreigners in Madrid!\" srcset=\"https:\/\/www.escuela-hablamos.com\/wp-content\/uploads\/2024\/05\/almudena.jpg 1000w, https:\/\/www.escuela-hablamos.com\/wp-content\/uploads\/2024\/05\/almudena-300x300.jpg 300w, https:\/\/www.escuela-hablamos.com\/wp-content\/uploads\/2024\/05\/almudena-150x150.jpg 150w, https:\/\/www.escuela-hablamos.com\/wp-content\/uploads\/2024\/05\/almudena-768x768.jpg 768w, https:\/\/www.escuela-hablamos.com\/wp-content\/uploads\/2024\/05\/almudena-12x12.jpg 12w, https:\/\/www.escuela-hablamos.com\/wp-content\/uploads\/2024\/05\/almudena-350x350.jpg 350w, https:\/\/www.escuela-hablamos.com\/wp-content\/uploads\/2024\/05\/almudena-348x348.jpg 348w, https:\/\/www.escuela-hablamos.com\/wp-content\/uploads\/2024\/05\/almudena-uai-720x720.jpg 720w\" sizes=\"(max-width: 1000px) 100vw, 1000px\" \/><\/a><\/div>\n\t\t\t\t\t<\/div>\n\t\t\t\t<\/div><div class=\"t-entry-text\">\n\t\t\t\t\t\t\t\t\t<div class=\"t-entry-text-tc half-block-padding\"><div class=\"t-entry\"><h2 class=\"t-entry-title h3 title-scale\"><a href=\"https:\/\/www.escuela-hablamos.com\/ko\/welcome-to-hablamos-our-spanish-school-for-foreigners-in-madrid\/\" target=\"_self\">Welcome to Hablamos, our Spanish school for foreigners in Madrid!<\/a><\/h2><div class=\"t-entry-excerpt\"><p>In an increasingly connected world, mastering Spanish is an invaluable skill. Whether you're living\u2026<\/p><\/div><p class=\"t-entry-readmore btn-container\"><a href=\"https:\/\/www.escuela-hablamos.com\/ko\/welcome-to-hablamos-our-spanish-school-for-foreigners-in-madrid\/\" class=\"btn btn-default btn-sm\" target=\"_self\">Read More<\/a><\/p><\/div><\/div>\n\t\t\t\t\t\t\t<\/div><\/div><\/div><div class=\"tmb atc-typography-inherit tmb-iso-w4 tmb-iso-h4 tmb-round img-round-xl tmb-light tmb-overlay-text-anim tmb-overlay-showed tmb-overlay-anim tmb-content-center tmb-content-mobile-center tmb-text-space-reduced tmb-image-color-anim tmb-image-anim-magnetic tmb-bordered  grid-cat-8 grid-cat-6 tmb-id-7121 tmb-content-under tmb-media-first\" ><div class=\"t-inside style-Hablamos-blue3-bg animate_when_almost_visible top-t-bottom\" data-cursor=\"icon-accent\"><div class=\"t-entry-visual\"><div class=\"t-entry-visual-tc\"><div class=\"t-entry-visual-cont\"><div class=\"dummy\" style=\"padding-top: 100%;\"><\/div><a role=\"button\" tabindex=\"-1\" href=\"https:\/\/www.escuela-hablamos.com\/ko\/celebrando-la-tradicion-madrilena-en-san-isidro\/\" class=\"pushed\" aria-label=\"\u00a1Celebrando la tradici\u00f3n madrile\u00f1a en San Isidro!\"  target=\"_self\" data-lb-index=\"38\"><div class=\"t-entry-visual-overlay\"><div class=\"t-entry-visual-overlay-in style-dark-bg\" style=\"opacity: 0.01;\"><\/div><\/div><img decoding=\"async\" class=\"wp-image-7122\" src=\"https:\/\/www.escuela-hablamos.com\/wp-content\/uploads\/2024\/05\/isidro.jpg\" width=\"583\" height=\"583\" alt=\"\u00a1Celebrando la tradici\u00f3n madrile\u00f1a en San Isidro!\" srcset=\"https:\/\/www.escuela-hablamos.com\/wp-content\/uploads\/2024\/05\/isidro.jpg 583w, https:\/\/www.escuela-hablamos.com\/wp-content\/uploads\/2024\/05\/isidro-300x300.jpg 300w, https:\/\/www.escuela-hablamos.com\/wp-content\/uploads\/2024\/05\/isidro-150x150.jpg 150w, https:\/\/www.escuela-hablamos.com\/wp-content\/uploads\/2024\/05\/isidro-12x12.jpg 12w, https:\/\/www.escuela-hablamos.com\/wp-content\/uploads\/2024\/05\/isidro-350x350.jpg 350w, https:\/\/www.escuela-hablamos.com\/wp-content\/uploads\/2024\/05\/isidro-348x348.jpg 348w\" sizes=\"(max-width: 583px) 100vw, 583px\" \/><\/a><\/div>\n\t\t\t\t\t<\/div>\n\t\t\t\t<\/div><div class=\"t-entry-text\">\n\t\t\t\t\t\t\t\t\t<div class=\"t-entry-text-tc half-block-padding\"><div class=\"t-entry\"><h2 class=\"t-entry-title h3 title-scale\"><a href=\"https:\/\/www.escuela-hablamos.com\/ko\/celebrando-la-tradicion-madrilena-en-san-isidro\/\" target=\"_self\">\u00a1Celebrando la tradici\u00f3n madrile\u00f1a en San Isidro!<\/a><\/h2><div class=\"t-entry-excerpt\"><p>En Hablamos, nuestra escuela de espa\u00f1ol en Madrid, nos gusta ayudar a los alumnos a sumergirse en\u2026<\/p><\/div><p class=\"t-entry-readmore btn-container\"><a href=\"https:\/\/www.escuela-hablamos.com\/ko\/celebrando-la-tradicion-madrilena-en-san-isidro\/\" class=\"btn btn-default btn-sm\" target=\"_self\">Read More<\/a><\/p><\/div><\/div>\n\t\t\t\t\t\t\t<\/div><\/div><\/div><div class=\"tmb atc-typography-inherit tmb-iso-w4 tmb-iso-h4 tmb-round img-round-xl tmb-light tmb-overlay-text-anim tmb-overlay-showed tmb-overlay-anim tmb-content-center tmb-content-mobile-center tmb-text-space-reduced tmb-image-color-anim tmb-image-anim-magnetic tmb-bordered  grid-cat-6 tmb-id-7024 tmb-content-under tmb-media-first\" ><div class=\"t-inside style-Hablamos-blue3-bg animate_when_almost_visible top-t-bottom\" data-cursor=\"icon-accent\"><div class=\"t-entry-visual\"><div class=\"t-entry-visual-tc\"><div class=\"t-entry-visual-cont\"><div class=\"dummy\" style=\"padding-top: 100%;\"><\/div><a role=\"button\" tabindex=\"-1\" href=\"https:\/\/www.escuela-hablamos.com\/ko\/discover-madrid-while-learning-spanish-with-the-beginner-programs-at-hablamos-school\/\" class=\"pushed\" aria-label=\"Discover Madrid while learning Spanish with the Beginner Programs at Hablamos School\"  target=\"_self\" data-lb-index=\"39\"><div class=\"t-entry-visual-overlay\"><div class=\"t-entry-visual-overlay-in style-dark-bg\" style=\"opacity: 0.01;\"><\/div><\/div><img decoding=\"async\" class=\"wp-image-7028\" src=\"https:\/\/www.escuela-hablamos.com\/wp-content\/uploads\/2024\/04\/beginner.jpg\" width=\"900\" height=\"900\" alt=\"Discover Madrid while learning Spanish with the Beginner Programs at Hablamos School\" srcset=\"https:\/\/www.escuela-hablamos.com\/wp-content\/uploads\/2024\/04\/beginner.jpg 900w, https:\/\/www.escuela-hablamos.com\/wp-content\/uploads\/2024\/04\/beginner-300x300.jpg 300w, https:\/\/www.escuela-hablamos.com\/wp-content\/uploads\/2024\/04\/beginner-150x150.jpg 150w, https:\/\/www.escuela-hablamos.com\/wp-content\/uploads\/2024\/04\/beginner-768x768.jpg 768w, https:\/\/www.escuela-hablamos.com\/wp-content\/uploads\/2024\/04\/beginner-12x12.jpg 12w, https:\/\/www.escuela-hablamos.com\/wp-content\/uploads\/2024\/04\/beginner-350x350.jpg 350w, https:\/\/www.escuela-hablamos.com\/wp-content\/uploads\/2024\/04\/beginner-348x348.jpg 348w, https:\/\/www.escuela-hablamos.com\/wp-content\/uploads\/2024\/04\/beginner-uai-720x720.jpg 720w\" sizes=\"(max-width: 900px) 100vw, 900px\" \/><\/a><\/div>\n\t\t\t\t\t<\/div>\n\t\t\t\t<\/div><div class=\"t-entry-text\">\n\t\t\t\t\t\t\t\t\t<div class=\"t-entry-text-tc half-block-padding\"><div class=\"t-entry\"><h2 class=\"t-entry-title h3 title-scale\"><a href=\"https:\/\/www.escuela-hablamos.com\/ko\/discover-madrid-while-learning-spanish-with-the-beginner-programs-at-hablamos-school\/\" target=\"_self\">Discover Madrid while learning Spanish with the Beginner Programs at Hablamos School<\/a><\/h2><div class=\"t-entry-excerpt\"><p>If you're looking for a unique experience to learn Spanish while exploring one of the most vibrant\u2026<\/p><\/div><p class=\"t-entry-readmore btn-container\"><a href=\"https:\/\/www.escuela-hablamos.com\/ko\/discover-madrid-while-learning-spanish-with-the-beginner-programs-at-hablamos-school\/\" class=\"btn btn-default btn-sm\" target=\"_self\">Read More<\/a><\/p><\/div><\/div>\n\t\t\t\t\t\t\t<\/div><\/div><\/div><div class=\"tmb atc-typography-inherit tmb-iso-w4 tmb-iso-h4 tmb-round img-round-xl tmb-light tmb-overlay-text-anim tmb-overlay-showed tmb-overlay-anim tmb-content-center tmb-content-mobile-center tmb-text-space-reduced tmb-image-color-anim tmb-image-anim-magnetic tmb-bordered  grid-cat-9 grid-cat-8 grid-cat-6 tmb-id-6858 tmb-content-under tmb-media-first\" ><div class=\"t-inside style-Hablamos-blue3-bg animate_when_almost_visible top-t-bottom\" data-cursor=\"icon-accent\"><div class=\"t-entry-visual\"><div class=\"t-entry-visual-tc\"><div class=\"t-entry-visual-cont\"><div class=\"dummy\" style=\"padding-top: 100%;\"><\/div><a role=\"button\" tabindex=\"-1\" href=\"https:\/\/www.escuela-hablamos.com\/ko\/descubre-toledo-con-hablamos\/\" class=\"pushed\" aria-label=\"Descubre Toledo con Hablamos\"  target=\"_self\" data-lb-index=\"40\"><div class=\"t-entry-visual-overlay\"><div class=\"t-entry-visual-overlay-in style-dark-bg\" style=\"opacity: 0.01;\"><\/div><\/div><img decoding=\"async\" class=\"wp-image-6859\" src=\"https:\/\/www.escuela-hablamos.com\/wp-content\/uploads\/2024\/04\/toledo.jpg\" width=\"1200\" height=\"1200\" alt=\"Descubre Toledo con Hablamos\" srcset=\"https:\/\/www.escuela-hablamos.com\/wp-content\/uploads\/2024\/04\/toledo.jpg 1200w, https:\/\/www.escuela-hablamos.com\/wp-content\/uploads\/2024\/04\/toledo-300x300.jpg 300w, https:\/\/www.escuela-hablamos.com\/wp-content\/uploads\/2024\/04\/toledo-1024x1024.jpg 1024w, https:\/\/www.escuela-hablamos.com\/wp-content\/uploads\/2024\/04\/toledo-150x150.jpg 150w, https:\/\/www.escuela-hablamos.com\/wp-content\/uploads\/2024\/04\/toledo-768x768.jpg 768w, https:\/\/www.escuela-hablamos.com\/wp-content\/uploads\/2024\/04\/toledo-12x12.jpg 12w, https:\/\/www.escuela-hablamos.com\/wp-content\/uploads\/2024\/04\/toledo-350x350.jpg 350w, https:\/\/www.escuela-hablamos.com\/wp-content\/uploads\/2024\/04\/toledo-348x348.jpg 348w, https:\/\/www.escuela-hablamos.com\/wp-content\/uploads\/2024\/04\/toledo-uai-720x720.jpg 720w, https:\/\/www.escuela-hablamos.com\/wp-content\/uploads\/2024\/04\/toledo-uai-1032x1032.jpg 1032w\" sizes=\"(max-width: 1200px) 100vw, 1200px\" \/><\/a><\/div>\n\t\t\t\t\t<\/div>\n\t\t\t\t<\/div><div class=\"t-entry-text\">\n\t\t\t\t\t\t\t\t\t<div class=\"t-entry-text-tc half-block-padding\"><div class=\"t-entry\"><h2 class=\"t-entry-title h3 title-scale\"><a href=\"https:\/\/www.escuela-hablamos.com\/ko\/descubre-toledo-con-hablamos\/\" target=\"_self\">Descubre Toledo con Hablamos<\/a><\/h2><div class=\"t-entry-excerpt\"><p>\u00a1Bienvenidos a Toledo, la joya hist\u00f3rica y cultural de Espa\u00f1a! En este art\u00edculo te llevaremos de\u2026<\/p><\/div><p class=\"t-entry-readmore btn-container\"><a href=\"https:\/\/www.escuela-hablamos.com\/ko\/descubre-toledo-con-hablamos\/\" class=\"btn btn-default btn-sm\" target=\"_self\">Read More<\/a><\/p><\/div><\/div>\n\t\t\t\t\t\t\t<\/div><\/div><\/div><div class=\"tmb atc-typography-inherit tmb-iso-w4 tmb-iso-h4 tmb-round img-round-xl tmb-light tmb-overlay-text-anim tmb-overlay-showed tmb-overlay-anim tmb-content-center tmb-content-mobile-center tmb-text-space-reduced tmb-image-color-anim tmb-image-anim-magnetic tmb-bordered  grid-cat-8 grid-cat-6 tmb-id-6568 tmb-content-under tmb-media-first\" ><div class=\"t-inside style-Hablamos-blue3-bg animate_when_almost_visible top-t-bottom\" data-cursor=\"icon-accent\"><div class=\"t-entry-visual\"><div class=\"t-entry-visual-tc\"><div class=\"t-entry-visual-cont\"><div class=\"dummy\" style=\"padding-top: 100%;\"><\/div><a role=\"button\" tabindex=\"-1\" href=\"https:\/\/www.escuela-hablamos.com\/ko\/visita-al-reina-sofia-mi-cuadro-favorito\/\" class=\"pushed\" aria-label=\"Visita al Reina Sof\u00eda: Mi cuadro favorito\"  target=\"_self\" data-lb-index=\"41\"><div class=\"t-entry-visual-overlay\"><div class=\"t-entry-visual-overlay-in style-dark-bg\" style=\"opacity: 0.01;\"><\/div><\/div><img decoding=\"async\" class=\"wp-image-6614\" src=\"https:\/\/www.escuela-hablamos.com\/wp-content\/uploads\/2024\/02\/rsofia.jpg\" width=\"1000\" height=\"1000\" alt=\"Visita al Reina Sof\u00eda: Mi cuadro favorito\" srcset=\"https:\/\/www.escuela-hablamos.com\/wp-content\/uploads\/2024\/02\/rsofia.jpg 1000w, https:\/\/www.escuela-hablamos.com\/wp-content\/uploads\/2024\/02\/rsofia-300x300.jpg 300w, https:\/\/www.escuela-hablamos.com\/wp-content\/uploads\/2024\/02\/rsofia-150x150.jpg 150w, https:\/\/www.escuela-hablamos.com\/wp-content\/uploads\/2024\/02\/rsofia-768x768.jpg 768w, https:\/\/www.escuela-hablamos.com\/wp-content\/uploads\/2024\/02\/rsofia-12x12.jpg 12w, https:\/\/www.escuela-hablamos.com\/wp-content\/uploads\/2024\/02\/rsofia-350x350.jpg 350w, https:\/\/www.escuela-hablamos.com\/wp-content\/uploads\/2024\/02\/rsofia-348x348.jpg 348w, https:\/\/www.escuela-hablamos.com\/wp-content\/uploads\/2024\/02\/rsofia-uai-720x720.jpg 720w\" sizes=\"(max-width: 1000px) 100vw, 1000px\" \/><\/a><\/div>\n\t\t\t\t\t<\/div>\n\t\t\t\t<\/div><div class=\"t-entry-text\">\n\t\t\t\t\t\t\t\t\t<div class=\"t-entry-text-tc half-block-padding\"><div class=\"t-entry\"><h2 class=\"t-entry-title h3 title-scale\"><a href=\"https:\/\/www.escuela-hablamos.com\/ko\/visita-al-reina-sofia-mi-cuadro-favorito\/\" target=\"_self\">Visita al Reina Sof\u00eda: Mi cuadro favorito<\/a><\/h2><div class=\"t-entry-excerpt\"><p>Como cada viernes, los alumnos de Hablamos, escuela de espa\u00f1ol en Madrid, han podido disfrutar de\u2026<\/p><\/div><p class=\"t-entry-readmore btn-container\"><a href=\"https:\/\/www.escuela-hablamos.com\/ko\/visita-al-reina-sofia-mi-cuadro-favorito\/\" class=\"btn btn-default btn-sm\" target=\"_self\">Read More<\/a><\/p><\/div><\/div>\n\t\t\t\t\t\t\t<\/div><\/div><\/div><div class=\"tmb atc-typography-inherit tmb-iso-w4 tmb-iso-h4 tmb-round img-round-xl tmb-light tmb-overlay-text-anim tmb-overlay-showed tmb-overlay-anim tmb-content-center tmb-content-mobile-center tmb-text-space-reduced tmb-image-color-anim tmb-image-anim-magnetic tmb-bordered  grid-cat-8 grid-cat-6 tmb-id-6494 tmb-content-under tmb-media-first\" ><div class=\"t-inside style-Hablamos-blue3-bg animate_when_almost_visible top-t-bottom\" data-cursor=\"icon-accent\"><div class=\"t-entry-visual\"><div class=\"t-entry-visual-tc\"><div class=\"t-entry-visual-cont\"><div class=\"dummy\" style=\"padding-top: 100%;\"><\/div><a role=\"button\" tabindex=\"-1\" href=\"https:\/\/www.escuela-hablamos.com\/ko\/enamorate-en-madrid-lugares-romanticos-para-celebrar-san-valentin\/\" class=\"pushed\" aria-label=\"Enam\u00f3rate en Madrid: Lugares Rom\u00e1nticos para Celebrar San Valent\u00edn\"  target=\"_self\" data-lb-index=\"42\"><div class=\"t-entry-visual-overlay\"><div class=\"t-entry-visual-overlay-in style-dark-bg\" style=\"opacity: 0.01;\"><\/div><\/div><img decoding=\"async\" class=\"wp-image-6495\" src=\"https:\/\/www.escuela-hablamos.com\/wp-content\/uploads\/2024\/02\/svalentin.jpg\" width=\"1000\" height=\"1000\" alt=\"Enam\u00f3rate en Madrid: Lugares Rom\u00e1nticos para Celebrar San Valent\u00edn\" srcset=\"https:\/\/www.escuela-hablamos.com\/wp-content\/uploads\/2024\/02\/svalentin.jpg 1000w, https:\/\/www.escuela-hablamos.com\/wp-content\/uploads\/2024\/02\/svalentin-300x300.jpg 300w, https:\/\/www.escuela-hablamos.com\/wp-content\/uploads\/2024\/02\/svalentin-150x150.jpg 150w, https:\/\/www.escuela-hablamos.com\/wp-content\/uploads\/2024\/02\/svalentin-768x768.jpg 768w, https:\/\/www.escuela-hablamos.com\/wp-content\/uploads\/2024\/02\/svalentin-12x12.jpg 12w, https:\/\/www.escuela-hablamos.com\/wp-content\/uploads\/2024\/02\/svalentin-350x350.jpg 350w, https:\/\/www.escuela-hablamos.com\/wp-content\/uploads\/2024\/02\/svalentin-348x348.jpg 348w, https:\/\/www.escuela-hablamos.com\/wp-content\/uploads\/2024\/02\/svalentin-uai-720x720.jpg 720w\" sizes=\"(max-width: 1000px) 100vw, 1000px\" \/><\/a><\/div>\n\t\t\t\t\t<\/div>\n\t\t\t\t<\/div><div class=\"t-entry-text\">\n\t\t\t\t\t\t\t\t\t<div class=\"t-entry-text-tc half-block-padding\"><div class=\"t-entry\"><h2 class=\"t-entry-title h3 title-scale\"><a href=\"https:\/\/www.escuela-hablamos.com\/ko\/enamorate-en-madrid-lugares-romanticos-para-celebrar-san-valentin\/\" target=\"_self\">Enam\u00f3rate en Madrid: Lugares Rom\u00e1nticos para Celebrar San Valent\u00edn<\/a><\/h2><div class=\"t-entry-excerpt\"><p>Se acerca San Valent\u00edn y algunos estudiantes de Hablamos, escuela de espa\u00f1ol para extranjeros en\u2026<\/p><\/div><p class=\"t-entry-readmore btn-container\"><a href=\"https:\/\/www.escuela-hablamos.com\/ko\/enamorate-en-madrid-lugares-romanticos-para-celebrar-san-valentin\/\" class=\"btn btn-default btn-sm\" target=\"_self\">Read More<\/a><\/p><\/div><\/div>\n\t\t\t\t\t\t\t<\/div><\/div><\/div><div class=\"tmb atc-typography-inherit tmb-iso-w4 tmb-iso-h4 tmb-round img-round-xl tmb-light tmb-overlay-text-anim tmb-overlay-showed tmb-overlay-anim tmb-content-center tmb-content-mobile-center tmb-text-space-reduced tmb-image-color-anim tmb-image-anim-magnetic tmb-bordered  grid-cat-9 grid-cat-6 tmb-id-6026 tmb-content-under tmb-media-first\" ><div class=\"t-inside style-Hablamos-blue3-bg animate_when_almost_visible top-t-bottom\" data-cursor=\"icon-accent\"><div class=\"t-entry-visual\"><div class=\"t-entry-visual-tc\"><div class=\"t-entry-visual-cont\"><div class=\"dummy\" style=\"padding-top: 100.1%;\"><\/div><a role=\"button\" tabindex=\"-1\" href=\"https:\/\/www.escuela-hablamos.com\/ko\/invierno-pero-en-espanol\/\" class=\"pushed\" aria-label=\"Invierno, pero en espa\u00f1ol\"  target=\"_self\" data-lb-index=\"43\"><div class=\"t-entry-visual-overlay\"><div class=\"t-entry-visual-overlay-in style-dark-bg\" style=\"opacity: 0.01;\"><\/div><\/div><img decoding=\"async\" class=\"wp-image-6027\" src=\"https:\/\/www.escuela-hablamos.com\/wp-content\/uploads\/2023\/12\/cold-madrid.jpg\" width=\"900\" height=\"901\" alt=\"Invierno, pero en espa\u00f1ol\" srcset=\"https:\/\/www.escuela-hablamos.com\/wp-content\/uploads\/2023\/12\/cold-madrid.jpg 900w, https:\/\/www.escuela-hablamos.com\/wp-content\/uploads\/2023\/12\/cold-madrid-300x300.jpg 300w, https:\/\/www.escuela-hablamos.com\/wp-content\/uploads\/2023\/12\/cold-madrid-150x150.jpg 150w, https:\/\/www.escuela-hablamos.com\/wp-content\/uploads\/2023\/12\/cold-madrid-768x769.jpg 768w, https:\/\/www.escuela-hablamos.com\/wp-content\/uploads\/2023\/12\/cold-madrid-12x12.jpg 12w, https:\/\/www.escuela-hablamos.com\/wp-content\/uploads\/2023\/12\/cold-madrid-350x350.jpg 350w, https:\/\/www.escuela-hablamos.com\/wp-content\/uploads\/2023\/12\/cold-madrid-348x348.jpg 348w, https:\/\/www.escuela-hablamos.com\/wp-content\/uploads\/2023\/12\/cold-madrid-uai-720x720.jpg 720w\" sizes=\"(max-width: 900px) 100vw, 900px\" \/><\/a><\/div>\n\t\t\t\t\t<\/div>\n\t\t\t\t<\/div><div class=\"t-entry-text\">\n\t\t\t\t\t\t\t\t\t<div class=\"t-entry-text-tc half-block-padding\"><div class=\"t-entry\"><h2 class=\"t-entry-title h3 title-scale\"><a href=\"https:\/\/www.escuela-hablamos.com\/ko\/invierno-pero-en-espanol\/\" target=\"_self\">Invierno, pero en espa\u00f1ol<\/a><\/h2><div class=\"t-entry-excerpt\"><p>Normalmente el invierno es una estaci\u00f3n que no gusta mucho, pero el invierno es un momento del a\u00f1o\u2026<\/p><\/div><p class=\"t-entry-readmore btn-container\"><a href=\"https:\/\/www.escuela-hablamos.com\/ko\/invierno-pero-en-espanol\/\" class=\"btn btn-default btn-sm\" target=\"_self\">Read More<\/a><\/p><\/div><\/div>\n\t\t\t\t\t\t\t<\/div><\/div><\/div><div class=\"tmb atc-typography-inherit tmb-iso-w4 tmb-iso-h4 tmb-round img-round-xl tmb-light tmb-overlay-text-anim tmb-overlay-showed tmb-overlay-anim tmb-content-center tmb-content-mobile-center tmb-text-space-reduced tmb-image-color-anim tmb-image-anim-magnetic tmb-bordered  grid-cat-8 grid-cat-6 tmb-id-6023 tmb-content-under tmb-media-first\" ><div class=\"t-inside style-Hablamos-blue3-bg animate_when_almost_visible top-t-bottom\" data-cursor=\"icon-accent\"><div class=\"t-entry-visual\"><div class=\"t-entry-visual-tc\"><div class=\"t-entry-visual-cont\"><div class=\"dummy\" style=\"padding-top: 100%;\"><\/div><a role=\"button\" tabindex=\"-1\" href=\"https:\/\/www.escuela-hablamos.com\/ko\/vive-la-magia-de-la-navidad-en-madrid-sin-dejar-de-aprender-espanol\/\" class=\"pushed\" aria-label=\"\u00a1Vive la magia de la Navidad en Madrid sin dejar de aprender espa\u00f1ol!\"  target=\"_self\" data-lb-index=\"44\"><div class=\"t-entry-visual-overlay\"><div class=\"t-entry-visual-overlay-in style-dark-bg\" style=\"opacity: 0.01;\"><\/div><\/div><img decoding=\"async\" class=\"wp-image-6024\" src=\"https:\/\/www.escuela-hablamos.com\/wp-content\/uploads\/2023\/12\/xmas-car.jpg\" width=\"900\" height=\"900\" alt=\"\u00a1Vive la magia de la Navidad en Madrid sin dejar de aprender espa\u00f1ol!\" srcset=\"https:\/\/www.escuela-hablamos.com\/wp-content\/uploads\/2023\/12\/xmas-car.jpg 900w, https:\/\/www.escuela-hablamos.com\/wp-content\/uploads\/2023\/12\/xmas-car-300x300.jpg 300w, https:\/\/www.escuela-hablamos.com\/wp-content\/uploads\/2023\/12\/xmas-car-150x150.jpg 150w, https:\/\/www.escuela-hablamos.com\/wp-content\/uploads\/2023\/12\/xmas-car-768x768.jpg 768w, https:\/\/www.escuela-hablamos.com\/wp-content\/uploads\/2023\/12\/xmas-car-12x12.jpg 12w, https:\/\/www.escuela-hablamos.com\/wp-content\/uploads\/2023\/12\/xmas-car-350x350.jpg 350w, https:\/\/www.escuela-hablamos.com\/wp-content\/uploads\/2023\/12\/xmas-car-348x348.jpg 348w, https:\/\/www.escuela-hablamos.com\/wp-content\/uploads\/2023\/12\/xmas-car-uai-720x720.jpg 720w\" sizes=\"(max-width: 900px) 100vw, 900px\" \/><\/a><\/div>\n\t\t\t\t\t<\/div>\n\t\t\t\t<\/div><div class=\"t-entry-text\">\n\t\t\t\t\t\t\t\t\t<div class=\"t-entry-text-tc half-block-padding\"><div class=\"t-entry\"><h2 class=\"t-entry-title h3 title-scale\"><a href=\"https:\/\/www.escuela-hablamos.com\/ko\/vive-la-magia-de-la-navidad-en-madrid-sin-dejar-de-aprender-espanol\/\" target=\"_self\">\u00a1Vive la magia de la Navidad en Madrid sin dejar de aprender espa\u00f1ol!<\/a><\/h2><div class=\"t-entry-excerpt\"><p>La Navidad es una festividad muy querida en Espa\u00f1a, llena de tradiciones para compartir con tu\u2026<\/p><\/div><p class=\"t-entry-readmore btn-container\"><a href=\"https:\/\/www.escuela-hablamos.com\/ko\/vive-la-magia-de-la-navidad-en-madrid-sin-dejar-de-aprender-espanol\/\" class=\"btn btn-default btn-sm\" target=\"_self\">Read More<\/a><\/p><\/div><\/div>\n\t\t\t\t\t\t\t<\/div><\/div><\/div><div class=\"tmb atc-typography-inherit tmb-iso-w4 tmb-iso-h4 tmb-round img-round-xl tmb-light tmb-overlay-text-anim tmb-overlay-showed tmb-overlay-anim tmb-content-center tmb-content-mobile-center tmb-text-space-reduced tmb-image-color-anim tmb-image-anim-magnetic tmb-bordered  grid-cat-8 grid-cat-6 tmb-id-6020 tmb-content-under tmb-media-first\" ><div class=\"t-inside style-Hablamos-blue3-bg animate_when_almost_visible top-t-bottom\" data-cursor=\"icon-accent\"><div class=\"t-entry-visual\"><div class=\"t-entry-visual-tc\"><div class=\"t-entry-visual-cont\"><div class=\"dummy\" style=\"padding-top: 100%;\"><\/div><a role=\"button\" tabindex=\"-1\" href=\"https:\/\/www.escuela-hablamos.com\/ko\/madrid-se-ilumina-en-navidad\/\" class=\"pushed\" aria-label=\"Madrid se ilumina en Navidad\"  target=\"_self\" data-lb-index=\"45\"><div class=\"t-entry-visual-overlay\"><div class=\"t-entry-visual-overlay-in style-dark-bg\" style=\"opacity: 0.01;\"><\/div><\/div><img decoding=\"async\" class=\"wp-image-6021\" src=\"https:\/\/www.escuela-hablamos.com\/wp-content\/uploads\/2023\/12\/lights.jpg\" width=\"800\" height=\"800\" alt=\"Madrid se ilumina en Navidad\" srcset=\"https:\/\/www.escuela-hablamos.com\/wp-content\/uploads\/2023\/12\/lights.jpg 800w, https:\/\/www.escuela-hablamos.com\/wp-content\/uploads\/2023\/12\/lights-300x300.jpg 300w, https:\/\/www.escuela-hablamos.com\/wp-content\/uploads\/2023\/12\/lights-150x150.jpg 150w, https:\/\/www.escuela-hablamos.com\/wp-content\/uploads\/2023\/12\/lights-768x768.jpg 768w, https:\/\/www.escuela-hablamos.com\/wp-content\/uploads\/2023\/12\/lights-12x12.jpg 12w, https:\/\/www.escuela-hablamos.com\/wp-content\/uploads\/2023\/12\/lights-350x350.jpg 350w, https:\/\/www.escuela-hablamos.com\/wp-content\/uploads\/2023\/12\/lights-348x348.jpg 348w, https:\/\/www.escuela-hablamos.com\/wp-content\/uploads\/2023\/12\/lights-uai-720x720.jpg 720w\" sizes=\"(max-width: 800px) 100vw, 800px\" \/><\/a><\/div>\n\t\t\t\t\t<\/div>\n\t\t\t\t<\/div><div class=\"t-entry-text\">\n\t\t\t\t\t\t\t\t\t<div class=\"t-entry-text-tc half-block-padding\"><div class=\"t-entry\"><h2 class=\"t-entry-title h3 title-scale\"><a href=\"https:\/\/www.escuela-hablamos.com\/ko\/madrid-se-ilumina-en-navidad\/\" target=\"_self\">Madrid se ilumina en Navidad<\/a><\/h2><div class=\"t-entry-excerpt\"><p>En esta \u00e9poca del a\u00f1o, la capital de Espa\u00f1a se transforma en un escenario m\u00e1gico, \u00a1y queremos\u2026<\/p><\/div><p class=\"t-entry-readmore btn-container\"><a href=\"https:\/\/www.escuela-hablamos.com\/ko\/madrid-se-ilumina-en-navidad\/\" class=\"btn btn-default btn-sm\" target=\"_self\">Read More<\/a><\/p><\/div><\/div>\n\t\t\t\t\t\t\t<\/div><\/div><\/div><div class=\"tmb atc-typography-inherit tmb-iso-w4 tmb-iso-h4 tmb-round img-round-xl tmb-light tmb-overlay-text-anim tmb-overlay-showed tmb-overlay-anim tmb-content-center tmb-content-mobile-center tmb-text-space-reduced tmb-image-color-anim tmb-image-anim-magnetic tmb-bordered  grid-cat-8 grid-cat-6 tmb-id-5998 tmb-content-under tmb-media-first\" ><div class=\"t-inside style-Hablamos-blue3-bg animate_when_almost_visible top-t-bottom\" data-cursor=\"icon-accent\"><div class=\"t-entry-visual\"><div class=\"t-entry-visual-tc\"><div class=\"t-entry-visual-cont\"><div class=\"dummy\" style=\"padding-top: 100%;\"><\/div><a role=\"button\" tabindex=\"-1\" href=\"https:\/\/www.escuela-hablamos.com\/ko\/como-conseguir-un-visado-de-estudiante-en-espana\/\" class=\"pushed\" aria-label=\"C\u00f3mo conseguir un visado de estudiante en Espa\u00f1a\"  target=\"_self\" data-lb-index=\"46\"><div class=\"t-entry-visual-overlay\"><div class=\"t-entry-visual-overlay-in style-dark-bg\" style=\"opacity: 0.01;\"><\/div><\/div><img decoding=\"async\" class=\"wp-image-5999\" src=\"https:\/\/www.escuela-hablamos.com\/wp-content\/uploads\/2023\/12\/traveller.jpg\" width=\"800\" height=\"800\" alt=\"C\u00f3mo conseguir un visado de estudiante en Espa\u00f1a\" srcset=\"https:\/\/www.escuela-hablamos.com\/wp-content\/uploads\/2023\/12\/traveller.jpg 800w, https:\/\/www.escuela-hablamos.com\/wp-content\/uploads\/2023\/12\/traveller-300x300.jpg 300w, https:\/\/www.escuela-hablamos.com\/wp-content\/uploads\/2023\/12\/traveller-150x150.jpg 150w, https:\/\/www.escuela-hablamos.com\/wp-content\/uploads\/2023\/12\/traveller-768x768.jpg 768w, https:\/\/www.escuela-hablamos.com\/wp-content\/uploads\/2023\/12\/traveller-12x12.jpg 12w, https:\/\/www.escuela-hablamos.com\/wp-content\/uploads\/2023\/12\/traveller-350x350.jpg 350w, https:\/\/www.escuela-hablamos.com\/wp-content\/uploads\/2023\/12\/traveller-348x348.jpg 348w, https:\/\/www.escuela-hablamos.com\/wp-content\/uploads\/2023\/12\/traveller-uai-720x720.jpg 720w\" sizes=\"(max-width: 800px) 100vw, 800px\" \/><\/a><\/div>\n\t\t\t\t\t<\/div>\n\t\t\t\t<\/div><div class=\"t-entry-text\">\n\t\t\t\t\t\t\t\t\t<div class=\"t-entry-text-tc half-block-padding\"><div class=\"t-entry\"><h2 class=\"t-entry-title h3 title-scale\"><a href=\"https:\/\/www.escuela-hablamos.com\/ko\/como-conseguir-un-visado-de-estudiante-en-espana\/\" target=\"_self\">C\u00f3mo conseguir un visado de estudiante en Espa\u00f1a<\/a><\/h2><div class=\"t-entry-excerpt\"><p>Estudiar en el extranjero puede ser una experiencia emocionante. Si has decidido estudiar en Espa\u00f1a\u2026<\/p><\/div><p class=\"t-entry-readmore btn-container\"><a href=\"https:\/\/www.escuela-hablamos.com\/ko\/como-conseguir-un-visado-de-estudiante-en-espana\/\" class=\"btn btn-default btn-sm\" target=\"_self\">Read More<\/a><\/p><\/div><\/div>\n\t\t\t\t\t\t\t<\/div><\/div><\/div><div class=\"tmb atc-typography-inherit tmb-iso-w4 tmb-iso-h4 tmb-round img-round-xl tmb-light tmb-overlay-text-anim tmb-overlay-showed tmb-overlay-anim tmb-content-center tmb-content-mobile-center tmb-text-space-reduced tmb-image-color-anim tmb-image-anim-magnetic tmb-bordered  grid-cat-8 grid-cat-6 tmb-id-5983 tmb-content-under tmb-media-first\" ><div class=\"t-inside style-Hablamos-blue3-bg animate_when_almost_visible top-t-bottom\" data-cursor=\"icon-accent\"><div class=\"t-entry-visual\"><div class=\"t-entry-visual-tc\"><div class=\"t-entry-visual-cont\"><div class=\"dummy\" style=\"padding-top: 100%;\"><\/div><a role=\"button\" tabindex=\"-1\" href=\"https:\/\/www.escuela-hablamos.com\/ko\/chocolate-con-churros-un-vinculo-centenario-en-madrid\/\" class=\"pushed\" aria-label=\"Chocolate con churros: Un V\u00ednculo Centenario en Madrid\"  target=\"_self\" data-lb-index=\"47\"><div class=\"t-entry-visual-overlay\"><div class=\"t-entry-visual-overlay-in style-dark-bg\" style=\"opacity: 0.01;\"><\/div><\/div><img decoding=\"async\" class=\"wp-image-5984\" src=\"https:\/\/www.escuela-hablamos.com\/wp-content\/uploads\/2023\/12\/churros.jpg\" width=\"800\" height=\"800\" alt=\"Chocolate con churros: Un V\u00ednculo Centenario en Madrid\" srcset=\"https:\/\/www.escuela-hablamos.com\/wp-content\/uploads\/2023\/12\/churros.jpg 800w, https:\/\/www.escuela-hablamos.com\/wp-content\/uploads\/2023\/12\/churros-300x300.jpg 300w, https:\/\/www.escuela-hablamos.com\/wp-content\/uploads\/2023\/12\/churros-150x150.jpg 150w, https:\/\/www.escuela-hablamos.com\/wp-content\/uploads\/2023\/12\/churros-768x768.jpg 768w, https:\/\/www.escuela-hablamos.com\/wp-content\/uploads\/2023\/12\/churros-12x12.jpg 12w, https:\/\/www.escuela-hablamos.com\/wp-content\/uploads\/2023\/12\/churros-350x350.jpg 350w, https:\/\/www.escuela-hablamos.com\/wp-content\/uploads\/2023\/12\/churros-348x348.jpg 348w, https:\/\/www.escuela-hablamos.com\/wp-content\/uploads\/2023\/12\/churros-uai-720x720.jpg 720w\" sizes=\"(max-width: 800px) 100vw, 800px\" \/><\/a><\/div>\n\t\t\t\t\t<\/div>\n\t\t\t\t<\/div><div class=\"t-entry-text\">\n\t\t\t\t\t\t\t\t\t<div class=\"t-entry-text-tc half-block-padding\"><div class=\"t-entry\"><h2 class=\"t-entry-title h3 title-scale\"><a href=\"https:\/\/www.escuela-hablamos.com\/ko\/chocolate-con-churros-un-vinculo-centenario-en-madrid\/\" target=\"_self\">Chocolate con churros: Un V\u00ednculo Centenario en Madrid<\/a><\/h2><div class=\"t-entry-excerpt\"><p>Si hay algo que enamora a los madrile\u00f1os y a los visitantes por igual, son los deliciosos churros\u2026<\/p><\/div><p class=\"t-entry-readmore btn-container\"><a href=\"https:\/\/www.escuela-hablamos.com\/ko\/chocolate-con-churros-un-vinculo-centenario-en-madrid\/\" class=\"btn btn-default btn-sm\" target=\"_self\">Read More<\/a><\/p><\/div><\/div>\n\t\t\t\t\t\t\t<\/div><\/div><\/div><div class=\"tmb atc-typography-inherit tmb-iso-w4 tmb-iso-h4 tmb-round img-round-xl tmb-light tmb-overlay-text-anim tmb-overlay-showed tmb-overlay-anim tmb-content-center tmb-content-mobile-center tmb-text-space-reduced tmb-image-color-anim tmb-image-anim-magnetic tmb-bordered  grid-cat-8 grid-cat-6 tmb-id-5917 tmb-content-under tmb-media-first\" ><div class=\"t-inside style-Hablamos-blue3-bg animate_when_almost_visible top-t-bottom\" data-cursor=\"icon-accent\"><div class=\"t-entry-visual\"><div class=\"t-entry-visual-tc\"><div class=\"t-entry-visual-cont\"><div class=\"dummy\" style=\"padding-top: 100%;\"><\/div><a role=\"button\" tabindex=\"-1\" href=\"https:\/\/www.escuela-hablamos.com\/ko\/la-temporada-baja-tambien-es-un-buen-momento-para-estudiar-espanol\/\" class=\"pushed\" aria-label=\"La temporada baja tambi\u00e9n es un buen momento para estudiar espa\u00f1ol\"  target=\"_self\" data-lb-index=\"48\"><div class=\"t-entry-visual-overlay\"><div class=\"t-entry-visual-overlay-in style-dark-bg\" style=\"opacity: 0.01;\"><\/div><\/div><img decoding=\"async\" class=\"wp-image-5918\" src=\"https:\/\/www.escuela-hablamos.com\/wp-content\/uploads\/2023\/12\/madrid-baja.jpg\" width=\"1000\" height=\"1000\" alt=\"La temporada baja tambi\u00e9n es un buen momento para estudiar espa\u00f1ol\" srcset=\"https:\/\/www.escuela-hablamos.com\/wp-content\/uploads\/2023\/12\/madrid-baja.jpg 1000w, https:\/\/www.escuela-hablamos.com\/wp-content\/uploads\/2023\/12\/madrid-baja-300x300.jpg 300w, https:\/\/www.escuela-hablamos.com\/wp-content\/uploads\/2023\/12\/madrid-baja-150x150.jpg 150w, https:\/\/www.escuela-hablamos.com\/wp-content\/uploads\/2023\/12\/madrid-baja-768x768.jpg 768w, https:\/\/www.escuela-hablamos.com\/wp-content\/uploads\/2023\/12\/madrid-baja-12x12.jpg 12w, https:\/\/www.escuela-hablamos.com\/wp-content\/uploads\/2023\/12\/madrid-baja-350x350.jpg 350w, https:\/\/www.escuela-hablamos.com\/wp-content\/uploads\/2023\/12\/madrid-baja-348x348.jpg 348w, https:\/\/www.escuela-hablamos.com\/wp-content\/uploads\/2023\/12\/madrid-baja-uai-720x720.jpg 720w\" sizes=\"(max-width: 1000px) 100vw, 1000px\" \/><\/a><\/div>\n\t\t\t\t\t<\/div>\n\t\t\t\t<\/div><div class=\"t-entry-text\">\n\t\t\t\t\t\t\t\t\t<div class=\"t-entry-text-tc half-block-padding\"><div class=\"t-entry\"><h2 class=\"t-entry-title h3 title-scale\"><a href=\"https:\/\/www.escuela-hablamos.com\/ko\/la-temporada-baja-tambien-es-un-buen-momento-para-estudiar-espanol\/\" target=\"_self\">La temporada baja tambi\u00e9n es un buen momento para estudiar espa\u00f1ol<\/a><\/h2><div class=\"t-entry-excerpt\"><p>\u00bfEst\u00e1s pensando en estudiar espa\u00f1ol, pero no sabes cu\u00e1ndo es el mejor momento para empezar? \u00bfY si\u2026<\/p><\/div><p class=\"t-entry-readmore btn-container\"><a href=\"https:\/\/www.escuela-hablamos.com\/ko\/la-temporada-baja-tambien-es-un-buen-momento-para-estudiar-espanol\/\" class=\"btn btn-default btn-sm\" target=\"_self\">Read More<\/a><\/p><\/div><\/div>\n\t\t\t\t\t\t\t<\/div><\/div><\/div><div class=\"tmb atc-typography-inherit tmb-iso-w4 tmb-iso-h4 tmb-round img-round-xl tmb-light tmb-overlay-text-anim tmb-overlay-showed tmb-overlay-anim tmb-content-center tmb-content-mobile-center tmb-text-space-reduced tmb-image-color-anim tmb-image-anim-magnetic tmb-bordered  grid-cat-9 grid-cat-6 tmb-id-5839 tmb-content-under tmb-media-first\" ><div class=\"t-inside style-Hablamos-blue3-bg animate_when_almost_visible top-t-bottom\" data-cursor=\"icon-accent\"><div class=\"t-entry-visual\"><div class=\"t-entry-visual-tc\"><div class=\"t-entry-visual-cont\"><div class=\"dummy\" style=\"padding-top: 100%;\"><\/div><a role=\"button\" tabindex=\"-1\" href=\"https:\/\/www.escuela-hablamos.com\/ko\/disfruta-del-otono-en-madrid\/\" class=\"pushed\" aria-label=\"Disfruta del Oto\u00f1o en Madrid\"  target=\"_self\" data-lb-index=\"49\"><div class=\"t-entry-visual-overlay\"><div class=\"t-entry-visual-overlay-in style-dark-bg\" style=\"opacity: 0.01;\"><\/div><\/div><img decoding=\"async\" class=\"wp-image-5840\" src=\"https:\/\/www.escuela-hablamos.com\/wp-content\/uploads\/2023\/11\/otono.jpg\" width=\"600\" height=\"600\" alt=\"Disfruta del Oto\u00f1o en Madrid\" srcset=\"https:\/\/www.escuela-hablamos.com\/wp-content\/uploads\/2023\/11\/otono.jpg 600w, https:\/\/www.escuela-hablamos.com\/wp-content\/uploads\/2023\/11\/otono-300x300.jpg 300w, https:\/\/www.escuela-hablamos.com\/wp-content\/uploads\/2023\/11\/otono-150x150.jpg 150w, https:\/\/www.escuela-hablamos.com\/wp-content\/uploads\/2023\/11\/otono-12x12.jpg 12w, https:\/\/www.escuela-hablamos.com\/wp-content\/uploads\/2023\/11\/otono-350x350.jpg 350w, https:\/\/www.escuela-hablamos.com\/wp-content\/uploads\/2023\/11\/otono-348x348.jpg 348w\" sizes=\"(max-width: 600px) 100vw, 600px\" \/><\/a><\/div>\n\t\t\t\t\t<\/div>\n\t\t\t\t<\/div><div class=\"t-entry-text\">\n\t\t\t\t\t\t\t\t\t<div class=\"t-entry-text-tc half-block-padding\"><div class=\"t-entry\"><h2 class=\"t-entry-title h3 title-scale\"><a href=\"https:\/\/www.escuela-hablamos.com\/ko\/disfruta-del-otono-en-madrid\/\" target=\"_self\">Disfruta del Oto\u00f1o en Madrid<\/a><\/h2><div class=\"t-entry-excerpt\"><p>Madrid, la vibrante capital de Espa\u00f1a, es un destino cautivador para estudiantes de espa\u00f1ol,\u2026<\/p><\/div><p class=\"t-entry-readmore btn-container\"><a href=\"https:\/\/www.escuela-hablamos.com\/ko\/disfruta-del-otono-en-madrid\/\" class=\"btn btn-default btn-sm\" target=\"_self\">Read More<\/a><\/p><\/div><\/div>\n\t\t\t\t\t\t\t<\/div><\/div><\/div><div class=\"tmb atc-typography-inherit tmb-iso-w4 tmb-iso-h4 tmb-round img-round-xl tmb-light tmb-overlay-text-anim tmb-overlay-showed tmb-overlay-anim tmb-content-center tmb-content-mobile-center tmb-text-space-reduced tmb-image-color-anim tmb-image-anim-magnetic tmb-bordered  grid-cat-6 tmb-id-5817 tmb-content-under tmb-media-first\" ><div class=\"t-inside style-Hablamos-blue3-bg animate_when_almost_visible top-t-bottom\" data-cursor=\"icon-accent\"><div class=\"t-entry-visual\"><div class=\"t-entry-visual-tc\"><div class=\"t-entry-visual-cont\"><div class=\"dummy\" style=\"padding-top: 100%;\"><\/div><a role=\"button\" tabindex=\"-1\" href=\"https:\/\/www.escuela-hablamos.com\/ko\/eres-de-marruecos-y-quieres-estudiar-espanol-en-madrid-elige-hablamos-escuela-acreditada-por-el-instituto-cervantes\/\" class=\"pushed\" aria-label=\"\u00bfEres de Marruecos y quieres estudiar espa\u00f1ol en Madrid? Elige Hablamos, escuela acreditada por el Instituto Cervantes\"  target=\"_self\" data-lb-index=\"50\"><div class=\"t-entry-visual-overlay\"><div class=\"t-entry-visual-overlay-in style-dark-bg\" style=\"opacity: 0.01;\"><\/div><\/div><img decoding=\"async\" class=\"wp-image-5818\" src=\"https:\/\/www.escuela-hablamos.com\/wp-content\/uploads\/2023\/11\/marroc.jpg\" width=\"900\" height=\"900\" alt=\"\u00bfEres de Marruecos y quieres estudiar espa\u00f1ol en Madrid? Elige Hablamos, escuela acreditada por el Instituto Cervantes\" srcset=\"https:\/\/www.escuela-hablamos.com\/wp-content\/uploads\/2023\/11\/marroc.jpg 900w, https:\/\/www.escuela-hablamos.com\/wp-content\/uploads\/2023\/11\/marroc-300x300.jpg 300w, https:\/\/www.escuela-hablamos.com\/wp-content\/uploads\/2023\/11\/marroc-150x150.jpg 150w, https:\/\/www.escuela-hablamos.com\/wp-content\/uploads\/2023\/11\/marroc-768x768.jpg 768w, https:\/\/www.escuela-hablamos.com\/wp-content\/uploads\/2023\/11\/marroc-12x12.jpg 12w, https:\/\/www.escuela-hablamos.com\/wp-content\/uploads\/2023\/11\/marroc-350x350.jpg 350w, https:\/\/www.escuela-hablamos.com\/wp-content\/uploads\/2023\/11\/marroc-348x348.jpg 348w, https:\/\/www.escuela-hablamos.com\/wp-content\/uploads\/2023\/11\/marroc-uai-720x720.jpg 720w\" sizes=\"(max-width: 900px) 100vw, 900px\" \/><\/a><\/div>\n\t\t\t\t\t<\/div>\n\t\t\t\t<\/div><div class=\"t-entry-text\">\n\t\t\t\t\t\t\t\t\t<div class=\"t-entry-text-tc half-block-padding\"><div class=\"t-entry\"><h2 class=\"t-entry-title h3 title-scale\"><a href=\"https:\/\/www.escuela-hablamos.com\/ko\/eres-de-marruecos-y-quieres-estudiar-espanol-en-madrid-elige-hablamos-escuela-acreditada-por-el-instituto-cervantes\/\" target=\"_self\">\u00bfEres de Marruecos y quieres estudiar espa\u00f1ol en Madrid? Elige Hablamos, escuela acreditada por el Instituto Cervantes<\/a><\/h2><div class=\"t-entry-excerpt\"><p>Si eres de Marruecos y est\u00e1s pensando en estudiar espa\u00f1ol en Madrid, seguramente te estar\u00e1s\u2026<\/p><\/div><p class=\"t-entry-readmore btn-container\"><a href=\"https:\/\/www.escuela-hablamos.com\/ko\/eres-de-marruecos-y-quieres-estudiar-espanol-en-madrid-elige-hablamos-escuela-acreditada-por-el-instituto-cervantes\/\" class=\"btn btn-default btn-sm\" target=\"_self\">Read More<\/a><\/p><\/div><\/div>\n\t\t\t\t\t\t\t<\/div><\/div><\/div><div class=\"tmb atc-typography-inherit tmb-iso-w4 tmb-iso-h4 tmb-round img-round-xl tmb-light tmb-overlay-text-anim tmb-overlay-showed tmb-overlay-anim tmb-content-center tmb-content-mobile-center tmb-text-space-reduced tmb-image-color-anim tmb-image-anim-magnetic tmb-bordered  grid-cat-8 grid-cat-6 tmb-id-5638 tmb-content-under tmb-media-first\" ><div class=\"t-inside style-Hablamos-blue3-bg animate_when_almost_visible top-t-bottom\" data-cursor=\"icon-accent\"><div class=\"t-entry-visual\"><div class=\"t-entry-visual-tc\"><div class=\"t-entry-visual-cont\"><div class=\"dummy\" style=\"padding-top: 100%;\"><\/div><a role=\"button\" tabindex=\"-1\" href=\"https:\/\/www.escuela-hablamos.com\/ko\/descubre-la-magia-del-otono-en-madrid-lugares-imperdibles-para-disfrutar-de-las-hojas-de-colores\/\" class=\"pushed\" aria-label=\"Descubre la Magia del Oto\u00f1o en Madrid: Lugares Imperdibles para Disfrutar de las Hojas de Colores\"  target=\"_self\" data-lb-index=\"51\"><div class=\"t-entry-visual-overlay\"><div class=\"t-entry-visual-overlay-in style-dark-bg\" style=\"opacity: 0.01;\"><\/div><\/div><img decoding=\"async\" class=\"wp-image-5640\" src=\"https:\/\/www.escuela-hablamos.com\/wp-content\/uploads\/2023\/10\/bg-otono.jpg\" width=\"800\" height=\"800\" alt=\"Descubre la Magia del Oto\u00f1o en Madrid: Lugares Imperdibles para Disfrutar de las Hojas de Colores\" srcset=\"https:\/\/www.escuela-hablamos.com\/wp-content\/uploads\/2023\/10\/bg-otono.jpg 800w, https:\/\/www.escuela-hablamos.com\/wp-content\/uploads\/2023\/10\/bg-otono-300x300.jpg 300w, https:\/\/www.escuela-hablamos.com\/wp-content\/uploads\/2023\/10\/bg-otono-150x150.jpg 150w, https:\/\/www.escuela-hablamos.com\/wp-content\/uploads\/2023\/10\/bg-otono-768x768.jpg 768w, https:\/\/www.escuela-hablamos.com\/wp-content\/uploads\/2023\/10\/bg-otono-12x12.jpg 12w, https:\/\/www.escuela-hablamos.com\/wp-content\/uploads\/2023\/10\/bg-otono-350x350.jpg 350w, https:\/\/www.escuela-hablamos.com\/wp-content\/uploads\/2023\/10\/bg-otono-348x348.jpg 348w, https:\/\/www.escuela-hablamos.com\/wp-content\/uploads\/2023\/10\/bg-otono-uai-720x720.jpg 720w\" sizes=\"(max-width: 800px) 100vw, 800px\" \/><\/a><\/div>\n\t\t\t\t\t<\/div>\n\t\t\t\t<\/div><div class=\"t-entry-text\">\n\t\t\t\t\t\t\t\t\t<div class=\"t-entry-text-tc half-block-padding\"><div class=\"t-entry\"><h2 class=\"t-entry-title h3 title-scale\"><a href=\"https:\/\/www.escuela-hablamos.com\/ko\/descubre-la-magia-del-otono-en-madrid-lugares-imperdibles-para-disfrutar-de-las-hojas-de-colores\/\" target=\"_self\">Descubre la Magia del Oto\u00f1o en Madrid: Lugares Imperdibles para Disfrutar de las Hojas de Colores<\/a><\/h2><div class=\"t-entry-excerpt\"><p>Comienza octubre, comienzan los nuevos cursos intensivos en Hablamos, escuela de espa\u00f1ol para\u2026<\/p><\/div><p class=\"t-entry-readmore btn-container\"><a href=\"https:\/\/www.escuela-hablamos.com\/ko\/descubre-la-magia-del-otono-en-madrid-lugares-imperdibles-para-disfrutar-de-las-hojas-de-colores\/\" class=\"btn btn-default btn-sm\" target=\"_self\">Read More<\/a><\/p><\/div><\/div>\n\t\t\t\t\t\t\t<\/div><\/div><\/div><div class=\"tmb atc-typography-inherit tmb-iso-w4 tmb-iso-h4 tmb-round img-round-xl tmb-light tmb-overlay-text-anim tmb-overlay-showed tmb-overlay-anim tmb-content-center tmb-content-mobile-center tmb-text-space-reduced tmb-image-color-anim tmb-image-anim-magnetic tmb-bordered  grid-cat-6 tmb-id-5452 tmb-content-under tmb-media-first\" ><div class=\"t-inside style-Hablamos-blue3-bg animate_when_almost_visible top-t-bottom\" data-cursor=\"icon-accent\"><div class=\"t-entry-visual\"><div class=\"t-entry-visual-tc\"><div class=\"t-entry-visual-cont\"><div class=\"dummy\" style=\"padding-top: 100%;\"><\/div><a role=\"button\" tabindex=\"-1\" href=\"https:\/\/www.escuela-hablamos.com\/ko\/studying-spanish-in-spain-absolutely\/\" class=\"pushed\" aria-label=\"Studying Spanish in Spain? Absolutely!\"  target=\"_self\" data-lb-index=\"52\"><div class=\"t-entry-visual-overlay\"><div class=\"t-entry-visual-overlay-in style-dark-bg\" style=\"opacity: 0.01;\"><\/div><\/div><img decoding=\"async\" class=\"wp-image-5453\" src=\"https:\/\/www.escuela-hablamos.com\/wp-content\/uploads\/2023\/09\/madrid.jpg\" width=\"900\" height=\"900\" alt=\"Studying Spanish in Spain? Absolutely!\" srcset=\"https:\/\/www.escuela-hablamos.com\/wp-content\/uploads\/2023\/09\/madrid.jpg 900w, https:\/\/www.escuela-hablamos.com\/wp-content\/uploads\/2023\/09\/madrid-300x300.jpg 300w, https:\/\/www.escuela-hablamos.com\/wp-content\/uploads\/2023\/09\/madrid-150x150.jpg 150w, https:\/\/www.escuela-hablamos.com\/wp-content\/uploads\/2023\/09\/madrid-768x768.jpg 768w, https:\/\/www.escuela-hablamos.com\/wp-content\/uploads\/2023\/09\/madrid-12x12.jpg 12w, https:\/\/www.escuela-hablamos.com\/wp-content\/uploads\/2023\/09\/madrid-350x350.jpg 350w, https:\/\/www.escuela-hablamos.com\/wp-content\/uploads\/2023\/09\/madrid-348x348.jpg 348w, https:\/\/www.escuela-hablamos.com\/wp-content\/uploads\/2023\/09\/madrid-uai-720x720.jpg 720w\" sizes=\"(max-width: 900px) 100vw, 900px\" \/><\/a><\/div>\n\t\t\t\t\t<\/div>\n\t\t\t\t<\/div><div class=\"t-entry-text\">\n\t\t\t\t\t\t\t\t\t<div class=\"t-entry-text-tc half-block-padding\"><div class=\"t-entry\"><h2 class=\"t-entry-title h3 title-scale\"><a href=\"https:\/\/www.escuela-hablamos.com\/ko\/studying-spanish-in-spain-absolutely\/\" target=\"_self\">Studying Spanish in Spain? Absolutely!<\/a><\/h2><div class=\"t-entry-excerpt\"><p>Spanish is one of the most spoken languages in the world. It has nearly 493 million native speakers\u2026<\/p><\/div><p class=\"t-entry-readmore btn-container\"><a href=\"https:\/\/www.escuela-hablamos.com\/ko\/studying-spanish-in-spain-absolutely\/\" class=\"btn btn-default btn-sm\" target=\"_self\">Read More<\/a><\/p><\/div><\/div>\n\t\t\t\t\t\t\t<\/div><\/div><\/div><div class=\"tmb atc-typography-inherit tmb-iso-w4 tmb-iso-h4 tmb-round img-round-xl tmb-light tmb-overlay-text-anim tmb-overlay-showed tmb-overlay-anim tmb-content-center tmb-content-mobile-center tmb-text-space-reduced tmb-image-color-anim tmb-image-anim-magnetic tmb-bordered  grid-cat-8 grid-cat-6 tmb-id-5425 tmb-content-under tmb-media-first\" ><div class=\"t-inside style-Hablamos-blue3-bg animate_when_almost_visible top-t-bottom\" data-cursor=\"icon-accent\"><div class=\"t-entry-visual\"><div class=\"t-entry-visual-tc\"><div class=\"t-entry-visual-cont\"><div class=\"dummy\" style=\"padding-top: 100%;\"><\/div><a role=\"button\" tabindex=\"-1\" href=\"https:\/\/www.escuela-hablamos.com\/ko\/explora-madrid-a-traves-de-la-gran-pantalla-peliculas-ambientadas-en-la-ciudad\/\" class=\"pushed\" aria-label=\"Explora Madrid a trav\u00e9s de la gran pantalla: pel\u00edculas ambientadas en la ciudad\"  target=\"_self\" data-lb-index=\"53\"><div class=\"t-entry-visual-overlay\"><div class=\"t-entry-visual-overlay-in style-dark-bg\" style=\"opacity: 0.01;\"><\/div><\/div><img decoding=\"async\" class=\"wp-image-5426\" src=\"https:\/\/www.escuela-hablamos.com\/wp-content\/uploads\/2023\/09\/filming.jpg\" width=\"800\" height=\"800\" alt=\"Explora Madrid a trav\u00e9s de la gran pantalla: pel\u00edculas ambientadas en la ciudad\" srcset=\"https:\/\/www.escuela-hablamos.com\/wp-content\/uploads\/2023\/09\/filming.jpg 800w, https:\/\/www.escuela-hablamos.com\/wp-content\/uploads\/2023\/09\/filming-300x300.jpg 300w, https:\/\/www.escuela-hablamos.com\/wp-content\/uploads\/2023\/09\/filming-150x150.jpg 150w, https:\/\/www.escuela-hablamos.com\/wp-content\/uploads\/2023\/09\/filming-768x768.jpg 768w, https:\/\/www.escuela-hablamos.com\/wp-content\/uploads\/2023\/09\/filming-12x12.jpg 12w, https:\/\/www.escuela-hablamos.com\/wp-content\/uploads\/2023\/09\/filming-350x350.jpg 350w, https:\/\/www.escuela-hablamos.com\/wp-content\/uploads\/2023\/09\/filming-348x348.jpg 348w, https:\/\/www.escuela-hablamos.com\/wp-content\/uploads\/2023\/09\/filming-uai-720x720.jpg 720w\" sizes=\"(max-width: 800px) 100vw, 800px\" \/><\/a><\/div>\n\t\t\t\t\t<\/div>\n\t\t\t\t<\/div><div class=\"t-entry-text\">\n\t\t\t\t\t\t\t\t\t<div class=\"t-entry-text-tc half-block-padding\"><div class=\"t-entry\"><h2 class=\"t-entry-title h3 title-scale\"><a href=\"https:\/\/www.escuela-hablamos.com\/ko\/explora-madrid-a-traves-de-la-gran-pantalla-peliculas-ambientadas-en-la-ciudad\/\" target=\"_self\">Explora Madrid a trav\u00e9s de la gran pantalla: pel\u00edculas ambientadas en la ciudad<\/a><\/h2><div class=\"t-entry-excerpt\"><p>\u00a1Hola a todos los cin\u00e9filos y entusiastas del espa\u00f1ol! Si est\u00e1s buscando una forma divertida y\u2026<\/p><\/div><p class=\"t-entry-readmore btn-container\"><a href=\"https:\/\/www.escuela-hablamos.com\/ko\/explora-madrid-a-traves-de-la-gran-pantalla-peliculas-ambientadas-en-la-ciudad\/\" class=\"btn btn-default btn-sm\" target=\"_self\">Read More<\/a><\/p><\/div><\/div>\n\t\t\t\t\t\t\t<\/div><\/div><\/div><div class=\"tmb atc-typography-inherit tmb-iso-w4 tmb-iso-h4 tmb-round img-round-xl tmb-light tmb-overlay-text-anim tmb-overlay-showed tmb-overlay-anim tmb-content-center tmb-content-mobile-center tmb-text-space-reduced tmb-image-color-anim tmb-image-anim-magnetic tmb-bordered  grid-cat-9 grid-cat-8 grid-cat-6 tmb-id-5268 tmb-content-under tmb-media-first\" ><div class=\"t-inside style-Hablamos-blue3-bg animate_when_almost_visible top-t-bottom\" data-cursor=\"icon-accent\"><div class=\"t-entry-visual\"><div class=\"t-entry-visual-tc\"><div class=\"t-entry-visual-cont\"><div class=\"dummy\" style=\"padding-top: 100%;\"><\/div><a role=\"button\" tabindex=\"-1\" href=\"https:\/\/www.escuela-hablamos.com\/ko\/getting-around-in-madrid\/\" class=\"pushed\" aria-label=\"Getting around in Madrid\"  target=\"_self\" data-lb-index=\"54\"><div class=\"t-entry-visual-overlay\"><div class=\"t-entry-visual-overlay-in style-dark-bg\" style=\"opacity: 0.01;\"><\/div><\/div><img decoding=\"async\" class=\"wp-image-5269\" src=\"https:\/\/www.escuela-hablamos.com\/wp-content\/uploads\/2023\/09\/getting-round.jpg\" width=\"900\" height=\"900\" alt=\"Getting around in Madrid\" srcset=\"https:\/\/www.escuela-hablamos.com\/wp-content\/uploads\/2023\/09\/getting-round.jpg 900w, https:\/\/www.escuela-hablamos.com\/wp-content\/uploads\/2023\/09\/getting-round-300x300.jpg 300w, https:\/\/www.escuela-hablamos.com\/wp-content\/uploads\/2023\/09\/getting-round-150x150.jpg 150w, https:\/\/www.escuela-hablamos.com\/wp-content\/uploads\/2023\/09\/getting-round-768x768.jpg 768w, https:\/\/www.escuela-hablamos.com\/wp-content\/uploads\/2023\/09\/getting-round-12x12.jpg 12w, https:\/\/www.escuela-hablamos.com\/wp-content\/uploads\/2023\/09\/getting-round-350x350.jpg 350w, https:\/\/www.escuela-hablamos.com\/wp-content\/uploads\/2023\/09\/getting-round-348x348.jpg 348w, https:\/\/www.escuela-hablamos.com\/wp-content\/uploads\/2023\/09\/getting-round-uai-720x720.jpg 720w\" sizes=\"(max-width: 900px) 100vw, 900px\" \/><\/a><\/div>\n\t\t\t\t\t<\/div>\n\t\t\t\t<\/div><div class=\"t-entry-text\">\n\t\t\t\t\t\t\t\t\t<div class=\"t-entry-text-tc half-block-padding\"><div class=\"t-entry\"><h2 class=\"t-entry-title h3 title-scale\"><a href=\"https:\/\/www.escuela-hablamos.com\/ko\/getting-around-in-madrid\/\" target=\"_self\">Getting around in Madrid<\/a><\/h2><div class=\"t-entry-excerpt\"><p>So, you\u2019ve made the decision to come and learn Spanish in Madrid. Great choice!\n<\/p><\/div><p class=\"t-entry-readmore btn-container\"><a href=\"https:\/\/www.escuela-hablamos.com\/ko\/getting-around-in-madrid\/\" class=\"btn btn-default btn-sm\" target=\"_self\">Read More<\/a><\/p><\/div><\/div>\n\t\t\t\t\t\t\t<\/div><\/div><\/div><div class=\"tmb atc-typography-inherit tmb-iso-w4 tmb-iso-h4 tmb-round img-round-xl tmb-light tmb-overlay-text-anim tmb-overlay-showed tmb-overlay-anim tmb-content-center tmb-content-mobile-center tmb-text-space-reduced tmb-image-color-anim tmb-image-anim-magnetic tmb-bordered  grid-cat-9 grid-cat-8 grid-cat-6 tmb-id-4995 tmb-content-under tmb-media-first\" ><div class=\"t-inside style-Hablamos-blue3-bg animate_when_almost_visible top-t-bottom\" data-cursor=\"icon-accent\"><div class=\"t-entry-visual\"><div class=\"t-entry-visual-tc\"><div class=\"t-entry-visual-cont\"><div class=\"dummy\" style=\"padding-top: 100%;\"><\/div><a role=\"button\" tabindex=\"-1\" href=\"https:\/\/www.escuela-hablamos.com\/ko\/estudiar-espanol-en-espana-por-supuesto\/\" class=\"pushed\" aria-label=\"\u00bfEstudiar espa\u00f1ol en Espa\u00f1a? \u00a1Por supuesto!\"  target=\"_self\" data-lb-index=\"55\"><div class=\"t-entry-visual-overlay\"><div class=\"t-entry-visual-overlay-in style-dark-bg\" style=\"opacity: 0.01;\"><\/div><\/div><img decoding=\"async\" class=\"wp-image-4996\" src=\"https:\/\/www.escuela-hablamos.com\/wp-content\/uploads\/2023\/07\/student-madrid.jpg\" width=\"900\" height=\"900\" alt=\"\u00bfEstudiar espa\u00f1ol en Espa\u00f1a? \u00a1Por supuesto!\" srcset=\"https:\/\/www.escuela-hablamos.com\/wp-content\/uploads\/2023\/07\/student-madrid.jpg 900w, https:\/\/www.escuela-hablamos.com\/wp-content\/uploads\/2023\/07\/student-madrid-300x300.jpg 300w, https:\/\/www.escuela-hablamos.com\/wp-content\/uploads\/2023\/07\/student-madrid-150x150.jpg 150w, https:\/\/www.escuela-hablamos.com\/wp-content\/uploads\/2023\/07\/student-madrid-768x768.jpg 768w, https:\/\/www.escuela-hablamos.com\/wp-content\/uploads\/2023\/07\/student-madrid-12x12.jpg 12w, https:\/\/www.escuela-hablamos.com\/wp-content\/uploads\/2023\/07\/student-madrid-350x350.jpg 350w, https:\/\/www.escuela-hablamos.com\/wp-content\/uploads\/2023\/07\/student-madrid-348x348.jpg 348w, https:\/\/www.escuela-hablamos.com\/wp-content\/uploads\/2023\/07\/student-madrid-uai-720x720.jpg 720w\" sizes=\"(max-width: 900px) 100vw, 900px\" \/><\/a><\/div>\n\t\t\t\t\t<\/div>\n\t\t\t\t<\/div><div class=\"t-entry-text\">\n\t\t\t\t\t\t\t\t\t<div class=\"t-entry-text-tc half-block-padding\"><div class=\"t-entry\"><h2 class=\"t-entry-title h3 title-scale\"><a href=\"https:\/\/www.escuela-hablamos.com\/ko\/estudiar-espanol-en-espana-por-supuesto\/\" target=\"_self\">\u00bfEstudiar espa\u00f1ol en Espa\u00f1a? \u00a1Por supuesto!<\/a><\/h2><div class=\"t-entry-excerpt\"><p>El espa\u00f1ol es uno de los idiomas m\u00e1s hablados en el mundo. Cuenta con casi 493 millones de\u2026<\/p><\/div><p class=\"t-entry-readmore btn-container\"><a href=\"https:\/\/www.escuela-hablamos.com\/ko\/estudiar-espanol-en-espana-por-supuesto\/\" class=\"btn btn-default btn-sm\" target=\"_self\">Read More<\/a><\/p><\/div><\/div>\n\t\t\t\t\t\t\t<\/div><\/div><\/div><div class=\"tmb atc-typography-inherit tmb-iso-w4 tmb-iso-h4 tmb-round img-round-xl tmb-light tmb-overlay-text-anim tmb-overlay-showed tmb-overlay-anim tmb-content-center tmb-content-mobile-center tmb-text-space-reduced tmb-image-color-anim tmb-image-anim-magnetic tmb-bordered  grid-cat-9 grid-cat-8 grid-cat-6 tmb-id-4992 tmb-content-under tmb-media-first\" ><div class=\"t-inside style-Hablamos-blue3-bg animate_when_almost_visible top-t-bottom\" data-cursor=\"icon-accent\"><div class=\"t-entry-visual\"><div class=\"t-entry-visual-tc\"><div class=\"t-entry-visual-cont\"><div class=\"dummy\" style=\"padding-top: 100%;\"><\/div><a role=\"button\" tabindex=\"-1\" href=\"https:\/\/www.escuela-hablamos.com\/ko\/descubre-el-paisaje-de-la-luz-de-madrid\/\" class=\"pushed\" aria-label=\"Descubre el Paisaje de la Luz de Madrid\"  target=\"_self\" data-lb-index=\"56\"><div class=\"t-entry-visual-overlay\"><div class=\"t-entry-visual-overlay-in style-dark-bg\" style=\"opacity: 0.01;\"><\/div><\/div><img decoding=\"async\" class=\"wp-image-4993\" src=\"https:\/\/www.escuela-hablamos.com\/wp-content\/uploads\/2023\/07\/pluz.jpg\" width=\"900\" height=\"900\" alt=\"Descubre el Paisaje de la Luz de Madrid\" srcset=\"https:\/\/www.escuela-hablamos.com\/wp-content\/uploads\/2023\/07\/pluz.jpg 900w, https:\/\/www.escuela-hablamos.com\/wp-content\/uploads\/2023\/07\/pluz-300x300.jpg 300w, https:\/\/www.escuela-hablamos.com\/wp-content\/uploads\/2023\/07\/pluz-150x150.jpg 150w, https:\/\/www.escuela-hablamos.com\/wp-content\/uploads\/2023\/07\/pluz-768x768.jpg 768w, https:\/\/www.escuela-hablamos.com\/wp-content\/uploads\/2023\/07\/pluz-12x12.jpg 12w, https:\/\/www.escuela-hablamos.com\/wp-content\/uploads\/2023\/07\/pluz-350x350.jpg 350w, https:\/\/www.escuela-hablamos.com\/wp-content\/uploads\/2023\/07\/pluz-348x348.jpg 348w, https:\/\/www.escuela-hablamos.com\/wp-content\/uploads\/2023\/07\/pluz-uai-720x720.jpg 720w\" sizes=\"(max-width: 900px) 100vw, 900px\" \/><\/a><\/div>\n\t\t\t\t\t<\/div>\n\t\t\t\t<\/div><div class=\"t-entry-text\">\n\t\t\t\t\t\t\t\t\t<div class=\"t-entry-text-tc half-block-padding\"><div class=\"t-entry\"><h2 class=\"t-entry-title h3 title-scale\"><a href=\"https:\/\/www.escuela-hablamos.com\/ko\/descubre-el-paisaje-de-la-luz-de-madrid\/\" target=\"_self\">Descubre el Paisaje de la Luz de Madrid<\/a><\/h2><div class=\"t-entry-excerpt\"><p>Todos los d\u00edas los estudiantes de hablamos traen a clase preguntas \u201cdel exterior\u201d. Frases que han\u2026<\/p><\/div><p class=\"t-entry-readmore btn-container\"><a href=\"https:\/\/www.escuela-hablamos.com\/ko\/descubre-el-paisaje-de-la-luz-de-madrid\/\" class=\"btn btn-default btn-sm\" target=\"_self\">Read More<\/a><\/p><\/div><\/div>\n\t\t\t\t\t\t\t<\/div><\/div><\/div><div class=\"tmb atc-typography-inherit tmb-iso-w4 tmb-iso-h4 tmb-round img-round-xl tmb-light tmb-overlay-text-anim tmb-overlay-showed tmb-overlay-anim tmb-content-center tmb-content-mobile-center tmb-text-space-reduced tmb-image-color-anim tmb-image-anim-magnetic tmb-bordered  grid-cat-9 grid-cat-8 grid-cat-6 tmb-id-4841 tmb-content-under tmb-media-first\" ><div class=\"t-inside style-Hablamos-blue3-bg animate_when_almost_visible top-t-bottom\" data-cursor=\"icon-accent\"><div class=\"t-entry-visual\"><div class=\"t-entry-visual-tc\"><div class=\"t-entry-visual-cont\"><div class=\"dummy\" style=\"padding-top: 100%;\"><\/div><a role=\"button\" tabindex=\"-1\" href=\"https:\/\/www.escuela-hablamos.com\/ko\/verano-en-madrid\/\" class=\"pushed\" aria-label=\"Verano en Madrid\"  target=\"_self\" data-lb-index=\"57\"><div class=\"t-entry-visual-overlay\"><div class=\"t-entry-visual-overlay-in style-dark-bg\" style=\"opacity: 0.01;\"><\/div><\/div><img decoding=\"async\" class=\"wp-image-4842\" src=\"https:\/\/www.escuela-hablamos.com\/wp-content\/uploads\/2023\/07\/summer-madrid.jpg\" width=\"1107\" height=\"1107\" alt=\"Verano en Madrid\" srcset=\"https:\/\/www.escuela-hablamos.com\/wp-content\/uploads\/2023\/07\/summer-madrid.jpg 1107w, https:\/\/www.escuela-hablamos.com\/wp-content\/uploads\/2023\/07\/summer-madrid-300x300.jpg 300w, https:\/\/www.escuela-hablamos.com\/wp-content\/uploads\/2023\/07\/summer-madrid-1024x1024.jpg 1024w, https:\/\/www.escuela-hablamos.com\/wp-content\/uploads\/2023\/07\/summer-madrid-150x150.jpg 150w, https:\/\/www.escuela-hablamos.com\/wp-content\/uploads\/2023\/07\/summer-madrid-768x768.jpg 768w, https:\/\/www.escuela-hablamos.com\/wp-content\/uploads\/2023\/07\/summer-madrid-12x12.jpg 12w, https:\/\/www.escuela-hablamos.com\/wp-content\/uploads\/2023\/07\/summer-madrid-350x350.jpg 350w, https:\/\/www.escuela-hablamos.com\/wp-content\/uploads\/2023\/07\/summer-madrid-348x348.jpg 348w, https:\/\/www.escuela-hablamos.com\/wp-content\/uploads\/2023\/07\/summer-madrid-uai-720x720.jpg 720w, https:\/\/www.escuela-hablamos.com\/wp-content\/uploads\/2023\/07\/summer-madrid-uai-1032x1032.jpg 1032w\" sizes=\"(max-width: 1107px) 100vw, 1107px\" \/><\/a><\/div>\n\t\t\t\t\t<\/div>\n\t\t\t\t<\/div><div class=\"t-entry-text\">\n\t\t\t\t\t\t\t\t\t<div class=\"t-entry-text-tc half-block-padding\"><div class=\"t-entry\"><h2 class=\"t-entry-title h3 title-scale\"><a href=\"https:\/\/www.escuela-hablamos.com\/ko\/verano-en-madrid\/\" target=\"_self\">Verano en Madrid<\/a><\/h2><div class=\"t-entry-excerpt\"><p>It\u2019s finally el verano (the summer) - \u00a1fant\u00e1stico!\n<\/p><\/div><p class=\"t-entry-readmore btn-container\"><a href=\"https:\/\/www.escuela-hablamos.com\/ko\/verano-en-madrid\/\" class=\"btn btn-default btn-sm\" target=\"_self\">Read More<\/a><\/p><\/div><\/div>\n\t\t\t\t\t\t\t<\/div><\/div><\/div><div class=\"tmb atc-typography-inherit tmb-iso-w4 tmb-iso-h4 tmb-round img-round-xl tmb-light tmb-overlay-text-anim tmb-overlay-showed tmb-overlay-anim tmb-content-center tmb-content-mobile-center tmb-text-space-reduced tmb-image-color-anim tmb-image-anim-magnetic tmb-bordered  grid-cat-9 grid-cat-8 grid-cat-6 tmb-id-4592 tmb-content-under tmb-media-first\" ><div class=\"t-inside style-Hablamos-blue3-bg animate_when_almost_visible top-t-bottom\" data-cursor=\"icon-accent\"><div class=\"t-entry-visual\"><div class=\"t-entry-visual-tc\"><div class=\"t-entry-visual-cont\"><div class=\"dummy\" style=\"padding-top: 100%;\"><\/div><a role=\"button\" tabindex=\"-1\" href=\"https:\/\/www.escuela-hablamos.com\/ko\/feliz-dia-del-libro-como-y-donde-celebrarlo\/\" class=\"pushed\" aria-label=\"\u00a1Feliz D\u00eda del Libro! C\u00f3mo y d\u00f3nde celebrarlo\"  target=\"_self\" data-lb-index=\"58\"><div class=\"t-entry-visual-overlay\"><div class=\"t-entry-visual-overlay-in style-dark-bg\" style=\"opacity: 0.01;\"><\/div><\/div><img decoding=\"async\" class=\"wp-image-4593\" src=\"https:\/\/www.escuela-hablamos.com\/wp-content\/uploads\/2023\/05\/good-books.jpg\" width=\"900\" height=\"900\" alt=\"\u00a1Feliz D\u00eda del Libro! C\u00f3mo y d\u00f3nde celebrarlo\" srcset=\"https:\/\/www.escuela-hablamos.com\/wp-content\/uploads\/2023\/05\/good-books.jpg 900w, https:\/\/www.escuela-hablamos.com\/wp-content\/uploads\/2023\/05\/good-books-300x300.jpg 300w, https:\/\/www.escuela-hablamos.com\/wp-content\/uploads\/2023\/05\/good-books-150x150.jpg 150w, https:\/\/www.escuela-hablamos.com\/wp-content\/uploads\/2023\/05\/good-books-768x768.jpg 768w, https:\/\/www.escuela-hablamos.com\/wp-content\/uploads\/2023\/05\/good-books-12x12.jpg 12w, https:\/\/www.escuela-hablamos.com\/wp-content\/uploads\/2023\/05\/good-books-350x350.jpg 350w, https:\/\/www.escuela-hablamos.com\/wp-content\/uploads\/2023\/05\/good-books-348x348.jpg 348w, https:\/\/www.escuela-hablamos.com\/wp-content\/uploads\/2023\/05\/good-books-uai-720x720.jpg 720w\" sizes=\"(max-width: 900px) 100vw, 900px\" \/><\/a><\/div>\n\t\t\t\t\t<\/div>\n\t\t\t\t<\/div><div class=\"t-entry-text\">\n\t\t\t\t\t\t\t\t\t<div class=\"t-entry-text-tc half-block-padding\"><div class=\"t-entry\"><h2 class=\"t-entry-title h3 title-scale\"><a href=\"https:\/\/www.escuela-hablamos.com\/ko\/feliz-dia-del-libro-como-y-donde-celebrarlo\/\" target=\"_self\">\u00a1Feliz D\u00eda del Libro! C\u00f3mo y d\u00f3nde celebrarlo<\/a><\/h2><div class=\"t-entry-excerpt\"><p>El d\u00eda 23 de abril se celebra el D\u00eda del Libro\n<\/p><\/div><p class=\"t-entry-readmore btn-container\"><a href=\"https:\/\/www.escuela-hablamos.com\/ko\/feliz-dia-del-libro-como-y-donde-celebrarlo\/\" class=\"btn btn-default btn-sm\" target=\"_self\">Read More<\/a><\/p><\/div><\/div>\n\t\t\t\t\t\t\t<\/div><\/div><\/div><div class=\"tmb atc-typography-inherit tmb-iso-w4 tmb-iso-h4 tmb-round img-round-xl tmb-light tmb-overlay-text-anim tmb-overlay-showed tmb-overlay-anim tmb-content-center tmb-content-mobile-center tmb-text-space-reduced tmb-image-color-anim tmb-image-anim-magnetic tmb-bordered  grid-cat-9 grid-cat-8 grid-cat-6 tmb-id-4374 tmb-content-under tmb-media-first\" ><div class=\"t-inside style-Hablamos-blue3-bg animate_when_almost_visible top-t-bottom\" data-cursor=\"icon-accent\"><div class=\"t-entry-visual\"><div class=\"t-entry-visual-tc\"><div class=\"t-entry-visual-cont\"><div class=\"dummy\" style=\"padding-top: 100%;\"><\/div><a role=\"button\" tabindex=\"-1\" href=\"https:\/\/www.escuela-hablamos.com\/ko\/el-reina-sofia-un-museo-con-mucha-historia\/\" class=\"pushed\" aria-label=\"El Reina Sof\u00eda, un museo con mucha historia\"  target=\"_self\" data-lb-index=\"59\"><div class=\"t-entry-visual-overlay\"><div class=\"t-entry-visual-overlay-in style-dark-bg\" style=\"opacity: 0.01;\"><\/div><\/div><img decoding=\"async\" class=\"wp-image-4375\" src=\"https:\/\/www.escuela-hablamos.com\/wp-content\/uploads\/2023\/04\/mrs.jpg\" width=\"825\" height=\"825\" alt=\"El Reina Sof\u00eda, un museo con mucha historia\" srcset=\"https:\/\/www.escuela-hablamos.com\/wp-content\/uploads\/2023\/04\/mrs.jpg 825w, https:\/\/www.escuela-hablamos.com\/wp-content\/uploads\/2023\/04\/mrs-300x300.jpg 300w, https:\/\/www.escuela-hablamos.com\/wp-content\/uploads\/2023\/04\/mrs-150x150.jpg 150w, https:\/\/www.escuela-hablamos.com\/wp-content\/uploads\/2023\/04\/mrs-768x768.jpg 768w, https:\/\/www.escuela-hablamos.com\/wp-content\/uploads\/2023\/04\/mrs-12x12.jpg 12w, https:\/\/www.escuela-hablamos.com\/wp-content\/uploads\/2023\/04\/mrs-uai-720x720.jpg 720w\" sizes=\"(max-width: 825px) 100vw, 825px\" \/><\/a><\/div>\n\t\t\t\t\t<\/div>\n\t\t\t\t<\/div><div class=\"t-entry-text\">\n\t\t\t\t\t\t\t\t\t<div class=\"t-entry-text-tc half-block-padding\"><div class=\"t-entry\"><h2 class=\"t-entry-title h3 title-scale\"><a href=\"https:\/\/www.escuela-hablamos.com\/ko\/el-reina-sofia-un-museo-con-mucha-historia\/\" target=\"_self\">El Reina Sof\u00eda, un museo con mucha historia<\/a><\/h2><div class=\"t-entry-excerpt\"><p>Si vienes a estudiar espa\u00f1ol en Madrid seguro que visitar\u00e1s el Museo Nacional Centro de Arte Reina\u2026<\/p><\/div><p class=\"t-entry-readmore btn-container\"><a href=\"https:\/\/www.escuela-hablamos.com\/ko\/el-reina-sofia-un-museo-con-mucha-historia\/\" class=\"btn btn-default btn-sm\" target=\"_self\">Read More<\/a><\/p><\/div><\/div>\n\t\t\t\t\t\t\t<\/div><\/div><\/div><div class=\"tmb atc-typography-inherit tmb-iso-w4 tmb-iso-h4 tmb-round img-round-xl tmb-light tmb-overlay-text-anim tmb-overlay-showed tmb-overlay-anim tmb-content-center tmb-content-mobile-center tmb-text-space-reduced tmb-image-color-anim tmb-image-anim-magnetic tmb-bordered  grid-cat-8 grid-cat-6 tmb-id-3992 tmb-content-under tmb-media-first\" ><div class=\"t-inside style-Hablamos-blue3-bg animate_when_almost_visible top-t-bottom\" data-cursor=\"icon-accent\"><div class=\"t-entry-visual\"><div class=\"t-entry-visual-tc\"><div class=\"t-entry-visual-cont\"><div class=\"dummy\" style=\"padding-top: 100%;\"><\/div><a role=\"button\" tabindex=\"-1\" href=\"https:\/\/www.escuela-hablamos.com\/ko\/el-museo-del-prado-los-imprescindibles\/\" class=\"pushed\" aria-label=\"El Museo del Prado: los imprescindibles\"  target=\"_self\" data-lb-index=\"60\"><div class=\"t-entry-visual-overlay\"><div class=\"t-entry-visual-overlay-in style-dark-bg\" style=\"opacity: 0.01;\"><\/div><\/div><img decoding=\"async\" class=\"wp-image-3993\" src=\"https:\/\/www.escuela-hablamos.com\/wp-content\/uploads\/2023\/03\/jardin.jpg\" width=\"568\" height=\"568\" alt=\"El Museo del Prado: los imprescindibles\" srcset=\"https:\/\/www.escuela-hablamos.com\/wp-content\/uploads\/2023\/03\/jardin.jpg 568w, https:\/\/www.escuela-hablamos.com\/wp-content\/uploads\/2023\/03\/jardin-300x300.jpg 300w, https:\/\/www.escuela-hablamos.com\/wp-content\/uploads\/2023\/03\/jardin-150x150.jpg 150w, https:\/\/www.escuela-hablamos.com\/wp-content\/uploads\/2023\/03\/jardin-12x12.jpg 12w\" sizes=\"(max-width: 568px) 100vw, 568px\" \/><\/a><\/div>\n\t\t\t\t\t<\/div>\n\t\t\t\t<\/div><div class=\"t-entry-text\">\n\t\t\t\t\t\t\t\t\t<div class=\"t-entry-text-tc half-block-padding\"><div class=\"t-entry\"><h2 class=\"t-entry-title h3 title-scale\"><a href=\"https:\/\/www.escuela-hablamos.com\/ko\/el-museo-del-prado-los-imprescindibles\/\" target=\"_self\">El Museo del Prado: Los imprescindibles<\/a><\/h2><div class=\"t-entry-excerpt\"><p>Aprende el espa\u00f1ol de forma original, paseando por las calles de Madrid y visitando sus museos\n<\/p><\/div><p class=\"t-entry-readmore btn-container\"><a href=\"https:\/\/www.escuela-hablamos.com\/ko\/el-museo-del-prado-los-imprescindibles\/\" class=\"btn btn-default btn-sm\" target=\"_self\">Read More<\/a><\/p><\/div><\/div>\n\t\t\t\t\t\t\t<\/div><\/div><\/div><div class=\"tmb atc-typography-inherit tmb-iso-w4 tmb-iso-h4 tmb-round img-round-xl tmb-light tmb-overlay-text-anim tmb-overlay-showed tmb-overlay-anim tmb-content-center tmb-content-mobile-center tmb-text-space-reduced tmb-image-color-anim tmb-image-anim-magnetic tmb-bordered  grid-cat-8 grid-cat-6 tmb-id-3712 tmb-content-under tmb-media-first\" ><div class=\"t-inside style-Hablamos-blue3-bg animate_when_almost_visible top-t-bottom\" data-cursor=\"icon-accent\"><div class=\"t-entry-visual\"><div class=\"t-entry-visual-tc\"><div class=\"t-entry-visual-cont\"><div class=\"dummy\" style=\"padding-top: 100%;\"><\/div><a role=\"button\" tabindex=\"-1\" href=\"https:\/\/www.escuela-hablamos.com\/ko\/conoces-lavapies\/\" class=\"pushed\" aria-label=\"Lavapi\u00e9s, en el centro de Madrid\"  target=\"_self\" data-lb-index=\"61\"><div class=\"t-entry-visual-overlay\"><div class=\"t-entry-visual-overlay-in style-dark-bg\" style=\"opacity: 0.01;\"><\/div><\/div><img decoding=\"async\" class=\"wp-image-3713\" src=\"https:\/\/www.escuela-hablamos.com\/wp-content\/uploads\/2023\/02\/lavapies.jpg\" width=\"640\" height=\"640\" alt=\"Lavapi\u00e9s, en el centro de Madrid\" srcset=\"https:\/\/www.escuela-hablamos.com\/wp-content\/uploads\/2023\/02\/lavapies.jpg 640w, https:\/\/www.escuela-hablamos.com\/wp-content\/uploads\/2023\/02\/lavapies-300x300.jpg 300w, https:\/\/www.escuela-hablamos.com\/wp-content\/uploads\/2023\/02\/lavapies-150x150.jpg 150w, https:\/\/www.escuela-hablamos.com\/wp-content\/uploads\/2023\/02\/lavapies-12x12.jpg 12w\" sizes=\"(max-width: 640px) 100vw, 640px\" \/><\/a><\/div>\n\t\t\t\t\t<\/div>\n\t\t\t\t<\/div><div class=\"t-entry-text\">\n\t\t\t\t\t\t\t\t\t<div class=\"t-entry-text-tc half-block-padding\"><div class=\"t-entry\"><h2 class=\"t-entry-title h3 title-scale\"><a href=\"https:\/\/www.escuela-hablamos.com\/ko\/conoces-lavapies\/\" target=\"_self\">\u00bfConoces Lavapi\u00e9s?<\/a><\/h2><div class=\"t-entry-excerpt\"><p>Lavapi\u00e9s se ha considerado como un icono del casticismo madrile\u00f1o\n<\/p><\/div><p class=\"t-entry-readmore btn-container\"><a href=\"https:\/\/www.escuela-hablamos.com\/ko\/conoces-lavapies\/\" class=\"btn btn-default btn-sm\" target=\"_self\">Read More<\/a><\/p><\/div><\/div>\n\t\t\t\t\t\t\t<\/div><\/div><\/div><div class=\"tmb atc-typography-inherit tmb-iso-w4 tmb-iso-h4 tmb-round img-round-xl tmb-light tmb-overlay-text-anim tmb-overlay-showed tmb-overlay-anim tmb-content-center tmb-content-mobile-center tmb-text-space-reduced tmb-image-color-anim tmb-image-anim-magnetic tmb-bordered  grid-cat-8 grid-cat-6 tmb-id-3316 tmb-content-under tmb-media-first\" ><div class=\"t-inside style-Hablamos-blue3-bg animate_when_almost_visible top-t-bottom\" data-cursor=\"icon-accent\"><div class=\"t-entry-visual\"><div class=\"t-entry-visual-tc\"><div class=\"t-entry-visual-cont\"><div class=\"dummy\" style=\"padding-top: 100%;\"><\/div><a role=\"button\" tabindex=\"-1\" href=\"https:\/\/www.escuela-hablamos.com\/ko\/el-museo-nacional-centro-de-arte-reina-sofia\/\" class=\"pushed\" aria-label=\"El Museo Nacional Centro de Arte Reina Sof\u00eda\"  target=\"_self\" data-lb-index=\"62\"><div class=\"t-entry-visual-overlay\"><div class=\"t-entry-visual-overlay-in style-dark-bg\" style=\"opacity: 0.01;\"><\/div><\/div><img decoding=\"async\" class=\"wp-image-3318\" src=\"https:\/\/www.escuela-hablamos.com\/wp-content\/uploads\/2023\/01\/sofia.jpg\" width=\"798\" height=\"798\" alt=\"El Museo Nacional Centro de Arte Reina Sof\u00eda\" srcset=\"https:\/\/www.escuela-hablamos.com\/wp-content\/uploads\/2023\/01\/sofia.jpg 798w, https:\/\/www.escuela-hablamos.com\/wp-content\/uploads\/2023\/01\/sofia-300x300.jpg 300w, https:\/\/www.escuela-hablamos.com\/wp-content\/uploads\/2023\/01\/sofia-150x150.jpg 150w, https:\/\/www.escuela-hablamos.com\/wp-content\/uploads\/2023\/01\/sofia-768x768.jpg 768w, https:\/\/www.escuela-hablamos.com\/wp-content\/uploads\/2023\/01\/sofia-12x12.jpg 12w, https:\/\/www.escuela-hablamos.com\/wp-content\/uploads\/2023\/01\/sofia-uai-720x720.jpg 720w\" sizes=\"(max-width: 798px) 100vw, 798px\" \/><\/a><\/div>\n\t\t\t\t\t<\/div>\n\t\t\t\t<\/div><div class=\"t-entry-text\">\n\t\t\t\t\t\t\t\t\t<div class=\"t-entry-text-tc half-block-padding\"><div class=\"t-entry\"><h2 class=\"t-entry-title h3 title-scale\"><a href=\"https:\/\/www.escuela-hablamos.com\/ko\/el-museo-nacional-centro-de-arte-reina-sofia\/\" target=\"_self\">El Museo Nacional Centro de Arte Reina Sof\u00eda<\/a><\/h2><div class=\"t-entry-excerpt\"><p>Con las clases de espa\u00f1ol que ofrece Hablamos, adem\u00e1s de aprender el idioma, podr\u00e1s visitar y\u2026<\/p><\/div><p class=\"t-entry-readmore btn-container\"><a href=\"https:\/\/www.escuela-hablamos.com\/ko\/el-museo-nacional-centro-de-arte-reina-sofia\/\" class=\"btn btn-default btn-sm\" target=\"_self\">Read More<\/a><\/p><\/div><\/div>\n\t\t\t\t\t\t\t<\/div><\/div><\/div><div class=\"tmb atc-typography-inherit tmb-iso-w4 tmb-iso-h4 tmb-round img-round-xl tmb-light tmb-overlay-text-anim tmb-overlay-showed tmb-overlay-anim tmb-content-center tmb-content-mobile-center tmb-text-space-reduced tmb-image-color-anim tmb-image-anim-magnetic tmb-bordered  grid-cat-9 grid-cat-8 grid-cat-6 tmb-id-2963 tmb-content-under tmb-media-first\" ><div class=\"t-inside style-Hablamos-blue3-bg animate_when_almost_visible top-t-bottom\" data-cursor=\"icon-accent\"><div class=\"t-entry-visual\"><div class=\"t-entry-visual-tc\"><div class=\"t-entry-visual-cont\"><div class=\"dummy\" style=\"padding-top: 100%;\"><\/div><a role=\"button\" tabindex=\"-1\" href=\"https:\/\/www.escuela-hablamos.com\/ko\/los-museos-municipales-de-madrid\/\" class=\"pushed\" aria-label=\"Los Museos Municipales de Madrid\"  target=\"_self\" data-lb-index=\"63\"><div class=\"t-entry-visual-overlay\"><div class=\"t-entry-visual-overlay-in style-dark-bg\" style=\"opacity: 0.01;\"><\/div><\/div><img decoding=\"async\" class=\"wp-image-2964\" src=\"https:\/\/www.escuela-hablamos.com\/wp-content\/uploads\/2022\/11\/chic-museo.jpg\" width=\"1000\" height=\"1000\" alt=\"Los Museos Municipales de Madrid\" srcset=\"https:\/\/www.escuela-hablamos.com\/wp-content\/uploads\/2022\/11\/chic-museo.jpg 1000w, https:\/\/www.escuela-hablamos.com\/wp-content\/uploads\/2022\/11\/chic-museo-300x300.jpg 300w, https:\/\/www.escuela-hablamos.com\/wp-content\/uploads\/2022\/11\/chic-museo-150x150.jpg 150w, https:\/\/www.escuela-hablamos.com\/wp-content\/uploads\/2022\/11\/chic-museo-768x768.jpg 768w, https:\/\/www.escuela-hablamos.com\/wp-content\/uploads\/2022\/11\/chic-museo-12x12.jpg 12w, https:\/\/www.escuela-hablamos.com\/wp-content\/uploads\/2022\/11\/chic-museo-uai-720x720.jpg 720w\" sizes=\"(max-width: 1000px) 100vw, 1000px\" \/><\/a><\/div>\n\t\t\t\t\t<\/div>\n\t\t\t\t<\/div><div class=\"t-entry-text\">\n\t\t\t\t\t\t\t\t\t<div class=\"t-entry-text-tc half-block-padding\"><div class=\"t-entry\"><h2 class=\"t-entry-title h3 title-scale\"><a href=\"https:\/\/www.escuela-hablamos.com\/ko\/los-museos-municipales-de-madrid\/\" target=\"_self\">Los Museos Municipales de Madrid<\/a><\/h2><div class=\"t-entry-excerpt\"><p>Encuentra un curso de espa\u00f1ol para extranjeros especial y diferente que incluye actividades\u2026<\/p><\/div><p class=\"t-entry-readmore btn-container\"><a href=\"https:\/\/www.escuela-hablamos.com\/ko\/los-museos-municipales-de-madrid\/\" class=\"btn btn-default btn-sm\" target=\"_self\">Read More<\/a><\/p><\/div><\/div>\n\t\t\t\t\t\t\t<\/div><\/div><\/div><div class=\"tmb atc-typography-inherit tmb-iso-w4 tmb-iso-h4 tmb-round img-round-xl tmb-light tmb-overlay-text-anim tmb-overlay-showed tmb-overlay-anim tmb-content-center tmb-content-mobile-center tmb-text-space-reduced tmb-image-color-anim tmb-image-anim-magnetic tmb-bordered  grid-cat-9 grid-cat-8 grid-cat-6 tmb-id-2914 tmb-content-under tmb-media-first\" ><div class=\"t-inside style-Hablamos-blue3-bg animate_when_almost_visible top-t-bottom\" data-cursor=\"icon-accent\"><div class=\"t-entry-visual\"><div class=\"t-entry-visual-tc\"><div class=\"t-entry-visual-cont\"><div class=\"dummy\" style=\"padding-top: 100%;\"><\/div><a role=\"button\" tabindex=\"-1\" href=\"https:\/\/www.escuela-hablamos.com\/ko\/tapas-y-tabernas-en-madrid\/\" class=\"pushed\" aria-label=\"Tapas y tabernas en Madrid\"  target=\"_self\" data-lb-index=\"64\"><div class=\"t-entry-visual-overlay\"><div class=\"t-entry-visual-overlay-in style-dark-bg\" style=\"opacity: 0.01;\"><\/div><\/div><img decoding=\"async\" class=\"wp-image-2915\" src=\"https:\/\/www.escuela-hablamos.com\/wp-content\/uploads\/2022\/11\/tapas-madrid.jpg\" width=\"1200\" height=\"1200\" alt=\"Tapas y tabernas en Madrid\" srcset=\"https:\/\/www.escuela-hablamos.com\/wp-content\/uploads\/2022\/11\/tapas-madrid.jpg 1200w, https:\/\/www.escuela-hablamos.com\/wp-content\/uploads\/2022\/11\/tapas-madrid-300x300.jpg 300w, https:\/\/www.escuela-hablamos.com\/wp-content\/uploads\/2022\/11\/tapas-madrid-1024x1024.jpg 1024w, https:\/\/www.escuela-hablamos.com\/wp-content\/uploads\/2022\/11\/tapas-madrid-150x150.jpg 150w, https:\/\/www.escuela-hablamos.com\/wp-content\/uploads\/2022\/11\/tapas-madrid-768x768.jpg 768w, https:\/\/www.escuela-hablamos.com\/wp-content\/uploads\/2022\/11\/tapas-madrid-12x12.jpg 12w, https:\/\/www.escuela-hablamos.com\/wp-content\/uploads\/2022\/11\/tapas-madrid-uai-720x720.jpg 720w, https:\/\/www.escuela-hablamos.com\/wp-content\/uploads\/2022\/11\/tapas-madrid-uai-1032x1032.jpg 1032w\" sizes=\"(max-width: 1200px) 100vw, 1200px\" \/><\/a><\/div>\n\t\t\t\t\t<\/div>\n\t\t\t\t<\/div><div class=\"t-entry-text\">\n\t\t\t\t\t\t\t\t\t<div class=\"t-entry-text-tc half-block-padding\"><div class=\"t-entry\"><h2 class=\"t-entry-title h3 title-scale\"><a href=\"https:\/\/www.escuela-hablamos.com\/ko\/tapas-y-tabernas-en-madrid\/\" target=\"_self\">Tapas y tabernas en Madrid<\/a><\/h2><div class=\"t-entry-excerpt\"><p>\u00bfBuscas un curso de espa\u00f1ol en Madrid para extranjeros diferente? No lo dudes y ap\u00fantate a\u2026<\/p><\/div><p class=\"t-entry-readmore btn-container\"><a href=\"https:\/\/www.escuela-hablamos.com\/ko\/tapas-y-tabernas-en-madrid\/\" class=\"btn btn-default btn-sm\" target=\"_self\">Read More<\/a><\/p><\/div><\/div>\n\t\t\t\t\t\t\t<\/div><\/div><\/div><div class=\"tmb atc-typography-inherit tmb-iso-w4 tmb-iso-h4 tmb-round img-round-xl tmb-light tmb-overlay-text-anim tmb-overlay-showed tmb-overlay-anim tmb-content-center tmb-content-mobile-center tmb-text-space-reduced tmb-image-color-anim tmb-image-anim-magnetic tmb-bordered  grid-cat-9 grid-cat-8 grid-cat-6 tmb-id-2799 tmb-content-under tmb-media-first\" ><div class=\"t-inside style-Hablamos-blue3-bg animate_when_almost_visible top-t-bottom\" data-cursor=\"icon-accent\"><div class=\"t-entry-visual\"><div class=\"t-entry-visual-tc\"><div class=\"t-entry-visual-cont\"><div class=\"dummy\" style=\"padding-top: 100%;\"><\/div><a role=\"button\" tabindex=\"-1\" href=\"https:\/\/www.escuela-hablamos.com\/ko\/un-curso-diferente-de-espanol-en-madrid-para-extranjeros\/\" class=\"pushed\" aria-label=\"Un curso diferente de espa\u00f1ol en Madrid para extranjeros\"  target=\"_self\" data-lb-index=\"65\"><div class=\"t-entry-visual-overlay\"><div class=\"t-entry-visual-overlay-in style-dark-bg\" style=\"opacity: 0.01;\"><\/div><\/div><img decoding=\"async\" class=\"wp-image-2800\" src=\"https:\/\/www.escuela-hablamos.com\/wp-content\/uploads\/2022\/11\/curso-esp.jpg\" width=\"900\" height=\"900\" alt=\"Un curso diferente de espa\u00f1ol en Madrid para extranjeros\" srcset=\"https:\/\/www.escuela-hablamos.com\/wp-content\/uploads\/2022\/11\/curso-esp.jpg 900w, https:\/\/www.escuela-hablamos.com\/wp-content\/uploads\/2022\/11\/curso-esp-300x300.jpg 300w, https:\/\/www.escuela-hablamos.com\/wp-content\/uploads\/2022\/11\/curso-esp-150x150.jpg 150w, https:\/\/www.escuela-hablamos.com\/wp-content\/uploads\/2022\/11\/curso-esp-768x768.jpg 768w, https:\/\/www.escuela-hablamos.com\/wp-content\/uploads\/2022\/11\/curso-esp-12x12.jpg 12w, https:\/\/www.escuela-hablamos.com\/wp-content\/uploads\/2022\/11\/curso-esp-uai-720x720.jpg 720w\" sizes=\"(max-width: 900px) 100vw, 900px\" \/><\/a><\/div>\n\t\t\t\t\t<\/div>\n\t\t\t\t<\/div><div class=\"t-entry-text\">\n\t\t\t\t\t\t\t\t\t<div class=\"t-entry-text-tc half-block-padding\"><div class=\"t-entry\"><h2 class=\"t-entry-title h3 title-scale\"><a href=\"https:\/\/www.escuela-hablamos.com\/ko\/un-curso-diferente-de-espanol-en-madrid-para-extranjeros\/\" target=\"_self\">Un curso diferente de espa\u00f1ol en Madrid para extranjeros<\/a><\/h2><div class=\"t-entry-excerpt\"><p>Si lo que buscas es un curso de espa\u00f1ol en Madrid para extranjeros diferente no lo dudes y ap\u00fantate\u2026<\/p><\/div><p class=\"t-entry-readmore btn-container\"><a href=\"https:\/\/www.escuela-hablamos.com\/ko\/un-curso-diferente-de-espanol-en-madrid-para-extranjeros\/\" class=\"btn btn-default btn-sm\" target=\"_self\">Read More<\/a><\/p><\/div><\/div>\n\t\t\t\t\t\t\t<\/div><\/div><\/div><div class=\"tmb atc-typography-inherit tmb-iso-w4 tmb-iso-h4 tmb-round img-round-xl tmb-light tmb-overlay-text-anim tmb-overlay-showed tmb-overlay-anim tmb-content-center tmb-content-mobile-center tmb-text-space-reduced tmb-image-color-anim tmb-image-anim-magnetic tmb-bordered  grid-cat-9 grid-cat-8 grid-cat-6 tmb-id-2566 tmb-content-under tmb-media-first\" ><div class=\"t-inside style-Hablamos-blue3-bg animate_when_almost_visible top-t-bottom\" data-cursor=\"icon-accent\"><div class=\"t-entry-visual\"><div class=\"t-entry-visual-tc\"><div class=\"t-entry-visual-cont\"><div class=\"dummy\" style=\"padding-top: 100%;\"><\/div><a role=\"button\" tabindex=\"-1\" href=\"https:\/\/www.escuela-hablamos.com\/ko\/madrid-y-sus-curiosidades-curiosities-about-madrid\/\" class=\"pushed\" aria-label=\"Madrid y sus curiosidades \u2013 Curiosities about Madrid\"  target=\"_self\" data-lb-index=\"66\"><div class=\"t-entry-visual-overlay\"><div class=\"t-entry-visual-overlay-in style-dark-bg\" style=\"opacity: 0.01;\"><\/div><\/div><img decoding=\"async\" class=\"wp-image-2567\" src=\"https:\/\/www.escuela-hablamos.com\/wp-content\/uploads\/2022\/10\/a-cat.jpg\" width=\"1200\" height=\"1200\" alt=\"Madrid y sus curiosidades \u2013 Curiosities about Madrid\" srcset=\"https:\/\/www.escuela-hablamos.com\/wp-content\/uploads\/2022\/10\/a-cat.jpg 1200w, https:\/\/www.escuela-hablamos.com\/wp-content\/uploads\/2022\/10\/a-cat-300x300.jpg 300w, https:\/\/www.escuela-hablamos.com\/wp-content\/uploads\/2022\/10\/a-cat-1024x1024.jpg 1024w, https:\/\/www.escuela-hablamos.com\/wp-content\/uploads\/2022\/10\/a-cat-150x150.jpg 150w, https:\/\/www.escuela-hablamos.com\/wp-content\/uploads\/2022\/10\/a-cat-768x768.jpg 768w, https:\/\/www.escuela-hablamos.com\/wp-content\/uploads\/2022\/10\/a-cat-12x12.jpg 12w, https:\/\/www.escuela-hablamos.com\/wp-content\/uploads\/2022\/10\/a-cat-uai-720x720.jpg 720w, https:\/\/www.escuela-hablamos.com\/wp-content\/uploads\/2022\/10\/a-cat-uai-1032x1032.jpg 1032w\" sizes=\"(max-width: 1200px) 100vw, 1200px\" \/><\/a><\/div>\n\t\t\t\t\t<\/div>\n\t\t\t\t<\/div><div class=\"t-entry-text\">\n\t\t\t\t\t\t\t\t\t<div class=\"t-entry-text-tc half-block-padding\"><div class=\"t-entry\"><h2 class=\"t-entry-title h3 title-scale\"><a href=\"https:\/\/www.escuela-hablamos.com\/ko\/madrid-y-sus-curiosidades-curiosities-about-madrid\/\" target=\"_self\">Madrid y sus curiosidades \u2013 Curiosities about Madrid<\/a><\/h2><div class=\"t-entry-excerpt\"><p>Madrid, a fascinating city (technically not \u2013 we\u2019ll come to that later!) which has enthralled all\u2026<\/p><\/div><p class=\"t-entry-readmore btn-container\"><a href=\"https:\/\/www.escuela-hablamos.com\/ko\/madrid-y-sus-curiosidades-curiosities-about-madrid\/\" class=\"btn btn-default btn-sm\" target=\"_self\">Read More<\/a><\/p><\/div><\/div>\n\t\t\t\t\t\t\t<\/div><\/div><\/div><div class=\"tmb atc-typography-inherit tmb-iso-w4 tmb-iso-h4 tmb-round img-round-xl tmb-light tmb-overlay-text-anim tmb-overlay-showed tmb-overlay-anim tmb-content-center tmb-content-mobile-center tmb-text-space-reduced tmb-image-color-anim tmb-image-anim-magnetic tmb-bordered  grid-cat-9 grid-cat-8 grid-cat-6 tmb-id-2453 tmb-content-under tmb-media-first\" ><div class=\"t-inside style-Hablamos-blue3-bg animate_when_almost_visible top-t-bottom\" data-cursor=\"icon-accent\"><div class=\"t-entry-visual\"><div class=\"t-entry-visual-tc\"><div class=\"t-entry-visual-cont\"><div class=\"dummy\" style=\"padding-top: 100%;\"><\/div><a role=\"button\" tabindex=\"-1\" href=\"https:\/\/www.escuela-hablamos.com\/ko\/how-to-order-typical-dishes-in-madrid\/\" class=\"pushed\" aria-label=\"How to order typical dishes in Madrid\"  target=\"_self\" data-lb-index=\"67\"><div class=\"t-entry-visual-overlay\"><div class=\"t-entry-visual-overlay-in style-dark-bg\" style=\"opacity: 0.01;\"><\/div><\/div><img decoding=\"async\" class=\"wp-image-2454\" src=\"https:\/\/www.escuela-hablamos.com\/wp-content\/uploads\/2022\/10\/bravas.jpg\" width=\"1000\" height=\"1000\" alt=\"How to order typical dishes in Madrid\" srcset=\"https:\/\/www.escuela-hablamos.com\/wp-content\/uploads\/2022\/10\/bravas.jpg 1000w, https:\/\/www.escuela-hablamos.com\/wp-content\/uploads\/2022\/10\/bravas-300x300.jpg 300w, https:\/\/www.escuela-hablamos.com\/wp-content\/uploads\/2022\/10\/bravas-150x150.jpg 150w, https:\/\/www.escuela-hablamos.com\/wp-content\/uploads\/2022\/10\/bravas-768x768.jpg 768w, https:\/\/www.escuela-hablamos.com\/wp-content\/uploads\/2022\/10\/bravas-12x12.jpg 12w, https:\/\/www.escuela-hablamos.com\/wp-content\/uploads\/2022\/10\/bravas-uai-720x720.jpg 720w\" sizes=\"(max-width: 1000px) 100vw, 1000px\" \/><\/a><\/div>\n\t\t\t\t\t<\/div>\n\t\t\t\t<\/div><div class=\"t-entry-text\">\n\t\t\t\t\t\t\t\t\t<div class=\"t-entry-text-tc half-block-padding\"><div class=\"t-entry\"><h2 class=\"t-entry-title h3 title-scale\"><a href=\"https:\/\/www.escuela-hablamos.com\/ko\/how-to-order-typical-dishes-in-madrid\/\" target=\"_self\">How to order typical dishes in Madrid<\/a><\/h2><div class=\"t-entry-excerpt\"><p>Well, now you\u2019re here, you\u2019re not going to waste the opportunity to try some great local dishes,\u2026<\/p><\/div><p class=\"t-entry-readmore btn-container\"><a href=\"https:\/\/www.escuela-hablamos.com\/ko\/how-to-order-typical-dishes-in-madrid\/\" class=\"btn btn-default btn-sm\" target=\"_self\">Read More<\/a><\/p><\/div><\/div>\n\t\t\t\t\t\t\t<\/div><\/div><\/div><div class=\"tmb atc-typography-inherit tmb-iso-w4 tmb-iso-h4 tmb-round img-round-xl tmb-light tmb-overlay-text-anim tmb-overlay-showed tmb-overlay-anim tmb-content-center tmb-content-mobile-center tmb-text-space-reduced tmb-image-color-anim tmb-image-anim-magnetic tmb-bordered  grid-cat-9 grid-cat-8 grid-cat-6 tmb-id-2439 tmb-content-under tmb-media-first\" ><div class=\"t-inside style-Hablamos-blue3-bg animate_when_almost_visible top-t-bottom\" data-cursor=\"icon-accent\"><div class=\"t-entry-visual\"><div class=\"t-entry-visual-tc\"><div class=\"t-entry-visual-cont\"><div class=\"dummy\" style=\"padding-top: 100%;\"><\/div><a role=\"button\" tabindex=\"-1\" href=\"https:\/\/www.escuela-hablamos.com\/ko\/madrid-and-literature\/\" class=\"pushed\" aria-label=\"Madrid and Literature!\"  target=\"_self\" data-lb-index=\"68\"><div class=\"t-entry-visual-overlay\"><div class=\"t-entry-visual-overlay-in style-dark-bg\" style=\"opacity: 0.01;\"><\/div><\/div><img decoding=\"async\" class=\"wp-image-2440\" src=\"https:\/\/www.escuela-hablamos.com\/wp-content\/uploads\/2022\/10\/reading.jpg\" width=\"800\" height=\"800\" alt=\"Madrid and Literature!\" srcset=\"https:\/\/www.escuela-hablamos.com\/wp-content\/uploads\/2022\/10\/reading.jpg 800w, https:\/\/www.escuela-hablamos.com\/wp-content\/uploads\/2022\/10\/reading-300x300.jpg 300w, https:\/\/www.escuela-hablamos.com\/wp-content\/uploads\/2022\/10\/reading-150x150.jpg 150w, https:\/\/www.escuela-hablamos.com\/wp-content\/uploads\/2022\/10\/reading-768x768.jpg 768w, https:\/\/www.escuela-hablamos.com\/wp-content\/uploads\/2022\/10\/reading-12x12.jpg 12w, https:\/\/www.escuela-hablamos.com\/wp-content\/uploads\/2022\/10\/reading-uai-720x720.jpg 720w\" sizes=\"(max-width: 800px) 100vw, 800px\" \/><\/a><\/div>\n\t\t\t\t\t<\/div>\n\t\t\t\t<\/div><div class=\"t-entry-text\">\n\t\t\t\t\t\t\t\t\t<div class=\"t-entry-text-tc half-block-padding\"><div class=\"t-entry\"><h2 class=\"t-entry-title h3 title-scale\"><a href=\"https:\/\/www.escuela-hablamos.com\/ko\/madrid-and-literature\/\" target=\"_self\">Madrid and Literature!<\/a><\/h2><div class=\"t-entry-excerpt\"><p>There is something magical about actually being in the place you are reading about...\n<\/p><\/div><p class=\"t-entry-readmore btn-container\"><a href=\"https:\/\/www.escuela-hablamos.com\/ko\/madrid-and-literature\/\" class=\"btn btn-default btn-sm\" target=\"_self\">Read More<\/a><\/p><\/div><\/div>\n\t\t\t\t\t\t\t<\/div><\/div><\/div><div class=\"tmb atc-typography-inherit tmb-iso-w4 tmb-iso-h4 tmb-round img-round-xl tmb-light tmb-overlay-text-anim tmb-overlay-showed tmb-overlay-anim tmb-content-center tmb-content-mobile-center tmb-text-space-reduced tmb-image-color-anim tmb-image-anim-magnetic tmb-bordered  grid-cat-9 grid-cat-8 grid-cat-6 tmb-id-2386 tmb-content-under tmb-media-first\" ><div class=\"t-inside style-Hablamos-blue3-bg animate_when_almost_visible top-t-bottom\" data-cursor=\"icon-accent\"><div class=\"t-entry-visual\"><div class=\"t-entry-visual-tc\"><div class=\"t-entry-visual-cont\"><div class=\"dummy\" style=\"padding-top: 100%;\"><\/div><a role=\"button\" tabindex=\"-1\" href=\"https:\/\/www.escuela-hablamos.com\/ko\/nightlife-in-madrid\/\" class=\"pushed\" aria-label=\"Nightlife in Madrid\"  target=\"_self\" data-lb-index=\"69\"><div class=\"t-entry-visual-overlay\"><div class=\"t-entry-visual-overlay-in style-dark-bg\" style=\"opacity: 0.01;\"><\/div><\/div><img decoding=\"async\" class=\"wp-image-2390\" src=\"https:\/\/www.escuela-hablamos.com\/wp-content\/uploads\/2022\/10\/party.jpg\" width=\"1000\" height=\"1000\" alt=\"Nightlife in Madrid\" srcset=\"https:\/\/www.escuela-hablamos.com\/wp-content\/uploads\/2022\/10\/party.jpg 1000w, https:\/\/www.escuela-hablamos.com\/wp-content\/uploads\/2022\/10\/party-300x300.jpg 300w, https:\/\/www.escuela-hablamos.com\/wp-content\/uploads\/2022\/10\/party-150x150.jpg 150w, https:\/\/www.escuela-hablamos.com\/wp-content\/uploads\/2022\/10\/party-768x768.jpg 768w, https:\/\/www.escuela-hablamos.com\/wp-content\/uploads\/2022\/10\/party-12x12.jpg 12w, https:\/\/www.escuela-hablamos.com\/wp-content\/uploads\/2022\/10\/party-uai-720x720.jpg 720w\" sizes=\"(max-width: 1000px) 100vw, 1000px\" \/><\/a><\/div>\n\t\t\t\t\t<\/div>\n\t\t\t\t<\/div><div class=\"t-entry-text\">\n\t\t\t\t\t\t\t\t\t<div class=\"t-entry-text-tc half-block-padding\"><div class=\"t-entry\"><h2 class=\"t-entry-title h3 title-scale\"><a href=\"https:\/\/www.escuela-hablamos.com\/ko\/nightlife-in-madrid\/\" target=\"_self\">Nightlife in Madrid<\/a><\/h2><div class=\"t-entry-excerpt\"><p>But \u00bfd\u00f3nde est\u00e1n los mejores bares y clubs? (where are the best bars and clubs?)\n<\/p><\/div><p class=\"t-entry-readmore btn-container\"><a href=\"https:\/\/www.escuela-hablamos.com\/ko\/nightlife-in-madrid\/\" class=\"btn btn-default btn-sm\" target=\"_self\">Read More<\/a><\/p><\/div><\/div>\n\t\t\t\t\t\t\t<\/div><\/div><\/div><div class=\"tmb atc-typography-inherit tmb-iso-w4 tmb-iso-h4 tmb-round img-round-xl tmb-light tmb-overlay-text-anim tmb-overlay-showed tmb-overlay-anim tmb-content-center tmb-content-mobile-center tmb-text-space-reduced tmb-image-color-anim tmb-image-anim-magnetic tmb-bordered  grid-cat-9 grid-cat-8 grid-cat-6 tmb-id-2180 tmb-content-under tmb-media-first\" ><div class=\"t-inside style-Hablamos-blue3-bg animate_when_almost_visible top-t-bottom\" data-cursor=\"icon-accent\"><div class=\"t-entry-visual\"><div class=\"t-entry-visual-tc\"><div class=\"t-entry-visual-cont\"><div class=\"dummy\" style=\"padding-top: 100%;\"><\/div><a role=\"button\" tabindex=\"-1\" href=\"https:\/\/www.escuela-hablamos.com\/ko\/driving-in-madrid\/\" class=\"pushed\" aria-label=\"Driving in Madrid\"  target=\"_self\" data-lb-index=\"70\"><div class=\"t-entry-visual-overlay\"><div class=\"t-entry-visual-overlay-in style-dark-bg\" style=\"opacity: 0.01;\"><\/div><\/div><img decoding=\"async\" class=\"wp-image-2181\" src=\"https:\/\/www.escuela-hablamos.com\/wp-content\/uploads\/2022\/09\/driver.jpg\" width=\"984\" height=\"984\" alt=\"Driving in Madrid\" srcset=\"https:\/\/www.escuela-hablamos.com\/wp-content\/uploads\/2022\/09\/driver.jpg 984w, https:\/\/www.escuela-hablamos.com\/wp-content\/uploads\/2022\/09\/driver-300x300.jpg 300w, https:\/\/www.escuela-hablamos.com\/wp-content\/uploads\/2022\/09\/driver-150x150.jpg 150w, https:\/\/www.escuela-hablamos.com\/wp-content\/uploads\/2022\/09\/driver-768x768.jpg 768w, https:\/\/www.escuela-hablamos.com\/wp-content\/uploads\/2022\/09\/driver-12x12.jpg 12w, https:\/\/www.escuela-hablamos.com\/wp-content\/uploads\/2022\/09\/driver-uai-720x720.jpg 720w\" sizes=\"(max-width: 984px) 100vw, 984px\" \/><\/a><\/div>\n\t\t\t\t\t<\/div>\n\t\t\t\t<\/div><div class=\"t-entry-text\">\n\t\t\t\t\t\t\t\t\t<div class=\"t-entry-text-tc half-block-padding\"><div class=\"t-entry\"><h2 class=\"t-entry-title h3 title-scale\"><a href=\"https:\/\/www.escuela-hablamos.com\/ko\/driving-in-madrid\/\" target=\"_self\">Driving in Madrid<\/a><\/h2><div class=\"t-entry-excerpt\"><p>Driving in the city itself shows Madrid to be a network of one way streets and narrow old roads\u2026<\/p><\/div><p class=\"t-entry-readmore btn-container\"><a href=\"https:\/\/www.escuela-hablamos.com\/ko\/driving-in-madrid\/\" class=\"btn btn-default btn-sm\" target=\"_self\">Read More<\/a><\/p><\/div><\/div>\n\t\t\t\t\t\t\t<\/div><\/div><\/div><div class=\"tmb atc-typography-inherit tmb-iso-w4 tmb-iso-h4 tmb-round img-round-xl tmb-light tmb-overlay-text-anim tmb-overlay-showed tmb-overlay-anim tmb-content-center tmb-content-mobile-center tmb-text-space-reduced tmb-image-color-anim tmb-image-anim-magnetic tmb-bordered  grid-cat-9 grid-cat-7 grid-cat-8 grid-cat-6 tmb-id-1680 tmb-content-under tmb-media-first\" ><div class=\"t-inside style-Hablamos-blue3-bg animate_when_almost_visible top-t-bottom\" data-cursor=\"icon-accent\"><div class=\"t-entry-visual\"><div class=\"t-entry-visual-tc\"><div class=\"t-entry-visual-cont\"><div class=\"dummy\" style=\"padding-top: 100%;\"><\/div><a role=\"button\" tabindex=\"-1\" href=\"https:\/\/www.escuela-hablamos.com\/ko\/in-the-market-for-a-good-market\/\" class=\"pushed\" aria-label=\"In the market for a good market\"  target=\"_self\" data-lb-index=\"71\"><div class=\"t-entry-visual-overlay\"><div class=\"t-entry-visual-overlay-in style-dark-bg\" style=\"opacity: 0.01;\"><\/div><\/div><img decoding=\"async\" class=\"wp-image-1681\" src=\"https:\/\/www.escuela-hablamos.com\/wp-content\/uploads\/2022\/09\/sanmiguel.jpg\" width=\"1035\" height=\"1035\" alt=\"In the market for a good market\" srcset=\"https:\/\/www.escuela-hablamos.com\/wp-content\/uploads\/2022\/09\/sanmiguel.jpg 1035w, https:\/\/www.escuela-hablamos.com\/wp-content\/uploads\/2022\/09\/sanmiguel-300x300.jpg 300w, https:\/\/www.escuela-hablamos.com\/wp-content\/uploads\/2022\/09\/sanmiguel-1024x1024.jpg 1024w, https:\/\/www.escuela-hablamos.com\/wp-content\/uploads\/2022\/09\/sanmiguel-150x150.jpg 150w, https:\/\/www.escuela-hablamos.com\/wp-content\/uploads\/2022\/09\/sanmiguel-768x768.jpg 768w, https:\/\/www.escuela-hablamos.com\/wp-content\/uploads\/2022\/09\/sanmiguel-12x12.jpg 12w, https:\/\/www.escuela-hablamos.com\/wp-content\/uploads\/2022\/09\/sanmiguel-uai-720x720.jpg 720w, https:\/\/www.escuela-hablamos.com\/wp-content\/uploads\/2022\/09\/sanmiguel-uai-1032x1032.jpg 1032w\" sizes=\"(max-width: 1035px) 100vw, 1035px\" \/><\/a><\/div>\n\t\t\t\t\t<\/div>\n\t\t\t\t<\/div><div class=\"t-entry-text\">\n\t\t\t\t\t\t\t\t\t<div class=\"t-entry-text-tc half-block-padding\"><div class=\"t-entry\"><h2 class=\"t-entry-title h3 title-scale\"><a href=\"https:\/\/www.escuela-hablamos.com\/ko\/in-the-market-for-a-good-market\/\" target=\"_self\">In the market for a good market!<\/a><\/h2><div class=\"t-entry-excerpt\"><p>From the famous flea market \u201cthe Rastro\u201d to the foody paradise of Mercado San Miguel, Madrid offers\u2026<\/p><\/div><p class=\"t-entry-readmore btn-container\"><a href=\"https:\/\/www.escuela-hablamos.com\/ko\/in-the-market-for-a-good-market\/\" class=\"btn btn-default btn-sm\" target=\"_self\">Read More<\/a><\/p><\/div><\/div>\n\t\t\t\t\t\t\t<\/div><\/div><\/div><div class=\"tmb atc-typography-inherit tmb-iso-w4 tmb-iso-h4 tmb-round img-round-xl tmb-light tmb-overlay-text-anim tmb-overlay-showed tmb-overlay-anim tmb-content-center tmb-content-mobile-center tmb-text-space-reduced tmb-image-color-anim tmb-image-anim-magnetic tmb-bordered  grid-cat-9 grid-cat-6 tmb-id-831 tmb-content-under tmb-media-first\" ><div class=\"t-inside style-Hablamos-blue3-bg animate_when_almost_visible top-t-bottom\" data-cursor=\"icon-accent\"><div class=\"t-entry-visual\"><div class=\"t-entry-visual-tc\"><div class=\"t-entry-visual-cont\"><div class=\"dummy\" style=\"padding-top: 115.8%;\"><\/div><a role=\"button\" tabindex=\"-1\" href=\"https:\/\/www.escuela-hablamos.com\/ko\/how-to-keep-cool-in-madrid-in-summer\/\" class=\"pushed\" aria-label=\"How to keep cool in Madrid in summer!\"  target=\"_self\" data-lb-index=\"72\"><div class=\"t-entry-visual-overlay\"><div class=\"t-entry-visual-overlay-in style-dark-bg\" style=\"opacity: 0.01;\"><\/div><\/div><img decoding=\"async\" class=\"wp-image-833\" src=\"https:\/\/www.escuela-hablamos.com\/wp-content\/uploads\/2022\/07\/calor.jpg\" width=\"900\" height=\"1042\" alt=\"How to keep cool in Madrid in summer!\" srcset=\"https:\/\/www.escuela-hablamos.com\/wp-content\/uploads\/2022\/07\/calor.jpg 900w, https:\/\/www.escuela-hablamos.com\/wp-content\/uploads\/2022\/07\/calor-259x300.jpg 259w, https:\/\/www.escuela-hablamos.com\/wp-content\/uploads\/2022\/07\/calor-884x1024.jpg 884w, https:\/\/www.escuela-hablamos.com\/wp-content\/uploads\/2022\/07\/calor-768x889.jpg 768w, https:\/\/www.escuela-hablamos.com\/wp-content\/uploads\/2022\/07\/calor-10x12.jpg 10w, https:\/\/www.escuela-hablamos.com\/wp-content\/uploads\/2022\/07\/calor-uai-720x834.jpg 720w\" sizes=\"(max-width: 900px) 100vw, 900px\" \/><\/a><\/div>\n\t\t\t\t\t<\/div>\n\t\t\t\t<\/div><div class=\"t-entry-text\">\n\t\t\t\t\t\t\t\t\t<div class=\"t-entry-text-tc half-block-padding\"><div class=\"t-entry\"><h2 class=\"t-entry-title h3 title-scale\"><a href=\"https:\/\/www.escuela-hablamos.com\/ko\/how-to-keep-cool-in-madrid-in-summer\/\" target=\"_self\">How to keep cool in Madrid in summer!<\/a><\/h2><div class=\"t-entry-excerpt\"><p>Here are some other suggestions for things to do and where to go to escape the Madrid heat and\u2026<\/p><\/div><p class=\"t-entry-readmore btn-container\"><a href=\"https:\/\/www.escuela-hablamos.com\/ko\/how-to-keep-cool-in-madrid-in-summer\/\" class=\"btn btn-default btn-sm\" target=\"_self\">Read More<\/a><\/p><\/div><\/div>\n\t\t\t\t\t\t\t<\/div><\/div><\/div><div class=\"tmb atc-typography-inherit tmb-iso-w4 tmb-iso-h4 tmb-round img-round-xl tmb-light tmb-overlay-text-anim tmb-overlay-showed tmb-overlay-anim tmb-content-center tmb-content-mobile-center tmb-text-space-reduced tmb-image-color-anim tmb-image-anim-magnetic tmb-bordered  grid-cat-8 grid-cat-6 tmb-id-823 tmb-content-under tmb-media-first\" ><div class=\"t-inside style-Hablamos-blue3-bg animate_when_almost_visible top-t-bottom\" data-cursor=\"icon-accent\"><div class=\"t-entry-visual\"><div class=\"t-entry-visual-tc\"><div class=\"t-entry-visual-cont\"><div class=\"dummy\" style=\"padding-top: 66.7%;\"><\/div><a role=\"button\" tabindex=\"-1\" href=\"https:\/\/www.escuela-hablamos.com\/ko\/5-tips-on-how-to-study-spanish-in-madrid\/\" class=\"pushed\" aria-label=\"5 tips on how to study Spanish in Madrid\"  target=\"_self\" data-lb-index=\"73\"><div class=\"t-entry-visual-overlay\"><div class=\"t-entry-visual-overlay-in style-dark-bg\" style=\"opacity: 0.01;\"><\/div><\/div><img decoding=\"async\" class=\"wp-image-824\" src=\"https:\/\/www.escuela-hablamos.com\/wp-content\/uploads\/2022\/07\/plaza-spain.jpg\" width=\"1900\" height=\"1267\" alt=\"5 tips on how to study Spanish in Madrid\" srcset=\"https:\/\/www.escuela-hablamos.com\/wp-content\/uploads\/2022\/07\/plaza-spain.jpg 1900w, https:\/\/www.escuela-hablamos.com\/wp-content\/uploads\/2022\/07\/plaza-spain-300x200.jpg 300w, https:\/\/www.escuela-hablamos.com\/wp-content\/uploads\/2022\/07\/plaza-spain-1024x683.jpg 1024w, https:\/\/www.escuela-hablamos.com\/wp-content\/uploads\/2022\/07\/plaza-spain-768x512.jpg 768w, https:\/\/www.escuela-hablamos.com\/wp-content\/uploads\/2022\/07\/plaza-spain-1536x1024.jpg 1536w, https:\/\/www.escuela-hablamos.com\/wp-content\/uploads\/2022\/07\/plaza-spain-18x12.jpg 18w, https:\/\/www.escuela-hablamos.com\/wp-content\/uploads\/2022\/07\/plaza-spain-uai-720x480.jpg 720w, https:\/\/www.escuela-hablamos.com\/wp-content\/uploads\/2022\/07\/plaza-spain-uai-1032x688.jpg 1032w\" sizes=\"(max-width: 1900px) 100vw, 1900px\" \/><\/a><\/div>\n\t\t\t\t\t<\/div>\n\t\t\t\t<\/div><div class=\"t-entry-text\">\n\t\t\t\t\t\t\t\t\t<div class=\"t-entry-text-tc half-block-padding\"><div class=\"t-entry\"><h2 class=\"t-entry-title h3 title-scale\"><a href=\"https:\/\/www.escuela-hablamos.com\/ko\/5-tips-on-how-to-study-spanish-in-madrid\/\" target=\"_self\">5 tips on how to study Spanish in Madrid<\/a><\/h2><div class=\"t-entry-excerpt\"><p>Right, let\u2019s look at some of the best ways then to study Spanish once you\u2019re here in Madrid\n<\/p><\/div><p class=\"t-entry-readmore btn-container\"><a href=\"https:\/\/www.escuela-hablamos.com\/ko\/5-tips-on-how-to-study-spanish-in-madrid\/\" class=\"btn btn-default btn-sm\" target=\"_self\">Read More<\/a><\/p><\/div><\/div>\n\t\t\t\t\t\t\t<\/div><\/div><\/div><div class=\"tmb atc-typography-inherit tmb-iso-w4 tmb-iso-h4 tmb-round img-round-xl tmb-light tmb-overlay-text-anim tmb-overlay-showed tmb-overlay-anim tmb-content-center tmb-content-mobile-center tmb-text-space-reduced tmb-image-color-anim tmb-image-anim-magnetic tmb-bordered  grid-cat-6 tmb-id-814 tmb-content-under tmb-media-first\" ><div class=\"t-inside style-Hablamos-blue3-bg animate_when_almost_visible top-t-bottom\" data-cursor=\"icon-accent\"><div class=\"t-entry-visual\"><div class=\"t-entry-visual-tc\"><div class=\"t-entry-visual-cont\"><div class=\"dummy\" style=\"padding-top: 100%;\"><\/div><a role=\"button\" tabindex=\"-1\" href=\"https:\/\/www.escuela-hablamos.com\/ko\/face-to-face-and-online-spanish-courses-the-pros-of-both\/\" class=\"pushed\" aria-label=\"Face-to-face and Online Spanish courses: The pros of both\"  target=\"_self\" data-lb-index=\"74\"><div class=\"t-entry-visual-overlay\"><div class=\"t-entry-visual-overlay-in style-dark-bg\" style=\"opacity: 0.01;\"><\/div><\/div><img decoding=\"async\" class=\"wp-image-815\" src=\"https:\/\/www.escuela-hablamos.com\/wp-content\/uploads\/2022\/06\/student.jpg\" width=\"800\" height=\"800\" alt=\"Face-to-face and Online Spanish courses: The pros of both\" srcset=\"https:\/\/www.escuela-hablamos.com\/wp-content\/uploads\/2022\/06\/student.jpg 800w, https:\/\/www.escuela-hablamos.com\/wp-content\/uploads\/2022\/06\/student-300x300.jpg 300w, https:\/\/www.escuela-hablamos.com\/wp-content\/uploads\/2022\/06\/student-150x150.jpg 150w, https:\/\/www.escuela-hablamos.com\/wp-content\/uploads\/2022\/06\/student-768x768.jpg 768w, https:\/\/www.escuela-hablamos.com\/wp-content\/uploads\/2022\/06\/student-12x12.jpg 12w, https:\/\/www.escuela-hablamos.com\/wp-content\/uploads\/2022\/06\/student-uai-720x720.jpg 720w\" sizes=\"(max-width: 800px) 100vw, 800px\" \/><\/a><\/div>\n\t\t\t\t\t<\/div>\n\t\t\t\t<\/div><div class=\"t-entry-text\">\n\t\t\t\t\t\t\t\t\t<div class=\"t-entry-text-tc half-block-padding\"><div class=\"t-entry\"><h2 class=\"t-entry-title h3 title-scale\"><a href=\"https:\/\/www.escuela-hablamos.com\/ko\/face-to-face-and-online-spanish-courses-the-pros-of-both\/\" target=\"_self\">Face-to-face and Online Spanish courses: The pros of both<\/a><\/h2><div class=\"t-entry-excerpt\"><p>Whatever your needs, Hablamos has a Spanish course to suit your personal situation\n<\/p><\/div><p class=\"t-entry-readmore btn-container\"><a href=\"https:\/\/www.escuela-hablamos.com\/ko\/face-to-face-and-online-spanish-courses-the-pros-of-both\/\" class=\"btn btn-default btn-sm\" target=\"_self\">Read More<\/a><\/p><\/div><\/div>\n\t\t\t\t\t\t\t<\/div><\/div><\/div><div class=\"tmb atc-typography-inherit tmb-iso-w4 tmb-iso-h4 tmb-round img-round-xl tmb-light tmb-overlay-text-anim tmb-overlay-showed tmb-overlay-anim tmb-content-center tmb-content-mobile-center tmb-text-space-reduced tmb-image-color-anim tmb-image-anim-magnetic tmb-bordered  grid-cat-9 grid-cat-8 grid-cat-6 tmb-id-800 tmb-content-under tmb-media-first\" ><div class=\"t-inside style-Hablamos-blue3-bg animate_when_almost_visible top-t-bottom\" data-cursor=\"icon-accent\"><div class=\"t-entry-visual\"><div class=\"t-entry-visual-tc\"><div class=\"t-entry-visual-cont\"><div class=\"dummy\" style=\"padding-top: 109.5%;\"><\/div><a role=\"button\" tabindex=\"-1\" href=\"https:\/\/www.escuela-hablamos.com\/ko\/an-art-lovers-guide-to-madrid\/\" class=\"pushed\" aria-label=\"An Art Lovers Guide to Madrid!\"  target=\"_self\" data-lb-index=\"75\"><div class=\"t-entry-visual-overlay\"><div class=\"t-entry-visual-overlay-in style-dark-bg\" style=\"opacity: 0.01;\"><\/div><\/div><img decoding=\"async\" class=\"wp-image-801\" src=\"https:\/\/www.escuela-hablamos.com\/wp-content\/uploads\/2022\/06\/velazquez.jpg\" width=\"1230\" height=\"1347\" alt=\"An Art Lovers Guide to Madrid!\" srcset=\"https:\/\/www.escuela-hablamos.com\/wp-content\/uploads\/2022\/06\/velazquez.jpg 1230w, https:\/\/www.escuela-hablamos.com\/wp-content\/uploads\/2022\/06\/velazquez-274x300.jpg 274w, https:\/\/www.escuela-hablamos.com\/wp-content\/uploads\/2022\/06\/velazquez-935x1024.jpg 935w, https:\/\/www.escuela-hablamos.com\/wp-content\/uploads\/2022\/06\/velazquez-768x841.jpg 768w, https:\/\/www.escuela-hablamos.com\/wp-content\/uploads\/2022\/06\/velazquez-11x12.jpg 11w, https:\/\/www.escuela-hablamos.com\/wp-content\/uploads\/2022\/06\/velazquez-uai-720x788.jpg 720w, https:\/\/www.escuela-hablamos.com\/wp-content\/uploads\/2022\/06\/velazquez-uai-1032x1130.jpg 1032w\" sizes=\"(max-width: 1230px) 100vw, 1230px\" \/><\/a><\/div>\n\t\t\t\t\t<\/div>\n\t\t\t\t<\/div><div class=\"t-entry-text\">\n\t\t\t\t\t\t\t\t\t<div class=\"t-entry-text-tc half-block-padding\"><div class=\"t-entry\"><h2 class=\"t-entry-title h3 title-scale\"><a href=\"https:\/\/www.escuela-hablamos.com\/ko\/an-art-lovers-guide-to-madrid\/\" target=\"_self\">An Art Lovers Guide to Madrid!<\/a><\/h2><div class=\"t-entry-excerpt\"><p>Spanish culture (la cultura espa\u00f1ola)  means different things to different people. The food, the\u2026<\/p><\/div><p class=\"t-entry-readmore btn-container\"><a href=\"https:\/\/www.escuela-hablamos.com\/ko\/an-art-lovers-guide-to-madrid\/\" class=\"btn btn-default btn-sm\" target=\"_self\">Read More<\/a><\/p><\/div><\/div>\n\t\t\t\t\t\t\t<\/div><\/div><\/div><div class=\"tmb atc-typography-inherit tmb-iso-w4 tmb-iso-h4 tmb-round img-round-xl tmb-light tmb-overlay-text-anim tmb-overlay-showed tmb-overlay-anim tmb-content-center tmb-content-mobile-center tmb-text-space-reduced tmb-image-color-anim tmb-image-anim-magnetic tmb-bordered  grid-cat-8 grid-cat-6 tmb-id-794 tmb-content-under tmb-media-first\" ><div class=\"t-inside style-Hablamos-blue3-bg animate_when_almost_visible top-t-bottom\" data-cursor=\"icon-accent\"><div class=\"t-entry-visual\"><div class=\"t-entry-visual-tc\"><div class=\"t-entry-visual-cont\"><div class=\"dummy\" style=\"padding-top: 64.8%;\"><\/div><a role=\"button\" tabindex=\"-1\" href=\"https:\/\/www.escuela-hablamos.com\/ko\/ernest-hemingways-madrid\/\" class=\"pushed\" aria-label=\"Ernest Hemingway&#039;s Madrid\"  target=\"_self\" data-lb-index=\"76\"><div class=\"t-entry-visual-overlay\"><div class=\"t-entry-visual-overlay-in style-dark-bg\" style=\"opacity: 0.01;\"><\/div><\/div><img decoding=\"async\" class=\"wp-image-795\" src=\"https:\/\/www.escuela-hablamos.com\/wp-content\/uploads\/2022\/06\/hem-madrid.jpg\" width=\"1192\" height=\"772\" alt=\"Ernest Hemingway's Madrid\" srcset=\"https:\/\/www.escuela-hablamos.com\/wp-content\/uploads\/2022\/06\/hem-madrid.jpg 1192w, https:\/\/www.escuela-hablamos.com\/wp-content\/uploads\/2022\/06\/hem-madrid-300x194.jpg 300w, https:\/\/www.escuela-hablamos.com\/wp-content\/uploads\/2022\/06\/hem-madrid-1024x663.jpg 1024w, https:\/\/www.escuela-hablamos.com\/wp-content\/uploads\/2022\/06\/hem-madrid-768x497.jpg 768w, https:\/\/www.escuela-hablamos.com\/wp-content\/uploads\/2022\/06\/hem-madrid-18x12.jpg 18w, https:\/\/www.escuela-hablamos.com\/wp-content\/uploads\/2022\/06\/hem-madrid-uai-720x466.jpg 720w, https:\/\/www.escuela-hablamos.com\/wp-content\/uploads\/2022\/06\/hem-madrid-uai-1032x668.jpg 1032w\" sizes=\"(max-width: 1192px) 100vw, 1192px\" \/><\/a><\/div>\n\t\t\t\t\t<\/div>\n\t\t\t\t<\/div><div class=\"t-entry-text\">\n\t\t\t\t\t\t\t\t\t<div class=\"t-entry-text-tc half-block-padding\"><div class=\"t-entry\"><h2 class=\"t-entry-title h3 title-scale\"><a href=\"https:\/\/www.escuela-hablamos.com\/ko\/ernest-hemingways-madrid\/\" target=\"_self\">Ernest Hemingway&#8217;s Madrid<\/a><\/h2><div class=\"t-entry-excerpt\"><p>Madrid may not be recognizable from the same town Ernest Hemingway (el gran escritor) first visited\u2026<\/p><\/div><p class=\"t-entry-readmore btn-container\"><a href=\"https:\/\/www.escuela-hablamos.com\/ko\/ernest-hemingways-madrid\/\" class=\"btn btn-default btn-sm\" target=\"_self\">Read More<\/a><\/p><\/div><\/div>\n\t\t\t\t\t\t\t<\/div><\/div><\/div><div class=\"tmb atc-typography-inherit tmb-iso-w4 tmb-iso-h4 tmb-round img-round-xl tmb-light tmb-overlay-text-anim tmb-overlay-showed tmb-overlay-anim tmb-content-center tmb-content-mobile-center tmb-text-space-reduced tmb-image-color-anim tmb-image-anim-magnetic tmb-bordered  grid-cat-8 grid-cat-6 tmb-id-270 tmb-content-under tmb-media-first\" ><div class=\"t-inside style-Hablamos-blue3-bg animate_when_almost_visible top-t-bottom\" data-cursor=\"icon-accent\"><div class=\"t-entry-visual\"><div class=\"t-entry-visual-tc\"><div class=\"t-entry-visual-cont\"><div class=\"dummy\" style=\"padding-top: 105.7%;\"><\/div><a role=\"button\" tabindex=\"-1\" href=\"https:\/\/www.escuela-hablamos.com\/ko\/top-5-things-to-do-in-madrid\/\" class=\"pushed\" aria-label=\"Learning Spanish in Madrid: the 5 top activities\"  target=\"_self\" data-lb-index=\"77\"><div class=\"t-entry-visual-overlay\"><div class=\"t-entry-visual-overlay-in style-dark-bg\" style=\"opacity: 0.01;\"><\/div><\/div><img decoding=\"async\" class=\"wp-image-398\" src=\"https:\/\/www.escuela-hablamos.com\/wp-content\/uploads\/2022\/05\/bear-madrid2.jpg\" width=\"1135\" height=\"1200\" alt=\"Learning Spanish in Madrid: the 5 top activities\" srcset=\"https:\/\/www.escuela-hablamos.com\/wp-content\/uploads\/2022\/05\/bear-madrid2.jpg 1135w, https:\/\/www.escuela-hablamos.com\/wp-content\/uploads\/2022\/05\/bear-madrid2-284x300.jpg 284w, https:\/\/www.escuela-hablamos.com\/wp-content\/uploads\/2022\/05\/bear-madrid2-969x1024.jpg 969w, https:\/\/www.escuela-hablamos.com\/wp-content\/uploads\/2022\/05\/bear-madrid2-768x812.jpg 768w, https:\/\/www.escuela-hablamos.com\/wp-content\/uploads\/2022\/05\/bear-madrid2-11x12.jpg 11w, https:\/\/www.escuela-hablamos.com\/wp-content\/uploads\/2022\/05\/bear-madrid2-uai-720x761.jpg 720w, https:\/\/www.escuela-hablamos.com\/wp-content\/uploads\/2022\/05\/bear-madrid2-uai-1032x1091.jpg 1032w\" sizes=\"(max-width: 1135px) 100vw, 1135px\" \/><\/a><\/div>\n\t\t\t\t\t<\/div>\n\t\t\t\t<\/div><div class=\"t-entry-text\">\n\t\t\t\t\t\t\t\t\t<div class=\"t-entry-text-tc half-block-padding\"><div class=\"t-entry\"><h2 class=\"t-entry-title h3 title-scale\"><a href=\"https:\/\/www.escuela-hablamos.com\/ko\/top-5-things-to-do-in-madrid\/\" target=\"_self\">Top 5 things to do in Madrid<\/a><\/h2><div class=\"t-entry-excerpt\"><p>Here's a rundown of the top 5 things (in no particular order!) to do in this amazing city\n<\/p><\/div><p class=\"t-entry-readmore btn-container\"><a href=\"https:\/\/www.escuela-hablamos.com\/ko\/top-5-things-to-do-in-madrid\/\" class=\"btn btn-default btn-sm\" target=\"_self\">Read More<\/a><\/p><\/div><\/div>\n\t\t\t\t\t\t\t<\/div><\/div><\/div><div class=\"tmb atc-typography-inherit tmb-iso-w4 tmb-iso-h4 tmb-round img-round-xl tmb-light tmb-overlay-text-anim tmb-overlay-showed tmb-overlay-anim tmb-content-center tmb-content-mobile-center tmb-text-space-reduced tmb-image-color-anim tmb-image-anim-magnetic tmb-bordered  grid-cat-6 tmb-id-563 tmb-content-under tmb-media-first\" ><div class=\"t-inside style-Hablamos-blue3-bg animate_when_almost_visible top-t-bottom\" data-cursor=\"icon-accent\"><div class=\"t-entry-visual\"><div class=\"t-entry-visual-tc\"><div class=\"t-entry-visual-cont\"><div class=\"dummy\" style=\"padding-top: 66.7%;\"><\/div><a role=\"button\" tabindex=\"-1\" href=\"https:\/\/www.escuela-hablamos.com\/ko\/why-learn-spanish-in-madrid\/\" class=\"pushed\" aria-label=\"Why learn Spanish in Madrid?\"  target=\"_self\" data-lb-index=\"78\"><div class=\"t-entry-visual-overlay\"><div class=\"t-entry-visual-overlay-in style-dark-bg\" style=\"opacity: 0.01;\"><\/div><\/div><img decoding=\"async\" class=\"wp-image-383\" src=\"https:\/\/www.escuela-hablamos.com\/wp-content\/uploads\/2022\/05\/madrid.jpg\" width=\"1200\" height=\"800\" alt=\"Why learn Spanish in Madrid?\" srcset=\"https:\/\/www.escuela-hablamos.com\/wp-content\/uploads\/2022\/05\/madrid.jpg 1200w, https:\/\/www.escuela-hablamos.com\/wp-content\/uploads\/2022\/05\/madrid-300x200.jpg 300w, https:\/\/www.escuela-hablamos.com\/wp-content\/uploads\/2022\/05\/madrid-1024x683.jpg 1024w, https:\/\/www.escuela-hablamos.com\/wp-content\/uploads\/2022\/05\/madrid-768x512.jpg 768w, https:\/\/www.escuela-hablamos.com\/wp-content\/uploads\/2022\/05\/madrid-18x12.jpg 18w, https:\/\/www.escuela-hablamos.com\/wp-content\/uploads\/2022\/05\/madrid-uai-720x480.jpg 720w, https:\/\/www.escuela-hablamos.com\/wp-content\/uploads\/2022\/05\/madrid-uai-1032x688.jpg 1032w\" sizes=\"(max-width: 1200px) 100vw, 1200px\" \/><\/a><\/div>\n\t\t\t\t\t<\/div>\n\t\t\t\t<\/div><div class=\"t-entry-text\">\n\t\t\t\t\t\t\t\t\t<div class=\"t-entry-text-tc half-block-padding\"><div class=\"t-entry\"><h2 class=\"t-entry-title h3 title-scale\"><a href=\"https:\/\/www.escuela-hablamos.com\/ko\/why-learn-spanish-in-madrid\/\" target=\"_self\">Why learn Spanish in Madrid?<\/a><\/h2><div class=\"t-entry-excerpt\"><p>It's got it all! World-class museums, fantastic nightlife and cultural activities, excellent\u2026<\/p><\/div><p class=\"t-entry-readmore btn-container\"><a href=\"https:\/\/www.escuela-hablamos.com\/ko\/why-learn-spanish-in-madrid\/\" class=\"btn btn-default btn-sm\" target=\"_self\">Read More<\/a><\/p><\/div><\/div>\n\t\t\t\t\t\t\t<\/div><\/div><\/div>\t\t<\/div>\t\n\t\n\n\t<\/div>\t\t\t<div class=\"isotope-footer grid-footer style-light without-bg single-gutter\">\n\t\t\t\t\t<\/div>\n\t\t\t\t<\/div>\n<\/div><\/div><\/div><\/div><\/div><script id=\"script-row-unique-15\" data-row=\"script-row-unique-15\" type=\"text\/javascript\" class=\"vc_controls\">UNCODE.initRow(document.getElementById(\"row-unique-15\"));<\/script><\/div><\/div><\/div>\n<\/div>","protected":false},"excerpt":{"rendered":"<p>A buzzing city with one million things to do and discover. This is Madrid<\/p>","protected":false},"author":2,"featured_media":1382,"parent":0,"menu_order":0,"comment_status":"closed","ping_status":"closed","template":"","meta":{"iawp_total_views":6581,"footnotes":""},"class_list":["post-176","page","type-page","status-publish","has-post-thumbnail","hentry"],"_links":{"self":[{"href":"https:\/\/www.escuela-hablamos.com\/ko\/wp-json\/wp\/v2\/pages\/176","targetHints":{"allow":["GET"]}}],"collection":[{"href":"https:\/\/www.escuela-hablamos.com\/ko\/wp-json\/wp\/v2\/pages"}],"about":[{"href":"https:\/\/www.escuela-hablamos.com\/ko\/wp-json\/wp\/v2\/types\/page"}],"author":[{"embeddable":true,"href":"https:\/\/www.escuela-hablamos.com\/ko\/wp-json\/wp\/v2\/users\/2"}],"replies":[{"embeddable":true,"href":"https:\/\/www.escuela-hablamos.com\/ko\/wp-json\/wp\/v2\/comments?post=176"}],"version-history":[{"count":56,"href":"https:\/\/www.escuela-hablamos.com\/ko\/wp-json\/wp\/v2\/pages\/176\/revisions"}],"predecessor-version":[{"id":11831,"href":"https:\/\/www.escuela-hablamos.com\/ko\/wp-json\/wp\/v2\/pages\/176\/revisions\/11831"}],"wp:featuredmedia":[{"embeddable":true,"href":"https:\/\/www.escuela-hablamos.com\/ko\/wp-json\/wp\/v2\/media\/1382"}],"wp:attachment":[{"href":"https:\/\/www.escuela-hablamos.com\/ko\/wp-json\/wp\/v2\/media?parent=176"}],"curies":[{"name":"wp","href":"https:\/\/api.w.org\/{rel}","templated":true}]}}