{"id":99,"date":"2022-05-25T14:01:16","date_gmt":"2022-05-25T14:01:16","guid":{"rendered":"https:\/\/www.escuela-hablamos.com\/?page_id=99"},"modified":"2026-03-05T07:40:07","modified_gmt":"2026-03-05T07:40:07","slug":"intensive-spanish-course-20-hours","status":"publish","type":"page","link":"https:\/\/www.escuela-hablamos.com\/fr\/intensive-spanish-course-20-hours\/","title":{"rendered":"Cours d'espagnol intensif 20 heures"},"content":{"rendered":"<div class=\"wpb-content-wrapper\"><div data-parent=\"true\" class=\"vc_row row-container\" id=\"row-unique-4\"><div class=\"row unequal limit-width row-parent\"><div class=\"wpb_row row-inner\"><div class=\"wpb_column pos-top pos-center align_left column_parent col-lg-6 single-internal-gutter\"><div class=\"uncol style-light\"  ><div class=\"uncoltable\" style=\"min-height: 400px;\"><div class=\"uncell single-block-padding\" ><div class=\"column-background background-element\">\n\t\t\t\t\t\t\t\t\t\t\t<div class=\"background-wrapper\">\n\t\t\t\t\t\t\t\t\t\t\t\t<div class=\"background-inner self-video uncode-video-container\" style=\"background-image: url(https:\/\/www.escuela-hablamos.com\/wp-content\/uploads\/2022\/07\/madrid.jpg);background-repeat: no-repeat;background-position: center center;background-size: cover;\" data-o_src=\"https:\/\/www.escuela-hablamos.com\/wp-content\/uploads\/2022\/07\/iStock-1368503209.mp4\"><div style=\"width: 640px;\" class=\"wp-video\"><video onloadeddata=\"this.play();\" loop playsinline muted aria-hidden=\"true\" role=\"presentation\" data-keepplaying class =\"background-video-shortcode\" data-ratio=\"1.7777777777778\" id=\"video-99-5\" width=\"640\" height=\"360\" preload=\"metadata\" ><source type=\"video\/mp4\" src=\"https:\/\/www.escuela-hablamos.com\/wp-content\/uploads\/2022\/07\/iStock-1368503209.mp4?_=5\" \/><\/video><\/div><\/div>\n\t\t\t\t\t\t\t\t\t\t\t\t\n\t\t\t\t\t\t\t\t\t\t\t<\/div>\n\t\t\t\t\t\t\t\t\t\t<\/div><div class=\"uncont\" ><div  class=\"vertical-text text-Hablamos-red-color h3 vertical-text--noflip vertical-text--left vertical-text--center shift_x_neg_half\">Venez \u00e9tudier \u00e0 Madrid<\/div><\/div><\/div><\/div><\/div><\/div><div class=\"wpb_column pos-top pos-center align_left column_parent col-lg-6 one-internal-gutter\"><div class=\"uncol style-light\"  ><div class=\"uncoltable\"><div class=\"uncell no-block-padding\" ><div class=\"uncont\" ><div class=\"vc_custom_heading_wrap\"><div class=\"heading-text el-text\" ><h1 class=\"h3 font-weight-400\" ><span><mark>COURS INTENSIF D&#8217;ESPAGNOL 20 HEURES<\/mark><\/span><\/h1><\/div><div class=\"clear\"><\/div><\/div><div class=\"empty-space empty-half\" ><span class=\"empty-space-inner\"><\/span><\/div>\n<div class=\"vc_custom_heading_wrap\"><div class=\"heading-text el-text\" ><h2 class=\"h1 font-weight-300\" ><span>VOUS APPR\u00c9CIEREZ<br \/><\/span><span>\u00caTRE \u00c0 MADRID<\/span><\/h2><\/div><div class=\"clear\"><\/div><\/div><div class=\"vc_custom_heading_wrap\"><div class=\"heading-text el-text\" ><h2 class=\"h1 font-weight-700\" ><span>VOUS PARLEREZ<br \/><\/span><span>L&#8217;ESPAGNOL<\/span><\/h2><\/div><div class=\"clear\"><\/div><\/div><div class=\"divider-wrapper\"  >\n    <hr class=\"unseparator border-Hablamos-red-color separator-no-padding\"  style=\"width: 30%;border-top-width: 8px;\" \/>\n<\/div>\n<div class=\"empty-space empty-half\" ><span class=\"empty-space-inner\"><\/span><\/div>\n<div class=\"uncode_text_column text-lead\" ><p>Un cours en <strong>face \u00e0 face<\/strong> de 20 heures d&#8217;espagnol par semaine, avec des professeurs natifs exp\u00e9riment\u00e9s.<\/p>\n<\/div><div class=\"empty-space empty-half\" ><span class=\"empty-space-inner\"><\/span><\/div>\n\n\t<div class=\"wpb_raw_code wpb_raw_html\" >\n\t\t<div class=\"wpb_wrapper\">\n\t\t\t<div style=\"background-color:#4d7285;border-radius:0px 0px 45px 0px;color:white;padding:20px;font-weight:700;\">\n<span style=\"font-weight:400;font-size:1.4em;\"><mark>Passez le test de niveau<\/mark><\/span><br>\n<span style=\"font-size:2.6em;\">ENREGISTRER ><\/span>\n<\/div>\n\n\t\t<\/div>\n\t<\/div>\n<\/div><\/div><\/div><\/div><a class=\"col-link custom-link\" href=\"https:\/\/www.escuela-hablamos.com\/fr\/book-your-course\/\" target=\"_self\" title=\"\"><\/a><\/div><script id=\"script-row-unique-4\" data-row=\"script-row-unique-4\" type=\"text\/javascript\" class=\"vc_controls\">UNCODE.initRow(document.getElementById(\"row-unique-4\"));<\/script><\/div><\/div><\/div><div data-parent=\"true\" class=\"vc_row inverted-device-order has-bg need-focus style-Hablamos-blue3-bg row-container\" id=\"row-unique-11\"><div class=\"row unequal limit-width row-parent\"><div class=\"wpb_row row-inner\"><div class=\"wpb_column pos-top pos-center align_left column_parent col-lg-6 single-internal-gutter\"><div class=\"uncol style-light\"  ><div class=\"uncoltable\"><div class=\"uncell no-block-padding\" ><div class=\"uncont\" >\n\t<div class=\"wpb_raw_code wpb_raw_html\" >\n\t\t<div class=\"wpb_wrapper\">\n\t\t\t<div style=\"background-color:#ffffff;border-radius:0px 0px 0px 45px;color:#145f85;padding:20px;\">\n<span style=\"font-size:2em;\">CE COURS <span style=\"font-weight:700;\">COMPREND<\/span><\/span>\n<ul>\n<li>20 heures d'espagnol par semaine, en petits groupes<\/li>\n<li><a href=\"https:\/\/www.escuela-hablamos.com\/\/fr\/test-your-level\/\" target=\"_blank\">Test de niveau<\/a> (avant le d\u00e9but du cours)<\/li>\n<li><strong>3 heures d'activit\u00e9s culturelles le vendredi, incluses dans le prix du cours<\/strong><\/li>\n<\/ul>\n<br>\n<mark>* Horaire:<\/mark>\n<ul style=\"position:relative;top:-10px;\">\n<li><strong>Matin :<\/strong> 9:00 \u00e0 13:00<\/li>\n<li><strong>Soir\u00e9e:<\/strong> 14h00 \u00e0 18h00<\/li>\n<\/ul>\nAu milieu de cet horaire, il y aura une pause de 30 minutes.<br>\nUn cours intensif de 09h00 \u00e0 13h00, d\u00e9butant \u00e0 09h00 et se terminant \u00e0 12h55.<br>\nUn cours intensif de 14h00 \u00e0 18h00 d\u00e9butera \u00e0 14h00 et se terminera \u00e0 17h55.<br><br>\n\n\n<!--<div style=\"background-color:#f7d147;padding:15px;\">\n<img decoding=\"async\" width=\"120\" src=\"https:\/\/www.escuela-hablamos.com\/wp-content\/uploads\/2025\/04\/summer-typo2.jpg\"><br>\n<b>COURS D'\u00c9T\u00c9 2025<\/b><br>\n<span style=\"color:#1b1d1f\">Nous proposons des cours du 1er juillet au 29 ao\u00fbt 2025.\n<ul><li>20 heures d'espagnol par semaine, en petits groupes. 4 heures par jour du lundi au vendredi.<\/li>\n<li>Vous pouvez r\u00e9server un <b>logement dans une r\u00e9sidence \u00e9tudiante situ\u00e9e dans le centre de Madrid<\/b> et \u00e0 proximit\u00e9 de l'\u00e9cole.<\/li>\n<li><b>Les activit\u00e9s culturelles du vendredi sont incluses dans le prix.<\/b><\/li><\/ul><br>\n<i>* Horaire:<\/i><br>\n<b>Matin :<\/b> 9:00 \u00e0 13:00<\/span>\n<\/div>\n<br><br>-->\n\n\nSi vous \u00eates un d\u00e9butant, <a href=\"https:\/\/www.escuela-hablamos.com\/fr\/contact-hablamos\/\" target=\"_blank\">vous pouvez nous contacter<\/a> et nous vous indiquerons la meilleure date pour commencer vos cours.<br><br>\n<mark>** Activit\u00e9s:<\/mark><br><br>\n<div style=\"position:relative;top:-10px;\"><a href=\"https:\/\/www.escuela-hablamos.com\/fr\/about-madrid\/\" target=\"_blank\">Plus d'informations sur nos activit\u00e9s<\/a><\/div>\n<mark>*** H\u00e9bergement:<\/mark><br><br>\n<div style=\"position:relative;top:-10px;\">L'h\u00e9bergement n'est pas inclus dans le prix du cours. Les \u00e9tudiants doivent s'occuper eux-m\u00eames de leur h\u00e9bergement. <a href=\"https:\/\/www.escuela-hablamos.com\/fr\/where-to-stay\/\" target=\"_blank\">Vous trouverez ici plus d'informations sur les endroits o\u00f9 loger \u00e0 Madrid.<\/a><\/div>\n<mark>**** Prix:<\/mark>\n<br>Le co\u00fbt de ce cours d\u00e9pend du nombre de semaines contract\u00e9es. Plus vous r\u00e9servez de semaines, plus le cours est bon march\u00e9.<br>\n<ul style=\"position:relative;top:-10px;\">\n<li><strong>Semaines 1-3:<\/strong> 150 euros\/prix par semaine<\/li>\n<li><strong>Semaines 4-7:<\/strong> 145 euros\/prix par semaine<\/li>\n<li><strong>8-36 semaines:<\/strong> 137 euros\/prix par semaine<\/li> \n<li><strong>+36 semaines:<\/strong> 129 euros\/prix par semaine<\/li> \n<li><strong>+ 55 euros frais d'inscription,<\/strong> <br>qui comprend le manuel de cours (livre de l'\u00e9tudiant et cahier d'exercices) <\/li>\n<\/ul>\n<br><br>\n<\/div>\n\n\t\t<\/div>\n\t<\/div>\n<\/div><\/div><\/div><\/div><\/div><div class=\"wpb_column pos-top pos-center align_left column_parent col-lg-6 single-internal-gutter\"><div class=\"uncol style-light\"  ><div class=\"uncoltable\"><div class=\"uncell no-block-padding\" ><div class=\"uncont\" ><div class=\"vc_row row-internal row-container\"><div class=\"row row-child\"><div class=\"wpb_row row-inner\"><div class=\"wpb_column pos-top pos-center align_center column_child col-lg-6 single-internal-gutter\"><div class=\"uncol style-light\" ><div class=\"uncoltable\"><div class=\"uncell no-block-padding\" ><div class=\"uncont\" ><div class=\"icon-box icon-box-top\" ><div class=\"icon-box-icon fa-container\" ><span class=\"fa fa-stack fa-2x btn-accent fa-rounded btn-outline btn-disable-hover\"><i class=\"fa fa-hourglass-o\"><\/i><\/span><\/div><div class=\"icon-box-content\"><div class=\"icon-box-heading icon-box-fa-2x-back\"><h4 class=\"h3\">20 heures\/semaine<\/h4><\/div>\n<p class=\"text-top-reduced\" style=\"text-align: center;\">Matin ou soir*<br \/><\/p>\n<\/div><\/div><\/div><\/div><\/div><\/div><\/div><div class=\"wpb_column pos-top pos-center align_center column_child col-lg-6 single-internal-gutter\"><div class=\"uncol style-light\" ><div class=\"uncoltable\"><div class=\"uncell no-block-padding\" ><div class=\"uncont\" ><div class=\"icon-box icon-box-top\" ><div class=\"icon-box-icon fa-container\" ><span class=\"fa fa-stack fa-2x btn-accent fa-rounded btn-outline btn-disable-hover\"><i class=\"fa fa-calendar\"><\/i><\/span><\/div><div class=\"icon-box-content\"><div class=\"icon-box-heading icon-box-fa-2x-back\"><h4 class=\"h3\">Lundi \u00e0 vendredi<\/h4><\/div>\n<p class=\"text-top-reduced\" style=\"text-align: center;\">4 heures par jour*<br \/><\/p>\n<\/div><\/div><\/div><\/div><\/div><\/div><\/div><\/div><\/div><\/div><div class=\"vc_row row-internal row-container\"><div class=\"row row-child\"><div class=\"wpb_row row-inner\"><div class=\"wpb_column pos-top pos-center align_center column_child col-lg-6 single-internal-gutter\"><div class=\"uncol style-light\" ><div class=\"uncoltable\"><div class=\"uncell no-block-padding\" ><div class=\"uncont\" ><div class=\"icon-box icon-box-top\" ><div class=\"icon-box-icon fa-container\" ><span class=\"fa fa-stack fa-2x btn-accent fa-rounded btn-outline btn-disable-hover\"><i class=\"fa fa-users2\"><\/i><\/span><\/div><div class=\"icon-box-content\"><div class=\"icon-box-heading icon-box-fa-2x-back\"><h4 class=\"h3\">Cours collectifs<\/h4><\/div><p class=\"text-top-reduced\" style=\"text-align: center;\">Moyenne de 4-6 \u00e9tudiants<br \/>\nMaximum de 8 \u00e9tudiants*<br \/>\n<small>(*Dans certains cas, exceptionnellement, il peut y avoir un maximum de 9 \u00e9tudiants dans un groupe pour des raisons d&#8217;organisation de l&#8217;\u00e9cole)<\/small><\/p>\n<\/div><\/div><\/div><\/div><\/div><\/div><\/div><div class=\"wpb_column pos-top pos-center align_center column_child col-lg-6 single-internal-gutter\"><div class=\"uncol style-light\" ><div class=\"uncoltable\"><div class=\"uncell no-block-padding\" ><div class=\"uncont\" ><div class=\"icon-box icon-box-top\" ><div class=\"icon-box-icon fa-container\" ><span class=\"fa fa-stack fa-2x btn-accent fa-rounded btn-outline btn-disable-hover\"><i class=\"fa fa-camera3\"><\/i><\/span><\/div><div class=\"icon-box-content\"><div class=\"icon-box-heading icon-box-fa-2x-back\"><h4 class=\"h3\">Activit\u00e9s<\/h4><\/div><p class=\"text-top-reduced\" style=\"text-align: center;\">Selon programme<br \/>\nInclus dans le prix**<\/p>\n<\/div><\/div><\/div><\/div><\/div><\/div><\/div><\/div><\/div><\/div><div class=\"vc_row row-internal row-container\"><div class=\"row row-child\"><div class=\"wpb_row row-inner\"><div class=\"wpb_column pos-top pos-center align_center column_child col-lg-6 single-internal-gutter\"><div class=\"uncol style-light\" ><div class=\"uncoltable\"><div class=\"uncell no-block-padding\" ><div class=\"uncont\" ><div class=\"icon-box icon-box-top\" ><div class=\"icon-box-icon fa-container\" ><span class=\"fa fa-stack fa-2x btn-accent fa-rounded btn-outline btn-disable-hover\"><i class=\"fa fa-bed\"><\/i><\/span><\/div><div class=\"icon-box-content\"><div class=\"icon-box-heading icon-box-fa-2x-back\"><h4 class=\"h3\">H\u00e9bergement<\/h4><\/div>\n<p class=\"text-top-reduced\" style=\"text-align: center;\">Non inclus dans le prix du cours***<br \/><\/p>\n<\/div><\/div><\/div><\/div><\/div><\/div><\/div><div class=\"wpb_column pos-top pos-center align_center column_child col-lg-6 single-internal-gutter\"><div class=\"uncol style-light\" ><div class=\"uncoltable\"><div class=\"uncell no-block-padding\" ><div class=\"uncont\" ><div class=\"icon-box icon-box-top\" ><div class=\"icon-box-icon fa-container\" ><span class=\"fa fa-stack fa-2x btn-accent fa-rounded btn-outline btn-disable-hover\"><i class=\"fa fa-credit-card\"><\/i><\/span><\/div><div class=\"icon-box-content\"><div class=\"icon-box-heading icon-box-fa-2x-back\"><h4 class=\"h3\">Prix<\/h4><\/div>\n<p class=\"text-top-reduced\" style=\"text-align: center;\">Selon les semaines****<br \/><\/p>\n<\/div><\/div><\/div><\/div><\/div><\/div><\/div><\/div><\/div><\/div><\/div><\/div><\/div><\/div><\/div><script id=\"script-row-unique-11\" data-row=\"script-row-unique-11\" type=\"text\/javascript\" class=\"vc_controls\">UNCODE.initRow(document.getElementById(\"row-unique-11\"));<\/script><\/div><\/div><\/div><div data-parent=\"true\" class=\"vc_row row-container\" id=\"row-unique-19\"><div class=\"row double-top-padding double-bottom-padding single-h-padding limit-width row-parent\"><div class=\"wpb_row row-inner\"><div class=\"wpb_column pos-top pos-center align_center column_parent col-lg-12 half-internal-gutter\"><div class=\"uncol style-light\"  ><div class=\"uncoltable\"><div class=\"uncell no-block-padding\" ><div class=\"uncont\" ><div class=\"vc_custom_heading_wrap\"><div class=\"heading-text el-text\" ><h2 class=\"h3 font-weight-400 text-color-xsdn-color\" ><span><mark>OBJECTIFS DU COURS INTENSIF DE 20 HEURES<\/mark><\/span><\/h2><\/div><div class=\"clear\"><\/div><\/div><div class=\"empty-space empty-single\" ><span class=\"empty-space-inner\"><\/span><\/div>\n<div class=\"vc_row row-internal row-container\"><div class=\"row col-double-gutter row-child\"><div class=\"wpb_row row-inner\"><div class=\"wpb_column pos-top pos-center align_center column_child col-lg-4 half-internal-gutter\"><div class=\"uncol style-light\" ><div class=\"uncoltable\"><div class=\"uncell no-block-padding\" ><div class=\"uncont\" ><div class=\"vc_custom_heading_wrap\"><div class=\"heading-text el-text\" ><h2 class=\"h3 text-accent-color\" ><span>Dur\u00e9e<\/span><\/h2><\/div><div class=\"clear\"><\/div><\/div><div class=\"uncode_text_column\" ><p>Ces cours sont destin\u00e9s aux \u00e9tudiants qui ont besoin d&#8217;apprendre l&#8217;espagnol tr\u00e8s rapidement. <strong>Ils sont \u00e9galement n\u00e9cessaires pour l&#8217;obtention d&#8217;un visa d&#8217;\u00e9tudiant. Nos cours ont une dur\u00e9e de 8 semaines (160 heures)<\/strong>. Si l&#8217;\u00e9tudiant assiste aux cours, \u00e9tudie et r\u00e9ussit l&#8217;examen final du cours intensif, il peut passer au niveau sup\u00e9rieur en 2 mois.<\/p>\n<\/div><\/div><\/div><\/div><\/div><\/div><div class=\"wpb_column pos-top pos-center align_center column_child col-lg-4 half-internal-gutter\"><div class=\"uncol style-light\" ><div class=\"uncoltable\"><div class=\"uncell no-block-padding\" ><div class=\"uncont\" ><div class=\"vc_custom_heading_wrap\"><div class=\"heading-text el-text\" ><h2 class=\"h3 text-accent-color\" ><span>Contenu<\/span><\/h2><\/div><div class=\"clear\"><\/div><\/div><div class=\"uncode_text_column\" ><p><strong>Notre m\u00e9thode est totalement communicative.<\/strong> En classe, nous pratiquons l&#8217;espagnol \u00e0 tout moment, mais <strong>nous travaillons sur les quatre comp\u00e9tences n\u00e9cessaires \u00e0 la ma\u00eetrise d&#8217;une langue : parler, \u00e9couter, lire et \u00e9crire.<\/strong> Nous utilisons un manuel comme base du cours, mais nous avons recours \u00e0 de nombreux supports compl\u00e9mentaires. Nous disposons de tableaux num\u00e9riques dans toutes nos salles de classe.<\/p>\n<\/div><\/div><\/div><\/div><\/div><\/div><div class=\"wpb_column pos-top pos-center align_center column_child col-lg-4 half-internal-gutter\"><div class=\"uncol style-light\" ><div class=\"uncoltable\"><div class=\"uncell no-block-padding\" ><div class=\"uncont\" ><div class=\"vc_custom_heading_wrap\"><div class=\"heading-text el-text\" ><h2 class=\"h3 text-accent-color\" ><span>Dipl\u00f4mes et certificats<\/span><\/h2><\/div><div class=\"clear\"><\/div><\/div><div class=\"uncode_text_column\" ><p><strong>\u00c0 la fin du cours,<\/strong> si l&#8217;\u00e9tudiant r\u00e9ussit les examens finaux, il recevra un <strong>certificat ou un dipl\u00f4me attestant qu&#8217;il a atteint le niveau auquel il \u00e9tait inscrit. Notre \u00e9cole est un centre d&#8217;examen SIELE officiel<\/strong>. Par cons\u00e9quent, une fois que l&#8217;\u00e9tudiant a termin\u00e9 un cours intensif, il a le choix entre les quatre options suivantes.<\/p>\n<\/div><\/div><\/div><\/div><\/div><\/div><\/div><\/div><\/div><div class=\"empty-space empty-single\" ><span class=\"empty-space-inner\"><\/span><\/div>\n<div class=\"vc_custom_heading_wrap\"><div class=\"heading-text el-text\" ><h2 class=\"h2 font-weight-700\" ><span>ET APR\u00c8S ?<\/span><\/h2><\/div><div class=\"clear\"><\/div><\/div><div class=\"divider-wrapper\"  >\n    <hr class=\"unseparator border-Hablamos-red-color separator-no-padding\"  style=\"width: 30%;border-top-width: 8px;\" \/>\n<\/div>\n<div class=\"empty-space empty-half\" ><span class=\"empty-space-inner\"><\/span><\/div>\n<div class=\"vc_row row-internal row-container\"><div class=\"row col-double-gutter row-child\"><div class=\"wpb_row row-inner\"><div class=\"wpb_column pos-top pos-center align_center column_child col-lg-3 half-internal-gutter\"><div class=\"uncol style-light\" ><div class=\"uncoltable\"><div class=\"uncell no-block-padding\" ><div class=\"uncont\" ><div class=\"icon-box icon-box-top\" ><div class=\"icon-box-icon fa-container\" ><span class=\"fa fa-stack fa-2x btn-accent fa-rounded btn-outline btn-disable-hover\"><i class=\"fa fa-calendar\"><\/i><\/span><\/div><div class=\"icon-box-content\"><p class=\"text-top-reduced\" style=\"text-align: center;\"><strong>Continuer dans un autre cours intensif<\/strong> au niveau suivant<\/p>\n<\/div><\/div><\/div><\/div><\/div><\/div><\/div><div class=\"wpb_column pos-top pos-center align_center column_child col-lg-3 half-internal-gutter\"><div class=\"uncol style-light\" ><div class=\"uncoltable\"><div class=\"uncell no-block-padding\" ><div class=\"uncont\" ><div class=\"icon-box icon-box-top\" ><div class=\"icon-box-icon fa-container\" ><span class=\"fa fa-stack fa-2x btn-accent fa-rounded btn-outline btn-disable-hover\"><i class=\"fa fa-laptop3\"><\/i><\/span><\/div><div class=\"icon-box-content\"><p class=\"text-top-reduced\" style=\"text-align: center;\"><strong>Pr\u00e9parer et passer l&#8217;examen SIELE du niveau atteint.<\/strong> Cet examen peut \u00eatre pass\u00e9 dans notre centre. Il permet \u00e0 l&#8217;\u00e9tudiant d&#8217;obtenir un <strong>certificat officiel<\/strong> de ce niveau.<\/p>\n<\/div><\/div><\/div><\/div><\/div><\/div><a class=\"col-link custom-link\" href=\"https:\/\/www.escuela-hablamos.com\/es\/preparation-course-for-the-siele-exam\/\" target=\"_self\" title=\"\"><\/a><\/div><div class=\"wpb_column pos-top pos-center align_center column_child col-lg-3 half-internal-gutter\"><div class=\"uncol style-light\" ><div class=\"uncoltable\"><div class=\"uncell no-block-padding\" ><div class=\"uncont\" ><div class=\"icon-box icon-box-top\" ><div class=\"icon-box-icon fa-container\" ><span class=\"fa fa-stack fa-2x btn-accent fa-rounded btn-outline btn-disable-hover\"><i class=\"fa fa-pen\"><\/i><\/span><\/div><div class=\"icon-box-content\"><p class=\"text-top-reduced\" style=\"text-align: center;\"><strong>Pr\u00e9parer et passer l&#8217;examen DELE du niveau atteint.<\/strong> L&#8217;\u00e9tudiant peut passer l&#8217;examen DELE de son niveau et obtenir ainsi une <strong>qualification officielle<\/strong> pour ce niveau d&#8217;espagnol.<\/p>\n<\/div><\/div><\/div><\/div><\/div><\/div><a class=\"col-link custom-link\" href=\"https:\/\/www.escuela-hablamos.com\/es\/preparation-course-for-dele-exam\/\" target=\"_self\" title=\"\"><\/a><\/div><div class=\"wpb_column pos-top pos-center align_center column_child col-lg-3 single-internal-gutter\"><div class=\"uncol style-light\" ><div class=\"uncoltable\"><div class=\"uncell no-block-padding\" ><div class=\"uncont\" ><div class=\"icon-box icon-box-top\" ><div class=\"icon-box-icon fa-container\" ><span class=\"fa fa-stack fa-2x btn-accent fa-rounded btn-outline btn-disable-hover\"><i class=\"fa fa-graduation-cap\"><\/i><\/span><\/div><div class=\"icon-box-content\"><p class=\"text-top-reduced\" style=\"text-align: center;\"><strong>\u00c9tudes sup\u00e9rieures :<\/strong> si vous obtenez un niveau B1 ou B2, vous pourrez <strong>acc\u00e9der \u00e0 des \u00e9tudes universitaires<\/strong> ou professionnelles. Nous pouvons vous conseiller sur la mani\u00e8re d&#8217;entamer les d\u00e9marches pour acc\u00e9der \u00e0 une universit\u00e9 espagnole.<\/p>\n<\/div><\/div><\/div><\/div><\/div><\/div><a class=\"col-link custom-link\" href=\"https:\/\/www.escuela-hablamos.com\/es\/contact-hablamos\/\" target=\"_self\" title=\"\"><\/a><\/div><\/div><\/div><\/div><\/div><\/div><\/div><\/div><\/div><script id=\"script-row-unique-19\" data-row=\"script-row-unique-19\" type=\"text\/javascript\" class=\"vc_controls\">UNCODE.initRow(document.getElementById(\"row-unique-19\"));<\/script><\/div><\/div><\/div><div data-parent=\"true\" class=\"vc_row inverted-device-order has-bg need-focus style-Hablamos-blue3-bg row-container\" id=\"row-unique-22\"><div class=\"row unequal full-width row-parent\"><div class=\"wpb_row row-inner\"><div class=\"wpb_column pos-top pos-center align_left column_parent col-lg-4 single-internal-gutter\"><div class=\"uncol style-light\"  ><div class=\"uncoltable\"><div class=\"uncell no-block-padding\" ><div class=\"uncont\" ><div class=\"uncode-single-media  text-left\"><div class=\"single-wrapper\" style=\"max-width: 100%;\"><div class=\"tmb tmb-light  tmb-media-first tmb-media-last tmb-content-overlay tmb-no-bg\"><div class=\"t-inside\"><div class=\"t-entry-visual\"><div class=\"t-entry-visual-tc\"><div class=\"uncode-single-media-wrapper\"><div class=\"h3 youtube-video fluid-object\" style=\"padding-top: 56.31%\"><iframe title=\"Interview with Olga - Spanish Teacher with Hablamos Escuela de Espa&ntilde;ol, in Madrid\" width=\"840\" height=\"473\" src=\"https:\/\/www.youtube.com\/embed\/V9mM5AplCk4?feature=oembed&amp;v=V9mM5AplCk4\" frameborder=\"0\" allow=\"accelerometer; autoplay; clipboard-write; encrypted-media; gyroscope; picture-in-picture; web-share\" referrerpolicy=\"strict-origin-when-cross-origin\" allowfullscreen><\/iframe><\/div><\/div>\n\t\t\t\t\t<\/div>\n\t\t\t\t<\/div><\/div><\/div><\/div><\/div><\/div><\/div><\/div><\/div><\/div><div class=\"wpb_column pos-top pos-center align_left column_parent col-lg-4 single-internal-gutter\"><div class=\"uncol style-light\"  ><div class=\"uncoltable\"><div class=\"uncell no-block-padding\" ><div class=\"uncont\" ><div class=\"uncode-single-media  text-left\"><div class=\"single-wrapper\" style=\"max-width: 100%;\"><div class=\"tmb tmb-light  tmb-media-first tmb-media-last tmb-content-overlay tmb-no-bg\"><div class=\"t-inside\"><div class=\"t-entry-visual\"><div class=\"t-entry-visual-tc\"><div class=\"uncode-single-media-wrapper\"><div class=\"h3 youtube-video fluid-object\" style=\"padding-top: 56.31%\"><iframe title=\"Hablamos Entrevista Oscar, Profesor de Espa&ntilde;ol\" width=\"840\" height=\"473\" src=\"https:\/\/www.youtube.com\/embed\/lpsT6JSvsyw?feature=oembed&amp;v=lpsT6JSvsyw\" frameborder=\"0\" allow=\"accelerometer; autoplay; clipboard-write; encrypted-media; gyroscope; picture-in-picture; web-share\" referrerpolicy=\"strict-origin-when-cross-origin\" allowfullscreen><\/iframe><\/div><\/div>\n\t\t\t\t\t<\/div>\n\t\t\t\t<\/div><\/div><\/div><\/div><\/div><\/div><\/div><\/div><\/div><\/div><div class=\"wpb_column pos-top pos-center align_left column_parent col-lg-4 single-internal-gutter\"><div class=\"uncol style-light\"  ><div class=\"uncoltable\"><div class=\"uncell no-block-padding\" ><div class=\"uncont\" ><div class=\"uncode-single-media  text-left\"><div class=\"single-wrapper\" style=\"max-width: 100%;\"><div class=\"tmb tmb-light  tmb-media-first tmb-media-last tmb-content-overlay tmb-no-bg\"><div class=\"t-inside\"><div class=\"t-entry-visual\"><div class=\"t-entry-visual-tc\"><div class=\"uncode-single-media-wrapper\"><div class=\"h3 youtube-video fluid-object\" style=\"padding-top: 56.31%\"><iframe title=\"Interview with Maria - Spanish Teacher with Hablamos\" width=\"840\" height=\"473\" src=\"https:\/\/www.youtube.com\/embed\/gZMwAGFnec0?feature=oembed&amp;v=gZMwAGFnec0\" frameborder=\"0\" allow=\"accelerometer; autoplay; clipboard-write; encrypted-media; gyroscope; picture-in-picture; web-share\" referrerpolicy=\"strict-origin-when-cross-origin\" allowfullscreen><\/iframe><\/div><\/div>\n\t\t\t\t\t<\/div>\n\t\t\t\t<\/div><\/div><\/div><\/div><\/div><\/div><\/div><\/div><\/div><\/div><script id=\"script-row-unique-22\" data-row=\"script-row-unique-22\" type=\"text\/javascript\" class=\"vc_controls\">UNCODE.initRow(document.getElementById(\"row-unique-22\"));<\/script><\/div><\/div><\/div><div data-parent=\"true\" class=\"vc_row inverted-device-order has-bg need-focus style-Hablamos-blue3-bg row-container\" id=\"row-unique-23\"><div class=\"row unequal full-width row-parent\"><div class=\"wpb_row row-inner\"><div class=\"wpb_column pos-top pos-center align_left column_parent col-lg-4 single-internal-gutter\"><div class=\"uncol style-light\"  ><div class=\"uncoltable\"><div class=\"uncell no-block-padding\" ><div class=\"uncont\" ><div class=\"uncode-single-media  text-left\"><div class=\"single-wrapper\" style=\"max-width: 100%;\"><div class=\"tmb tmb-light  tmb-media-first tmb-media-last tmb-content-overlay tmb-no-bg\"><div class=\"t-inside\"><div class=\"t-entry-visual\"><div class=\"t-entry-visual-tc\"><div class=\"uncode-single-media-wrapper\"><div class=\"h3 youtube-video fluid-object\" style=\"padding-top: 56.31%\"><iframe title=\"Interview with Begon&#771;a - Spanish Teacher with Hablamos Escuela de Espa&ntilde;ol, in Madrid\" width=\"840\" height=\"473\" src=\"https:\/\/www.youtube.com\/embed\/mswPdv2vEVI?feature=oembed&amp;v=mswPdv2vEVI\" frameborder=\"0\" allow=\"accelerometer; autoplay; clipboard-write; encrypted-media; gyroscope; picture-in-picture; web-share\" referrerpolicy=\"strict-origin-when-cross-origin\" allowfullscreen><\/iframe><\/div><\/div>\n\t\t\t\t\t<\/div>\n\t\t\t\t<\/div><\/div><\/div><\/div><\/div><\/div><\/div><\/div><\/div><\/div><div class=\"wpb_column pos-top pos-center align_left column_parent col-lg-4 single-internal-gutter\"><div class=\"uncol style-light\"  ><div class=\"uncoltable\"><div class=\"uncell no-block-padding\" ><div class=\"uncont\" ><div class=\"uncode-single-media  text-left\"><div class=\"single-wrapper\" style=\"max-width: 100%;\"><div class=\"tmb tmb-light  tmb-media-first tmb-media-last tmb-content-overlay tmb-no-bg\"><div class=\"t-inside\"><div class=\"t-entry-visual\"><div class=\"t-entry-visual-tc\"><div class=\"uncode-single-media-wrapper\"><div class=\"h3 youtube-video fluid-object\" style=\"padding-top: 56.31%\"><iframe title=\"Learn Spanish with Clara | Interactive Spanish Classes Online\" width=\"840\" height=\"473\" src=\"https:\/\/www.youtube.com\/embed\/ZELb2LC1rrg?feature=oembed\" frameborder=\"0\" allow=\"accelerometer; autoplay; clipboard-write; encrypted-media; gyroscope; picture-in-picture; web-share\" referrerpolicy=\"strict-origin-when-cross-origin\" allowfullscreen><\/iframe><\/div><\/div>\n\t\t\t\t\t<\/div>\n\t\t\t\t<\/div><\/div><\/div><\/div><\/div><\/div><\/div><\/div><\/div><\/div><div class=\"wpb_column pos-top pos-center align_left column_parent col-lg-4 single-internal-gutter\"><div class=\"uncol style-light\"  ><div class=\"uncoltable\"><div class=\"uncell no-block-padding\" ><div class=\"uncont\" ><div class=\"uncode-single-media  text-left\"><div class=\"single-wrapper\" style=\"max-width: 100%;\"><div class=\"tmb tmb-light  tmb-media-first tmb-media-last tmb-content-overlay tmb-no-bg\"><div class=\"t-inside\"><div class=\"t-entry-visual\"><div class=\"t-entry-visual-tc\"><div class=\"uncode-single-media-wrapper\"><div class=\"h3 youtube-video fluid-object\" style=\"padding-top: 56.31%\"><iframe title=\"Meet Mari&aacute;ngeles | Spanish Teacher at Escuela Hablamos\" width=\"840\" height=\"473\" src=\"https:\/\/www.youtube.com\/embed\/stNLgavYYSU?feature=oembed\" frameborder=\"0\" allow=\"accelerometer; autoplay; clipboard-write; encrypted-media; gyroscope; picture-in-picture; web-share\" referrerpolicy=\"strict-origin-when-cross-origin\" allowfullscreen><\/iframe><\/div><\/div>\n\t\t\t\t\t<\/div>\n\t\t\t\t<\/div><\/div><\/div><\/div><\/div><\/div><\/div><\/div><\/div><\/div><script id=\"script-row-unique-23\" data-row=\"script-row-unique-23\" type=\"text\/javascript\" class=\"vc_controls\">UNCODE.initRow(document.getElementById(\"row-unique-23\"));<\/script><\/div><\/div><\/div>\r\n<div data-parent=\"true\" class=\"vc_row row-container\" id=\"row-unique-29\"><div class=\"row double-top-padding double-bottom-padding single-h-padding limit-width row-parent\"><div class=\"wpb_row row-inner\"><div class=\"wpb_column pos-top pos-center align_center column_parent col-lg-12 single-internal-gutter\"><div class=\"uncol style-light\"  ><div class=\"uncoltable\"><div class=\"uncell no-block-padding\" ><div class=\"uncont\" ><span class=\"btn-container btn-inline animate_when_almost_visible left-t-right\" ><a role=\"button\"  href=\"https:\/\/www.escuela-hablamos.com\/fr\/contact-hablamos\/\" class=\"custom-link btn border-width-0 btn-accent btn-no-scale btn-icon-left\" title=\"Contact Hablamos\">Plus d'informations ?<\/a><\/span><span class=\"btn-container btn-inline animate_when_almost_visible right-t-left\" ><a role=\"button\"  href=\"https:\/\/www.escuela-hablamos.com\/fr\/book-your-course\/\" class=\"custom-link btn border-width-0 btn-Hablamos-blue btn-no-scale btn-icon-left\" title=\"Inscr\u00edbete\">Registre<\/a><\/span><\/div><\/div><\/div><\/div><\/div><script id=\"script-row-unique-29\" data-row=\"script-row-unique-29\" type=\"text\/javascript\" class=\"vc_controls\">UNCODE.initRow(document.getElementById(\"row-unique-29\"));<\/script><\/div><\/div><\/div>\n<\/div>","protected":false},"excerpt":{"rendered":"<p>Cours d'espagnol intensif 20 classes. Cours en pr\u00e9sentiel dans notre \u00e9cole \u00e0 Madrid<\/p>","protected":false},"author":2,"featured_media":1155,"parent":0,"menu_order":0,"comment_status":"closed","ping_status":"closed","template":"","meta":{"iawp_total_views":21217,"footnotes":""},"class_list":["post-99","page","type-page","status-publish","has-post-thumbnail","hentry","page_category-courses-in-person"],"_links":{"self":[{"href":"https:\/\/www.escuela-hablamos.com\/fr\/wp-json\/wp\/v2\/pages\/99","targetHints":{"allow":["GET"]}}],"collection":[{"href":"https:\/\/www.escuela-hablamos.com\/fr\/wp-json\/wp\/v2\/pages"}],"about":[{"href":"https:\/\/www.escuela-hablamos.com\/fr\/wp-json\/wp\/v2\/types\/page"}],"author":[{"embeddable":true,"href":"https:\/\/www.escuela-hablamos.com\/fr\/wp-json\/wp\/v2\/users\/2"}],"replies":[{"embeddable":true,"href":"https:\/\/www.escuela-hablamos.com\/fr\/wp-json\/wp\/v2\/comments?post=99"}],"version-history":[{"count":222,"href":"https:\/\/www.escuela-hablamos.com\/fr\/wp-json\/wp\/v2\/pages\/99\/revisions"}],"predecessor-version":[{"id":156030,"href":"https:\/\/www.escuela-hablamos.com\/fr\/wp-json\/wp\/v2\/pages\/99\/revisions\/156030"}],"wp:featuredmedia":[{"embeddable":true,"href":"https:\/\/www.escuela-hablamos.com\/fr\/wp-json\/wp\/v2\/media\/1155"}],"wp:attachment":[{"href":"https:\/\/www.escuela-hablamos.com\/fr\/wp-json\/wp\/v2\/media?parent=99"}],"curies":[{"name":"wp","href":"https:\/\/api.w.org\/{rel}","templated":true}]}}