{"id":971,"date":"2022-07-12T11:40:54","date_gmt":"2022-07-12T11:40:54","guid":{"rendered":"https:\/\/www.escuela-hablamos.com\/?page_id=971"},"modified":"2025-09-08T06:52:41","modified_gmt":"2025-09-08T06:52:41","slug":"online-spanish-3-hours-per-week-all-year-round","status":"publish","type":"page","link":"https:\/\/www.escuela-hablamos.com\/fr\/online-spanish-3-hours-per-week-all-year-round\/","title":{"rendered":"Espagnol en ligne, 3 heures par semaine"},"content":{"rendered":"<div class=\"wpb-content-wrapper\"><div data-parent=\"true\" class=\"vc_row row-container\" id=\"row-unique-4\"><div class=\"row unequal limit-width row-parent\"><div class=\"wpb_row row-inner\"><div class=\"wpb_column pos-top pos-center align_left column_parent col-lg-6 single-internal-gutter\"><div class=\"uncol style-light\"  ><div class=\"uncoltable\" style=\"min-height: 400px;\"><div class=\"uncell single-block-padding\" ><div class=\"column-background background-element\">\n\t\t\t\t\t\t\t\t\t\t\t<div class=\"background-wrapper\">\n\t\t\t\t\t\t\t\t\t\t\t\t<div class=\"background-inner\" style=\"background-image: url(https:\/\/www.escuela-hablamos.com\/wp-content\/uploads\/2022\/07\/3-horas.jpg);background-repeat: no-repeat;background-position: center center;background-size: cover;\" data-o_src=\"https:\/\/www.escuela-hablamos.com\/wp-content\/uploads\/2022\/07\/3-horas.jpg\"><\/div>\n\t\t\t\t\t\t\t\t\t\t\t\t\n\t\t\t\t\t\t\t\t\t\t\t<\/div>\n\t\t\t\t\t\t\t\t\t\t<\/div><div class=\"uncont\" ><div  class=\"vertical-text text-Hablamos-red-color h3 vertical-text--noflip vertical-text--left vertical-text--center shift_x_neg_half\">\u00c9tudier en ligne sur Hablamos<\/div><\/div><\/div><\/div><\/div><\/div><div class=\"wpb_column pos-top pos-center align_left column_parent col-lg-6 one-internal-gutter\"><div class=\"uncol style-light\"  ><div class=\"uncoltable\"><div class=\"uncell no-block-padding\" ><div class=\"uncont\" ><div class=\"vc_custom_heading_wrap\"><div class=\"heading-text el-text\" ><h1 class=\"h3 font-weight-400\" ><span><mark>ESPAGNOL, 3 HEURES PAR SEMAINE<\/mark><\/span><\/h1><\/div><div class=\"clear\"><\/div><\/div><div class=\"empty-space empty-half\" ><span class=\"empty-space-inner\"><\/span><\/div>\n<div class=\"vc_custom_heading_wrap\"><div class=\"heading-text el-text\" ><h2 class=\"h1 font-weight-300\" ><span>D&#8217;O\u00d9 QUE<br \/><\/span><span>VOUS \u00caTES<\/span><\/h2><\/div><div class=\"clear\"><\/div><\/div><div class=\"vc_custom_heading_wrap\"><div class=\"heading-text el-text\" ><h2 class=\"h1 font-weight-700\" ><span>APPRENDRE L&#8217;ESPAGNOL<br \/><\/span><span>\u00c0 HABLAMOS<\/span><\/h2><\/div><div class=\"clear\"><\/div><\/div><div class=\"divider-wrapper\"  >\n    <hr class=\"unseparator border-Hablamos-red-color separator-no-padding\"  style=\"width: 30%;border-top-width: 8px;\" \/>\n<\/div>\n<div class=\"empty-space empty-half\" ><span class=\"empty-space-inner\"><\/span><\/div>\n<div class=\"empty-space empty-half\" ><span class=\"empty-space-inner\"><\/span><\/div>\n\n\t<div class=\"wpb_raw_code wpb_raw_html\" >\n\t\t<div class=\"wpb_wrapper\">\n\t\t\t<div style=\"background-color:#4d7285;border-radius:0px 0px 45px 0px;color:white;padding:20px;font-weight:700;\">\n<span style=\"font-weight:400;font-size:1.4em;\"><mark>Passez le test de niveau<\/mark><\/span><br>\n<span style=\"font-size:2.6em;\">ENREGISTRER ><\/span>\n<\/div>\n\n\t\t<\/div>\n\t<\/div>\n<\/div><\/div><\/div><\/div><a class=\"col-link custom-link\" href=\"https:\/\/www.escuela-hablamos.com\/fr\/book-your-course\/\" target=\"_self\" title=\"Inscr\u00edbete\"><\/a><\/div><script id=\"script-row-unique-4\" data-row=\"script-row-unique-4\" type=\"text\/javascript\" class=\"vc_controls\">UNCODE.initRow(document.getElementById(\"row-unique-4\"));<\/script><\/div><\/div><\/div><div data-parent=\"true\" class=\"vc_row inverted-device-order has-bg need-focus style-Hablamos-blue3-bg row-container\" id=\"row-unique-11\"><div class=\"row unequal limit-width row-parent\"><div class=\"wpb_row row-inner\"><div class=\"wpb_column pos-top pos-center align_left column_parent col-lg-6 single-internal-gutter\"><div class=\"uncol style-light\"  ><div class=\"uncoltable\"><div class=\"uncell no-block-padding\" ><div class=\"uncont\" >\n\t<div class=\"wpb_raw_code wpb_raw_html\" >\n\t\t<div class=\"wpb_wrapper\">\n\t\t\t<div style=\"background-color:#ffffff;border-radius:0px 0px 0px 45px;color:#145f85;padding:20px;\">\n<span style=\"font-size:2em;\">CE COURS EN LIGNE <span style=\"font-weight:700;\">COMPREND<\/span><\/span>\n<ul>\n<li>Cours d'espagnol, \u00e0 raison de 3 heures par semaine<\/li>\n<li><a href=\"https:\/\/www.escuela-hablamos.com\/fr\/test-your-level\/\" target=\"_blank\">Test de niveau<\/a> (avant le d\u00e9but du cours)<\/li>\n<\/ul>\n<br>\n<mark>* Horaire:<\/mark><br><br>\n<div style=\"position:relative;top:-10px;\"><strong>Heures du matin et de l'apr\u00e8s-midi.<\/strong> Consultez-nous et nous vous indiquerons les horaires disponibles.<\/div>\n<mark>Dur\u00e9e des cours:<\/mark><br><br>\n<div style=\"position:relative;top:-10px;\">Chaque cours durera 80 minutes.<br>Exemple : Un cours de 19h30 \u00e0 21h00, aura lieu \u00e0 partir de 19h35 et se terminera \u00e0 20h55<\/div>\n<br><br>\n<\/div>\n\n\t\t<\/div>\n\t<\/div>\n<\/div><\/div><\/div><\/div><\/div><div class=\"wpb_column pos-top pos-center align_left column_parent col-lg-6 single-internal-gutter\"><div class=\"uncol style-light\"  ><div class=\"uncoltable\"><div class=\"uncell no-block-padding\" ><div class=\"uncont\" ><div class=\"vc_row row-internal row-container\"><div class=\"row row-child\"><div class=\"wpb_row row-inner\"><div class=\"wpb_column pos-top pos-center align_center column_child col-lg-6 single-internal-gutter\"><div class=\"uncol style-light\" ><div class=\"uncoltable\"><div class=\"uncell no-block-padding\" ><div class=\"uncont\" ><div class=\"icon-box icon-box-top\" ><div class=\"icon-box-icon fa-container\" ><span class=\"fa fa-stack fa-2x btn-accent fa-rounded btn-outline btn-disable-hover\"><i class=\"fa fa-hourglass-o\"><\/i><\/span><\/div><div class=\"icon-box-content\"><div class=\"icon-box-heading icon-box-fa-2x-back\"><h4 class=\"h3\">3 heures\/semaine<\/h4><\/div>\n<p class=\"text-top-reduced\" style=\"text-align: center;\">Matin ou soir*<br \/><\/p>\n<\/div><\/div><\/div><\/div><\/div><\/div><\/div><div class=\"wpb_column pos-top pos-center align_center column_child col-lg-6 single-internal-gutter\"><div class=\"uncol style-light\" ><div class=\"uncoltable\"><div class=\"uncell no-block-padding\" ><div class=\"uncont\" ><div class=\"icon-box icon-box-top\" ><div class=\"icon-box-icon fa-container\" ><span class=\"fa fa-stack fa-2x btn-accent fa-rounded btn-outline btn-disable-hover\"><i class=\"fa fa-calendar\"><\/i><\/span><\/div><div class=\"icon-box-content\"><div class=\"icon-box-heading icon-box-fa-2x-back\"><h4 class=\"h3\">2 jours par semaine<\/h4><\/div>\n<p class=\"text-top-reduced\" style=\"text-align: center;\">Choix de l&#8217;horaire*<br \/><\/p>\n<\/div><\/div><\/div><\/div><\/div><\/div><\/div><\/div><\/div><\/div><div class=\"vc_row row-internal row-container\"><div class=\"row row-child\"><div class=\"wpb_row row-inner\"><div class=\"wpb_column pos-top pos-center align_center column_child col-lg-6 single-internal-gutter\"><div class=\"uncol style-light\" ><div class=\"uncoltable\"><div class=\"uncell no-block-padding\" ><div class=\"uncont\" ><div class=\"icon-box icon-box-top\" ><div class=\"icon-box-icon fa-container\" ><span class=\"fa fa-stack fa-2x btn-accent fa-rounded btn-outline btn-disable-hover\"><i class=\"fa fa-users2\"><\/i><\/span><\/div><div class=\"icon-box-content\"><div class=\"icon-box-heading icon-box-fa-2x-back\"><h4 class=\"h3\">Cours collectifs<\/h4><\/div><p class=\"text-top-reduced\" style=\"text-align: center;\">Moyenne de 4-6 \u00e9tudiants<br \/>\nMaximum de 8 \u00e9tudiants<\/p>\n<\/div><\/div><\/div><\/div><\/div><\/div><\/div><div class=\"wpb_column pos-top pos-center align_center column_child col-lg-6 single-internal-gutter\"><div class=\"uncol style-light\" ><div class=\"uncoltable\"><div class=\"uncell no-block-padding\" ><div class=\"uncont\" ><div class=\"icon-box icon-box-top\" ><div class=\"icon-box-icon fa-container\" ><span class=\"fa fa-stack fa-2x btn-accent fa-rounded btn-outline btn-disable-hover\"><i class=\"fa fa-credit-card\"><\/i><\/span><\/div><div class=\"icon-box-content\"><div class=\"icon-box-heading icon-box-fa-2x-back\"><h4 class=\"h3\">Prix<\/h4><\/div><p class=\"text-top-reduced\" style=\"text-align: center;\">109 euros\/mois<br \/>\n+ 55 euros les frais d&#8217;inscription, qui comprennent le manuel du cours<br \/>\n<small>(livre de l&#8217;\u00e9l\u00e8ve + cahier d&#8217;exercices)<\/small><\/p>\n<\/div><\/div><\/div><\/div><\/div><\/div><\/div><\/div><\/div><\/div><\/div><\/div><\/div><\/div><\/div><script id=\"script-row-unique-11\" data-row=\"script-row-unique-11\" type=\"text\/javascript\" class=\"vc_controls\">UNCODE.initRow(document.getElementById(\"row-unique-11\"));<\/script><\/div><\/div><\/div><div data-parent=\"true\" class=\"vc_row row-container\" id=\"row-unique-19\"><div class=\"row double-top-padding double-bottom-padding single-h-padding limit-width row-parent\"><div class=\"wpb_row row-inner\"><div class=\"wpb_column pos-top pos-center align_center column_parent col-lg-12 half-internal-gutter\"><div class=\"uncol style-light\"  ><div class=\"uncoltable\"><div class=\"uncell no-block-padding\" ><div class=\"uncont\" ><div class=\"vc_custom_heading_wrap\"><div class=\"heading-text el-text\" ><h2 class=\"h3 font-weight-400 text-color-xsdn-color\" ><span><mark>OBJECTIFS DU COURS DE 3 HEURES PAR SEMAINE<\/mark><\/span><\/h2><\/div><div class=\"clear\"><\/div><\/div><div class=\"empty-space empty-single\" ><span class=\"empty-space-inner\"><\/span><\/div>\n<div class=\"vc_row row-internal row-container\"><div class=\"row col-double-gutter row-child\"><div class=\"wpb_row row-inner\"><div class=\"wpb_column pos-top pos-center align_center column_child col-lg-4 half-internal-gutter\"><div class=\"uncol style-light\" ><div class=\"uncoltable\"><div class=\"uncell no-block-padding\" ><div class=\"uncont\" ><div class=\"vc_custom_heading_wrap\"><div class=\"heading-text el-text\" ><h2 class=\"h3 text-accent-color\" ><span>Dur\u00e9e<\/span><\/h2><\/div><div class=\"clear\"><\/div><\/div><div class=\"uncode_text_column\" ><p><strong>Ces cours en ligne sont des cours acad\u00e9miques qui se d\u00e9roulent de septembre \u00e0 juin et ont une dur\u00e9e de 10 mois (120 heures en moyenne).<\/strong> Une fois que vous avez r\u00e9ussi l&#8217;examen final, vous pouvez passer le niveau et passer au niveau d&#8217;espagnol suivant. Ces cours sont id\u00e9aux pour les personnes qui veulent apprendre l&#8217;espagnol \u00e0 un rythme moins intensif et qui souhaitent g\u00e9n\u00e9ralement que leurs \u00e9tudes d&#8217;espagnol soient compatibles avec d&#8217;autres activit\u00e9s.<br \/>\n<strong>Ces cours sont pay\u00e9s mensuellement. Les frais sont les m\u00eames chaque mois. L\u2019\u00e9tudiant peut suivre le nombre de mois qu\u2019il souhaite. Il n\u2019y a pas d\u2019obligation de permanence.<\/strong><\/p>\n<\/div><\/div><\/div><\/div><\/div><\/div><div class=\"wpb_column pos-top pos-center align_center column_child col-lg-4 half-internal-gutter\"><div class=\"uncol style-light\" ><div class=\"uncoltable\"><div class=\"uncell no-block-padding\" ><div class=\"uncont\" ><div class=\"vc_custom_heading_wrap\"><div class=\"heading-text el-text\" ><h2 class=\"h3 text-accent-color\" ><span>Contenu<\/span><\/h2><\/div><div class=\"clear\"><\/div><\/div><div class=\"uncode_text_column\" ><p><strong>Notre m\u00e9thode est totalement communicative.<\/strong> Dans les cours en ligne, nous pratiquons l&#8217;espagnol \u00e0 tout moment, mais <strong>nous travaillons sur les quatre comp\u00e9tences n\u00e9cessaires \u00e0 la ma\u00eetrise d&#8217;une langue : parler, \u00e9couter, lire et \u00e9crire<\/strong>. Nous utilisons un manuel comme base du cours, mais nous avons recours \u00e0 de nombreux supports compl\u00e9mentaires. Nous disposons de tableaux num\u00e9riques dans toutes nos salles de classe.<\/p>\n<\/div><\/div><\/div><\/div><\/div><\/div><div class=\"wpb_column pos-top pos-center align_center column_child col-lg-4 half-internal-gutter\"><div class=\"uncol style-light\" ><div class=\"uncoltable\"><div class=\"uncell no-block-padding\" ><div class=\"uncont\" ><div class=\"vc_custom_heading_wrap\"><div class=\"heading-text el-text\" ><h2 class=\"h3 text-accent-color\" ><span>Dipl\u00f4mes et certificats<\/span><\/h2><\/div><div class=\"clear\"><\/div><\/div><div class=\"uncode_text_column\" ><p><strong>\u00c0 la fin du cours,<\/strong> si l&#8217;\u00e9tudiant r\u00e9ussit les examens finaux, il recevra un <strong>certificat ou un dipl\u00f4me attestant qu&#8217;il a atteint le niveau auquel il \u00e9tait inscrit. Notre \u00e9cole est un centre d&#8217;examen SIELE officiel<\/strong>. Par cons\u00e9quent, une fois que l&#8217;\u00e9tudiant a termin\u00e9 un cours, il a le choix entre les quatre options suivantes.<\/p>\n<\/div><\/div><\/div><\/div><\/div><\/div><\/div><\/div><\/div><div class=\"empty-space empty-single\" ><span class=\"empty-space-inner\"><\/span><\/div>\n<div class=\"vc_custom_heading_wrap\"><div class=\"heading-text el-text\" ><h2 class=\"h2 font-weight-700\" ><span>ET APR\u00c8S ?<\/span><\/h2><\/div><div class=\"clear\"><\/div><\/div><div class=\"divider-wrapper\"  >\n    <hr class=\"unseparator border-Hablamos-red-color separator-no-padding\"  style=\"width: 30%;border-top-width: 8px;\" \/>\n<\/div>\n<div class=\"empty-space empty-half\" ><span class=\"empty-space-inner\"><\/span><\/div>\n<div class=\"vc_row row-internal row-container\"><div class=\"row col-double-gutter row-child\"><div class=\"wpb_row row-inner\"><div class=\"wpb_column pos-top pos-center align_center column_child col-lg-3 half-internal-gutter\"><div class=\"uncol style-light\" ><div class=\"uncoltable\"><div class=\"uncell no-block-padding\" ><div class=\"uncont\" ><div class=\"icon-box icon-box-top\" ><div class=\"icon-box-icon fa-container\" ><span class=\"fa fa-stack fa-2x btn-accent fa-rounded btn-outline btn-disable-hover\"><i class=\"fa fa-calendar\"><\/i><\/span><\/div><div class=\"icon-box-content\"><p class=\"text-top-reduced\" style=\"text-align: center;\"><strong>Continuer dans un autre cours<\/strong>\u00a0au niveau suivant<\/p>\n<\/div><\/div><\/div><\/div><\/div><\/div><\/div><div class=\"wpb_column pos-top pos-center align_center column_child col-lg-3 half-internal-gutter\"><div class=\"uncol style-light\" ><div class=\"uncoltable\"><div class=\"uncell no-block-padding\" ><div class=\"uncont\" ><div class=\"icon-box icon-box-top\" ><div class=\"icon-box-icon fa-container\" ><span class=\"fa fa-stack fa-2x btn-accent fa-rounded btn-outline btn-disable-hover\"><i class=\"fa fa-laptop3\"><\/i><\/span><\/div><div class=\"icon-box-content\"><p class=\"text-top-reduced\" style=\"text-align: center;\"><strong>Pr\u00e9parer et passer l&#8217;examen SIELE du niveau atteint.<\/strong> Cet examen peut \u00eatre pass\u00e9 dans notre centre. Il permet \u00e0 l&#8217;\u00e9tudiant d&#8217;obtenir un <strong>certificat officiel<\/strong> de ce niveau.<\/p>\n<\/div><\/div><\/div><\/div><\/div><\/div><a class=\"col-link custom-link\" href=\"https:\/\/www.escuela-hablamos.com\/es\/preparation-course-for-the-siele-exam\/\" target=\"_self\" title=\"\"><\/a><\/div><div class=\"wpb_column pos-top pos-center align_center column_child col-lg-3 half-internal-gutter\"><div class=\"uncol style-light\" ><div class=\"uncoltable\"><div class=\"uncell no-block-padding\" ><div class=\"uncont\" ><div class=\"icon-box icon-box-top\" ><div class=\"icon-box-icon fa-container\" ><span class=\"fa fa-stack fa-2x btn-accent fa-rounded btn-outline btn-disable-hover\"><i class=\"fa fa-pen\"><\/i><\/span><\/div><div class=\"icon-box-content\"><p class=\"text-top-reduced\" style=\"text-align: center;\"><strong>Pr\u00e9parer et passer l&#8217;examen DELE du niveau atteint.<\/strong> L&#8217;\u00e9tudiant peut passer l&#8217;examen DELE de son niveau et obtenir ainsi une <strong>qualification officielle<\/strong> pour ce niveau d&#8217;espagnol.<\/p>\n<\/div><\/div><\/div><\/div><\/div><\/div><a class=\"col-link custom-link\" href=\"https:\/\/www.escuela-hablamos.com\/es\/preparation-course-for-dele-exam\/\" target=\"_self\" title=\"\"><\/a><\/div><div class=\"wpb_column pos-top pos-center align_center column_child col-lg-3 single-internal-gutter\"><div class=\"uncol style-light\" ><div class=\"uncoltable\"><div class=\"uncell no-block-padding\" ><div class=\"uncont\" ><div class=\"icon-box icon-box-top\" ><div class=\"icon-box-icon fa-container\" ><span class=\"fa fa-stack fa-2x btn-accent fa-rounded btn-outline btn-disable-hover\"><i class=\"fa fa-graduation-cap\"><\/i><\/span><\/div><div class=\"icon-box-content\"><p class=\"text-top-reduced\" style=\"text-align: center;\"><strong>\u00c9tudes sup\u00e9rieures :<\/strong> si vous obtenez un niveau B1 ou B2, vous pourrez <strong>acc\u00e9der \u00e0 des \u00e9tudes universitaires<\/strong> ou professionnelles. Nous pouvons vous conseiller sur la mani\u00e8re d&#8217;entamer les d\u00e9marches pour acc\u00e9der \u00e0 une universit\u00e9 espagnole.<\/p>\n<\/div><\/div><\/div><\/div><\/div><\/div><a class=\"col-link custom-link\" href=\"https:\/\/www.escuela-hablamos.com\/es\/contact-hablamos\/\" target=\"_self\" title=\"\"><\/a><\/div><\/div><\/div><\/div><\/div><\/div><\/div><\/div><\/div><script id=\"script-row-unique-19\" data-row=\"script-row-unique-19\" type=\"text\/javascript\" class=\"vc_controls\">UNCODE.initRow(document.getElementById(\"row-unique-19\"));<\/script><\/div><\/div><\/div><div data-parent=\"true\" class=\"vc_row inverted-device-order has-bg need-focus style-Hablamos-blue3-bg row-container\" id=\"row-unique-22\"><div class=\"row unequal full-width row-parent\"><div class=\"wpb_row row-inner\"><div class=\"wpb_column pos-top pos-center align_left column_parent col-lg-4 single-internal-gutter\"><div class=\"uncol style-light\"  ><div class=\"uncoltable\"><div class=\"uncell no-block-padding\" ><div class=\"uncont\" ><div class=\"uncode-single-media  text-left\"><div class=\"single-wrapper\" style=\"max-width: 100%;\"><div class=\"tmb tmb-light  tmb-media-first tmb-media-last tmb-content-overlay tmb-no-bg\"><div class=\"t-inside\"><div class=\"t-entry-visual\"><div class=\"t-entry-visual-tc\"><div class=\"uncode-single-media-wrapper\"><div class=\"h3 youtube-video fluid-object\" style=\"padding-top: 56.31%\"><iframe title=\"Interview with Olga - Spanish Teacher with Hablamos Escuela de Espa&ntilde;ol, in Madrid\" width=\"840\" height=\"473\" src=\"https:\/\/www.youtube.com\/embed\/V9mM5AplCk4?feature=oembed&amp;v=V9mM5AplCk4\" frameborder=\"0\" allow=\"accelerometer; autoplay; clipboard-write; encrypted-media; gyroscope; picture-in-picture; web-share\" referrerpolicy=\"strict-origin-when-cross-origin\" allowfullscreen><\/iframe><\/div><\/div>\n\t\t\t\t\t<\/div>\n\t\t\t\t<\/div><\/div><\/div><\/div><\/div><\/div><\/div><\/div><\/div><\/div><div class=\"wpb_column pos-top pos-center align_left column_parent col-lg-4 single-internal-gutter\"><div class=\"uncol style-light\"  ><div class=\"uncoltable\"><div class=\"uncell no-block-padding\" ><div class=\"uncont\" ><div class=\"uncode-single-media  text-left\"><div class=\"single-wrapper\" style=\"max-width: 100%;\"><div class=\"tmb tmb-light  tmb-media-first tmb-media-last tmb-content-overlay tmb-no-bg\"><div class=\"t-inside\"><div class=\"t-entry-visual\"><div class=\"t-entry-visual-tc\"><div class=\"uncode-single-media-wrapper\"><div class=\"h3 youtube-video fluid-object\" style=\"padding-top: 56.31%\"><iframe title=\"Hablamos Entrevista Oscar, Profesor de Espa&ntilde;ol\" width=\"840\" height=\"473\" src=\"https:\/\/www.youtube.com\/embed\/lpsT6JSvsyw?feature=oembed&amp;v=lpsT6JSvsyw\" frameborder=\"0\" allow=\"accelerometer; autoplay; clipboard-write; encrypted-media; gyroscope; picture-in-picture; web-share\" referrerpolicy=\"strict-origin-when-cross-origin\" allowfullscreen><\/iframe><\/div><\/div>\n\t\t\t\t\t<\/div>\n\t\t\t\t<\/div><\/div><\/div><\/div><\/div><\/div><\/div><\/div><\/div><\/div><div class=\"wpb_column pos-top pos-center align_left column_parent col-lg-4 single-internal-gutter\"><div class=\"uncol style-light\"  ><div class=\"uncoltable\"><div class=\"uncell no-block-padding\" ><div class=\"uncont\" ><div class=\"uncode-single-media  text-left\"><div class=\"single-wrapper\" style=\"max-width: 100%;\"><div class=\"tmb tmb-light  tmb-media-first tmb-media-last tmb-content-overlay tmb-no-bg\"><div class=\"t-inside\"><div class=\"t-entry-visual\"><div class=\"t-entry-visual-tc\"><div class=\"uncode-single-media-wrapper\"><div class=\"h3 youtube-video fluid-object\" style=\"padding-top: 56.31%\"><iframe title=\"Interview with Maria - Spanish Teacher with Hablamos\" width=\"840\" height=\"473\" src=\"https:\/\/www.youtube.com\/embed\/gZMwAGFnec0?feature=oembed&amp;v=gZMwAGFnec0\" frameborder=\"0\" allow=\"accelerometer; autoplay; clipboard-write; encrypted-media; gyroscope; picture-in-picture; web-share\" referrerpolicy=\"strict-origin-when-cross-origin\" allowfullscreen><\/iframe><\/div><\/div>\n\t\t\t\t\t<\/div>\n\t\t\t\t<\/div><\/div><\/div><\/div><\/div><\/div><\/div><\/div><\/div><\/div><script id=\"script-row-unique-22\" data-row=\"script-row-unique-22\" type=\"text\/javascript\" class=\"vc_controls\">UNCODE.initRow(document.getElementById(\"row-unique-22\"));<\/script><\/div><\/div><\/div><div data-parent=\"true\" class=\"vc_row inverted-device-order has-bg need-focus style-Hablamos-blue3-bg row-container\" id=\"row-unique-23\"><div class=\"row unequal full-width row-parent\"><div class=\"wpb_row row-inner\"><div class=\"wpb_column pos-top pos-center align_left column_parent col-lg-4 single-internal-gutter\"><div class=\"uncol style-light\"  ><div class=\"uncoltable\"><div class=\"uncell no-block-padding\" ><div class=\"uncont\" ><div class=\"uncode-single-media  text-left\"><div class=\"single-wrapper\" style=\"max-width: 100%;\"><div class=\"tmb tmb-light  tmb-media-first tmb-media-last tmb-content-overlay tmb-no-bg\"><div class=\"t-inside\"><div class=\"t-entry-visual\"><div class=\"t-entry-visual-tc\"><div class=\"uncode-single-media-wrapper\"><div class=\"h3 youtube-video fluid-object\" style=\"padding-top: 56.31%\"><iframe title=\"Interview with Begon&#771;a - Spanish Teacher with Hablamos Escuela de Espa&ntilde;ol, in Madrid\" width=\"840\" height=\"473\" src=\"https:\/\/www.youtube.com\/embed\/mswPdv2vEVI?feature=oembed&amp;v=mswPdv2vEVI\" frameborder=\"0\" allow=\"accelerometer; autoplay; clipboard-write; encrypted-media; gyroscope; picture-in-picture; web-share\" referrerpolicy=\"strict-origin-when-cross-origin\" allowfullscreen><\/iframe><\/div><\/div>\n\t\t\t\t\t<\/div>\n\t\t\t\t<\/div><\/div><\/div><\/div><\/div><\/div><\/div><\/div><\/div><\/div><div class=\"wpb_column pos-top pos-center align_left column_parent col-lg-4 single-internal-gutter\"><div class=\"uncol style-light\"  ><div class=\"uncoltable\"><div class=\"uncell no-block-padding\" ><div class=\"uncont\" ><div class=\"uncode-single-media  text-left\"><div class=\"single-wrapper\" style=\"max-width: 100%;\"><div class=\"tmb tmb-light  tmb-media-first tmb-media-last tmb-content-overlay tmb-no-bg\"><div class=\"t-inside\"><div class=\"t-entry-visual\"><div class=\"t-entry-visual-tc\"><div class=\"uncode-single-media-wrapper\"><div class=\"h3 youtube-video fluid-object\" style=\"padding-top: 56.31%\"><iframe title=\"Learn Spanish with Clara | Interactive Spanish Classes Online\" width=\"840\" height=\"473\" src=\"https:\/\/www.youtube.com\/embed\/ZELb2LC1rrg?feature=oembed\" frameborder=\"0\" allow=\"accelerometer; autoplay; clipboard-write; encrypted-media; gyroscope; picture-in-picture; web-share\" referrerpolicy=\"strict-origin-when-cross-origin\" allowfullscreen><\/iframe><\/div><\/div>\n\t\t\t\t\t<\/div>\n\t\t\t\t<\/div><\/div><\/div><\/div><\/div><\/div><\/div><\/div><\/div><\/div><div class=\"wpb_column pos-top pos-center align_left column_parent col-lg-4 single-internal-gutter\"><div class=\"uncol style-light\"  ><div class=\"uncoltable\"><div class=\"uncell no-block-padding\" ><div class=\"uncont\" ><div class=\"uncode-single-media  text-left\"><div class=\"single-wrapper\" style=\"max-width: 100%;\"><div class=\"tmb tmb-light  tmb-media-first tmb-media-last tmb-content-overlay tmb-no-bg\"><div class=\"t-inside\"><div class=\"t-entry-visual\"><div class=\"t-entry-visual-tc\"><div class=\"uncode-single-media-wrapper\"><div class=\"h3 youtube-video fluid-object\" style=\"padding-top: 56.31%\"><iframe title=\"Meet Mari&aacute;ngeles | Spanish Teacher at Escuela Hablamos\" width=\"840\" height=\"473\" src=\"https:\/\/www.youtube.com\/embed\/stNLgavYYSU?feature=oembed\" frameborder=\"0\" allow=\"accelerometer; autoplay; clipboard-write; encrypted-media; gyroscope; picture-in-picture; web-share\" referrerpolicy=\"strict-origin-when-cross-origin\" allowfullscreen><\/iframe><\/div><\/div>\n\t\t\t\t\t<\/div>\n\t\t\t\t<\/div><\/div><\/div><\/div><\/div><\/div><\/div><\/div><\/div><\/div><script id=\"script-row-unique-23\" data-row=\"script-row-unique-23\" type=\"text\/javascript\" class=\"vc_controls\">UNCODE.initRow(document.getElementById(\"row-unique-23\"));<\/script><\/div><\/div><\/div>\r\n<div data-parent=\"true\" class=\"vc_row row-container\" id=\"row-unique-29\"><div class=\"row double-top-padding double-bottom-padding single-h-padding limit-width row-parent\"><div class=\"wpb_row row-inner\"><div class=\"wpb_column pos-top pos-center align_center column_parent col-lg-12 single-internal-gutter\"><div class=\"uncol style-light\"  ><div class=\"uncoltable\"><div class=\"uncell no-block-padding\" ><div class=\"uncont\" ><span class=\"btn-container btn-inline animate_when_almost_visible left-t-right\" ><a role=\"button\"  href=\"https:\/\/www.escuela-hablamos.com\/fr\/contact-hablamos\/\" class=\"custom-link btn border-width-0 btn-accent btn-no-scale btn-icon-left\" title=\"Contact Hablamos\">Plus d'informations ?<\/a><\/span><span class=\"btn-container btn-inline animate_when_almost_visible right-t-left\" ><a role=\"button\"  href=\"https:\/\/www.escuela-hablamos.com\/fr\/book-your-course\/\" class=\"custom-link btn border-width-0 btn-Hablamos-blue btn-no-scale btn-icon-left\" title=\"Inscr\u00edbete\">Registre<\/a><\/span><\/div><\/div><\/div><\/div><\/div><script id=\"script-row-unique-29\" data-row=\"script-row-unique-29\" type=\"text\/javascript\" class=\"vc_controls\">UNCODE.initRow(document.getElementById(\"row-unique-29\"));<\/script><\/div><\/div><\/div>\n<\/div>","protected":false},"excerpt":{"rendered":"<p>Cours d'espagnol en ligne, 3 heures par semaine, de septembre \u00e0 juin. Apprendre l'espagnol avec Hablamos<\/p>","protected":false},"author":2,"featured_media":1025,"parent":0,"menu_order":0,"comment_status":"closed","ping_status":"closed","template":"","meta":{"iawp_total_views":3379,"footnotes":""},"class_list":["post-971","page","type-page","status-publish","has-post-thumbnail","hentry","page_category-online-courses"],"_links":{"self":[{"href":"https:\/\/www.escuela-hablamos.com\/fr\/wp-json\/wp\/v2\/pages\/971","targetHints":{"allow":["GET"]}}],"collection":[{"href":"https:\/\/www.escuela-hablamos.com\/fr\/wp-json\/wp\/v2\/pages"}],"about":[{"href":"https:\/\/www.escuela-hablamos.com\/fr\/wp-json\/wp\/v2\/types\/page"}],"author":[{"embeddable":true,"href":"https:\/\/www.escuela-hablamos.com\/fr\/wp-json\/wp\/v2\/users\/2"}],"replies":[{"embeddable":true,"href":"https:\/\/www.escuela-hablamos.com\/fr\/wp-json\/wp\/v2\/comments?post=971"}],"version-history":[{"count":74,"href":"https:\/\/www.escuela-hablamos.com\/fr\/wp-json\/wp\/v2\/pages\/971\/revisions"}],"predecessor-version":[{"id":155920,"href":"https:\/\/www.escuela-hablamos.com\/fr\/wp-json\/wp\/v2\/pages\/971\/revisions\/155920"}],"wp:featuredmedia":[{"embeddable":true,"href":"https:\/\/www.escuela-hablamos.com\/fr\/wp-json\/wp\/v2\/media\/1025"}],"wp:attachment":[{"href":"https:\/\/www.escuela-hablamos.com\/fr\/wp-json\/wp\/v2\/media?parent=971"}],"curies":[{"name":"wp","href":"https:\/\/api.w.org\/{rel}","templated":true}]}}