{"id":931,"date":"2022-07-11T11:51:42","date_gmt":"2022-07-11T11:51:42","guid":{"rendered":"https:\/\/www.escuela-hablamos.com\/?page_id=931"},"modified":"2025-09-21T19:31:01","modified_gmt":"2025-09-21T19:31:01","slug":"preparation-course-for-dele-exam","status":"publish","type":"page","link":"https:\/\/www.escuela-hablamos.com\/fr\/preparation-course-for-dele-exam\/","title":{"rendered":"Pr\u00e9paration \u00e0 l'examen DELE"},"content":{"rendered":"<div class=\"wpb-content-wrapper\"><div data-parent=\"true\" class=\"vc_row row-container\" id=\"row-unique-4\"><div class=\"row unequal limit-width row-parent\"><div class=\"wpb_row row-inner\"><div class=\"wpb_column pos-top pos-center align_left column_parent col-lg-6 single-internal-gutter\"><div class=\"uncol style-light\"  ><div class=\"uncoltable\" style=\"min-height: 400px;\"><div class=\"uncell single-block-padding\" ><div class=\"column-background background-element\">\n\t\t\t\t\t\t\t\t\t\t\t<div class=\"background-wrapper\">\n\t\t\t\t\t\t\t\t\t\t\t\t<div class=\"background-inner\" style=\"background-image: url(https:\/\/www.escuela-hablamos.com\/wp-content\/uploads\/2022\/07\/curso-dele.jpg);background-repeat: no-repeat;background-position: center center;background-size: cover;\" data-o_src=\"https:\/\/www.escuela-hablamos.com\/wp-content\/uploads\/2022\/07\/curso-dele.jpg\"><\/div>\n\t\t\t\t\t\t\t\t\t\t\t\t\n\t\t\t\t\t\t\t\t\t\t\t<\/div>\n\t\t\t\t\t\t\t\t\t\t<\/div><div class=\"uncont\" ><div  class=\"vertical-text text-Hablamos-red-color h3 vertical-text--noflip vertical-text--left vertical-text--center shift_x_neg_half\">Certificat d&#8217;espagnol \u00e0 Madrid<\/div><\/div><\/div><\/div><\/div><\/div><div class=\"wpb_column pos-top pos-center align_left column_parent col-lg-6 one-internal-gutter\"><div class=\"uncol style-light\"  ><div class=\"uncoltable\"><div class=\"uncell no-block-padding\" ><div class=\"uncont\" ><div class=\"vc_custom_heading_wrap\"><div class=\"heading-text el-text\" ><h1 class=\"h3 font-weight-400\" ><span><mark>COURS DE PR\u00c9PARATION \u00c0 L&#8217;EXAMEN DELE<\/mark><\/span><\/h1><\/div><div class=\"clear\"><\/div><\/div><div class=\"empty-space empty-half\" ><span class=\"empty-space-inner\"><\/span><\/div>\n<div class=\"vc_custom_heading_wrap\"><div class=\"heading-text el-text\" ><h2 class=\"h1 font-weight-300\" ><span>CERTIFIER VOTRE<br \/><\/span><span>CONNAISSANCE<\/span><\/h2><\/div><div class=\"clear\"><\/div><\/div><div class=\"vc_custom_heading_wrap\"><div class=\"heading-text el-text\" ><h2 class=\"h1 font-weight-700\" ><span>OBTENEZ VOTRE DELE<br \/><\/span><span>DIPL\u00d4ME DE LANGUE ESPAGNOLE<\/span><\/h2><\/div><div class=\"clear\"><\/div><\/div><div class=\"divider-wrapper\"  >\n    <hr class=\"unseparator border-Hablamos-red-color separator-no-padding\"  style=\"width: 30%;border-top-width: 8px;\" \/>\n<\/div>\n<div class=\"empty-space empty-half\" ><span class=\"empty-space-inner\"><\/span><\/div>\n<div class=\"uncode_text_column text-lead\" ><p>Cours de pr\u00e9paration \u00e0 l&#8217;examen DELE <strong>en personne<\/strong>. Uniquement des professeurs de langue maternelle espagnole ayant une exp\u00e9rience dans la pr\u00e9paration de l&#8217;examen.<\/p>\n<\/div><div class=\"empty-space empty-half\" ><span class=\"empty-space-inner\"><\/span><\/div>\n\n\t<div class=\"wpb_raw_code wpb_raw_html\" >\n\t\t<div class=\"wpb_wrapper\">\n\t\t\t<div style=\"background-color:#4d7285;border-radius:0px 0px 45px 0px;color:white;padding:20px;font-weight:700;\">\n<span style=\"font-weight:400;font-size:1.4em;\"><mark>Passez le test de niveau<\/mark><\/span><br>\n<span style=\"font-size:2.6em;\">ENREGISTRER ><\/span>\n<\/div>\n\n\t\t<\/div>\n\t<\/div>\n<\/div><\/div><\/div><\/div><a class=\"col-link custom-link\" href=\"https:\/\/www.escuela-hablamos.com\/fr\/book-your-course\/\" target=\"_self\" title=\"Inscr\u00edbete\"><\/a><\/div><script id=\"script-row-unique-4\" data-row=\"script-row-unique-4\" type=\"text\/javascript\" class=\"vc_controls\">UNCODE.initRow(document.getElementById(\"row-unique-4\"));<\/script><\/div><\/div><\/div><div data-parent=\"true\" class=\"vc_row inverted-device-order has-bg need-focus style-Hablamos-blue3-bg row-container\" id=\"row-unique-11\"><div class=\"row unequal limit-width row-parent\"><div class=\"wpb_row row-inner\"><div class=\"wpb_column pos-top pos-center align_left column_parent col-lg-6 single-internal-gutter\"><div class=\"uncol style-light\"  ><div class=\"uncoltable\"><div class=\"uncell no-block-padding\" ><div class=\"uncont\" >\n\t<div class=\"wpb_raw_code wpb_raw_html\" >\n\t\t<div class=\"wpb_wrapper\">\n\t\t\t<div style=\"background-color:#ffffff;border-radius:0px 0px 0px 45px;color:#145f85;padding:20px;\">\n<span style=\"font-size:2em;\">CE COURS <span style=\"font-weight:700;\">COMPREND<\/span><\/span>\n<ul>\n<li>10 heures de cours par semaine de pr\u00e9paration \u00e0 l'examen du DELE<\/li>\n<li><a href=\"https:\/\/www.escuela-hablamos.com\/fr\/test-your-level\/\" target=\"_blank\">Test de niveau<\/a> (avant le d\u00e9but du cours)<\/li>\n<\/ul>\n<br>\n<mark>* Dur\u00e9e des cours:<\/mark><br><br>\n<div style=\"position:relative;top:-10px;\">Chaque cours durera 110 minutes.<br>\nExemple : Un cours de 18h00 \u00e0 20h00, aura lieu \u00e0 partir de 18h05 et se terminera \u00e0 19h55<\/div>\nCes cours ne sont propos\u00e9s que s'il existe une demande pr\u00e9alable d'au moins 3 \u00e9l\u00e8ves.\n<br><br>\n<\/div>\n\n\t\t<\/div>\n\t<\/div>\n<span class=\"btn-container btn-block\" ><a role=\"button\"  href=\"https:\/\/www.escuela-hablamos.com\/fr\/details-about-the-dele-exam\/\" class=\"custom-link btn border-width-0 btn-Hablamos-medio btn-round btn-block btn-icon-left\" title=\"Details about the DELE exam\" target=\"_blank\">Cliquez pour plus d&#8217;informations<\/a><\/span><\/div><\/div><\/div><\/div><\/div><div class=\"wpb_column pos-top pos-center align_left column_parent col-lg-6 single-internal-gutter\"><div class=\"uncol style-light\"  ><div class=\"uncoltable\"><div class=\"uncell no-block-padding\" ><div class=\"uncont\" ><div class=\"vc_row row-internal row-container\"><div class=\"row row-child\"><div class=\"wpb_row row-inner\"><div class=\"wpb_column pos-top pos-center align_center column_child col-lg-6 single-internal-gutter\"><div class=\"uncol style-light\" ><div class=\"uncoltable\"><div class=\"uncell no-block-padding\" ><div class=\"uncont\" ><div class=\"icon-box icon-box-top\" ><div class=\"icon-box-icon fa-container\" ><span class=\"fa fa-stack fa-2x btn-accent fa-rounded btn-outline btn-disable-hover\"><i class=\"fa fa-hourglass-o\"><\/i><\/span><\/div><div class=\"icon-box-content\"><div class=\"icon-box-heading icon-box-fa-2x-back\"><h4 class=\"h3\">10 heures\/semaine<\/h4><\/div>\n<p class=\"text-top-reduced\" style=\"text-align: center;\">Matin ou soir<br \/><\/p>\n<\/div><\/div><\/div><\/div><\/div><\/div><\/div><div class=\"wpb_column pos-top pos-center align_center column_child col-lg-6 single-internal-gutter\"><div class=\"uncol style-light\" ><div class=\"uncoltable\"><div class=\"uncell no-block-padding\" ><div class=\"uncont\" ><div class=\"icon-box icon-box-top\" ><div class=\"icon-box-icon fa-container\" ><span class=\"fa fa-stack fa-2x btn-accent fa-rounded btn-outline btn-disable-hover\"><i class=\"fa fa-calendar\"><\/i><\/span><\/div><div class=\"icon-box-content\"><div class=\"icon-box-heading icon-box-fa-2x-back\"><h4 class=\"h3\">Lundi \u00e0 vendredi<\/h4><\/div>\n<p class=\"text-top-reduced\" style=\"text-align: center;\">2 heures par jour*<br \/><\/p>\n<\/div><\/div><\/div><\/div><\/div><\/div><\/div><\/div><\/div><\/div><div class=\"vc_row row-internal row-container\"><div class=\"row row-child\"><div class=\"wpb_row row-inner\"><div class=\"wpb_column pos-top pos-center align_center column_child col-lg-6 single-internal-gutter\"><div class=\"uncol style-light\" ><div class=\"uncoltable\"><div class=\"uncell no-block-padding\" ><div class=\"uncont\" ><div class=\"icon-box icon-box-top\" ><div class=\"icon-box-icon fa-container\" ><span class=\"fa fa-stack fa-2x btn-accent fa-rounded btn-outline btn-disable-hover\"><i class=\"fa fa-users2\"><\/i><\/span><\/div><div class=\"icon-box-content\"><div class=\"icon-box-heading icon-box-fa-2x-back\"><h4 class=\"h3\">Cours collectifs<\/h4><\/div><p class=\"text-top-reduced\" style=\"text-align: center;\">Moyenne de 4-6 \u00e9tudiants<br \/>\nMaximum de 8 \u00e9tudiants<\/p>\n<\/div><\/div><\/div><\/div><\/div><\/div><\/div><div class=\"wpb_column pos-top pos-center align_center column_child col-lg-6 single-internal-gutter\"><div class=\"uncol style-light\" ><div class=\"uncoltable\"><div class=\"uncell no-block-padding\" ><div class=\"uncont\" ><div class=\"icon-box icon-box-top\" ><div class=\"icon-box-icon fa-container\" ><span class=\"fa fa-stack fa-2x btn-accent fa-rounded btn-outline btn-disable-hover\"><i class=\"fa fa-bar-graph\"><\/i><\/span><\/div><div class=\"icon-box-content\"><div class=\"icon-box-heading icon-box-fa-2x-back\"><h4 class=\"h3\">Niveaux<\/h4><\/div><p class=\"text-top-reduced\" style=\"text-align: center;\">Tous les niveaux<br \/>\nde A1 \u00e0 C2<\/p>\n<\/div><\/div><\/div><\/div><\/div><\/div><\/div><\/div><\/div><\/div><div class=\"vc_row row-internal row-container\"><div class=\"row row-child\"><div class=\"wpb_row row-inner\"><div class=\"wpb_column pos-top pos-center align_center column_child col-lg-6 single-internal-gutter\"><div class=\"uncol style-light\" ><div class=\"uncoltable\"><div class=\"uncell no-block-padding\" ><div class=\"uncont\" ><div class=\"icon-box icon-box-top\" ><div class=\"icon-box-icon fa-container\" ><span class=\"fa fa-stack fa-2x btn-accent fa-rounded btn-outline btn-disable-hover\"><i class=\"fa fa-th-large\"><\/i><\/span><\/div><div class=\"icon-box-content\"><div class=\"icon-box-heading icon-box-fa-2x-back\"><h4 class=\"h3\">Cours de 2 semaines<\/h4><\/div><p class=\"text-top-reduced\" style=\"text-align: center;\">175 euros<br \/>\n+ 55 euros les frais d&#8217;inscription, qui comprennent le manuel du cours<br \/>\n<small>(livre de l&#8217;\u00e9l\u00e8ve + cahier d&#8217;exercices)<\/small><\/p>\n<\/div><\/div><\/div><\/div><\/div><\/div><\/div><div class=\"wpb_column pos-top pos-center align_center column_child col-lg-6 single-internal-gutter\"><div class=\"uncol style-light\" ><div class=\"uncoltable\"><div class=\"uncell no-block-padding\" ><div class=\"uncont\" ><div class=\"icon-box icon-box-top\" ><div class=\"icon-box-icon fa-container\" ><span class=\"fa fa-stack fa-2x btn-accent fa-rounded btn-outline btn-disable-hover\"><i class=\"fa fa-th\"><\/i><\/span><\/div><div class=\"icon-box-content\"><div class=\"icon-box-heading icon-box-fa-2x-back\"><h4 class=\"h3\">Cours de 4 semaines<\/h4><\/div><p class=\"text-top-reduced\" style=\"text-align: center;\">350 euros<br \/>\n+ 55 euros les frais d&#8217;inscription, qui comprennent le manuel du cours<br \/>\n<small>(livre de l&#8217;\u00e9l\u00e8ve + cahier d&#8217;exercices)<\/small><\/p>\n<\/div><\/div><\/div><\/div><\/div><\/div><\/div><\/div><\/div><\/div><\/div><\/div><\/div><\/div><\/div><script id=\"script-row-unique-11\" data-row=\"script-row-unique-11\" type=\"text\/javascript\" class=\"vc_controls\">UNCODE.initRow(document.getElementById(\"row-unique-11\"));<\/script><\/div><\/div><\/div><div data-parent=\"true\" class=\"vc_row inverted-device-order has-bg need-focus style-Hablamos-blue3-bg row-container\" id=\"row-unique-15\"><div class=\"row unequal full-width row-parent\"><div class=\"wpb_row row-inner\"><div class=\"wpb_column pos-top pos-center align_left column_parent col-lg-4 single-internal-gutter\"><div class=\"uncol style-light\"  ><div class=\"uncoltable\"><div class=\"uncell no-block-padding\" ><div class=\"uncont\" ><div class=\"uncode-single-media  text-left\"><div class=\"single-wrapper\" style=\"max-width: 100%;\"><div class=\"tmb tmb-light  tmb-media-first tmb-media-last tmb-content-overlay tmb-no-bg\"><div class=\"t-inside\"><div class=\"t-entry-visual\"><div class=\"t-entry-visual-tc\"><div class=\"uncode-single-media-wrapper\"><div class=\"h3 youtube-video fluid-object\" style=\"padding-top: 56.31%\"><iframe title=\"Interview with Olga - Spanish Teacher with Hablamos Escuela de Espa&ntilde;ol, in Madrid\" width=\"840\" height=\"473\" src=\"https:\/\/www.youtube.com\/embed\/V9mM5AplCk4?feature=oembed&amp;v=V9mM5AplCk4\" frameborder=\"0\" allow=\"accelerometer; autoplay; clipboard-write; encrypted-media; gyroscope; picture-in-picture; web-share\" referrerpolicy=\"strict-origin-when-cross-origin\" allowfullscreen><\/iframe><\/div><\/div>\n\t\t\t\t\t<\/div>\n\t\t\t\t<\/div><\/div><\/div><\/div><\/div><\/div><\/div><\/div><\/div><\/div><div class=\"wpb_column pos-top pos-center align_left column_parent col-lg-4 single-internal-gutter\"><div class=\"uncol style-light\"  ><div class=\"uncoltable\"><div class=\"uncell no-block-padding\" ><div class=\"uncont\" ><div class=\"uncode-single-media  text-left\"><div class=\"single-wrapper\" style=\"max-width: 100%;\"><div class=\"tmb tmb-light  tmb-media-first tmb-media-last tmb-content-overlay tmb-no-bg\"><div class=\"t-inside\"><div class=\"t-entry-visual\"><div class=\"t-entry-visual-tc\"><div class=\"uncode-single-media-wrapper\"><div class=\"h3 youtube-video fluid-object\" style=\"padding-top: 56.31%\"><iframe title=\"Hablamos Entrevista Oscar, Profesor de Espa&ntilde;ol\" width=\"840\" height=\"473\" src=\"https:\/\/www.youtube.com\/embed\/lpsT6JSvsyw?feature=oembed&amp;v=lpsT6JSvsyw\" frameborder=\"0\" allow=\"accelerometer; autoplay; clipboard-write; encrypted-media; gyroscope; picture-in-picture; web-share\" referrerpolicy=\"strict-origin-when-cross-origin\" allowfullscreen><\/iframe><\/div><\/div>\n\t\t\t\t\t<\/div>\n\t\t\t\t<\/div><\/div><\/div><\/div><\/div><\/div><\/div><\/div><\/div><\/div><div class=\"wpb_column pos-top pos-center align_left column_parent col-lg-4 single-internal-gutter\"><div class=\"uncol style-light\"  ><div class=\"uncoltable\"><div class=\"uncell no-block-padding\" ><div class=\"uncont\" ><div class=\"uncode-single-media  text-left\"><div class=\"single-wrapper\" style=\"max-width: 100%;\"><div class=\"tmb tmb-light  tmb-media-first tmb-media-last tmb-content-overlay tmb-no-bg\"><div class=\"t-inside\"><div class=\"t-entry-visual\"><div class=\"t-entry-visual-tc\"><div class=\"uncode-single-media-wrapper\"><div class=\"h3 youtube-video fluid-object\" style=\"padding-top: 56.31%\"><iframe title=\"Interview with Maria - Spanish Teacher with Hablamos\" width=\"840\" height=\"473\" src=\"https:\/\/www.youtube.com\/embed\/gZMwAGFnec0?feature=oembed&amp;v=gZMwAGFnec0\" frameborder=\"0\" allow=\"accelerometer; autoplay; clipboard-write; encrypted-media; gyroscope; picture-in-picture; web-share\" referrerpolicy=\"strict-origin-when-cross-origin\" allowfullscreen><\/iframe><\/div><\/div>\n\t\t\t\t\t<\/div>\n\t\t\t\t<\/div><\/div><\/div><\/div><\/div><\/div><\/div><\/div><\/div><\/div><script id=\"script-row-unique-15\" data-row=\"script-row-unique-15\" type=\"text\/javascript\" class=\"vc_controls\">UNCODE.initRow(document.getElementById(\"row-unique-15\"));<\/script><\/div><\/div><\/div><div data-parent=\"true\" class=\"vc_row inverted-device-order has-bg need-focus style-Hablamos-blue3-bg row-container\" id=\"row-unique-16\"><div class=\"row unequal full-width row-parent\"><div class=\"wpb_row row-inner\"><div class=\"wpb_column pos-top pos-center align_left column_parent col-lg-4 single-internal-gutter\"><div class=\"uncol style-light\"  ><div class=\"uncoltable\"><div class=\"uncell no-block-padding\" ><div class=\"uncont\" ><div class=\"uncode-single-media  text-left\"><div class=\"single-wrapper\" style=\"max-width: 100%;\"><div class=\"tmb tmb-light  tmb-media-first tmb-media-last tmb-content-overlay tmb-no-bg\"><div class=\"t-inside\"><div class=\"t-entry-visual\"><div class=\"t-entry-visual-tc\"><div class=\"uncode-single-media-wrapper\"><div class=\"h3 youtube-video fluid-object\" style=\"padding-top: 56.31%\"><iframe title=\"Interview with Begon&#771;a - Spanish Teacher with Hablamos Escuela de Espa&ntilde;ol, in Madrid\" width=\"840\" height=\"473\" src=\"https:\/\/www.youtube.com\/embed\/mswPdv2vEVI?feature=oembed&amp;v=mswPdv2vEVI\" frameborder=\"0\" allow=\"accelerometer; autoplay; clipboard-write; encrypted-media; gyroscope; picture-in-picture; web-share\" referrerpolicy=\"strict-origin-when-cross-origin\" allowfullscreen><\/iframe><\/div><\/div>\n\t\t\t\t\t<\/div>\n\t\t\t\t<\/div><\/div><\/div><\/div><\/div><\/div><\/div><\/div><\/div><\/div><div class=\"wpb_column pos-top pos-center align_left column_parent col-lg-4 single-internal-gutter\"><div class=\"uncol style-light\"  ><div class=\"uncoltable\"><div class=\"uncell no-block-padding\" ><div class=\"uncont\" ><div class=\"uncode-single-media  text-left\"><div class=\"single-wrapper\" style=\"max-width: 100%;\"><div class=\"tmb tmb-light  tmb-media-first tmb-media-last tmb-content-overlay tmb-no-bg\"><div class=\"t-inside\"><div class=\"t-entry-visual\"><div class=\"t-entry-visual-tc\"><div class=\"uncode-single-media-wrapper\"><div class=\"h3 youtube-video fluid-object\" style=\"padding-top: 56.31%\"><iframe title=\"Learn Spanish with Clara | Interactive Spanish Classes Online\" width=\"840\" height=\"473\" src=\"https:\/\/www.youtube.com\/embed\/ZELb2LC1rrg?feature=oembed\" frameborder=\"0\" allow=\"accelerometer; autoplay; clipboard-write; encrypted-media; gyroscope; picture-in-picture; web-share\" referrerpolicy=\"strict-origin-when-cross-origin\" allowfullscreen><\/iframe><\/div><\/div>\n\t\t\t\t\t<\/div>\n\t\t\t\t<\/div><\/div><\/div><\/div><\/div><\/div><\/div><\/div><\/div><\/div><div class=\"wpb_column pos-top pos-center align_left column_parent col-lg-4 single-internal-gutter\"><div class=\"uncol style-light\"  ><div class=\"uncoltable\"><div class=\"uncell no-block-padding\" ><div class=\"uncont\" ><div class=\"uncode-single-media  text-left\"><div class=\"single-wrapper\" style=\"max-width: 100%;\"><div class=\"tmb tmb-light  tmb-media-first tmb-media-last tmb-content-overlay tmb-no-bg\"><div class=\"t-inside\"><div class=\"t-entry-visual\"><div class=\"t-entry-visual-tc\"><div class=\"uncode-single-media-wrapper\"><div class=\"h3 youtube-video fluid-object\" style=\"padding-top: 56.31%\"><iframe title=\"Meet Mari&aacute;ngeles | Spanish Teacher at Escuela Hablamos\" width=\"840\" height=\"473\" src=\"https:\/\/www.youtube.com\/embed\/stNLgavYYSU?feature=oembed\" frameborder=\"0\" allow=\"accelerometer; autoplay; clipboard-write; encrypted-media; gyroscope; picture-in-picture; web-share\" referrerpolicy=\"strict-origin-when-cross-origin\" allowfullscreen><\/iframe><\/div><\/div>\n\t\t\t\t\t<\/div>\n\t\t\t\t<\/div><\/div><\/div><\/div><\/div><\/div><\/div><\/div><\/div><\/div><script id=\"script-row-unique-16\" data-row=\"script-row-unique-16\" type=\"text\/javascript\" class=\"vc_controls\">UNCODE.initRow(document.getElementById(\"row-unique-16\"));<\/script><\/div><\/div><\/div>\r\n<div data-parent=\"true\" class=\"vc_row row-container\" id=\"row-unique-22\"><div class=\"row double-top-padding double-bottom-padding single-h-padding limit-width row-parent\"><div class=\"wpb_row row-inner\"><div class=\"wpb_column pos-top pos-center align_center column_parent col-lg-12 single-internal-gutter\"><div class=\"uncol style-light\"  ><div class=\"uncoltable\"><div class=\"uncell no-block-padding\" ><div class=\"uncont\" ><span class=\"btn-container btn-inline animate_when_almost_visible left-t-right\" ><a role=\"button\"  href=\"https:\/\/www.escuela-hablamos.com\/fr\/contact-hablamos\/\" class=\"custom-link btn border-width-0 btn-accent btn-no-scale btn-icon-left\" title=\"Contact Hablamos\">Plus d'informations ?<\/a><\/span><span class=\"btn-container btn-inline animate_when_almost_visible right-t-left\" ><a role=\"button\"  href=\"https:\/\/www.escuela-hablamos.com\/fr\/book-your-course\/\" class=\"custom-link btn border-width-0 btn-Hablamos-blue btn-no-scale btn-icon-left\" title=\"Inscr\u00edbete\">Registre<\/a><\/span><\/div><\/div><\/div><\/div><\/div><script id=\"script-row-unique-22\" data-row=\"script-row-unique-22\" type=\"text\/javascript\" class=\"vc_controls\">UNCODE.initRow(document.getElementById(\"row-unique-22\"));<\/script><\/div><\/div><\/div>\n<\/div>","protected":false},"excerpt":{"rendered":"<p>Examen DELE, cours de pr\u00e9paration. Cours en pr\u00e9sentiel dans notre \u00e9cole \u00e0 Madrid<\/p>","protected":false},"author":2,"featured_media":1021,"parent":0,"menu_order":0,"comment_status":"closed","ping_status":"closed","template":"","meta":{"iawp_total_views":3239,"footnotes":""},"class_list":["post-931","page","type-page","status-publish","has-post-thumbnail","hentry","page_category-exams"],"_links":{"self":[{"href":"https:\/\/www.escuela-hablamos.com\/fr\/wp-json\/wp\/v2\/pages\/931","targetHints":{"allow":["GET"]}}],"collection":[{"href":"https:\/\/www.escuela-hablamos.com\/fr\/wp-json\/wp\/v2\/pages"}],"about":[{"href":"https:\/\/www.escuela-hablamos.com\/fr\/wp-json\/wp\/v2\/types\/page"}],"author":[{"embeddable":true,"href":"https:\/\/www.escuela-hablamos.com\/fr\/wp-json\/wp\/v2\/users\/2"}],"replies":[{"embeddable":true,"href":"https:\/\/www.escuela-hablamos.com\/fr\/wp-json\/wp\/v2\/comments?post=931"}],"version-history":[{"count":88,"href":"https:\/\/www.escuela-hablamos.com\/fr\/wp-json\/wp\/v2\/pages\/931\/revisions"}],"predecessor-version":[{"id":156178,"href":"https:\/\/www.escuela-hablamos.com\/fr\/wp-json\/wp\/v2\/pages\/931\/revisions\/156178"}],"wp:featuredmedia":[{"embeddable":true,"href":"https:\/\/www.escuela-hablamos.com\/fr\/wp-json\/wp\/v2\/media\/1021"}],"wp:attachment":[{"href":"https:\/\/www.escuela-hablamos.com\/fr\/wp-json\/wp\/v2\/media?parent=931"}],"curies":[{"name":"wp","href":"https:\/\/api.w.org\/{rel}","templated":true}]}}