{"id":186,"date":"2022-05-27T13:23:47","date_gmt":"2022-05-27T13:23:47","guid":{"rendered":"https:\/\/www.escuela-hablamos.com\/?page_id=186"},"modified":"2022-09-21T05:29:31","modified_gmt":"2022-09-21T05:29:31","slug":"blog","status":"publish","type":"page","link":"https:\/\/www.escuela-hablamos.com\/fr\/blog\/","title":{"rendered":"Blog"},"content":{"rendered":"<div class=\"wpb-content-wrapper\"><div data-parent=\"true\" class=\"vc_row has-bg need-focus style-color-xsdn-bg row-container\" id=\"row-unique-0\"><div class=\"row one-top-padding one-bottom-padding single-h-padding limit-width row-parent\"><div class=\"wpb_row row-inner\"><div class=\"wpb_column pos-top pos-center align_left column_parent col-lg-12 no-internal-gutter\"><div class=\"uncol style-light\"  ><div class=\"uncoltable\"><div class=\"uncell no-block-padding\" ><div class=\"uncont\" ><div class=\"empty-space empty-quart\" ><span class=\"empty-space-inner\"><\/span><\/div>\n<div class=\"vc_custom_heading_wrap\"><div class=\"heading-text el-text\" data-marquee-speed=\"\"><h3 class=\"h3 font-weight-400 text-Hablamos-blue-color text-uppercase un-text-marquee un-marquee\" ><span>Check out our blog! <mark>Hablamos<\/mark> is interesting and fun. Here&#8217;s some information to learn Spanish and get to know Madrid<\/span><\/h3><\/div><div class=\"clear\"><\/div><\/div><div class=\"empty-space empty-quart\" ><span class=\"empty-space-inner\"><\/span><\/div>\n<\/div><\/div><\/div><\/div><\/div><script id=\"script-row-unique-0\" data-row=\"script-row-unique-0\" type=\"text\/javascript\" class=\"vc_controls\">UNCODE.initRow(document.getElementById(\"row-unique-0\"));<\/script><\/div><\/div><\/div><div data-parent=\"true\" class=\"vc_row row-container\" id=\"row-unique-1\"><div class=\"row limit-width row-parent\"><div class=\"wpb_row row-inner\"><div class=\"wpb_column pos-top pos-center align_center column_parent col-lg-12 single-internal-gutter\"><div class=\"uncol style-light\"  ><div class=\"uncoltable\"><div class=\"uncell no-block-padding\" ><div class=\"uncont\" ><div id=\"index-139617\" class=\"isotope-system isotope-general-light grid-general-light\" >\n\t\t\t\t\t\t\t\t\t\t\t\t<div class=\"isotope-filters grid-filters menu-container has-cat-filters menu-animated single-gutter mobile-dropdown submenu-light  text-uppercase menu-light\">\n\t\t\t\t\t\t\t\t\t\t\t\t<div class=\"menu-horizontal limit-width menu-sub-enhanced text-center text-mobile-center filter-alignment-center\">\n\t\t\t\t\t\t\t\t\t\t\t\t\t\t\t\t\t\t\t\t\t\t\t\t<div class=\"menu-smart--filter-cats_mobile-toggle desktop-hidden mobile-toggle\">\n\t\t\t\t\t\t\t\t\t\t<a href=\"#\" class=\"menu-smart--filter-cats_mobile-toggle-trigger mobile-toggle-trigger no-isotope-filter no-grid-filter menu-smart-toggle\">Select category<\/a>\n\t\t\t\t\t\t\t\t\t<\/div>\n\t\t\t\t\t\t\t\t\t\t\t\t\t\t\t\t<ul class=\"menu-smart sm text-uppercase menu-smart--filter-cats menu-smart--filter-cats-mobile-dropdown ul-mobile-dropdown\" role=\"menu\">\n\t\t\t\t\t\t\t\t\t\t\t\t\t\t\t\t\t\t\t\t\t\t\t\t\t\t\t<li role=\"menuitem\" class=\"filter-show-all\">\n\t\t\t\t\t\t\t\t\t\t<span>\n\t\t\t\t\t\t\t\t\t\t\t\t\t\t\t\t\t\t\t\t\t\t\t<a href=\"#\" role=\"button\" data-filter=\"*\" class=\"active isotope-nav-link grid-nav-link\">\n\t\t\t\t\t\t\t\t\t\t\tAll posts<\/a>\n\t\t\t\t\t\t\t\t\t\t<\/span>\n\t\t\t\t\t\t\t\t\t<\/li>\n\t\t\t\t\t\t\t\t\t\t\t\t\t\t\t\t\t\t\t\t\t\t\t\t\t\t\t\t\t\t\t\t<li role=\"menuitem\" class=\"filter-cat-22 filter-cat\"><span><a role=\"button\" href=\"#\" data-filter=\"grid-cat-22\" class=\"isotope-nav-link grid-nav-link\">Podcast<\/a><\/span><\/li>\t\t\t\t\t\t\t\t\t\t\t\t\t\t\t\t\t\t\t\t\t\t\t\t\t\t\t\t\t\t\t\t\t\t\t\t\t\t\t\t\t\t\t\t<li role=\"menuitem\" class=\"filter-cat-6 filter-cat\"><span><a role=\"button\" href=\"#\" data-filter=\"grid-cat-6\" class=\"isotope-nav-link grid-nav-link\">Madrid<\/a><\/span><\/li>\t\t\t\t\t\t\t\t\t\t\t\t\t\t\t\t\t\t\t\t\t\t\t\t\t\t\t\t\t\t\t\t\t\t\t\t\t\t\t\t\t\t\t\t<li role=\"menuitem\" class=\"filter-cat-8 filter-cat\"><span><a role=\"button\" href=\"#\" data-filter=\"grid-cat-8\" class=\"isotope-nav-link grid-nav-link\">Culture<\/a><\/span><\/li>\t\t\t\t\t\t\t\t\t\t\t\t\t\t\t\t\t\t\t\t\t\t\t\t\t\t\t\t\t\t\t\t\t\t\t\t\t\t\t\t\t\t\t\t<li role=\"menuitem\" class=\"filter-cat-7 filter-cat\"><span><a role=\"button\" href=\"#\" data-filter=\"grid-cat-7\" class=\"isotope-nav-link grid-nav-link\">Food &amp; Drink<\/a><\/span><\/li>\t\t\t\t\t\t\t\t\t\t\t\t\t\t\t\t\t\t\t\t\t\t\t\t\t\t\t\t\t\t\t\t\t\t\t\t\t\t\t\t\t\t\t\t<li role=\"menuitem\" class=\"filter-cat-5 filter-cat\"><span><a role=\"button\" href=\"#\" data-filter=\"grid-cat-5\" class=\"isotope-nav-link grid-nav-link\">Grammar<\/a><\/span><\/li>\t\t\t\t\t\t\t\t\t\t\t\t\t\t\t\t\t\t\t\t\t\t\t\t\t\t\t\t\t\t\t\t\t\t\t\t\t\t\t\t\t\t\t\t<li role=\"menuitem\" class=\"filter-cat-9 filter-cat\"><span><a role=\"button\" href=\"#\" data-filter=\"grid-cat-9\" class=\"isotope-nav-link grid-nav-link\">Vocabulary<\/a><\/span><\/li>\t\t\t\t\t\t\t\t\t\t\t\t\t\t\t\t\t\t\t\t\t\t\t\t\t\t\t\t\t<\/ul>\n\t\t\t\t\t\t\t\n\t\t\t\t\t\t\t\n\t\t\t\t\t\t\t\n\t\t\t\t\t\t\t\t\n\t\t\t\t\t\t\t\t\n\t\t\t\t\t\t\t\t\t\t\t\t\t<\/div>\n\t\t\t\t\t\t\t\t\t\t\t<\/div>\n\n\t\t\t\t\t\t\t\t\t\t\n\t\t\t\t\t\t\t\t\t\t\t\t\t\t<div class=\"isotope-wrapper grid-wrapper single-gutter\" >\t\t\t\t\t\t\t\t\t\t\t\t<div class=\"isotope-container grid-container isotope-layout style-masonry isotope-infinite grid-infinite\" data-type=\"masonry\" data-layout=\"masonry\" data-lg=\"1000\" data-md=\"600\" data-sm=\"480\" data-vp-height=\"\">\t\t\t<div class=\"tmb atc-typography-inherit tmb-iso-w4 tmb-iso-h4 tmb-round img-round-xl tmb-light tmb-overlay-text-anim tmb-overlay-showed tmb-overlay-anim tmb-content-center tmb-content-mobile-center tmb-text-space-reduced tmb-image-color-anim tmb-image-anim-magnetic tmb-bordered  grid-cat-9 grid-cat-5 tmb-id-158373 tmb-content-under tmb-media-first\" ><div class=\"t-inside style-Hablamos-blue3-bg animate_when_almost_visible top-t-bottom\" data-cursor=\"icon-accent\"><div class=\"t-entry-visual\"><div class=\"t-entry-visual-tc\"><div class=\"t-entry-visual-cont\"><div class=\"dummy\" style=\"padding-top: 100%;\"><\/div><a role=\"button\" tabindex=\"-1\" href=\"https:\/\/www.escuela-hablamos.com\/fr\/que-dolor\/\" class=\"pushed\" aria-label=\"\u00a1Qu\u00e9 dolor!\"  target=\"_self\" data-lb-index=\"0\"><div class=\"t-entry-visual-overlay\"><div class=\"t-entry-visual-overlay-in style-dark-bg\" style=\"opacity: 0.01;\"><\/div><\/div><img decoding=\"async\" class=\"wp-image-158374\" src=\"https:\/\/www.escuela-hablamos.com\/wp-content\/uploads\/2026\/04\/que-dolor.jpg\" width=\"750\" height=\"750\" alt=\"\u00a1Qu\u00e9 dolor!\" srcset=\"https:\/\/www.escuela-hablamos.com\/wp-content\/uploads\/2026\/04\/que-dolor.jpg 750w, https:\/\/www.escuela-hablamos.com\/wp-content\/uploads\/2026\/04\/que-dolor-300x300.jpg 300w, https:\/\/www.escuela-hablamos.com\/wp-content\/uploads\/2026\/04\/que-dolor-150x150.jpg 150w, https:\/\/www.escuela-hablamos.com\/wp-content\/uploads\/2026\/04\/que-dolor-12x12.jpg 12w, https:\/\/www.escuela-hablamos.com\/wp-content\/uploads\/2026\/04\/que-dolor-350x350.jpg 350w, https:\/\/www.escuela-hablamos.com\/wp-content\/uploads\/2026\/04\/que-dolor-348x348.jpg 348w, https:\/\/www.escuela-hablamos.com\/wp-content\/uploads\/2026\/04\/que-dolor-uai-720x720.jpg 720w\" sizes=\"(max-width: 750px) 100vw, 750px\" \/><\/a><\/div>\n\t\t\t\t\t<\/div>\n\t\t\t\t<\/div><div class=\"t-entry-text\">\n\t\t\t\t\t\t\t\t\t<div class=\"t-entry-text-tc half-block-padding\"><div class=\"t-entry\"><h2 class=\"t-entry-title h3 title-scale\"><a href=\"https:\/\/www.escuela-hablamos.com\/fr\/que-dolor\/\" target=\"_self\">\u00a1Qu\u00e9 dolor!<\/a><\/h2><div class=\"t-entry-excerpt\"><p>\u00bfAlguna vez has salido de clase pensando: \u201cHoy me duele hasta el alma\u201d?  Pues en nuestra academia\u2026<\/p><\/div><p class=\"t-entry-readmore btn-container\"><a href=\"https:\/\/www.escuela-hablamos.com\/fr\/que-dolor\/\" class=\"btn btn-default btn-sm\" target=\"_self\">Lire la suite<\/a><\/p><\/div><\/div>\n\t\t\t\t\t\t\t<\/div><\/div><\/div><div class=\"tmb atc-typography-inherit tmb-iso-w4 tmb-iso-h4 tmb-round img-round-xl tmb-light tmb-overlay-text-anim tmb-overlay-showed tmb-overlay-anim tmb-content-center tmb-content-mobile-center tmb-text-space-reduced tmb-image-color-anim tmb-image-anim-magnetic tmb-bordered  grid-cat-9 grid-cat-6 tmb-id-158334 tmb-content-under tmb-media-first\" ><div class=\"t-inside style-Hablamos-blue3-bg animate_when_almost_visible top-t-bottom\" data-cursor=\"icon-accent\"><div class=\"t-entry-visual\"><div class=\"t-entry-visual-tc\"><div class=\"t-entry-visual-cont\"><div class=\"dummy\" style=\"padding-top: 100%;\"><\/div><a role=\"button\" tabindex=\"-1\" href=\"https:\/\/www.escuela-hablamos.com\/fr\/flamenco-con-hablamos\/\" class=\"pushed\" aria-label=\"Flamenco con Hablamos\"  target=\"_self\" data-lb-index=\"1\"><div class=\"t-entry-visual-overlay\"><div class=\"t-entry-visual-overlay-in style-dark-bg\" style=\"opacity: 0.01;\"><\/div><\/div><img decoding=\"async\" class=\"wp-image-158335\" src=\"https:\/\/www.escuela-hablamos.com\/wp-content\/uploads\/2026\/04\/Flamenco-con-Hablamos.jpg\" width=\"991\" height=\"991\" alt=\"Flamenco con Hablamos\" srcset=\"https:\/\/www.escuela-hablamos.com\/wp-content\/uploads\/2026\/04\/Flamenco-con-Hablamos.jpg 991w, https:\/\/www.escuela-hablamos.com\/wp-content\/uploads\/2026\/04\/Flamenco-con-Hablamos-300x300.jpg 300w, https:\/\/www.escuela-hablamos.com\/wp-content\/uploads\/2026\/04\/Flamenco-con-Hablamos-150x150.jpg 150w, https:\/\/www.escuela-hablamos.com\/wp-content\/uploads\/2026\/04\/Flamenco-con-Hablamos-768x768.jpg 768w, https:\/\/www.escuela-hablamos.com\/wp-content\/uploads\/2026\/04\/Flamenco-con-Hablamos-12x12.jpg 12w, https:\/\/www.escuela-hablamos.com\/wp-content\/uploads\/2026\/04\/Flamenco-con-Hablamos-350x350.jpg 350w, https:\/\/www.escuela-hablamos.com\/wp-content\/uploads\/2026\/04\/Flamenco-con-Hablamos-348x348.jpg 348w, https:\/\/www.escuela-hablamos.com\/wp-content\/uploads\/2026\/04\/Flamenco-con-Hablamos-uai-720x720.jpg 720w\" sizes=\"(max-width: 991px) 100vw, 991px\" \/><\/a><\/div>\n\t\t\t\t\t<\/div>\n\t\t\t\t<\/div><div class=\"t-entry-text\">\n\t\t\t\t\t\t\t\t\t<div class=\"t-entry-text-tc half-block-padding\"><div class=\"t-entry\"><h2 class=\"t-entry-title h3 title-scale\"><a href=\"https:\/\/www.escuela-hablamos.com\/fr\/flamenco-con-hablamos\/\" target=\"_self\">Flamenco con Hablamos<\/a><\/h2><div class=\"t-entry-excerpt\"><p>Una de las actividades culturales que m\u00e1s \u00e9xito tienen entre los alumnos de Hablamos es la de\u2026<\/p><\/div><p class=\"t-entry-readmore btn-container\"><a href=\"https:\/\/www.escuela-hablamos.com\/fr\/flamenco-con-hablamos\/\" class=\"btn btn-default btn-sm\" target=\"_self\">Lire la suite<\/a><\/p><\/div><\/div>\n\t\t\t\t\t\t\t<\/div><\/div><\/div><div class=\"tmb atc-typography-inherit tmb-iso-w4 tmb-iso-h4 tmb-round img-round-xl tmb-light tmb-overlay-text-anim tmb-overlay-showed tmb-overlay-anim tmb-content-center tmb-content-mobile-center tmb-text-space-reduced tmb-image-color-anim tmb-image-anim-magnetic tmb-bordered  grid-cat-9 grid-cat-5 tmb-id-158290 tmb-content-under tmb-media-first\" ><div class=\"t-inside style-Hablamos-blue3-bg animate_when_almost_visible top-t-bottom\" data-cursor=\"icon-accent\"><div class=\"t-entry-visual\"><div class=\"t-entry-visual-tc\"><div class=\"t-entry-visual-cont\"><div class=\"dummy\" style=\"padding-top: 100%;\"><\/div><a role=\"button\" tabindex=\"-1\" href=\"https:\/\/www.escuela-hablamos.com\/fr\/que-estas-haciendo\/\" class=\"pushed\" aria-label=\"\u00bfQu\u00e9 est\u00e1s haciendo?\"  target=\"_self\" data-lb-index=\"2\"><div class=\"t-entry-visual-overlay\"><div class=\"t-entry-visual-overlay-in style-dark-bg\" style=\"opacity: 0.01;\"><\/div><\/div><img decoding=\"async\" class=\"wp-image-158291\" src=\"https:\/\/www.escuela-hablamos.com\/wp-content\/uploads\/2026\/04\/que-estas-haciendo.jpg\" width=\"750\" height=\"750\" alt=\"\u00bfQu\u00e9 est\u00e1s haciendo?\" srcset=\"https:\/\/www.escuela-hablamos.com\/wp-content\/uploads\/2026\/04\/que-estas-haciendo.jpg 750w, https:\/\/www.escuela-hablamos.com\/wp-content\/uploads\/2026\/04\/que-estas-haciendo-300x300.jpg 300w, https:\/\/www.escuela-hablamos.com\/wp-content\/uploads\/2026\/04\/que-estas-haciendo-150x150.jpg 150w, https:\/\/www.escuela-hablamos.com\/wp-content\/uploads\/2026\/04\/que-estas-haciendo-12x12.jpg 12w, https:\/\/www.escuela-hablamos.com\/wp-content\/uploads\/2026\/04\/que-estas-haciendo-350x350.jpg 350w, https:\/\/www.escuela-hablamos.com\/wp-content\/uploads\/2026\/04\/que-estas-haciendo-348x348.jpg 348w, https:\/\/www.escuela-hablamos.com\/wp-content\/uploads\/2026\/04\/que-estas-haciendo-uai-720x720.jpg 720w\" sizes=\"(max-width: 750px) 100vw, 750px\" \/><\/a><\/div>\n\t\t\t\t\t<\/div>\n\t\t\t\t<\/div><div class=\"t-entry-text\">\n\t\t\t\t\t\t\t\t\t<div class=\"t-entry-text-tc half-block-padding\"><div class=\"t-entry\"><h2 class=\"t-entry-title h3 title-scale\"><a href=\"https:\/\/www.escuela-hablamos.com\/fr\/que-estas-haciendo\/\" target=\"_self\">\u00bfQu\u00e9 est\u00e1s haciendo?<\/a><\/h2><div class=\"t-entry-excerpt\"><p>Si has llegado a este art\u00edculo, probablemente est\u00e1s aprendiendo espa\u00f1ol o \u00bfquiz\u00e1 est\u00e1s pensando en\u2026<\/p><\/div><p class=\"t-entry-readmore btn-container\"><a href=\"https:\/\/www.escuela-hablamos.com\/fr\/que-estas-haciendo\/\" class=\"btn btn-default btn-sm\" target=\"_self\">Lire la suite<\/a><\/p><\/div><\/div>\n\t\t\t\t\t\t\t<\/div><\/div><\/div><div class=\"tmb atc-typography-inherit tmb-iso-w4 tmb-iso-h4 tmb-round img-round-xl tmb-light tmb-overlay-text-anim tmb-overlay-showed tmb-overlay-anim tmb-content-center tmb-content-mobile-center tmb-text-space-reduced tmb-image-color-anim tmb-image-anim-magnetic tmb-bordered  grid-cat-9 grid-cat-5 tmb-id-158240 tmb-content-under tmb-media-first\" ><div class=\"t-inside style-Hablamos-blue3-bg animate_when_almost_visible top-t-bottom\" data-cursor=\"icon-accent\"><div class=\"t-entry-visual\"><div class=\"t-entry-visual-tc\"><div class=\"t-entry-visual-cont\"><div class=\"dummy\" style=\"padding-top: 100%;\"><\/div><a role=\"button\" tabindex=\"-1\" href=\"https:\/\/www.escuela-hablamos.com\/fr\/procesiones-musica-y-torrijas-asi-se-vive-la-semana-santa-en-espana\/\" class=\"pushed\" aria-label=\"Procesiones, m\u00fasica y torrijas: as\u00ed se vive la Semana Santa en Espa\u00f1a\"  target=\"_self\" data-lb-index=\"3\"><div class=\"t-entry-visual-overlay\"><div class=\"t-entry-visual-overlay-in style-dark-bg\" style=\"opacity: 0.01;\"><\/div><\/div><img decoding=\"async\" class=\"wp-image-158241\" src=\"https:\/\/www.escuela-hablamos.com\/wp-content\/uploads\/2026\/04\/Procesiones-musica-y-torrijas-asi-se-vive-la-Semana-Santa-en-Espana.jpg\" width=\"900\" height=\"900\" alt=\"Procesiones, m\u00fasica y torrijas: as\u00ed se vive la Semana Santa en Espa\u00f1a\" srcset=\"https:\/\/www.escuela-hablamos.com\/wp-content\/uploads\/2026\/04\/Procesiones-musica-y-torrijas-asi-se-vive-la-Semana-Santa-en-Espana.jpg 900w, https:\/\/www.escuela-hablamos.com\/wp-content\/uploads\/2026\/04\/Procesiones-musica-y-torrijas-asi-se-vive-la-Semana-Santa-en-Espana-300x300.jpg 300w, https:\/\/www.escuela-hablamos.com\/wp-content\/uploads\/2026\/04\/Procesiones-musica-y-torrijas-asi-se-vive-la-Semana-Santa-en-Espana-150x150.jpg 150w, https:\/\/www.escuela-hablamos.com\/wp-content\/uploads\/2026\/04\/Procesiones-musica-y-torrijas-asi-se-vive-la-Semana-Santa-en-Espana-768x768.jpg 768w, https:\/\/www.escuela-hablamos.com\/wp-content\/uploads\/2026\/04\/Procesiones-musica-y-torrijas-asi-se-vive-la-Semana-Santa-en-Espana-12x12.jpg 12w, https:\/\/www.escuela-hablamos.com\/wp-content\/uploads\/2026\/04\/Procesiones-musica-y-torrijas-asi-se-vive-la-Semana-Santa-en-Espana-350x350.jpg 350w, https:\/\/www.escuela-hablamos.com\/wp-content\/uploads\/2026\/04\/Procesiones-musica-y-torrijas-asi-se-vive-la-Semana-Santa-en-Espana-348x348.jpg 348w, https:\/\/www.escuela-hablamos.com\/wp-content\/uploads\/2026\/04\/Procesiones-musica-y-torrijas-asi-se-vive-la-Semana-Santa-en-Espana-uai-720x720.jpg 720w\" sizes=\"(max-width: 900px) 100vw, 900px\" \/><\/a><\/div>\n\t\t\t\t\t<\/div>\n\t\t\t\t<\/div><div class=\"t-entry-text\">\n\t\t\t\t\t\t\t\t\t<div class=\"t-entry-text-tc half-block-padding\"><div class=\"t-entry\"><h2 class=\"t-entry-title h3 title-scale\"><a href=\"https:\/\/www.escuela-hablamos.com\/fr\/procesiones-musica-y-torrijas-asi-se-vive-la-semana-santa-en-espana\/\" target=\"_self\">Procesiones, m\u00fasica y torrijas: as\u00ed se vive la Semana Santa en Espa\u00f1a<\/a><\/h2><div class=\"t-entry-excerpt\"><p>Si est\u00e1s estudiando espa\u00f1ol en Hablamos habr\u00e1s notado que, en la primera semana de abril, el jueves\u2026<\/p><\/div><p class=\"t-entry-readmore btn-container\"><a href=\"https:\/\/www.escuela-hablamos.com\/fr\/procesiones-musica-y-torrijas-asi-se-vive-la-semana-santa-en-espana\/\" class=\"btn btn-default btn-sm\" target=\"_self\">Lire la suite<\/a><\/p><\/div><\/div>\n\t\t\t\t\t\t\t<\/div><\/div><\/div><div class=\"tmb atc-typography-inherit tmb-iso-w4 tmb-iso-h4 tmb-round img-round-xl tmb-light tmb-overlay-text-anim tmb-overlay-showed tmb-overlay-anim tmb-content-center tmb-content-mobile-center tmb-text-space-reduced tmb-image-color-anim tmb-image-anim-magnetic tmb-bordered  grid-cat-9 grid-cat-5 tmb-id-158190 tmb-content-under tmb-media-first\" ><div class=\"t-inside style-Hablamos-blue3-bg animate_when_almost_visible top-t-bottom\" data-cursor=\"icon-accent\"><div class=\"t-entry-visual\"><div class=\"t-entry-visual-tc\"><div class=\"t-entry-visual-cont\"><div class=\"dummy\" style=\"padding-top: 100%;\"><\/div><a role=\"button\" tabindex=\"-1\" href=\"https:\/\/www.escuela-hablamos.com\/fr\/cuando-mientras-o-hasta-que\/\" class=\"pushed\" aria-label=\"\u00bf\u201cCuando\u201d, \u201cmientras\u201d o \u201chasta que\u201d?\"  target=\"_self\" data-lb-index=\"4\"><div class=\"t-entry-visual-overlay\"><div class=\"t-entry-visual-overlay-in style-dark-bg\" style=\"opacity: 0.01;\"><\/div><\/div><img decoding=\"async\" class=\"wp-image-158191\" src=\"https:\/\/www.escuela-hablamos.com\/wp-content\/uploads\/2026\/04\/cuando-mientras-hasta-que.jpg\" width=\"600\" height=\"600\" alt=\"\u00bf\u201cCuando\u201d, \u201cmientras\u201d o \u201chasta que\u201d?\" srcset=\"https:\/\/www.escuela-hablamos.com\/wp-content\/uploads\/2026\/04\/cuando-mientras-hasta-que.jpg 600w, https:\/\/www.escuela-hablamos.com\/wp-content\/uploads\/2026\/04\/cuando-mientras-hasta-que-300x300.jpg 300w, https:\/\/www.escuela-hablamos.com\/wp-content\/uploads\/2026\/04\/cuando-mientras-hasta-que-150x150.jpg 150w, https:\/\/www.escuela-hablamos.com\/wp-content\/uploads\/2026\/04\/cuando-mientras-hasta-que-12x12.jpg 12w, https:\/\/www.escuela-hablamos.com\/wp-content\/uploads\/2026\/04\/cuando-mientras-hasta-que-350x350.jpg 350w, https:\/\/www.escuela-hablamos.com\/wp-content\/uploads\/2026\/04\/cuando-mientras-hasta-que-348x348.jpg 348w\" sizes=\"(max-width: 600px) 100vw, 600px\" \/><\/a><\/div>\n\t\t\t\t\t<\/div>\n\t\t\t\t<\/div><div class=\"t-entry-text\">\n\t\t\t\t\t\t\t\t\t<div class=\"t-entry-text-tc half-block-padding\"><div class=\"t-entry\"><h2 class=\"t-entry-title h3 title-scale\"><a href=\"https:\/\/www.escuela-hablamos.com\/fr\/cuando-mientras-o-hasta-que\/\" target=\"_self\">\u00bf\u201cCuando\u201d, \u201cmientras\u201d o \u201chasta que\u201d?<\/a><\/h2><div class=\"t-entry-excerpt\"><p>El otro d\u00eda, en la clase de espa\u00f1ol de B1, pas\u00f3 algo muy t\u00edpico. Est\u00e1bamos viendo las oraciones\u2026<\/p><\/div><p class=\"t-entry-readmore btn-container\"><a href=\"https:\/\/www.escuela-hablamos.com\/fr\/cuando-mientras-o-hasta-que\/\" class=\"btn btn-default btn-sm\" target=\"_self\">Lire la suite<\/a><\/p><\/div><\/div>\n\t\t\t\t\t\t\t<\/div><\/div><\/div><div class=\"tmb atc-typography-inherit tmb-iso-w4 tmb-iso-h4 tmb-round img-round-xl tmb-light tmb-overlay-text-anim tmb-overlay-showed tmb-overlay-anim tmb-content-center tmb-content-mobile-center tmb-text-space-reduced tmb-image-color-anim tmb-image-anim-magnetic tmb-bordered  grid-cat-9 grid-cat-6 tmb-id-158161 tmb-content-under tmb-media-first\" ><div class=\"t-inside style-Hablamos-blue3-bg animate_when_almost_visible top-t-bottom\" data-cursor=\"icon-accent\"><div class=\"t-entry-visual\"><div class=\"t-entry-visual-tc\"><div class=\"t-entry-visual-cont\"><div class=\"dummy\" style=\"padding-top: 100%;\"><\/div><a role=\"button\" tabindex=\"-1\" href=\"https:\/\/www.escuela-hablamos.com\/fr\/perdido-en-madrid\/\" class=\"pushed\" aria-label=\"\u00bfPerdido en Madrid?\"  target=\"_self\" data-lb-index=\"5\"><div class=\"t-entry-visual-overlay\"><div class=\"t-entry-visual-overlay-in style-dark-bg\" style=\"opacity: 0.01;\"><\/div><\/div><img decoding=\"async\" class=\"wp-image-158162\" src=\"https:\/\/www.escuela-hablamos.com\/wp-content\/uploads\/2026\/03\/Perdido-en-Madrid.jpg\" width=\"700\" height=\"700\" alt=\"\u00bfPerdido en Madrid?\" srcset=\"https:\/\/www.escuela-hablamos.com\/wp-content\/uploads\/2026\/03\/Perdido-en-Madrid.jpg 700w, https:\/\/www.escuela-hablamos.com\/wp-content\/uploads\/2026\/03\/Perdido-en-Madrid-300x300.jpg 300w, https:\/\/www.escuela-hablamos.com\/wp-content\/uploads\/2026\/03\/Perdido-en-Madrid-150x150.jpg 150w, https:\/\/www.escuela-hablamos.com\/wp-content\/uploads\/2026\/03\/Perdido-en-Madrid-12x12.jpg 12w, https:\/\/www.escuela-hablamos.com\/wp-content\/uploads\/2026\/03\/Perdido-en-Madrid-350x350.jpg 350w, https:\/\/www.escuela-hablamos.com\/wp-content\/uploads\/2026\/03\/Perdido-en-Madrid-348x348.jpg 348w\" sizes=\"(max-width: 700px) 100vw, 700px\" \/><\/a><\/div>\n\t\t\t\t\t<\/div>\n\t\t\t\t<\/div><div class=\"t-entry-text\">\n\t\t\t\t\t\t\t\t\t<div class=\"t-entry-text-tc half-block-padding\"><div class=\"t-entry\"><h2 class=\"t-entry-title h3 title-scale\"><a href=\"https:\/\/www.escuela-hablamos.com\/fr\/perdido-en-madrid\/\" target=\"_self\">\u00bfPerdido en Madrid?<\/a><\/h2><div class=\"t-entry-excerpt\"><p>En nuestro blog de hoy te ense\u00f1amos a c\u00f3mo pedir direcciones en espa\u00f1ol y no morir en el\u2026\u2026<\/p><\/div><p class=\"t-entry-readmore btn-container\"><a href=\"https:\/\/www.escuela-hablamos.com\/fr\/perdido-en-madrid\/\" class=\"btn btn-default btn-sm\" target=\"_self\">Lire la suite<\/a><\/p><\/div><\/div>\n\t\t\t\t\t\t\t<\/div><\/div><\/div><div class=\"tmb atc-typography-inherit tmb-iso-w4 tmb-iso-h4 tmb-round img-round-xl tmb-light tmb-overlay-text-anim tmb-overlay-showed tmb-overlay-anim tmb-content-center tmb-content-mobile-center tmb-text-space-reduced tmb-image-color-anim tmb-image-anim-magnetic tmb-bordered  grid-cat-9 grid-cat-8 tmb-id-158099 tmb-content-under tmb-media-first\" ><div class=\"t-inside style-Hablamos-blue3-bg animate_when_almost_visible top-t-bottom\" data-cursor=\"icon-accent\"><div class=\"t-entry-visual\"><div class=\"t-entry-visual-tc\"><div class=\"t-entry-visual-cont\"><div class=\"dummy\" style=\"padding-top: 100%;\"><\/div><a role=\"button\" tabindex=\"-1\" href=\"https:\/\/www.escuela-hablamos.com\/fr\/las-fallas-de-valencia-la-escapada-perfecta-desde-madrid\/\" class=\"pushed\" aria-label=\"Las Fallas de Valencia: la escapada perfecta desde Madrid\"  target=\"_self\" data-lb-index=\"6\"><div class=\"t-entry-visual-overlay\"><div class=\"t-entry-visual-overlay-in style-dark-bg\" style=\"opacity: 0.01;\"><\/div><\/div><img decoding=\"async\" class=\"wp-image-158100\" src=\"https:\/\/www.escuela-hablamos.com\/wp-content\/uploads\/2026\/03\/falles-1.jpg\" width=\"600\" height=\"600\" alt=\"Las Fallas de Valencia: la escapada perfecta desde Madrid\" srcset=\"https:\/\/www.escuela-hablamos.com\/wp-content\/uploads\/2026\/03\/falles-1.jpg 600w, https:\/\/www.escuela-hablamos.com\/wp-content\/uploads\/2026\/03\/falles-1-300x300.jpg 300w, https:\/\/www.escuela-hablamos.com\/wp-content\/uploads\/2026\/03\/falles-1-150x150.jpg 150w, https:\/\/www.escuela-hablamos.com\/wp-content\/uploads\/2026\/03\/falles-1-12x12.jpg 12w, https:\/\/www.escuela-hablamos.com\/wp-content\/uploads\/2026\/03\/falles-1-350x350.jpg 350w, https:\/\/www.escuela-hablamos.com\/wp-content\/uploads\/2026\/03\/falles-1-348x348.jpg 348w\" sizes=\"(max-width: 600px) 100vw, 600px\" \/><\/a><\/div>\n\t\t\t\t\t<\/div>\n\t\t\t\t<\/div><div class=\"t-entry-text\">\n\t\t\t\t\t\t\t\t\t<div class=\"t-entry-text-tc half-block-padding\"><div class=\"t-entry\"><h2 class=\"t-entry-title h3 title-scale\"><a href=\"https:\/\/www.escuela-hablamos.com\/fr\/las-fallas-de-valencia-la-escapada-perfecta-desde-madrid\/\" target=\"_self\">Las Fallas de Valencia: la escapada perfecta desde Madrid<\/a><\/h2><div class=\"t-entry-excerpt\"><p>Si est\u00e1s estudiando espa\u00f1ol en Hablamos, hay una experiencia cultural que no te puedes perder: Las\u2026<\/p><\/div><p class=\"t-entry-readmore btn-container\"><a href=\"https:\/\/www.escuela-hablamos.com\/fr\/las-fallas-de-valencia-la-escapada-perfecta-desde-madrid\/\" class=\"btn btn-default btn-sm\" target=\"_self\">Lire la suite<\/a><\/p><\/div><\/div>\n\t\t\t\t\t\t\t<\/div><\/div><\/div><div class=\"tmb atc-typography-inherit tmb-iso-w4 tmb-iso-h4 tmb-round img-round-xl tmb-light tmb-overlay-text-anim tmb-overlay-showed tmb-overlay-anim tmb-content-center tmb-content-mobile-center tmb-text-space-reduced tmb-image-color-anim tmb-image-anim-magnetic tmb-bordered  grid-cat-9 grid-cat-8 tmb-id-158037 tmb-content-under tmb-media-first\" ><div class=\"t-inside style-Hablamos-blue3-bg animate_when_almost_visible top-t-bottom\" data-cursor=\"icon-accent\"><div class=\"t-entry-visual\"><div class=\"t-entry-visual-tc\"><div class=\"t-entry-visual-cont\"><div class=\"dummy\" style=\"padding-top: 100%;\"><\/div><a role=\"button\" tabindex=\"-1\" href=\"https:\/\/www.escuela-hablamos.com\/fr\/feliz-dia-de-la-mujer\/\" class=\"pushed\" aria-label=\"\u00a1Feliz D\u00eda de la Mujer!\"  target=\"_self\" data-lb-index=\"7\"><div class=\"t-entry-visual-overlay\"><div class=\"t-entry-visual-overlay-in style-dark-bg\" style=\"opacity: 0.01;\"><\/div><\/div><img decoding=\"async\" class=\"wp-image-158038\" src=\"https:\/\/www.escuela-hablamos.com\/wp-content\/uploads\/2026\/03\/dia-mujer.jpg\" width=\"800\" height=\"800\" alt=\"\u00a1Feliz D\u00eda de la Mujer!\" srcset=\"https:\/\/www.escuela-hablamos.com\/wp-content\/uploads\/2026\/03\/dia-mujer.jpg 800w, https:\/\/www.escuela-hablamos.com\/wp-content\/uploads\/2026\/03\/dia-mujer-300x300.jpg 300w, https:\/\/www.escuela-hablamos.com\/wp-content\/uploads\/2026\/03\/dia-mujer-150x150.jpg 150w, https:\/\/www.escuela-hablamos.com\/wp-content\/uploads\/2026\/03\/dia-mujer-768x768.jpg 768w, https:\/\/www.escuela-hablamos.com\/wp-content\/uploads\/2026\/03\/dia-mujer-12x12.jpg 12w, https:\/\/www.escuela-hablamos.com\/wp-content\/uploads\/2026\/03\/dia-mujer-350x350.jpg 350w, https:\/\/www.escuela-hablamos.com\/wp-content\/uploads\/2026\/03\/dia-mujer-348x348.jpg 348w, https:\/\/www.escuela-hablamos.com\/wp-content\/uploads\/2026\/03\/dia-mujer-uai-720x720.jpg 720w\" sizes=\"(max-width: 800px) 100vw, 800px\" \/><\/a><\/div>\n\t\t\t\t\t<\/div>\n\t\t\t\t<\/div><div class=\"t-entry-text\">\n\t\t\t\t\t\t\t\t\t<div class=\"t-entry-text-tc half-block-padding\"><div class=\"t-entry\"><h2 class=\"t-entry-title h3 title-scale\"><a href=\"https:\/\/www.escuela-hablamos.com\/fr\/feliz-dia-de-la-mujer\/\" target=\"_self\">\u00a1Feliz D\u00eda de la Mujer!<\/a><\/h2><div class=\"t-entry-excerpt\"><p>El espa\u00f1ol tambi\u00e9n tiene voz de mujer y en nuestro blog de hoy te presentamos a 4 mujeres espa\u00f1olas\u2026<\/p><\/div><p class=\"t-entry-readmore btn-container\"><a href=\"https:\/\/www.escuela-hablamos.com\/fr\/feliz-dia-de-la-mujer\/\" class=\"btn btn-default btn-sm\" target=\"_self\">Lire la suite<\/a><\/p><\/div><\/div>\n\t\t\t\t\t\t\t<\/div><\/div><\/div><div class=\"tmb atc-typography-inherit tmb-iso-w4 tmb-iso-h4 tmb-round img-round-xl tmb-light tmb-overlay-text-anim tmb-overlay-showed tmb-overlay-anim tmb-content-center tmb-content-mobile-center tmb-text-space-reduced tmb-image-color-anim tmb-image-anim-magnetic tmb-bordered  grid-cat-9 tmb-id-157997 tmb-content-under tmb-media-first\" ><div class=\"t-inside style-Hablamos-blue3-bg animate_when_almost_visible top-t-bottom\" data-cursor=\"icon-accent\"><div class=\"t-entry-visual\"><div class=\"t-entry-visual-tc\"><div class=\"t-entry-visual-cont\"><div class=\"dummy\" style=\"padding-top: 100%;\"><\/div><a role=\"button\" tabindex=\"-1\" href=\"https:\/\/www.escuela-hablamos.com\/fr\/que-tal\/\" class=\"pushed\" aria-label=\"\u00bfQu\u00e9 tal?\"  target=\"_self\" data-lb-index=\"8\"><div class=\"t-entry-visual-overlay\"><div class=\"t-entry-visual-overlay-in style-dark-bg\" style=\"opacity: 0.01;\"><\/div><\/div><img decoding=\"async\" class=\"wp-image-157998\" src=\"https:\/\/www.escuela-hablamos.com\/wp-content\/uploads\/2026\/03\/que-tal.jpg\" width=\"800\" height=\"800\" alt=\"\u00bfQu\u00e9 tal?\" srcset=\"https:\/\/www.escuela-hablamos.com\/wp-content\/uploads\/2026\/03\/que-tal.jpg 800w, https:\/\/www.escuela-hablamos.com\/wp-content\/uploads\/2026\/03\/que-tal-300x300.jpg 300w, https:\/\/www.escuela-hablamos.com\/wp-content\/uploads\/2026\/03\/que-tal-150x150.jpg 150w, https:\/\/www.escuela-hablamos.com\/wp-content\/uploads\/2026\/03\/que-tal-768x768.jpg 768w, https:\/\/www.escuela-hablamos.com\/wp-content\/uploads\/2026\/03\/que-tal-12x12.jpg 12w, https:\/\/www.escuela-hablamos.com\/wp-content\/uploads\/2026\/03\/que-tal-350x350.jpg 350w, https:\/\/www.escuela-hablamos.com\/wp-content\/uploads\/2026\/03\/que-tal-348x348.jpg 348w, https:\/\/www.escuela-hablamos.com\/wp-content\/uploads\/2026\/03\/que-tal-uai-720x720.jpg 720w\" sizes=\"(max-width: 800px) 100vw, 800px\" \/><\/a><\/div>\n\t\t\t\t\t<\/div>\n\t\t\t\t<\/div><div class=\"t-entry-text\">\n\t\t\t\t\t\t\t\t\t<div class=\"t-entry-text-tc half-block-padding\"><div class=\"t-entry\"><h2 class=\"t-entry-title h3 title-scale\"><a href=\"https:\/\/www.escuela-hablamos.com\/fr\/que-tal\/\" target=\"_self\">\u00bfQu\u00e9 tal?<\/a><\/h2><div class=\"t-entry-excerpt\"><p>\u00bfEst\u00e1s aprendiendo espa\u00f1ol y pensabas que con saber decir \u201chola\u201d ya no necesitabas m\u00e1s?  Pues\u2026<\/p><\/div><p class=\"t-entry-readmore btn-container\"><a href=\"https:\/\/www.escuela-hablamos.com\/fr\/que-tal\/\" class=\"btn btn-default btn-sm\" target=\"_self\">Lire la suite<\/a><\/p><\/div><\/div>\n\t\t\t\t\t\t\t<\/div><\/div><\/div><div class=\"tmb atc-typography-inherit tmb-iso-w4 tmb-iso-h4 tmb-round img-round-xl tmb-light tmb-overlay-text-anim tmb-overlay-showed tmb-overlay-anim tmb-content-center tmb-content-mobile-center tmb-text-space-reduced tmb-image-color-anim tmb-image-anim-magnetic tmb-bordered  grid-cat-8 grid-cat-6 tmb-id-157942 tmb-content-under tmb-media-first\" ><div class=\"t-inside style-Hablamos-blue3-bg animate_when_almost_visible top-t-bottom\" data-cursor=\"icon-accent\"><div class=\"t-entry-visual\"><div class=\"t-entry-visual-tc\"><div class=\"t-entry-visual-cont\"><div class=\"dummy\" style=\"padding-top: 100%;\"><\/div><a role=\"button\" tabindex=\"-1\" href=\"https:\/\/www.escuela-hablamos.com\/fr\/feliz-ano-del-caballo\/\" class=\"pushed\" aria-label=\"\u00a1Feliz A\u00f1o del Caballo!\"  target=\"_self\" data-lb-index=\"9\"><div class=\"t-entry-visual-overlay\"><div class=\"t-entry-visual-overlay-in style-dark-bg\" style=\"opacity: 0.01;\"><\/div><\/div><img decoding=\"async\" class=\"wp-image-157943\" src=\"https:\/\/www.escuela-hablamos.com\/wp-content\/uploads\/2026\/02\/Feliz-Ano-del-Caballo.jpg\" width=\"900\" height=\"900\" alt=\"\u00a1Feliz A\u00f1o del Caballo!\" srcset=\"https:\/\/www.escuela-hablamos.com\/wp-content\/uploads\/2026\/02\/Feliz-Ano-del-Caballo.jpg 900w, https:\/\/www.escuela-hablamos.com\/wp-content\/uploads\/2026\/02\/Feliz-Ano-del-Caballo-300x300.jpg 300w, https:\/\/www.escuela-hablamos.com\/wp-content\/uploads\/2026\/02\/Feliz-Ano-del-Caballo-150x150.jpg 150w, https:\/\/www.escuela-hablamos.com\/wp-content\/uploads\/2026\/02\/Feliz-Ano-del-Caballo-768x768.jpg 768w, https:\/\/www.escuela-hablamos.com\/wp-content\/uploads\/2026\/02\/Feliz-Ano-del-Caballo-12x12.jpg 12w, https:\/\/www.escuela-hablamos.com\/wp-content\/uploads\/2026\/02\/Feliz-Ano-del-Caballo-350x350.jpg 350w, https:\/\/www.escuela-hablamos.com\/wp-content\/uploads\/2026\/02\/Feliz-Ano-del-Caballo-348x348.jpg 348w, https:\/\/www.escuela-hablamos.com\/wp-content\/uploads\/2026\/02\/Feliz-Ano-del-Caballo-uai-720x720.jpg 720w\" sizes=\"(max-width: 900px) 100vw, 900px\" \/><\/a><\/div>\n\t\t\t\t\t<\/div>\n\t\t\t\t<\/div><div class=\"t-entry-text\">\n\t\t\t\t\t\t\t\t\t<div class=\"t-entry-text-tc half-block-padding\"><div class=\"t-entry\"><h2 class=\"t-entry-title h3 title-scale\"><a href=\"https:\/\/www.escuela-hablamos.com\/fr\/feliz-ano-del-caballo\/\" target=\"_self\">\u00a1Feliz A\u00f1o del Caballo!<\/a><\/h2><div class=\"t-entry-excerpt\"><p>Una de las actividades culturales que m\u00e1s gusta a los alumnos es la visita a Usera, el \u201cbarrio\u2026<\/p><\/div><p class=\"t-entry-readmore btn-container\"><a href=\"https:\/\/www.escuela-hablamos.com\/fr\/feliz-ano-del-caballo\/\" class=\"btn btn-default btn-sm\" target=\"_self\">Lire la suite<\/a><\/p><\/div><\/div>\n\t\t\t\t\t\t\t<\/div><\/div><\/div><div class=\"tmb atc-typography-inherit tmb-iso-w4 tmb-iso-h4 tmb-round img-round-xl tmb-light tmb-overlay-text-anim tmb-overlay-showed tmb-overlay-anim tmb-content-center tmb-content-mobile-center tmb-text-space-reduced tmb-image-color-anim tmb-image-anim-magnetic tmb-bordered  grid-cat-8 grid-cat-6 tmb-id-157939 tmb-content-under tmb-media-first\" ><div class=\"t-inside style-Hablamos-blue3-bg animate_when_almost_visible top-t-bottom\" data-cursor=\"icon-accent\"><div class=\"t-entry-visual\"><div class=\"t-entry-visual-tc\"><div class=\"t-entry-visual-cont\"><div class=\"dummy\" style=\"padding-top: 100%;\"><\/div><a role=\"button\" tabindex=\"-1\" href=\"https:\/\/www.escuela-hablamos.com\/fr\/carnaval-en-hablamos\/\" class=\"pushed\" aria-label=\"\u00a1Carnaval en Hablamos!\"  target=\"_self\" data-lb-index=\"10\"><div class=\"t-entry-visual-overlay\"><div class=\"t-entry-visual-overlay-in style-dark-bg\" style=\"opacity: 0.01;\"><\/div><\/div><img decoding=\"async\" class=\"wp-image-157940\" src=\"https:\/\/www.escuela-hablamos.com\/wp-content\/uploads\/2026\/02\/Carnaval-en-Hablamos.jpg\" width=\"900\" height=\"900\" alt=\"\u00a1Carnaval en Hablamos!\" srcset=\"https:\/\/www.escuela-hablamos.com\/wp-content\/uploads\/2026\/02\/Carnaval-en-Hablamos.jpg 900w, https:\/\/www.escuela-hablamos.com\/wp-content\/uploads\/2026\/02\/Carnaval-en-Hablamos-300x300.jpg 300w, https:\/\/www.escuela-hablamos.com\/wp-content\/uploads\/2026\/02\/Carnaval-en-Hablamos-150x150.jpg 150w, https:\/\/www.escuela-hablamos.com\/wp-content\/uploads\/2026\/02\/Carnaval-en-Hablamos-768x768.jpg 768w, https:\/\/www.escuela-hablamos.com\/wp-content\/uploads\/2026\/02\/Carnaval-en-Hablamos-12x12.jpg 12w, https:\/\/www.escuela-hablamos.com\/wp-content\/uploads\/2026\/02\/Carnaval-en-Hablamos-350x350.jpg 350w, https:\/\/www.escuela-hablamos.com\/wp-content\/uploads\/2026\/02\/Carnaval-en-Hablamos-348x348.jpg 348w, https:\/\/www.escuela-hablamos.com\/wp-content\/uploads\/2026\/02\/Carnaval-en-Hablamos-uai-720x720.jpg 720w\" sizes=\"(max-width: 900px) 100vw, 900px\" \/><\/a><\/div>\n\t\t\t\t\t<\/div>\n\t\t\t\t<\/div><div class=\"t-entry-text\">\n\t\t\t\t\t\t\t\t\t<div class=\"t-entry-text-tc half-block-padding\"><div class=\"t-entry\"><h2 class=\"t-entry-title h3 title-scale\"><a href=\"https:\/\/www.escuela-hablamos.com\/fr\/carnaval-en-hablamos\/\" target=\"_self\">\u00a1Carnaval en Hablamos!<\/a><\/h2><div class=\"t-entry-excerpt\"><p>Carnaval, una fiesta que parece que mucha gente relaciona con Brasil y sus plumas, o con Venecia y\u2026<\/p><\/div><p class=\"t-entry-readmore btn-container\"><a href=\"https:\/\/www.escuela-hablamos.com\/fr\/carnaval-en-hablamos\/\" class=\"btn btn-default btn-sm\" target=\"_self\">Lire la suite<\/a><\/p><\/div><\/div>\n\t\t\t\t\t\t\t<\/div><\/div><\/div><div class=\"tmb atc-typography-inherit tmb-iso-w4 tmb-iso-h4 tmb-round img-round-xl tmb-light tmb-overlay-text-anim tmb-overlay-showed tmb-overlay-anim tmb-content-center tmb-content-mobile-center tmb-text-space-reduced tmb-image-color-anim tmb-image-anim-magnetic tmb-bordered  grid-cat-9 grid-cat-8 tmb-id-157893 tmb-content-under tmb-media-first\" ><div class=\"t-inside style-Hablamos-blue3-bg animate_when_almost_visible top-t-bottom\" data-cursor=\"icon-accent\"><div class=\"t-entry-visual\"><div class=\"t-entry-visual-tc\"><div class=\"t-entry-visual-cont\"><div class=\"dummy\" style=\"padding-top: 100%;\"><\/div><a role=\"button\" tabindex=\"-1\" href=\"https:\/\/www.escuela-hablamos.com\/fr\/faqs-before-coming-to-study-spanish-in-spain\/\" class=\"pushed\" aria-label=\"FAQ before coming to study Spanish in Spain\"  target=\"_self\" data-lb-index=\"11\"><div class=\"t-entry-visual-overlay\"><div class=\"t-entry-visual-overlay-in style-dark-bg\" style=\"opacity: 0.01;\"><\/div><\/div><img decoding=\"async\" class=\"wp-image-157894\" src=\"https:\/\/www.escuela-hablamos.com\/wp-content\/uploads\/2026\/02\/Frequently-asked-questions-before-coming-to-study-Spanish-in-Spain.jpg\" width=\"800\" height=\"800\" alt=\"FAQ before coming to study Spanish in Spain\" srcset=\"https:\/\/www.escuela-hablamos.com\/wp-content\/uploads\/2026\/02\/Frequently-asked-questions-before-coming-to-study-Spanish-in-Spain.jpg 800w, https:\/\/www.escuela-hablamos.com\/wp-content\/uploads\/2026\/02\/Frequently-asked-questions-before-coming-to-study-Spanish-in-Spain-300x300.jpg 300w, https:\/\/www.escuela-hablamos.com\/wp-content\/uploads\/2026\/02\/Frequently-asked-questions-before-coming-to-study-Spanish-in-Spain-150x150.jpg 150w, https:\/\/www.escuela-hablamos.com\/wp-content\/uploads\/2026\/02\/Frequently-asked-questions-before-coming-to-study-Spanish-in-Spain-768x768.jpg 768w, https:\/\/www.escuela-hablamos.com\/wp-content\/uploads\/2026\/02\/Frequently-asked-questions-before-coming-to-study-Spanish-in-Spain-12x12.jpg 12w, https:\/\/www.escuela-hablamos.com\/wp-content\/uploads\/2026\/02\/Frequently-asked-questions-before-coming-to-study-Spanish-in-Spain-350x350.jpg 350w, https:\/\/www.escuela-hablamos.com\/wp-content\/uploads\/2026\/02\/Frequently-asked-questions-before-coming-to-study-Spanish-in-Spain-348x348.jpg 348w, https:\/\/www.escuela-hablamos.com\/wp-content\/uploads\/2026\/02\/Frequently-asked-questions-before-coming-to-study-Spanish-in-Spain-uai-720x720.jpg 720w\" sizes=\"(max-width: 800px) 100vw, 800px\" \/><\/a><\/div>\n\t\t\t\t\t<\/div>\n\t\t\t\t<\/div><div class=\"t-entry-text\">\n\t\t\t\t\t\t\t\t\t<div class=\"t-entry-text-tc half-block-padding\"><div class=\"t-entry\"><h2 class=\"t-entry-title h3 title-scale\"><a href=\"https:\/\/www.escuela-hablamos.com\/fr\/faqs-before-coming-to-study-spanish-in-spain\/\" target=\"_self\">FAQs before coming to study Spanish in Spain<\/a><\/h2><div class=\"t-entry-excerpt\"><p>If you are thinking of coming to Spain to learn Spanish, it is normal to have many questions\n<\/p><\/div><p class=\"t-entry-readmore btn-container\"><a href=\"https:\/\/www.escuela-hablamos.com\/fr\/faqs-before-coming-to-study-spanish-in-spain\/\" class=\"btn btn-default btn-sm\" target=\"_self\">Lire la suite<\/a><\/p><\/div><\/div>\n\t\t\t\t\t\t\t<\/div><\/div><\/div><div class=\"tmb atc-typography-inherit tmb-iso-w4 tmb-iso-h4 tmb-round img-round-xl tmb-light tmb-overlay-text-anim tmb-overlay-showed tmb-overlay-anim tmb-content-center tmb-content-mobile-center tmb-text-space-reduced tmb-image-color-anim tmb-image-anim-magnetic tmb-bordered  grid-cat-9 grid-cat-8 tmb-id-157845 tmb-content-under tmb-media-first\" ><div class=\"t-inside style-Hablamos-blue3-bg animate_when_almost_visible top-t-bottom\" data-cursor=\"icon-accent\"><div class=\"t-entry-visual\"><div class=\"t-entry-visual-tc\"><div class=\"t-entry-visual-cont\"><div class=\"dummy\" style=\"padding-top: 100.1%;\"><\/div><a role=\"button\" tabindex=\"-1\" href=\"https:\/\/www.escuela-hablamos.com\/fr\/romantic-movies-in-spanish\/\" class=\"pushed\" aria-label=\"Romantic movies in Spanish\"  target=\"_self\" data-lb-index=\"12\"><div class=\"t-entry-visual-overlay\"><div class=\"t-entry-visual-overlay-in style-dark-bg\" style=\"opacity: 0.01;\"><\/div><\/div><img decoding=\"async\" class=\"wp-image-157846\" src=\"https:\/\/www.escuela-hablamos.com\/wp-content\/uploads\/2026\/02\/Romantic-movies-in-Spanish.jpg\" width=\"800\" height=\"801\" alt=\"Romantic movies in Spanish\" srcset=\"https:\/\/www.escuela-hablamos.com\/wp-content\/uploads\/2026\/02\/Romantic-movies-in-Spanish.jpg 800w, https:\/\/www.escuela-hablamos.com\/wp-content\/uploads\/2026\/02\/Romantic-movies-in-Spanish-300x300.jpg 300w, https:\/\/www.escuela-hablamos.com\/wp-content\/uploads\/2026\/02\/Romantic-movies-in-Spanish-150x150.jpg 150w, https:\/\/www.escuela-hablamos.com\/wp-content\/uploads\/2026\/02\/Romantic-movies-in-Spanish-768x769.jpg 768w, https:\/\/www.escuela-hablamos.com\/wp-content\/uploads\/2026\/02\/Romantic-movies-in-Spanish-12x12.jpg 12w, https:\/\/www.escuela-hablamos.com\/wp-content\/uploads\/2026\/02\/Romantic-movies-in-Spanish-350x350.jpg 350w, https:\/\/www.escuela-hablamos.com\/wp-content\/uploads\/2026\/02\/Romantic-movies-in-Spanish-348x348.jpg 348w, https:\/\/www.escuela-hablamos.com\/wp-content\/uploads\/2026\/02\/Romantic-movies-in-Spanish-uai-720x721.jpg 720w\" sizes=\"(max-width: 800px) 100vw, 800px\" \/><\/a><\/div>\n\t\t\t\t\t<\/div>\n\t\t\t\t<\/div><div class=\"t-entry-text\">\n\t\t\t\t\t\t\t\t\t<div class=\"t-entry-text-tc half-block-padding\"><div class=\"t-entry\"><h2 class=\"t-entry-title h3 title-scale\"><a href=\"https:\/\/www.escuela-hablamos.com\/fr\/romantic-movies-in-spanish\/\" target=\"_self\">Romantic movies in Spanish<\/a><\/h2><div class=\"t-entry-excerpt\"><p>A romantic plan that never fails on these cold days is to watch a movie accompanied by popcorn and\u2026<\/p><\/div><p class=\"t-entry-readmore btn-container\"><a href=\"https:\/\/www.escuela-hablamos.com\/fr\/romantic-movies-in-spanish\/\" class=\"btn btn-default btn-sm\" target=\"_self\">Lire la suite<\/a><\/p><\/div><\/div>\n\t\t\t\t\t\t\t<\/div><\/div><\/div><div class=\"tmb atc-typography-inherit tmb-iso-w4 tmb-iso-h4 tmb-round img-round-xl tmb-light tmb-overlay-text-anim tmb-overlay-showed tmb-overlay-anim tmb-content-center tmb-content-mobile-center tmb-text-space-reduced tmb-image-color-anim tmb-image-anim-magnetic tmb-bordered  grid-cat-9 grid-cat-6 tmb-id-157777 tmb-content-under tmb-media-first\" ><div class=\"t-inside style-Hablamos-blue3-bg animate_when_almost_visible top-t-bottom\" data-cursor=\"icon-accent\"><div class=\"t-entry-visual\"><div class=\"t-entry-visual-tc\"><div class=\"t-entry-visual-cont\"><div class=\"dummy\" style=\"padding-top: 100%;\"><\/div><a role=\"button\" tabindex=\"-1\" href=\"https:\/\/www.escuela-hablamos.com\/fr\/como-vienes-a-la-escuela\/\" class=\"pushed\" aria-label=\"\u00bfC\u00f3mo vienes a la escuela?\"  target=\"_self\" data-lb-index=\"13\"><div class=\"t-entry-visual-overlay\"><div class=\"t-entry-visual-overlay-in style-dark-bg\" style=\"opacity: 0.01;\"><\/div><\/div><img decoding=\"async\" class=\"wp-image-157778\" src=\"https:\/\/www.escuela-hablamos.com\/wp-content\/uploads\/2026\/02\/Como-vienes-a-la-escuela.jpg\" width=\"750\" height=\"750\" alt=\"\u00bfC\u00f3mo vienes a la escuela?\" srcset=\"https:\/\/www.escuela-hablamos.com\/wp-content\/uploads\/2026\/02\/Como-vienes-a-la-escuela.jpg 750w, https:\/\/www.escuela-hablamos.com\/wp-content\/uploads\/2026\/02\/Como-vienes-a-la-escuela-300x300.jpg 300w, https:\/\/www.escuela-hablamos.com\/wp-content\/uploads\/2026\/02\/Como-vienes-a-la-escuela-150x150.jpg 150w, https:\/\/www.escuela-hablamos.com\/wp-content\/uploads\/2026\/02\/Como-vienes-a-la-escuela-12x12.jpg 12w, https:\/\/www.escuela-hablamos.com\/wp-content\/uploads\/2026\/02\/Como-vienes-a-la-escuela-350x350.jpg 350w, https:\/\/www.escuela-hablamos.com\/wp-content\/uploads\/2026\/02\/Como-vienes-a-la-escuela-348x348.jpg 348w, https:\/\/www.escuela-hablamos.com\/wp-content\/uploads\/2026\/02\/Como-vienes-a-la-escuela-uai-720x720.jpg 720w\" sizes=\"(max-width: 750px) 100vw, 750px\" \/><\/a><\/div>\n\t\t\t\t\t<\/div>\n\t\t\t\t<\/div><div class=\"t-entry-text\">\n\t\t\t\t\t\t\t\t\t<div class=\"t-entry-text-tc half-block-padding\"><div class=\"t-entry\"><h2 class=\"t-entry-title h3 title-scale\"><a href=\"https:\/\/www.escuela-hablamos.com\/fr\/como-vienes-a-la-escuela\/\" target=\"_self\">\u00bfC\u00f3mo vienes a la escuela?<\/a><\/h2><div class=\"t-entry-excerpt\"><p>Es por la ma\u00f1ana, sales de tu casa para ir a tu clase en Hablamos y\u2026 \u00bfqu\u00e9 medio de transporte\u2026<\/p><\/div><p class=\"t-entry-readmore btn-container\"><a href=\"https:\/\/www.escuela-hablamos.com\/fr\/como-vienes-a-la-escuela\/\" class=\"btn btn-default btn-sm\" target=\"_self\">Lire la suite<\/a><\/p><\/div><\/div>\n\t\t\t\t\t\t\t<\/div><\/div><\/div><div class=\"tmb atc-typography-inherit tmb-iso-w4 tmb-iso-h4 tmb-round img-round-xl tmb-light tmb-overlay-text-anim tmb-overlay-showed tmb-overlay-anim tmb-content-center tmb-content-mobile-center tmb-text-space-reduced tmb-image-color-anim tmb-image-anim-magnetic tmb-bordered  grid-cat-5 tmb-id-157576 tmb-content-under tmb-media-first\" ><div class=\"t-inside style-Hablamos-blue3-bg animate_when_almost_visible top-t-bottom\" data-cursor=\"icon-accent\"><div class=\"t-entry-visual\"><div class=\"t-entry-visual-tc\"><div class=\"t-entry-visual-cont\"><div class=\"dummy\" style=\"padding-top: 100%;\"><\/div><a role=\"button\" tabindex=\"-1\" href=\"https:\/\/www.escuela-hablamos.com\/fr\/el-temido-presente-del-subjuntivo\/\" class=\"pushed\" aria-label=\"El (temido) presente del subjuntivo\"  target=\"_self\" data-lb-index=\"14\"><div class=\"t-entry-visual-overlay\"><div class=\"t-entry-visual-overlay-in style-dark-bg\" style=\"opacity: 0.01;\"><\/div><\/div><img decoding=\"async\" class=\"wp-image-157577\" src=\"https:\/\/www.escuela-hablamos.com\/wp-content\/uploads\/2026\/01\/presente-del-subjuntivo.jpg\" width=\"600\" height=\"600\" alt=\"El (temido) presente del subjuntivo\" srcset=\"https:\/\/www.escuela-hablamos.com\/wp-content\/uploads\/2026\/01\/presente-del-subjuntivo.jpg 600w, https:\/\/www.escuela-hablamos.com\/wp-content\/uploads\/2026\/01\/presente-del-subjuntivo-300x300.jpg 300w, https:\/\/www.escuela-hablamos.com\/wp-content\/uploads\/2026\/01\/presente-del-subjuntivo-150x150.jpg 150w, https:\/\/www.escuela-hablamos.com\/wp-content\/uploads\/2026\/01\/presente-del-subjuntivo-12x12.jpg 12w, https:\/\/www.escuela-hablamos.com\/wp-content\/uploads\/2026\/01\/presente-del-subjuntivo-350x350.jpg 350w, https:\/\/www.escuela-hablamos.com\/wp-content\/uploads\/2026\/01\/presente-del-subjuntivo-348x348.jpg 348w\" sizes=\"(max-width: 600px) 100vw, 600px\" \/><\/a><\/div>\n\t\t\t\t\t<\/div>\n\t\t\t\t<\/div><div class=\"t-entry-text\">\n\t\t\t\t\t\t\t\t\t<div class=\"t-entry-text-tc half-block-padding\"><div class=\"t-entry\"><h2 class=\"t-entry-title h3 title-scale\"><a href=\"https:\/\/www.escuela-hablamos.com\/fr\/el-temido-presente-del-subjuntivo\/\" target=\"_self\">El (temido) presente del subjuntivo<\/a><\/h2><div class=\"t-entry-excerpt\"><p>El presente del subjuntivo es uno de los temas que m\u00e1s respeto da a los estudiantes de espa\u00f1ol\u2026<\/p><\/div><p class=\"t-entry-readmore btn-container\"><a href=\"https:\/\/www.escuela-hablamos.com\/fr\/el-temido-presente-del-subjuntivo\/\" class=\"btn btn-default btn-sm\" target=\"_self\">Lire la suite<\/a><\/p><\/div><\/div>\n\t\t\t\t\t\t\t<\/div><\/div><\/div><div class=\"tmb atc-typography-inherit tmb-iso-w4 tmb-iso-h4 tmb-round img-round-xl tmb-light tmb-overlay-text-anim tmb-overlay-showed tmb-overlay-anim tmb-content-center tmb-content-mobile-center tmb-text-space-reduced tmb-image-color-anim tmb-image-anim-magnetic tmb-bordered  grid-cat-9 grid-cat-5 tmb-id-157477 tmb-content-under tmb-media-first\" ><div class=\"t-inside style-Hablamos-blue3-bg animate_when_almost_visible top-t-bottom\" data-cursor=\"icon-accent\"><div class=\"t-entry-visual\"><div class=\"t-entry-visual-tc\"><div class=\"t-entry-visual-cont\"><div class=\"dummy\" style=\"padding-top: 100%;\"><\/div><a role=\"button\" tabindex=\"-1\" href=\"https:\/\/www.escuela-hablamos.com\/fr\/preparacion-examen-dele-siele-madrid\/\" class=\"pushed\" aria-label=\"C\u00f3mo prepararte para un examen de espa\u00f1ol (DELE y SIELE) y aprobar con \u00e9xito\"  target=\"_self\" data-lb-index=\"15\"><div class=\"t-entry-visual-overlay\"><div class=\"t-entry-visual-overlay-in style-dark-bg\" style=\"opacity: 0.01;\"><\/div><\/div><img decoding=\"async\" class=\"wp-image-157478\" src=\"https:\/\/www.escuela-hablamos.com\/wp-content\/uploads\/2026\/01\/preparar-diele-y-siele.jpg\" width=\"800\" height=\"800\" alt=\"C\u00f3mo prepararte para un examen de espa\u00f1ol (DELE y SIELE) y aprobar con \u00e9xito\" srcset=\"https:\/\/www.escuela-hablamos.com\/wp-content\/uploads\/2026\/01\/preparar-diele-y-siele.jpg 800w, https:\/\/www.escuela-hablamos.com\/wp-content\/uploads\/2026\/01\/preparar-diele-y-siele-300x300.jpg 300w, https:\/\/www.escuela-hablamos.com\/wp-content\/uploads\/2026\/01\/preparar-diele-y-siele-150x150.jpg 150w, https:\/\/www.escuela-hablamos.com\/wp-content\/uploads\/2026\/01\/preparar-diele-y-siele-768x768.jpg 768w, https:\/\/www.escuela-hablamos.com\/wp-content\/uploads\/2026\/01\/preparar-diele-y-siele-12x12.jpg 12w, https:\/\/www.escuela-hablamos.com\/wp-content\/uploads\/2026\/01\/preparar-diele-y-siele-350x350.jpg 350w, https:\/\/www.escuela-hablamos.com\/wp-content\/uploads\/2026\/01\/preparar-diele-y-siele-348x348.jpg 348w, https:\/\/www.escuela-hablamos.com\/wp-content\/uploads\/2026\/01\/preparar-diele-y-siele-uai-720x720.jpg 720w\" sizes=\"(max-width: 800px) 100vw, 800px\" \/><\/a><\/div>\n\t\t\t\t\t<\/div>\n\t\t\t\t<\/div><div class=\"t-entry-text\">\n\t\t\t\t\t\t\t\t\t<div class=\"t-entry-text-tc half-block-padding\"><div class=\"t-entry\"><h2 class=\"t-entry-title h3 title-scale\"><a href=\"https:\/\/www.escuela-hablamos.com\/fr\/preparacion-examen-dele-siele-madrid\/\" target=\"_self\">C\u00f3mo prepararte para un examen de espa\u00f1ol (DELE y SIELE) y aprobar con \u00e9xito<\/a><\/h2><div class=\"t-entry-excerpt\"><p>Obtener un certificado oficial de espa\u00f1ol puede abrirte muchas puertas: estudios universitarios,\u2026<\/p><\/div><p class=\"t-entry-readmore btn-container\"><a href=\"https:\/\/www.escuela-hablamos.com\/fr\/preparacion-examen-dele-siele-madrid\/\" class=\"btn btn-default btn-sm\" target=\"_self\">Lire la suite<\/a><\/p><\/div><\/div>\n\t\t\t\t\t\t\t<\/div><\/div><\/div><div class=\"tmb atc-typography-inherit tmb-iso-w4 tmb-iso-h4 tmb-round img-round-xl tmb-light tmb-overlay-text-anim tmb-overlay-showed tmb-overlay-anim tmb-content-center tmb-content-mobile-center tmb-text-space-reduced tmb-image-color-anim tmb-image-anim-magnetic tmb-bordered  grid-cat-8 tmb-id-157391 tmb-content-under tmb-media-first\" ><div class=\"t-inside style-Hablamos-blue3-bg animate_when_almost_visible top-t-bottom\" data-cursor=\"icon-accent\"><div class=\"t-entry-visual\"><div class=\"t-entry-visual-tc\"><div class=\"t-entry-visual-cont\"><div class=\"dummy\" style=\"padding-top: 100%;\"><\/div><a role=\"button\" tabindex=\"-1\" href=\"https:\/\/www.escuela-hablamos.com\/fr\/hola-2026\/\" class=\"pushed\" aria-label=\"\u00a1Hola, 2026!\"  target=\"_self\" data-lb-index=\"16\"><div class=\"t-entry-visual-overlay\"><div class=\"t-entry-visual-overlay-in style-dark-bg\" style=\"opacity: 0.01;\"><\/div><\/div><img decoding=\"async\" class=\"wp-image-157392\" src=\"https:\/\/www.escuela-hablamos.com\/wp-content\/uploads\/2026\/01\/Hola-2026.jpg\" width=\"750\" height=\"750\" alt=\"\u00a1Hola, 2026!\" srcset=\"https:\/\/www.escuela-hablamos.com\/wp-content\/uploads\/2026\/01\/Hola-2026.jpg 750w, https:\/\/www.escuela-hablamos.com\/wp-content\/uploads\/2026\/01\/Hola-2026-300x300.jpg 300w, https:\/\/www.escuela-hablamos.com\/wp-content\/uploads\/2026\/01\/Hola-2026-150x150.jpg 150w, https:\/\/www.escuela-hablamos.com\/wp-content\/uploads\/2026\/01\/Hola-2026-12x12.jpg 12w, https:\/\/www.escuela-hablamos.com\/wp-content\/uploads\/2026\/01\/Hola-2026-350x350.jpg 350w, https:\/\/www.escuela-hablamos.com\/wp-content\/uploads\/2026\/01\/Hola-2026-348x348.jpg 348w, https:\/\/www.escuela-hablamos.com\/wp-content\/uploads\/2026\/01\/Hola-2026-uai-720x720.jpg 720w\" sizes=\"(max-width: 750px) 100vw, 750px\" \/><\/a><\/div>\n\t\t\t\t\t<\/div>\n\t\t\t\t<\/div><div class=\"t-entry-text\">\n\t\t\t\t\t\t\t\t\t<div class=\"t-entry-text-tc half-block-padding\"><div class=\"t-entry\"><h2 class=\"t-entry-title h3 title-scale\"><a href=\"https:\/\/www.escuela-hablamos.com\/fr\/hola-2026\/\" target=\"_self\">\u00a1Hola, 2026!<\/a><\/h2><div class=\"t-entry-excerpt\"><p>Hace poco desped\u00edamos el 2025. Se sucedieron los brindis, las reuniones de amigos y alg\u00fan que otro\u2026<\/p><\/div><p class=\"t-entry-readmore btn-container\"><a href=\"https:\/\/www.escuela-hablamos.com\/fr\/hola-2026\/\" class=\"btn btn-default btn-sm\" target=\"_self\">Lire la suite<\/a><\/p><\/div><\/div>\n\t\t\t\t\t\t\t<\/div><\/div><\/div><div class=\"tmb atc-typography-inherit tmb-iso-w4 tmb-iso-h4 tmb-round img-round-xl tmb-light tmb-overlay-text-anim tmb-overlay-showed tmb-overlay-anim tmb-content-center tmb-content-mobile-center tmb-text-space-reduced tmb-image-color-anim tmb-image-anim-magnetic tmb-bordered  grid-cat-8 grid-cat-6 tmb-id-157304 tmb-content-under tmb-media-first\" ><div class=\"t-inside style-Hablamos-blue3-bg animate_when_almost_visible top-t-bottom\" data-cursor=\"icon-accent\"><div class=\"t-entry-visual\"><div class=\"t-entry-visual-tc\"><div class=\"t-entry-visual-cont\"><div class=\"dummy\" style=\"padding-top: 100%;\"><\/div><a role=\"button\" tabindex=\"-1\" href=\"https:\/\/www.escuela-hablamos.com\/fr\/talleres-navidenos-en-hablamos\/\" class=\"pushed\" aria-label=\"Talleres navide\u00f1os en Hablamos\"  target=\"_self\" data-lb-index=\"17\"><div class=\"t-entry-visual-overlay\"><div class=\"t-entry-visual-overlay-in style-dark-bg\" style=\"opacity: 0.01;\"><\/div><\/div><img decoding=\"async\" class=\"wp-image-157305\" src=\"https:\/\/www.escuela-hablamos.com\/wp-content\/uploads\/2025\/12\/Christmas-Workshop.jpg\" width=\"600\" height=\"600\" alt=\"Talleres navide\u00f1os en Hablamos\" srcset=\"https:\/\/www.escuela-hablamos.com\/wp-content\/uploads\/2025\/12\/Christmas-Workshop.jpg 600w, https:\/\/www.escuela-hablamos.com\/wp-content\/uploads\/2025\/12\/Christmas-Workshop-300x300.jpg 300w, https:\/\/www.escuela-hablamos.com\/wp-content\/uploads\/2025\/12\/Christmas-Workshop-150x150.jpg 150w, https:\/\/www.escuela-hablamos.com\/wp-content\/uploads\/2025\/12\/Christmas-Workshop-12x12.jpg 12w, https:\/\/www.escuela-hablamos.com\/wp-content\/uploads\/2025\/12\/Christmas-Workshop-350x350.jpg 350w, https:\/\/www.escuela-hablamos.com\/wp-content\/uploads\/2025\/12\/Christmas-Workshop-348x348.jpg 348w\" sizes=\"(max-width: 600px) 100vw, 600px\" \/><\/a><\/div>\n\t\t\t\t\t<\/div>\n\t\t\t\t<\/div><div class=\"t-entry-text\">\n\t\t\t\t\t\t\t\t\t<div class=\"t-entry-text-tc half-block-padding\"><div class=\"t-entry\"><h2 class=\"t-entry-title h3 title-scale\"><a href=\"https:\/\/www.escuela-hablamos.com\/fr\/talleres-navidenos-en-hablamos\/\" target=\"_self\">Talleres navide\u00f1os en Hablamos<\/a><\/h2><div class=\"t-entry-excerpt\"><p>Las navidades son unas fiestas muy importantes para pasar en familia, sin embargo, muchos de los\u2026<\/p><\/div><p class=\"t-entry-readmore btn-container\"><a href=\"https:\/\/www.escuela-hablamos.com\/fr\/talleres-navidenos-en-hablamos\/\" class=\"btn btn-default btn-sm\" target=\"_self\">Lire la suite<\/a><\/p><\/div><\/div>\n\t\t\t\t\t\t\t<\/div><\/div><\/div><div class=\"tmb atc-typography-inherit tmb-iso-w4 tmb-iso-h4 tmb-round img-round-xl tmb-light tmb-overlay-text-anim tmb-overlay-showed tmb-overlay-anim tmb-content-center tmb-content-mobile-center tmb-text-space-reduced tmb-image-color-anim tmb-image-anim-magnetic tmb-bordered  grid-cat-9 grid-cat-5 grid-cat-6 tmb-id-157240 tmb-content-under tmb-media-first\" ><div class=\"t-inside style-Hablamos-blue3-bg animate_when_almost_visible top-t-bottom\" data-cursor=\"icon-accent\"><div class=\"t-entry-visual\"><div class=\"t-entry-visual-tc\"><div class=\"t-entry-visual-cont\"><div class=\"dummy\" style=\"padding-top: 100%;\"><\/div><a role=\"button\" tabindex=\"-1\" href=\"https:\/\/www.escuela-hablamos.com\/fr\/2025-the-year-of-hablamos\/\" class=\"pushed\" aria-label=\"2025, the year of Hablamos\"  target=\"_self\" data-lb-index=\"18\"><div class=\"t-entry-visual-overlay\"><div class=\"t-entry-visual-overlay-in style-dark-bg\" style=\"opacity: 0.01;\"><\/div><\/div><img decoding=\"async\" class=\"wp-image-157241\" src=\"https:\/\/www.escuela-hablamos.com\/wp-content\/uploads\/2025\/12\/dehablamos.jpg\" width=\"900\" height=\"900\" alt=\"2025, the year of Hablamos\" srcset=\"https:\/\/www.escuela-hablamos.com\/wp-content\/uploads\/2025\/12\/dehablamos.jpg 900w, https:\/\/www.escuela-hablamos.com\/wp-content\/uploads\/2025\/12\/dehablamos-300x300.jpg 300w, https:\/\/www.escuela-hablamos.com\/wp-content\/uploads\/2025\/12\/dehablamos-150x150.jpg 150w, https:\/\/www.escuela-hablamos.com\/wp-content\/uploads\/2025\/12\/dehablamos-768x768.jpg 768w, https:\/\/www.escuela-hablamos.com\/wp-content\/uploads\/2025\/12\/dehablamos-12x12.jpg 12w, https:\/\/www.escuela-hablamos.com\/wp-content\/uploads\/2025\/12\/dehablamos-350x350.jpg 350w, https:\/\/www.escuela-hablamos.com\/wp-content\/uploads\/2025\/12\/dehablamos-348x348.jpg 348w, https:\/\/www.escuela-hablamos.com\/wp-content\/uploads\/2025\/12\/dehablamos-uai-720x720.jpg 720w\" sizes=\"(max-width: 900px) 100vw, 900px\" \/><\/a><\/div>\n\t\t\t\t\t<\/div>\n\t\t\t\t<\/div><div class=\"t-entry-text\">\n\t\t\t\t\t\t\t\t\t<div class=\"t-entry-text-tc half-block-padding\"><div class=\"t-entry\"><h2 class=\"t-entry-title h3 title-scale\"><a href=\"https:\/\/www.escuela-hablamos.com\/fr\/2025-the-year-of-hablamos\/\" target=\"_self\">2025, the year of Hablamos<\/a><\/h2><div class=\"t-entry-excerpt\"><p>As we approach the end of 2025, at Hablamos we feel that we are not only closing a cycle, but also\u2026<\/p><\/div><p class=\"t-entry-readmore btn-container\"><a href=\"https:\/\/www.escuela-hablamos.com\/fr\/2025-the-year-of-hablamos\/\" class=\"btn btn-default btn-sm\" target=\"_self\">Lire la suite<\/a><\/p><\/div><\/div>\n\t\t\t\t\t\t\t<\/div><\/div><\/div><div class=\"tmb atc-typography-inherit tmb-iso-w4 tmb-iso-h4 tmb-round img-round-xl tmb-light tmb-overlay-text-anim tmb-overlay-showed tmb-overlay-anim tmb-content-center tmb-content-mobile-center tmb-text-space-reduced tmb-image-color-anim tmb-image-anim-magnetic tmb-bordered  grid-cat-8 grid-cat-6 tmb-id-157202 tmb-content-under tmb-media-first\" ><div class=\"t-inside style-Hablamos-blue3-bg animate_when_almost_visible top-t-bottom\" data-cursor=\"icon-accent\"><div class=\"t-entry-visual\"><div class=\"t-entry-visual-tc\"><div class=\"t-entry-visual-cont\"><div class=\"dummy\" style=\"padding-top: 100%;\"><\/div><a role=\"button\" tabindex=\"-1\" href=\"https:\/\/www.escuela-hablamos.com\/fr\/mil-euros-o-la-loteria-de-navidad-mas-famosa-del-mundo\/\" class=\"pushed\" aria-label=\"\u201c\u00a1Mil euros!\u201d o la Loter\u00eda de Navidad m\u00e1s famosa del mundo\"  target=\"_self\" data-lb-index=\"19\"><div class=\"t-entry-visual-overlay\"><div class=\"t-entry-visual-overlay-in style-dark-bg\" style=\"opacity: 0.01;\"><\/div><\/div><img decoding=\"async\" class=\"wp-image-157203\" src=\"https:\/\/www.escuela-hablamos.com\/wp-content\/uploads\/2025\/12\/Loteria-de-Navidad-mas-famosa-del-mundo.jpg\" width=\"800\" height=\"800\" alt=\"\u201c\u00a1Mil euros!\u201d o la Loter\u00eda de Navidad m\u00e1s famosa del mundo\" srcset=\"https:\/\/www.escuela-hablamos.com\/wp-content\/uploads\/2025\/12\/Loteria-de-Navidad-mas-famosa-del-mundo.jpg 800w, https:\/\/www.escuela-hablamos.com\/wp-content\/uploads\/2025\/12\/Loteria-de-Navidad-mas-famosa-del-mundo-300x300.jpg 300w, https:\/\/www.escuela-hablamos.com\/wp-content\/uploads\/2025\/12\/Loteria-de-Navidad-mas-famosa-del-mundo-150x150.jpg 150w, https:\/\/www.escuela-hablamos.com\/wp-content\/uploads\/2025\/12\/Loteria-de-Navidad-mas-famosa-del-mundo-768x768.jpg 768w, https:\/\/www.escuela-hablamos.com\/wp-content\/uploads\/2025\/12\/Loteria-de-Navidad-mas-famosa-del-mundo-12x12.jpg 12w, https:\/\/www.escuela-hablamos.com\/wp-content\/uploads\/2025\/12\/Loteria-de-Navidad-mas-famosa-del-mundo-350x350.jpg 350w, https:\/\/www.escuela-hablamos.com\/wp-content\/uploads\/2025\/12\/Loteria-de-Navidad-mas-famosa-del-mundo-348x348.jpg 348w, https:\/\/www.escuela-hablamos.com\/wp-content\/uploads\/2025\/12\/Loteria-de-Navidad-mas-famosa-del-mundo-uai-720x720.jpg 720w\" sizes=\"(max-width: 800px) 100vw, 800px\" \/><\/a><\/div>\n\t\t\t\t\t<\/div>\n\t\t\t\t<\/div><div class=\"t-entry-text\">\n\t\t\t\t\t\t\t\t\t<div class=\"t-entry-text-tc half-block-padding\"><div class=\"t-entry\"><h2 class=\"t-entry-title h3 title-scale\"><a href=\"https:\/\/www.escuela-hablamos.com\/fr\/mil-euros-o-la-loteria-de-navidad-mas-famosa-del-mundo\/\" target=\"_self\">\u201c\u00a1Mil euros!\u201d o la Loter\u00eda de Navidad m\u00e1s famosa del mundo<\/a><\/h2><div class=\"t-entry-excerpt\"><p>Sala de profesores de Hablamos, nuestra escuela de espa\u00f1ol en Madrid. Finales de noviembre. Aparece\u2026<\/p><\/div><p class=\"t-entry-readmore btn-container\"><a href=\"https:\/\/www.escuela-hablamos.com\/fr\/mil-euros-o-la-loteria-de-navidad-mas-famosa-del-mundo\/\" class=\"btn btn-default btn-sm\" target=\"_self\">Lire la suite<\/a><\/p><\/div><\/div>\n\t\t\t\t\t\t\t<\/div><\/div><\/div><div class=\"tmb atc-typography-inherit tmb-iso-w4 tmb-iso-h4 tmb-round img-round-xl tmb-light tmb-overlay-text-anim tmb-overlay-showed tmb-overlay-anim tmb-content-center tmb-content-mobile-center tmb-text-space-reduced tmb-image-color-anim tmb-image-anim-magnetic tmb-bordered  grid-cat-5 tmb-id-157116 tmb-content-under tmb-media-first\" ><div class=\"t-inside style-Hablamos-blue3-bg animate_when_almost_visible top-t-bottom\" data-cursor=\"icon-accent\"><div class=\"t-entry-visual\"><div class=\"t-entry-visual-tc\"><div class=\"t-entry-visual-cont\"><div class=\"dummy\" style=\"padding-top: 100%;\"><\/div><a role=\"button\" tabindex=\"-1\" href=\"https:\/\/www.escuela-hablamos.com\/fr\/tu-que-harias-dar-consejos-en-espanol\/\" class=\"pushed\" aria-label=\"\u00bfT\u00fa qu\u00e9 har\u00edas? Dar consejos en espa\u00f1ol\"  target=\"_self\" data-lb-index=\"20\"><div class=\"t-entry-visual-overlay\"><div class=\"t-entry-visual-overlay-in style-dark-bg\" style=\"opacity: 0.01;\"><\/div><\/div><img decoding=\"async\" class=\"wp-image-157117\" src=\"https:\/\/www.escuela-hablamos.com\/wp-content\/uploads\/2025\/12\/Dar-consejos-en-espanol.jpg\" width=\"900\" height=\"900\" alt=\"\u00bfT\u00fa qu\u00e9 har\u00edas? Dar consejos en espa\u00f1ol\" srcset=\"https:\/\/www.escuela-hablamos.com\/wp-content\/uploads\/2025\/12\/Dar-consejos-en-espanol.jpg 900w, https:\/\/www.escuela-hablamos.com\/wp-content\/uploads\/2025\/12\/Dar-consejos-en-espanol-300x300.jpg 300w, https:\/\/www.escuela-hablamos.com\/wp-content\/uploads\/2025\/12\/Dar-consejos-en-espanol-150x150.jpg 150w, https:\/\/www.escuela-hablamos.com\/wp-content\/uploads\/2025\/12\/Dar-consejos-en-espanol-768x768.jpg 768w, https:\/\/www.escuela-hablamos.com\/wp-content\/uploads\/2025\/12\/Dar-consejos-en-espanol-12x12.jpg 12w, https:\/\/www.escuela-hablamos.com\/wp-content\/uploads\/2025\/12\/Dar-consejos-en-espanol-350x350.jpg 350w, https:\/\/www.escuela-hablamos.com\/wp-content\/uploads\/2025\/12\/Dar-consejos-en-espanol-348x348.jpg 348w, https:\/\/www.escuela-hablamos.com\/wp-content\/uploads\/2025\/12\/Dar-consejos-en-espanol-uai-720x720.jpg 720w\" sizes=\"(max-width: 900px) 100vw, 900px\" \/><\/a><\/div>\n\t\t\t\t\t<\/div>\n\t\t\t\t<\/div><div class=\"t-entry-text\">\n\t\t\t\t\t\t\t\t\t<div class=\"t-entry-text-tc half-block-padding\"><div class=\"t-entry\"><h2 class=\"t-entry-title h3 title-scale\"><a href=\"https:\/\/www.escuela-hablamos.com\/fr\/tu-que-harias-dar-consejos-en-espanol\/\" target=\"_self\">\u00bfT\u00fa qu\u00e9 har\u00edas? Dar consejos en espa\u00f1ol<\/a><\/h2><div class=\"t-entry-excerpt\"><p>Hoy en el blog de Hablamos, escuela de espa\u00f1ol para extranjeros, traemos una de las habilidades\u2026<\/p><\/div><p class=\"t-entry-readmore btn-container\"><a href=\"https:\/\/www.escuela-hablamos.com\/fr\/tu-que-harias-dar-consejos-en-espanol\/\" class=\"btn btn-default btn-sm\" target=\"_self\">Lire la suite<\/a><\/p><\/div><\/div>\n\t\t\t\t\t\t\t<\/div><\/div><\/div><div class=\"tmb atc-typography-inherit tmb-iso-w4 tmb-iso-h4 tmb-round img-round-xl tmb-light tmb-overlay-text-anim tmb-overlay-showed tmb-overlay-anim tmb-content-center tmb-content-mobile-center tmb-text-space-reduced tmb-image-color-anim tmb-image-anim-magnetic tmb-bordered  grid-cat-9 grid-cat-5 tmb-id-157062 tmb-content-under tmb-media-first\" ><div class=\"t-inside style-Hablamos-blue3-bg animate_when_almost_visible top-t-bottom\" data-cursor=\"icon-accent\"><div class=\"t-entry-visual\"><div class=\"t-entry-visual-tc\"><div class=\"t-entry-visual-cont\"><div class=\"dummy\" style=\"padding-top: 100%;\"><\/div><a role=\"button\" tabindex=\"-1\" href=\"https:\/\/www.escuela-hablamos.com\/fr\/examenes-oficiales-de-espanol-siele-y-dele-2026\/\" class=\"pushed\" aria-label=\"Ex\u00e1menes Oficiales de Espa\u00f1ol: SIELE y DELE 2026\"  target=\"_self\" data-lb-index=\"21\"><div class=\"t-entry-visual-overlay\"><div class=\"t-entry-visual-overlay-in style-dark-bg\" style=\"opacity: 0.01;\"><\/div><\/div><img decoding=\"async\" class=\"wp-image-157063\" src=\"https:\/\/www.escuela-hablamos.com\/wp-content\/uploads\/2025\/12\/Examen-Oficiales-de-Espanol-SIELE-y-DELE-2026.jpg\" width=\"900\" height=\"900\" alt=\"Ex\u00e1menes Oficiales de Espa\u00f1ol: SIELE y DELE 2026\" srcset=\"https:\/\/www.escuela-hablamos.com\/wp-content\/uploads\/2025\/12\/Examen-Oficiales-de-Espanol-SIELE-y-DELE-2026.jpg 900w, https:\/\/www.escuela-hablamos.com\/wp-content\/uploads\/2025\/12\/Examen-Oficiales-de-Espanol-SIELE-y-DELE-2026-300x300.jpg 300w, https:\/\/www.escuela-hablamos.com\/wp-content\/uploads\/2025\/12\/Examen-Oficiales-de-Espanol-SIELE-y-DELE-2026-150x150.jpg 150w, https:\/\/www.escuela-hablamos.com\/wp-content\/uploads\/2025\/12\/Examen-Oficiales-de-Espanol-SIELE-y-DELE-2026-768x768.jpg 768w, https:\/\/www.escuela-hablamos.com\/wp-content\/uploads\/2025\/12\/Examen-Oficiales-de-Espanol-SIELE-y-DELE-2026-12x12.jpg 12w, https:\/\/www.escuela-hablamos.com\/wp-content\/uploads\/2025\/12\/Examen-Oficiales-de-Espanol-SIELE-y-DELE-2026-350x350.jpg 350w, https:\/\/www.escuela-hablamos.com\/wp-content\/uploads\/2025\/12\/Examen-Oficiales-de-Espanol-SIELE-y-DELE-2026-348x348.jpg 348w, https:\/\/www.escuela-hablamos.com\/wp-content\/uploads\/2025\/12\/Examen-Oficiales-de-Espanol-SIELE-y-DELE-2026-uai-720x720.jpg 720w\" sizes=\"(max-width: 900px) 100vw, 900px\" \/><\/a><\/div>\n\t\t\t\t\t<\/div>\n\t\t\t\t<\/div><div class=\"t-entry-text\">\n\t\t\t\t\t\t\t\t\t<div class=\"t-entry-text-tc half-block-padding\"><div class=\"t-entry\"><h2 class=\"t-entry-title h3 title-scale\"><a href=\"https:\/\/www.escuela-hablamos.com\/fr\/examenes-oficiales-de-espanol-siele-y-dele-2026\/\" target=\"_self\">Ex\u00e1menes Oficiales de Espa\u00f1ol: SIELE y DELE 2026<\/a><\/h2><div class=\"t-entry-excerpt\"><p>Puede que ya lleves un tiempo aprendiendo espa\u00f1ol.  Has asistido a clase durante un tiempo, ya\u2026<\/p><\/div><p class=\"t-entry-readmore btn-container\"><a href=\"https:\/\/www.escuela-hablamos.com\/fr\/examenes-oficiales-de-espanol-siele-y-dele-2026\/\" class=\"btn btn-default btn-sm\" target=\"_self\">Lire la suite<\/a><\/p><\/div><\/div>\n\t\t\t\t\t\t\t<\/div><\/div><\/div><div class=\"tmb atc-typography-inherit tmb-iso-w4 tmb-iso-h4 tmb-round img-round-xl tmb-light tmb-overlay-text-anim tmb-overlay-showed tmb-overlay-anim tmb-content-center tmb-content-mobile-center tmb-text-space-reduced tmb-image-color-anim tmb-image-anim-magnetic tmb-bordered  grid-cat-5 tmb-id-156975 tmb-content-under tmb-media-first\" ><div class=\"t-inside style-Hablamos-blue3-bg animate_when_almost_visible top-t-bottom\" data-cursor=\"icon-accent\"><div class=\"t-entry-visual\"><div class=\"t-entry-visual-tc\"><div class=\"t-entry-visual-cont\"><div class=\"dummy\" style=\"padding-top: 100%;\"><\/div><a role=\"button\" tabindex=\"-1\" href=\"https:\/\/www.escuela-hablamos.com\/fr\/una-brasilena-en-madrid\/\" class=\"pushed\" aria-label=\"Una brasile\u00f1a en Madrid\"  target=\"_self\" data-lb-index=\"22\"><div class=\"t-entry-visual-overlay\"><div class=\"t-entry-visual-overlay-in style-dark-bg\" style=\"opacity: 0.01;\"><\/div><\/div><img decoding=\"async\" class=\"wp-image-156976\" src=\"https:\/\/www.escuela-hablamos.com\/wp-content\/uploads\/2025\/11\/Una-brasilena-en-Madrid.jpg\" width=\"900\" height=\"900\" alt=\"Una brasile\u00f1a en Madrid\" srcset=\"https:\/\/www.escuela-hablamos.com\/wp-content\/uploads\/2025\/11\/Una-brasilena-en-Madrid.jpg 900w, https:\/\/www.escuela-hablamos.com\/wp-content\/uploads\/2025\/11\/Una-brasilena-en-Madrid-300x300.jpg 300w, https:\/\/www.escuela-hablamos.com\/wp-content\/uploads\/2025\/11\/Una-brasilena-en-Madrid-150x150.jpg 150w, https:\/\/www.escuela-hablamos.com\/wp-content\/uploads\/2025\/11\/Una-brasilena-en-Madrid-768x768.jpg 768w, https:\/\/www.escuela-hablamos.com\/wp-content\/uploads\/2025\/11\/Una-brasilena-en-Madrid-12x12.jpg 12w, https:\/\/www.escuela-hablamos.com\/wp-content\/uploads\/2025\/11\/Una-brasilena-en-Madrid-350x350.jpg 350w, https:\/\/www.escuela-hablamos.com\/wp-content\/uploads\/2025\/11\/Una-brasilena-en-Madrid-348x348.jpg 348w, https:\/\/www.escuela-hablamos.com\/wp-content\/uploads\/2025\/11\/Una-brasilena-en-Madrid-uai-720x720.jpg 720w\" sizes=\"(max-width: 900px) 100vw, 900px\" \/><\/a><\/div>\n\t\t\t\t\t<\/div>\n\t\t\t\t<\/div><div class=\"t-entry-text\">\n\t\t\t\t\t\t\t\t\t<div class=\"t-entry-text-tc half-block-padding\"><div class=\"t-entry\"><h2 class=\"t-entry-title h3 title-scale\"><a href=\"https:\/\/www.escuela-hablamos.com\/fr\/una-brasilena-en-madrid\/\" target=\"_self\">Una brasile\u00f1a en Madrid<\/a><\/h2><div class=\"t-entry-excerpt\"><p>Marinella, brasile\u00f1a, 62 a\u00f1os (pero parece much\u00edsimo m\u00e1s joven) Lleg\u00f3 a Madrid desde Sao Paulo para\u2026<\/p><\/div><p class=\"t-entry-readmore btn-container\"><a href=\"https:\/\/www.escuela-hablamos.com\/fr\/una-brasilena-en-madrid\/\" class=\"btn btn-default btn-sm\" target=\"_self\">Lire la suite<\/a><\/p><\/div><\/div>\n\t\t\t\t\t\t\t<\/div><\/div><\/div><div class=\"tmb atc-typography-inherit tmb-iso-w4 tmb-iso-h4 tmb-round img-round-xl tmb-light tmb-overlay-text-anim tmb-overlay-showed tmb-overlay-anim tmb-content-center tmb-content-mobile-center tmb-text-space-reduced tmb-image-color-anim tmb-image-anim-magnetic tmb-bordered  grid-cat-5 tmb-id-156874 tmb-content-under tmb-media-first\" ><div class=\"t-inside style-Hablamos-blue3-bg animate_when_almost_visible top-t-bottom\" data-cursor=\"icon-accent\"><div class=\"t-entry-visual\"><div class=\"t-entry-visual-tc\"><div class=\"t-entry-visual-cont\"><div class=\"dummy\" style=\"padding-top: 100%;\"><\/div><a role=\"button\" tabindex=\"-1\" href=\"https:\/\/www.escuela-hablamos.com\/fr\/los-posesivos-en-espanol\/\" class=\"pushed\" aria-label=\"Los posesivos en espa\u00f1o\"  target=\"_self\" data-lb-index=\"23\"><div class=\"t-entry-visual-overlay\"><div class=\"t-entry-visual-overlay-in style-dark-bg\" style=\"opacity: 0.01;\"><\/div><\/div><img decoding=\"async\" class=\"wp-image-156875\" src=\"https:\/\/www.escuela-hablamos.com\/wp-content\/uploads\/2025\/11\/mis-tus-sus.jpg\" width=\"600\" height=\"600\" alt=\"Los posesivos en espa\u00f1o\" srcset=\"https:\/\/www.escuela-hablamos.com\/wp-content\/uploads\/2025\/11\/mis-tus-sus.jpg 600w, https:\/\/www.escuela-hablamos.com\/wp-content\/uploads\/2025\/11\/mis-tus-sus-300x300.jpg 300w, https:\/\/www.escuela-hablamos.com\/wp-content\/uploads\/2025\/11\/mis-tus-sus-150x150.jpg 150w, https:\/\/www.escuela-hablamos.com\/wp-content\/uploads\/2025\/11\/mis-tus-sus-12x12.jpg 12w, https:\/\/www.escuela-hablamos.com\/wp-content\/uploads\/2025\/11\/mis-tus-sus-350x350.jpg 350w, https:\/\/www.escuela-hablamos.com\/wp-content\/uploads\/2025\/11\/mis-tus-sus-348x348.jpg 348w\" sizes=\"(max-width: 600px) 100vw, 600px\" \/><\/a><\/div>\n\t\t\t\t\t<\/div>\n\t\t\t\t<\/div><div class=\"t-entry-text\">\n\t\t\t\t\t\t\t\t\t<div class=\"t-entry-text-tc half-block-padding\"><div class=\"t-entry\"><h2 class=\"t-entry-title h3 title-scale\"><a href=\"https:\/\/www.escuela-hablamos.com\/fr\/los-posesivos-en-espanol\/\" target=\"_self\">Los posesivos en espa\u00f1ol<\/a><\/h2><div class=\"t-entry-excerpt\"><p>\u00bfEres principiante en espa\u00f1ol? Una de las cosas que solemos ense\u00f1ar en las primeras unidades son\u2026<\/p><\/div><p class=\"t-entry-readmore btn-container\"><a href=\"https:\/\/www.escuela-hablamos.com\/fr\/los-posesivos-en-espanol\/\" class=\"btn btn-default btn-sm\" target=\"_self\">Lire la suite<\/a><\/p><\/div><\/div>\n\t\t\t\t\t\t\t<\/div><\/div><\/div><div class=\"tmb atc-typography-inherit tmb-iso-w4 tmb-iso-h4 tmb-round img-round-xl tmb-light tmb-overlay-text-anim tmb-overlay-showed tmb-overlay-anim tmb-content-center tmb-content-mobile-center tmb-text-space-reduced tmb-image-color-anim tmb-image-anim-magnetic tmb-bordered  grid-cat-8 tmb-id-156799 tmb-content-under tmb-media-first\" ><div class=\"t-inside style-Hablamos-blue3-bg animate_when_almost_visible top-t-bottom\" data-cursor=\"icon-accent\"><div class=\"t-entry-visual\"><div class=\"t-entry-visual-tc\"><div class=\"t-entry-visual-cont\"><div class=\"dummy\" style=\"padding-top: 100%;\"><\/div><a role=\"button\" tabindex=\"-1\" href=\"https:\/\/www.escuela-hablamos.com\/fr\/examen-ccse-2026-todo-lo-que-necesitas-saber-para-obtener-la-nacionalidad-espanola\/\" class=\"pushed\" aria-label=\"Examen CCSE 2026: todo lo que necesitas saber para obtener la nacionalidad espa\u00f1ola\"  target=\"_self\" data-lb-index=\"24\"><div class=\"t-entry-visual-overlay\"><div class=\"t-entry-visual-overlay-in style-dark-bg\" style=\"opacity: 0.01;\"><\/div><\/div><img decoding=\"async\" class=\"wp-image-156800\" src=\"https:\/\/www.escuela-hablamos.com\/wp-content\/uploads\/2025\/11\/ccse-nacionalidad-espana.jpg\" width=\"1053\" height=\"1053\" alt=\"Examen CCSE 2026: todo lo que necesitas saber para obtener la nacionalidad espa\u00f1ola\" srcset=\"https:\/\/www.escuela-hablamos.com\/wp-content\/uploads\/2025\/11\/ccse-nacionalidad-espana.jpg 1053w, https:\/\/www.escuela-hablamos.com\/wp-content\/uploads\/2025\/11\/ccse-nacionalidad-espana-300x300.jpg 300w, https:\/\/www.escuela-hablamos.com\/wp-content\/uploads\/2025\/11\/ccse-nacionalidad-espana-1024x1024.jpg 1024w, https:\/\/www.escuela-hablamos.com\/wp-content\/uploads\/2025\/11\/ccse-nacionalidad-espana-150x150.jpg 150w, https:\/\/www.escuela-hablamos.com\/wp-content\/uploads\/2025\/11\/ccse-nacionalidad-espana-768x768.jpg 768w, https:\/\/www.escuela-hablamos.com\/wp-content\/uploads\/2025\/11\/ccse-nacionalidad-espana-12x12.jpg 12w, https:\/\/www.escuela-hablamos.com\/wp-content\/uploads\/2025\/11\/ccse-nacionalidad-espana-350x350.jpg 350w, https:\/\/www.escuela-hablamos.com\/wp-content\/uploads\/2025\/11\/ccse-nacionalidad-espana-348x348.jpg 348w, https:\/\/www.escuela-hablamos.com\/wp-content\/uploads\/2025\/11\/ccse-nacionalidad-espana-uai-720x720.jpg 720w, https:\/\/www.escuela-hablamos.com\/wp-content\/uploads\/2025\/11\/ccse-nacionalidad-espana-uai-1032x1032.jpg 1032w\" sizes=\"(max-width: 1053px) 100vw, 1053px\" \/><\/a><\/div>\n\t\t\t\t\t<\/div>\n\t\t\t\t<\/div><div class=\"t-entry-text\">\n\t\t\t\t\t\t\t\t\t<div class=\"t-entry-text-tc half-block-padding\"><div class=\"t-entry\"><h2 class=\"t-entry-title h3 title-scale\"><a href=\"https:\/\/www.escuela-hablamos.com\/fr\/examen-ccse-2026-todo-lo-que-necesitas-saber-para-obtener-la-nacionalidad-espanola\/\" target=\"_self\">Examen CCSE 2026: todo lo que necesitas saber para obtener la nacionalidad espa\u00f1ola<\/a><\/h2><div class=\"t-entry-excerpt\"><p>Si est\u00e1s tramitando la nacionalidad espa\u00f1ola por residencia, uno de los pasos imprescindibles es\u2026<\/p><\/div><p class=\"t-entry-readmore btn-container\"><a href=\"https:\/\/www.escuela-hablamos.com\/fr\/examen-ccse-2026-todo-lo-que-necesitas-saber-para-obtener-la-nacionalidad-espanola\/\" class=\"btn btn-default btn-sm\" target=\"_self\">Lire la suite<\/a><\/p><\/div><\/div>\n\t\t\t\t\t\t\t<\/div><\/div><\/div><div class=\"tmb atc-typography-inherit tmb-iso-w4 tmb-iso-h4 tmb-round img-round-xl tmb-light tmb-overlay-text-anim tmb-overlay-showed tmb-overlay-anim tmb-content-center tmb-content-mobile-center tmb-text-space-reduced tmb-image-color-anim tmb-image-anim-magnetic tmb-bordered  grid-cat-8 tmb-id-156740 tmb-content-under tmb-media-first\" ><div class=\"t-inside style-Hablamos-blue3-bg animate_when_almost_visible top-t-bottom\" data-cursor=\"icon-accent\"><div class=\"t-entry-visual\"><div class=\"t-entry-visual-tc\"><div class=\"t-entry-visual-cont\"><div class=\"dummy\" style=\"padding-top: 99.9%;\"><\/div><a role=\"button\" tabindex=\"-1\" href=\"https:\/\/www.escuela-hablamos.com\/fr\/de-ultramar-a-la-esquina-del-barrio\/\" class=\"pushed\" aria-label=\"De ultramar a la esquina del barrio\"  target=\"_self\" data-lb-index=\"25\"><div class=\"t-entry-visual-overlay\"><div class=\"t-entry-visual-overlay-in style-dark-bg\" style=\"opacity: 0.01;\"><\/div><\/div><img decoding=\"async\" class=\"wp-image-156741\" src=\"https:\/\/www.escuela-hablamos.com\/wp-content\/uploads\/2025\/11\/De-ultramar-a-la-esquina-del-barrio.jpg\" width=\"800\" height=\"799\" alt=\"De ultramar a la esquina del barrio\" srcset=\"https:\/\/www.escuela-hablamos.com\/wp-content\/uploads\/2025\/11\/De-ultramar-a-la-esquina-del-barrio.jpg 800w, https:\/\/www.escuela-hablamos.com\/wp-content\/uploads\/2025\/11\/De-ultramar-a-la-esquina-del-barrio-300x300.jpg 300w, https:\/\/www.escuela-hablamos.com\/wp-content\/uploads\/2025\/11\/De-ultramar-a-la-esquina-del-barrio-150x150.jpg 150w, https:\/\/www.escuela-hablamos.com\/wp-content\/uploads\/2025\/11\/De-ultramar-a-la-esquina-del-barrio-768x767.jpg 768w, https:\/\/www.escuela-hablamos.com\/wp-content\/uploads\/2025\/11\/De-ultramar-a-la-esquina-del-barrio-12x12.jpg 12w, https:\/\/www.escuela-hablamos.com\/wp-content\/uploads\/2025\/11\/De-ultramar-a-la-esquina-del-barrio-350x350.jpg 350w, https:\/\/www.escuela-hablamos.com\/wp-content\/uploads\/2025\/11\/De-ultramar-a-la-esquina-del-barrio-348x348.jpg 348w, https:\/\/www.escuela-hablamos.com\/wp-content\/uploads\/2025\/11\/De-ultramar-a-la-esquina-del-barrio-uai-720x719.jpg 720w\" sizes=\"(max-width: 800px) 100vw, 800px\" \/><\/a><\/div>\n\t\t\t\t\t<\/div>\n\t\t\t\t<\/div><div class=\"t-entry-text\">\n\t\t\t\t\t\t\t\t\t<div class=\"t-entry-text-tc half-block-padding\"><div class=\"t-entry\"><h2 class=\"t-entry-title h3 title-scale\"><a href=\"https:\/\/www.escuela-hablamos.com\/fr\/de-ultramar-a-la-esquina-del-barrio\/\" target=\"_self\">De <i>ultramar<\/i> a la esquina del barrio<\/a><\/h2><div class=\"t-entry-excerpt\"><p> \u201cEn la esquina de la plaza hay un ultramarinos. La due\u00f1a, do\u00f1a Carmen, atiende detr\u00e1s del\u2026<\/p><\/div><p class=\"t-entry-readmore btn-container\"><a href=\"https:\/\/www.escuela-hablamos.com\/fr\/de-ultramar-a-la-esquina-del-barrio\/\" class=\"btn btn-default btn-sm\" target=\"_self\">Lire la suite<\/a><\/p><\/div><\/div>\n\t\t\t\t\t\t\t<\/div><\/div><\/div><div class=\"tmb atc-typography-inherit tmb-iso-w4 tmb-iso-h4 tmb-round img-round-xl tmb-light tmb-overlay-text-anim tmb-overlay-showed tmb-overlay-anim tmb-content-center tmb-content-mobile-center tmb-text-space-reduced tmb-image-color-anim tmb-image-anim-magnetic tmb-bordered  grid-cat-9 grid-cat-5 tmb-id-156670 tmb-content-under tmb-media-first\" ><div class=\"t-inside style-Hablamos-blue3-bg animate_when_almost_visible top-t-bottom\" data-cursor=\"icon-accent\"><div class=\"t-entry-visual\"><div class=\"t-entry-visual-tc\"><div class=\"t-entry-visual-cont\"><div class=\"dummy\" style=\"padding-top: 100%;\"><\/div><a role=\"button\" tabindex=\"-1\" href=\"https:\/\/www.escuela-hablamos.com\/fr\/dia-de-todos-los-santos-que-ver-que-leer-y-que-escuchar-para-conocer-esta-tradicion-espanola\/\" class=\"pushed\" aria-label=\"D\u00eda de Todos los Santos: qu\u00e9 ver, qu\u00e9 leer y qu\u00e9 escuchar para conocer esta tradici\u00f3n espa\u00f1ola\"  target=\"_self\" data-lb-index=\"26\"><div class=\"t-entry-visual-overlay\"><div class=\"t-entry-visual-overlay-in style-dark-bg\" style=\"opacity: 0.01;\"><\/div><\/div><img decoding=\"async\" class=\"wp-image-156671\" src=\"https:\/\/www.escuela-hablamos.com\/wp-content\/uploads\/2025\/10\/Dia-de-Todos-los-Santos-en-espana.jpg\" width=\"675\" height=\"675\" alt=\"D\u00eda de Todos los Santos: qu\u00e9 ver, qu\u00e9 leer y qu\u00e9 escuchar para conocer esta tradici\u00f3n espa\u00f1ola\" srcset=\"https:\/\/www.escuela-hablamos.com\/wp-content\/uploads\/2025\/10\/Dia-de-Todos-los-Santos-en-espana.jpg 675w, https:\/\/www.escuela-hablamos.com\/wp-content\/uploads\/2025\/10\/Dia-de-Todos-los-Santos-en-espana-300x300.jpg 300w, https:\/\/www.escuela-hablamos.com\/wp-content\/uploads\/2025\/10\/Dia-de-Todos-los-Santos-en-espana-150x150.jpg 150w, https:\/\/www.escuela-hablamos.com\/wp-content\/uploads\/2025\/10\/Dia-de-Todos-los-Santos-en-espana-12x12.jpg 12w, https:\/\/www.escuela-hablamos.com\/wp-content\/uploads\/2025\/10\/Dia-de-Todos-los-Santos-en-espana-350x350.jpg 350w, https:\/\/www.escuela-hablamos.com\/wp-content\/uploads\/2025\/10\/Dia-de-Todos-los-Santos-en-espana-348x348.jpg 348w\" sizes=\"(max-width: 675px) 100vw, 675px\" \/><\/a><\/div>\n\t\t\t\t\t<\/div>\n\t\t\t\t<\/div><div class=\"t-entry-text\">\n\t\t\t\t\t\t\t\t\t<div class=\"t-entry-text-tc half-block-padding\"><div class=\"t-entry\"><h2 class=\"t-entry-title h3 title-scale\"><a href=\"https:\/\/www.escuela-hablamos.com\/fr\/dia-de-todos-los-santos-que-ver-que-leer-y-que-escuchar-para-conocer-esta-tradicion-espanola\/\" target=\"_self\">D\u00eda de Todos los Santos: qu\u00e9 ver, qu\u00e9 leer y qu\u00e9 escuchar para conocer esta tradici\u00f3n espa\u00f1ola<\/a><\/h2><div class=\"t-entry-excerpt\"><p>El 1 de noviembre es una fecha muy especial en Espa\u00f1a: el D\u00eda de Todos los Santos. Aunque muchos lo\u2026<\/p><\/div><p class=\"t-entry-readmore btn-container\"><a href=\"https:\/\/www.escuela-hablamos.com\/fr\/dia-de-todos-los-santos-que-ver-que-leer-y-que-escuchar-para-conocer-esta-tradicion-espanola\/\" class=\"btn btn-default btn-sm\" target=\"_self\">Lire la suite<\/a><\/p><\/div><\/div>\n\t\t\t\t\t\t\t<\/div><\/div><\/div><div class=\"tmb atc-typography-inherit tmb-iso-w4 tmb-iso-h4 tmb-round img-round-xl tmb-light tmb-overlay-text-anim tmb-overlay-showed tmb-overlay-anim tmb-content-center tmb-content-mobile-center tmb-text-space-reduced tmb-image-color-anim tmb-image-anim-magnetic tmb-bordered  grid-cat-9 grid-cat-5 tmb-id-156610 tmb-content-under tmb-media-first\" ><div class=\"t-inside style-Hablamos-blue3-bg animate_when_almost_visible top-t-bottom\" data-cursor=\"icon-accent\"><div class=\"t-entry-visual\"><div class=\"t-entry-visual-tc\"><div class=\"t-entry-visual-cont\"><div class=\"dummy\" style=\"padding-top: 100%;\"><\/div><a role=\"button\" tabindex=\"-1\" href=\"https:\/\/www.escuela-hablamos.com\/fr\/sin-pelos-en-la-lengua\/\" class=\"pushed\" aria-label=\"Sin pelos en la lengua...\"  target=\"_self\" data-lb-index=\"27\"><div class=\"t-entry-visual-overlay\"><div class=\"t-entry-visual-overlay-in style-dark-bg\" style=\"opacity: 0.01;\"><\/div><\/div><img decoding=\"async\" class=\"wp-image-156611\" src=\"https:\/\/www.escuela-hablamos.com\/wp-content\/uploads\/2025\/10\/pelos.jpg\" width=\"900\" height=\"900\" alt=\"Sin pelos en la lengua...\" srcset=\"https:\/\/www.escuela-hablamos.com\/wp-content\/uploads\/2025\/10\/pelos.jpg 900w, https:\/\/www.escuela-hablamos.com\/wp-content\/uploads\/2025\/10\/pelos-300x300.jpg 300w, https:\/\/www.escuela-hablamos.com\/wp-content\/uploads\/2025\/10\/pelos-150x150.jpg 150w, https:\/\/www.escuela-hablamos.com\/wp-content\/uploads\/2025\/10\/pelos-768x768.jpg 768w, https:\/\/www.escuela-hablamos.com\/wp-content\/uploads\/2025\/10\/pelos-12x12.jpg 12w, https:\/\/www.escuela-hablamos.com\/wp-content\/uploads\/2025\/10\/pelos-350x350.jpg 350w, https:\/\/www.escuela-hablamos.com\/wp-content\/uploads\/2025\/10\/pelos-348x348.jpg 348w, https:\/\/www.escuela-hablamos.com\/wp-content\/uploads\/2025\/10\/pelos-uai-720x720.jpg 720w\" sizes=\"(max-width: 900px) 100vw, 900px\" \/><\/a><\/div>\n\t\t\t\t\t<\/div>\n\t\t\t\t<\/div><div class=\"t-entry-text\">\n\t\t\t\t\t\t\t\t\t<div class=\"t-entry-text-tc half-block-padding\"><div class=\"t-entry\"><h2 class=\"t-entry-title h3 title-scale\"><a href=\"https:\/\/www.escuela-hablamos.com\/fr\/sin-pelos-en-la-lengua\/\" target=\"_self\">Sin pelos en la lengua\u2026<\/a><\/h2><div class=\"t-entry-excerpt\"><p>A veces cuando estamos aprendiendo un idioma, nos centramos en recordar y comprender solo las\u2026<\/p><\/div><p class=\"t-entry-readmore btn-container\"><a href=\"https:\/\/www.escuela-hablamos.com\/fr\/sin-pelos-en-la-lengua\/\" class=\"btn btn-default btn-sm\" target=\"_self\">Lire la suite<\/a><\/p><\/div><\/div>\n\t\t\t\t\t\t\t<\/div><\/div><\/div><div class=\"tmb atc-typography-inherit tmb-iso-w4 tmb-iso-h4 tmb-round img-round-xl tmb-light tmb-overlay-text-anim tmb-overlay-showed tmb-overlay-anim tmb-content-center tmb-content-mobile-center tmb-text-space-reduced tmb-image-color-anim tmb-image-anim-magnetic tmb-bordered  grid-cat-8 tmb-id-156542 tmb-content-under tmb-media-first\" ><div class=\"t-inside style-Hablamos-blue3-bg animate_when_almost_visible top-t-bottom\" data-cursor=\"icon-accent\"><div class=\"t-entry-visual\"><div class=\"t-entry-visual-tc\"><div class=\"t-entry-visual-cont\"><div class=\"dummy\" style=\"padding-top: 100%;\"><\/div><a role=\"button\" tabindex=\"-1\" href=\"https:\/\/www.escuela-hablamos.com\/fr\/hablamos-participates-in-the-4th-spanish-language-week-in-logrono\/\" class=\"pushed\" aria-label=\"4th Spanish Language Week\"  target=\"_self\" data-lb-index=\"28\"><div class=\"t-entry-visual-overlay\"><div class=\"t-entry-visual-overlay-in style-dark-bg\" style=\"opacity: 0.01;\"><\/div><\/div><img decoding=\"async\" class=\"wp-image-156543\" src=\"https:\/\/www.escuela-hablamos.com\/wp-content\/uploads\/2025\/10\/4th-Spanish-Language-Week.jpg\" width=\"481\" height=\"481\" alt=\"4th Spanish Language Week\" srcset=\"https:\/\/www.escuela-hablamos.com\/wp-content\/uploads\/2025\/10\/4th-Spanish-Language-Week.jpg 481w, https:\/\/www.escuela-hablamos.com\/wp-content\/uploads\/2025\/10\/4th-Spanish-Language-Week-300x300.jpg 300w, https:\/\/www.escuela-hablamos.com\/wp-content\/uploads\/2025\/10\/4th-Spanish-Language-Week-150x150.jpg 150w, https:\/\/www.escuela-hablamos.com\/wp-content\/uploads\/2025\/10\/4th-Spanish-Language-Week-12x12.jpg 12w, https:\/\/www.escuela-hablamos.com\/wp-content\/uploads\/2025\/10\/4th-Spanish-Language-Week-350x350.jpg 350w, https:\/\/www.escuela-hablamos.com\/wp-content\/uploads\/2025\/10\/4th-Spanish-Language-Week-348x348.jpg 348w\" sizes=\"(max-width: 481px) 100vw, 481px\" \/><\/a><\/div>\n\t\t\t\t\t<\/div>\n\t\t\t\t<\/div><div class=\"t-entry-text\">\n\t\t\t\t\t\t\t\t\t<div class=\"t-entry-text-tc half-block-padding\"><div class=\"t-entry\"><h2 class=\"t-entry-title h3 title-scale\"><a href=\"https:\/\/www.escuela-hablamos.com\/fr\/hablamos-participates-in-the-4th-spanish-language-week-in-logrono\/\" target=\"_self\">Hablamos participates in the 4th Spanish Language Week in Logro\u00f1o<\/a><\/h2><div class=\"t-entry-excerpt\"><p>This October, Hablamos had the opportunity to participate for the second consecutive year in the\u2026<\/p><\/div><p class=\"t-entry-readmore btn-container\"><a href=\"https:\/\/www.escuela-hablamos.com\/fr\/hablamos-participates-in-the-4th-spanish-language-week-in-logrono\/\" class=\"btn btn-default btn-sm\" target=\"_self\">Lire la suite<\/a><\/p><\/div><\/div>\n\t\t\t\t\t\t\t<\/div><\/div><\/div><div class=\"tmb atc-typography-inherit tmb-iso-w4 tmb-iso-h4 tmb-round img-round-xl tmb-light tmb-overlay-text-anim tmb-overlay-showed tmb-overlay-anim tmb-content-center tmb-content-mobile-center tmb-text-space-reduced tmb-image-color-anim tmb-image-anim-magnetic tmb-bordered  grid-cat-9 grid-cat-5 tmb-id-156468 tmb-content-under tmb-media-first\" ><div class=\"t-inside style-Hablamos-blue3-bg animate_when_almost_visible top-t-bottom\" data-cursor=\"icon-accent\"><div class=\"t-entry-visual\"><div class=\"t-entry-visual-tc\"><div class=\"t-entry-visual-cont\"><div class=\"dummy\" style=\"padding-top: 100%;\"><\/div><a role=\"button\" tabindex=\"-1\" href=\"https:\/\/www.escuela-hablamos.com\/fr\/expresiones-con-comida-en-espanol-mucho-mas-que-sabores\/\" class=\"pushed\" aria-label=\"Expresiones con comida en espa\u00f1ol, mucho m\u00e1s que sabores\"  target=\"_self\" data-lb-index=\"29\"><div class=\"t-entry-visual-overlay\"><div class=\"t-entry-visual-overlay-in style-dark-bg\" style=\"opacity: 0.01;\"><\/div><\/div><img decoding=\"async\" class=\"wp-image-156469\" src=\"https:\/\/www.escuela-hablamos.com\/wp-content\/uploads\/2025\/10\/expresiones-con-comida-en-espanol.jpg\" width=\"900\" height=\"900\" alt=\"Expresiones con comida en espa\u00f1ol, mucho m\u00e1s que sabores\" srcset=\"https:\/\/www.escuela-hablamos.com\/wp-content\/uploads\/2025\/10\/expresiones-con-comida-en-espanol.jpg 900w, https:\/\/www.escuela-hablamos.com\/wp-content\/uploads\/2025\/10\/expresiones-con-comida-en-espanol-300x300.jpg 300w, https:\/\/www.escuela-hablamos.com\/wp-content\/uploads\/2025\/10\/expresiones-con-comida-en-espanol-150x150.jpg 150w, https:\/\/www.escuela-hablamos.com\/wp-content\/uploads\/2025\/10\/expresiones-con-comida-en-espanol-768x768.jpg 768w, https:\/\/www.escuela-hablamos.com\/wp-content\/uploads\/2025\/10\/expresiones-con-comida-en-espanol-12x12.jpg 12w, https:\/\/www.escuela-hablamos.com\/wp-content\/uploads\/2025\/10\/expresiones-con-comida-en-espanol-350x350.jpg 350w, https:\/\/www.escuela-hablamos.com\/wp-content\/uploads\/2025\/10\/expresiones-con-comida-en-espanol-348x348.jpg 348w, https:\/\/www.escuela-hablamos.com\/wp-content\/uploads\/2025\/10\/expresiones-con-comida-en-espanol-uai-720x720.jpg 720w\" sizes=\"(max-width: 900px) 100vw, 900px\" \/><\/a><\/div>\n\t\t\t\t\t<\/div>\n\t\t\t\t<\/div><div class=\"t-entry-text\">\n\t\t\t\t\t\t\t\t\t<div class=\"t-entry-text-tc half-block-padding\"><div class=\"t-entry\"><h2 class=\"t-entry-title h3 title-scale\"><a href=\"https:\/\/www.escuela-hablamos.com\/fr\/expresiones-con-comida-en-espanol-mucho-mas-que-sabores\/\" target=\"_self\">Expresiones con comida en espa\u00f1ol, mucho m\u00e1s que sabores<\/a><\/h2><div class=\"t-entry-excerpt\"><p>El espa\u00f1ol es una lengua llena de color, met\u00e1foras y expresiones curiosas.\n<\/p><\/div><p class=\"t-entry-readmore btn-container\"><a href=\"https:\/\/www.escuela-hablamos.com\/fr\/expresiones-con-comida-en-espanol-mucho-mas-que-sabores\/\" class=\"btn btn-default btn-sm\" target=\"_self\">Lire la suite<\/a><\/p><\/div><\/div>\n\t\t\t\t\t\t\t<\/div><\/div><\/div><div class=\"tmb atc-typography-inherit tmb-iso-w4 tmb-iso-h4 tmb-round img-round-xl tmb-light tmb-overlay-text-anim tmb-overlay-showed tmb-overlay-anim tmb-content-center tmb-content-mobile-center tmb-text-space-reduced tmb-image-color-anim tmb-image-anim-magnetic tmb-bordered  grid-cat-9 grid-cat-5 tmb-id-156381 tmb-content-under tmb-media-first\" ><div class=\"t-inside style-Hablamos-blue3-bg animate_when_almost_visible top-t-bottom\" data-cursor=\"icon-accent\"><div class=\"t-entry-visual\"><div class=\"t-entry-visual-tc\"><div class=\"t-entry-visual-cont\"><div class=\"dummy\" style=\"padding-top: 100%;\"><\/div><a role=\"button\" tabindex=\"-1\" href=\"https:\/\/www.escuela-hablamos.com\/fr\/10-expresiones-que-te-haran-sonar-como-un-nativo\/\" class=\"pushed\" aria-label=\"10 Expresiones que te har\u00e1n sonar como un nativo\"  target=\"_self\" data-lb-index=\"30\"><div class=\"t-entry-visual-overlay\"><div class=\"t-entry-visual-overlay-in style-dark-bg\" style=\"opacity: 0.01;\"><\/div><\/div><img decoding=\"async\" class=\"wp-image-156382\" src=\"https:\/\/www.escuela-hablamos.com\/wp-content\/uploads\/2025\/10\/expresiones-para-sonar-nativo.jpg\" width=\"900\" height=\"900\" alt=\"10 Expresiones que te har\u00e1n sonar como un nativo\" srcset=\"https:\/\/www.escuela-hablamos.com\/wp-content\/uploads\/2025\/10\/expresiones-para-sonar-nativo.jpg 900w, https:\/\/www.escuela-hablamos.com\/wp-content\/uploads\/2025\/10\/expresiones-para-sonar-nativo-300x300.jpg 300w, https:\/\/www.escuela-hablamos.com\/wp-content\/uploads\/2025\/10\/expresiones-para-sonar-nativo-150x150.jpg 150w, https:\/\/www.escuela-hablamos.com\/wp-content\/uploads\/2025\/10\/expresiones-para-sonar-nativo-768x768.jpg 768w, https:\/\/www.escuela-hablamos.com\/wp-content\/uploads\/2025\/10\/expresiones-para-sonar-nativo-12x12.jpg 12w, https:\/\/www.escuela-hablamos.com\/wp-content\/uploads\/2025\/10\/expresiones-para-sonar-nativo-350x350.jpg 350w, https:\/\/www.escuela-hablamos.com\/wp-content\/uploads\/2025\/10\/expresiones-para-sonar-nativo-348x348.jpg 348w, https:\/\/www.escuela-hablamos.com\/wp-content\/uploads\/2025\/10\/expresiones-para-sonar-nativo-uai-720x720.jpg 720w\" sizes=\"(max-width: 900px) 100vw, 900px\" \/><\/a><\/div>\n\t\t\t\t\t<\/div>\n\t\t\t\t<\/div><div class=\"t-entry-text\">\n\t\t\t\t\t\t\t\t\t<div class=\"t-entry-text-tc half-block-padding\"><div class=\"t-entry\"><h2 class=\"t-entry-title h3 title-scale\"><a href=\"https:\/\/www.escuela-hablamos.com\/fr\/10-expresiones-que-te-haran-sonar-como-un-nativo\/\" target=\"_self\">10 Expresiones que te har\u00e1n sonar como un nativo<\/a><\/h2><div class=\"t-entry-excerpt\"><p>Uno de los momentos m\u00e1s emocionantes al aprender un idioma es cuando sientes que ya no hablas como\u2026<\/p><\/div><p class=\"t-entry-readmore btn-container\"><a href=\"https:\/\/www.escuela-hablamos.com\/fr\/10-expresiones-que-te-haran-sonar-como-un-nativo\/\" class=\"btn btn-default btn-sm\" target=\"_self\">Lire la suite<\/a><\/p><\/div><\/div>\n\t\t\t\t\t\t\t<\/div><\/div><\/div><div class=\"tmb atc-typography-inherit tmb-iso-w4 tmb-iso-h4 tmb-round img-round-xl tmb-light tmb-overlay-text-anim tmb-overlay-showed tmb-overlay-anim tmb-content-center tmb-content-mobile-center tmb-text-space-reduced tmb-image-color-anim tmb-image-anim-magnetic tmb-bordered  grid-cat-9 grid-cat-5 tmb-id-156321 tmb-content-under tmb-media-first\" ><div class=\"t-inside style-Hablamos-blue3-bg animate_when_almost_visible top-t-bottom\" data-cursor=\"icon-accent\"><div class=\"t-entry-visual\"><div class=\"t-entry-visual-tc\"><div class=\"t-entry-visual-cont\"><div class=\"dummy\" style=\"padding-top: 100%;\"><\/div><a role=\"button\" tabindex=\"-1\" href=\"https:\/\/www.escuela-hablamos.com\/fr\/why-prepare-for-the-official-dele-exam-at-hablamos\/\" class=\"pushed\" aria-label=\"Why prepare for the official DELE exam at Hablamos?\"  target=\"_self\" data-lb-index=\"31\"><div class=\"t-entry-visual-overlay\"><div class=\"t-entry-visual-overlay-in style-dark-bg\" style=\"opacity: 0.01;\"><\/div><\/div><img decoding=\"async\" class=\"wp-image-156322\" src=\"https:\/\/www.escuela-hablamos.com\/wp-content\/uploads\/2025\/09\/prepare-dele-at-hablamos.jpg\" width=\"800\" height=\"800\" alt=\"Why prepare for the official DELE exam at Hablamos?\" srcset=\"https:\/\/www.escuela-hablamos.com\/wp-content\/uploads\/2025\/09\/prepare-dele-at-hablamos.jpg 800w, https:\/\/www.escuela-hablamos.com\/wp-content\/uploads\/2025\/09\/prepare-dele-at-hablamos-300x300.jpg 300w, https:\/\/www.escuela-hablamos.com\/wp-content\/uploads\/2025\/09\/prepare-dele-at-hablamos-150x150.jpg 150w, https:\/\/www.escuela-hablamos.com\/wp-content\/uploads\/2025\/09\/prepare-dele-at-hablamos-768x768.jpg 768w, https:\/\/www.escuela-hablamos.com\/wp-content\/uploads\/2025\/09\/prepare-dele-at-hablamos-12x12.jpg 12w, https:\/\/www.escuela-hablamos.com\/wp-content\/uploads\/2025\/09\/prepare-dele-at-hablamos-350x350.jpg 350w, https:\/\/www.escuela-hablamos.com\/wp-content\/uploads\/2025\/09\/prepare-dele-at-hablamos-348x348.jpg 348w, https:\/\/www.escuela-hablamos.com\/wp-content\/uploads\/2025\/09\/prepare-dele-at-hablamos-uai-720x720.jpg 720w\" sizes=\"(max-width: 800px) 100vw, 800px\" \/><\/a><\/div>\n\t\t\t\t\t<\/div>\n\t\t\t\t<\/div><div class=\"t-entry-text\">\n\t\t\t\t\t\t\t\t\t<div class=\"t-entry-text-tc half-block-padding\"><div class=\"t-entry\"><h2 class=\"t-entry-title h3 title-scale\"><a href=\"https:\/\/www.escuela-hablamos.com\/fr\/why-prepare-for-the-official-dele-exam-at-hablamos\/\" target=\"_self\">Why prepare for the official DELE exam at Hablamos?<\/a><\/h2><div class=\"t-entry-excerpt\"><p>The DELE (Diploma in Spanish as a Foreign Language) is much more than just an exam. It is a\u2026<\/p><\/div><p class=\"t-entry-readmore btn-container\"><a href=\"https:\/\/www.escuela-hablamos.com\/fr\/why-prepare-for-the-official-dele-exam-at-hablamos\/\" class=\"btn btn-default btn-sm\" target=\"_self\">Lire la suite<\/a><\/p><\/div><\/div>\n\t\t\t\t\t\t\t<\/div><\/div><\/div><div class=\"tmb atc-typography-inherit tmb-iso-w4 tmb-iso-h4 tmb-round img-round-xl tmb-light tmb-overlay-text-anim tmb-overlay-showed tmb-overlay-anim tmb-content-center tmb-content-mobile-center tmb-text-space-reduced tmb-image-color-anim tmb-image-anim-magnetic tmb-bordered  grid-cat-5 tmb-id-156079 tmb-content-under tmb-media-first\" ><div class=\"t-inside style-Hablamos-blue3-bg animate_when_almost_visible top-t-bottom\" data-cursor=\"icon-accent\"><div class=\"t-entry-visual\"><div class=\"t-entry-visual-tc\"><div class=\"t-entry-visual-cont\"><div class=\"dummy\" style=\"padding-top: 100%;\"><\/div><a role=\"button\" tabindex=\"-1\" href=\"https:\/\/www.escuela-hablamos.com\/fr\/expresiones-con-posesivos-en-espanol-lo-mio-lo-tuyo-lo-suyo\/\" class=\"pushed\" aria-label=\"Expresiones con posesivos en espa\u00f1ol: Lo m\u00edo, lo tuyo, lo suyo...\"  target=\"_self\" data-lb-index=\"32\"><div class=\"t-entry-visual-overlay\"><div class=\"t-entry-visual-overlay-in style-dark-bg\" style=\"opacity: 0.01;\"><\/div><\/div><img decoding=\"async\" class=\"wp-image-156080\" src=\"https:\/\/www.escuela-hablamos.com\/wp-content\/uploads\/2025\/09\/mio-tuyo.jpg\" width=\"900\" height=\"900\" alt=\"Expresiones con posesivos en espa\u00f1ol: Lo m\u00edo, lo tuyo, lo suyo...\" srcset=\"https:\/\/www.escuela-hablamos.com\/wp-content\/uploads\/2025\/09\/mio-tuyo.jpg 900w, https:\/\/www.escuela-hablamos.com\/wp-content\/uploads\/2025\/09\/mio-tuyo-300x300.jpg 300w, https:\/\/www.escuela-hablamos.com\/wp-content\/uploads\/2025\/09\/mio-tuyo-150x150.jpg 150w, https:\/\/www.escuela-hablamos.com\/wp-content\/uploads\/2025\/09\/mio-tuyo-768x768.jpg 768w, https:\/\/www.escuela-hablamos.com\/wp-content\/uploads\/2025\/09\/mio-tuyo-12x12.jpg 12w, https:\/\/www.escuela-hablamos.com\/wp-content\/uploads\/2025\/09\/mio-tuyo-350x350.jpg 350w, https:\/\/www.escuela-hablamos.com\/wp-content\/uploads\/2025\/09\/mio-tuyo-348x348.jpg 348w, https:\/\/www.escuela-hablamos.com\/wp-content\/uploads\/2025\/09\/mio-tuyo-uai-720x720.jpg 720w\" sizes=\"(max-width: 900px) 100vw, 900px\" \/><\/a><\/div>\n\t\t\t\t\t<\/div>\n\t\t\t\t<\/div><div class=\"t-entry-text\">\n\t\t\t\t\t\t\t\t\t<div class=\"t-entry-text-tc half-block-padding\"><div class=\"t-entry\"><h2 class=\"t-entry-title h3 title-scale\"><a href=\"https:\/\/www.escuela-hablamos.com\/fr\/expresiones-con-posesivos-en-espanol-lo-mio-lo-tuyo-lo-suyo\/\" target=\"_self\">Expresiones con posesivos en espa\u00f1ol: Lo m\u00edo, lo tuyo, lo suyo&#8230;<\/a><\/h2><div class=\"t-entry-excerpt\"><p>Cuando alcanzamos los niveles m\u00e1s avanzados de espa\u00f1ol \u2014por ejemplo, un C1\u2014 descubrimos que la\u2026<\/p><\/div><p class=\"t-entry-readmore btn-container\"><a href=\"https:\/\/www.escuela-hablamos.com\/fr\/expresiones-con-posesivos-en-espanol-lo-mio-lo-tuyo-lo-suyo\/\" class=\"btn btn-default btn-sm\" target=\"_self\">Lire la suite<\/a><\/p><\/div><\/div>\n\t\t\t\t\t\t\t<\/div><\/div><\/div><div class=\"tmb atc-typography-inherit tmb-iso-w4 tmb-iso-h4 tmb-round img-round-xl tmb-light tmb-overlay-text-anim tmb-overlay-showed tmb-overlay-anim tmb-content-center tmb-content-mobile-center tmb-text-space-reduced tmb-image-color-anim tmb-image-anim-magnetic tmb-bordered  grid-cat-5 tmb-id-156015 tmb-content-under tmb-media-first\" ><div class=\"t-inside style-Hablamos-blue3-bg animate_when_almost_visible top-t-bottom\" data-cursor=\"icon-accent\"><div class=\"t-entry-visual\"><div class=\"t-entry-visual-tc\"><div class=\"t-entry-visual-cont\"><div class=\"dummy\" style=\"padding-top: 100%;\"><\/div><a role=\"button\" tabindex=\"-1\" href=\"https:\/\/www.escuela-hablamos.com\/fr\/gazpacho-en-hablamos\/\" class=\"pushed\" aria-label=\"\u00a1Gazpacho en Hablamos!\"  target=\"_self\" data-lb-index=\"33\"><div class=\"t-entry-visual-overlay\"><div class=\"t-entry-visual-overlay-in style-dark-bg\" style=\"opacity: 0.01;\"><\/div><\/div><img decoding=\"async\" class=\"wp-image-156022\" src=\"https:\/\/www.escuela-hablamos.com\/wp-content\/uploads\/2025\/09\/gazA.jpg\" width=\"720\" height=\"720\" alt=\"\u00a1Gazpacho en Hablamos!\" srcset=\"https:\/\/www.escuela-hablamos.com\/wp-content\/uploads\/2025\/09\/gazA.jpg 720w, https:\/\/www.escuela-hablamos.com\/wp-content\/uploads\/2025\/09\/gazA-300x300.jpg 300w, https:\/\/www.escuela-hablamos.com\/wp-content\/uploads\/2025\/09\/gazA-150x150.jpg 150w, https:\/\/www.escuela-hablamos.com\/wp-content\/uploads\/2025\/09\/gazA-12x12.jpg 12w, https:\/\/www.escuela-hablamos.com\/wp-content\/uploads\/2025\/09\/gazA-350x350.jpg 350w, https:\/\/www.escuela-hablamos.com\/wp-content\/uploads\/2025\/09\/gazA-348x348.jpg 348w\" sizes=\"(max-width: 720px) 100vw, 720px\" \/><\/a><\/div>\n\t\t\t\t\t<\/div>\n\t\t\t\t<\/div><div class=\"t-entry-text\">\n\t\t\t\t\t\t\t\t\t<div class=\"t-entry-text-tc half-block-padding\"><div class=\"t-entry\"><h2 class=\"t-entry-title h3 title-scale\"><a href=\"https:\/\/www.escuela-hablamos.com\/fr\/gazpacho-en-hablamos\/\" target=\"_self\">\u00a1Gazpacho en Hablamos!<\/a><\/h2><div class=\"t-entry-excerpt\"><p>Durante los meses de verano muchos estudiantes continuaron con sus clases en los grupos intensivos.\n<\/p><\/div><p class=\"t-entry-readmore btn-container\"><a href=\"https:\/\/www.escuela-hablamos.com\/fr\/gazpacho-en-hablamos\/\" class=\"btn btn-default btn-sm\" target=\"_self\">Lire la suite<\/a><\/p><\/div><\/div>\n\t\t\t\t\t\t\t<\/div><\/div><\/div><div class=\"tmb atc-typography-inherit tmb-iso-w4 tmb-iso-h4 tmb-round img-round-xl tmb-light tmb-overlay-text-anim tmb-overlay-showed tmb-overlay-anim tmb-content-center tmb-content-mobile-center tmb-text-space-reduced tmb-image-color-anim tmb-image-anim-magnetic tmb-bordered  grid-cat-5 tmb-id-155947 tmb-content-under tmb-media-first\" ><div class=\"t-inside style-Hablamos-blue3-bg animate_when_almost_visible top-t-bottom\" data-cursor=\"icon-accent\"><div class=\"t-entry-visual\"><div class=\"t-entry-visual-tc\"><div class=\"t-entry-visual-cont\"><div class=\"dummy\" style=\"padding-top: 100%;\"><\/div><a role=\"button\" tabindex=\"-1\" href=\"https:\/\/www.escuela-hablamos.com\/fr\/volver-a-empezar\/\" class=\"pushed\" aria-label=\"Volver a empezar\u2026\"  target=\"_self\" data-lb-index=\"34\"><div class=\"t-entry-visual-overlay\"><div class=\"t-entry-visual-overlay-in style-dark-bg\" style=\"opacity: 0.01;\"><\/div><\/div><img decoding=\"async\" class=\"wp-image-155949\" src=\"https:\/\/www.escuela-hablamos.com\/wp-content\/uploads\/2025\/09\/clase1.jpg\" width=\"800\" height=\"800\" alt=\"Volver a empezar\u2026\" srcset=\"https:\/\/www.escuela-hablamos.com\/wp-content\/uploads\/2025\/09\/clase1.jpg 800w, https:\/\/www.escuela-hablamos.com\/wp-content\/uploads\/2025\/09\/clase1-300x300.jpg 300w, https:\/\/www.escuela-hablamos.com\/wp-content\/uploads\/2025\/09\/clase1-150x150.jpg 150w, https:\/\/www.escuela-hablamos.com\/wp-content\/uploads\/2025\/09\/clase1-768x768.jpg 768w, https:\/\/www.escuela-hablamos.com\/wp-content\/uploads\/2025\/09\/clase1-12x12.jpg 12w, https:\/\/www.escuela-hablamos.com\/wp-content\/uploads\/2025\/09\/clase1-350x350.jpg 350w, https:\/\/www.escuela-hablamos.com\/wp-content\/uploads\/2025\/09\/clase1-348x348.jpg 348w, https:\/\/www.escuela-hablamos.com\/wp-content\/uploads\/2025\/09\/clase1-uai-720x720.jpg 720w\" sizes=\"(max-width: 800px) 100vw, 800px\" \/><\/a><\/div>\n\t\t\t\t\t<\/div>\n\t\t\t\t<\/div><div class=\"t-entry-text\">\n\t\t\t\t\t\t\t\t\t<div class=\"t-entry-text-tc half-block-padding\"><div class=\"t-entry\"><h2 class=\"t-entry-title h3 title-scale\"><a href=\"https:\/\/www.escuela-hablamos.com\/fr\/volver-a-empezar\/\" target=\"_self\">Volver a empezar\u2026<\/a><\/h2><div class=\"t-entry-excerpt\"><p>En septiembre vuelven muchas cosas que han parado durante el verano: volver a madrugar, volver a la\u2026<\/p><\/div><p class=\"t-entry-readmore btn-container\"><a href=\"https:\/\/www.escuela-hablamos.com\/fr\/volver-a-empezar\/\" class=\"btn btn-default btn-sm\" target=\"_self\">Lire la suite<\/a><\/p><\/div><\/div>\n\t\t\t\t\t\t\t<\/div><\/div><\/div><div class=\"tmb atc-typography-inherit tmb-iso-w4 tmb-iso-h4 tmb-round img-round-xl tmb-light tmb-overlay-text-anim tmb-overlay-showed tmb-overlay-anim tmb-content-center tmb-content-mobile-center tmb-text-space-reduced tmb-image-color-anim tmb-image-anim-magnetic tmb-bordered  grid-cat-9 tmb-id-155640 tmb-content-under tmb-media-first\" ><div class=\"t-inside style-Hablamos-blue3-bg animate_when_almost_visible top-t-bottom\" data-cursor=\"icon-accent\"><div class=\"t-entry-visual\"><div class=\"t-entry-visual-tc\"><div class=\"t-entry-visual-cont\"><div class=\"dummy\" style=\"padding-top: 100%;\"><\/div><a role=\"button\" tabindex=\"-1\" href=\"https:\/\/www.escuela-hablamos.com\/fr\/falsos-amigos-italiano-espanol\/\" class=\"pushed\" aria-label=\"Falsos amigos. Italiano-Espa\u00f1ol\"  target=\"_self\" data-lb-index=\"35\"><div class=\"t-entry-visual-overlay\"><div class=\"t-entry-visual-overlay-in style-dark-bg\" style=\"opacity: 0.01;\"><\/div><\/div><img decoding=\"async\" class=\"wp-image-155637\" src=\"https:\/\/www.escuela-hablamos.com\/wp-content\/uploads\/2025\/08\/italy.jpg\" width=\"900\" height=\"900\" alt=\"Falsos amigos. Italiano-Espa\u00f1ol\" srcset=\"https:\/\/www.escuela-hablamos.com\/wp-content\/uploads\/2025\/08\/italy.jpg 900w, https:\/\/www.escuela-hablamos.com\/wp-content\/uploads\/2025\/08\/italy-300x300.jpg 300w, https:\/\/www.escuela-hablamos.com\/wp-content\/uploads\/2025\/08\/italy-150x150.jpg 150w, https:\/\/www.escuela-hablamos.com\/wp-content\/uploads\/2025\/08\/italy-768x768.jpg 768w, https:\/\/www.escuela-hablamos.com\/wp-content\/uploads\/2025\/08\/italy-12x12.jpg 12w, https:\/\/www.escuela-hablamos.com\/wp-content\/uploads\/2025\/08\/italy-350x350.jpg 350w, https:\/\/www.escuela-hablamos.com\/wp-content\/uploads\/2025\/08\/italy-348x348.jpg 348w, https:\/\/www.escuela-hablamos.com\/wp-content\/uploads\/2025\/08\/italy-uai-720x720.jpg 720w\" sizes=\"(max-width: 900px) 100vw, 900px\" \/><\/a><\/div>\n\t\t\t\t\t<\/div>\n\t\t\t\t<\/div><div class=\"t-entry-text\">\n\t\t\t\t\t\t\t\t\t<div class=\"t-entry-text-tc half-block-padding\"><div class=\"t-entry\"><h2 class=\"t-entry-title h3 title-scale\"><a href=\"https:\/\/www.escuela-hablamos.com\/fr\/falsos-amigos-italiano-espanol\/\" target=\"_self\">Falsos amigos. Italiano-Espa\u00f1ol<\/a><\/h2><div class=\"t-entry-excerpt\"><p>\u00bfTe ha pasado alguna vez que, hablando espa\u00f1ol con total seguridad, un nativo ha puesto cara rara o\u2026<\/p><\/div><p class=\"t-entry-readmore btn-container\"><a href=\"https:\/\/www.escuela-hablamos.com\/fr\/falsos-amigos-italiano-espanol\/\" class=\"btn btn-default btn-sm\" target=\"_self\">Lire la suite<\/a><\/p><\/div><\/div>\n\t\t\t\t\t\t\t<\/div><\/div><\/div><div class=\"tmb atc-typography-inherit tmb-iso-w4 tmb-iso-h4 tmb-round img-round-xl tmb-light tmb-overlay-text-anim tmb-overlay-showed tmb-overlay-anim tmb-content-center tmb-content-mobile-center tmb-text-space-reduced tmb-image-color-anim tmb-image-anim-magnetic tmb-bordered  grid-cat-6 tmb-id-155636 tmb-content-under tmb-media-first\" ><div class=\"t-inside style-Hablamos-blue3-bg animate_when_almost_visible top-t-bottom\" data-cursor=\"icon-accent\"><div class=\"t-entry-visual\"><div class=\"t-entry-visual-tc\"><div class=\"t-entry-visual-cont\"><div class=\"dummy\" style=\"padding-top: 100%;\"><\/div><a role=\"button\" tabindex=\"-1\" href=\"https:\/\/www.escuela-hablamos.com\/fr\/madrid-es-una-ciudad-muy-calurosa\/\" class=\"pushed\" aria-label=\"Madrid es una ciudad muy calurosa\"  target=\"_self\" data-lb-index=\"36\"><div class=\"t-entry-visual-overlay\"><div class=\"t-entry-visual-overlay-in style-dark-bg\" style=\"opacity: 0.01;\"><\/div><\/div><img decoding=\"async\" class=\"wp-image-155638\" src=\"https:\/\/www.escuela-hablamos.com\/wp-content\/uploads\/2025\/08\/summer-madrid.jpg\" width=\"800\" height=\"800\" alt=\"Madrid es una ciudad muy calurosa\" srcset=\"https:\/\/www.escuela-hablamos.com\/wp-content\/uploads\/2025\/08\/summer-madrid.jpg 800w, https:\/\/www.escuela-hablamos.com\/wp-content\/uploads\/2025\/08\/summer-madrid-300x300.jpg 300w, https:\/\/www.escuela-hablamos.com\/wp-content\/uploads\/2025\/08\/summer-madrid-150x150.jpg 150w, https:\/\/www.escuela-hablamos.com\/wp-content\/uploads\/2025\/08\/summer-madrid-768x768.jpg 768w, https:\/\/www.escuela-hablamos.com\/wp-content\/uploads\/2025\/08\/summer-madrid-12x12.jpg 12w, https:\/\/www.escuela-hablamos.com\/wp-content\/uploads\/2025\/08\/summer-madrid-350x350.jpg 350w, https:\/\/www.escuela-hablamos.com\/wp-content\/uploads\/2025\/08\/summer-madrid-348x348.jpg 348w, https:\/\/www.escuela-hablamos.com\/wp-content\/uploads\/2025\/08\/summer-madrid-uai-720x720.jpg 720w\" sizes=\"(max-width: 800px) 100vw, 800px\" \/><\/a><\/div>\n\t\t\t\t\t<\/div>\n\t\t\t\t<\/div><div class=\"t-entry-text\">\n\t\t\t\t\t\t\t\t\t<div class=\"t-entry-text-tc half-block-padding\"><div class=\"t-entry\"><h2 class=\"t-entry-title h3 title-scale\"><a href=\"https:\/\/www.escuela-hablamos.com\/fr\/madrid-es-una-ciudad-muy-calurosa\/\" target=\"_self\">Madrid es una ciudad muy calurosa<\/a><\/h2><div class=\"t-entry-excerpt\"><p>Madrid es una ciudad muy calurosa, tanto que quiz\u00e1s necesites encontrar ciertos lugares donde\u2026<\/p><\/div><p class=\"t-entry-readmore btn-container\"><a href=\"https:\/\/www.escuela-hablamos.com\/fr\/madrid-es-una-ciudad-muy-calurosa\/\" class=\"btn btn-default btn-sm\" target=\"_self\">Lire la suite<\/a><\/p><\/div><\/div>\n\t\t\t\t\t\t\t<\/div><\/div><\/div><div class=\"tmb atc-typography-inherit tmb-iso-w4 tmb-iso-h4 tmb-round img-round-xl tmb-light tmb-overlay-text-anim tmb-overlay-showed tmb-overlay-anim tmb-content-center tmb-content-mobile-center tmb-text-space-reduced tmb-image-color-anim tmb-image-anim-magnetic tmb-bordered  grid-cat-6 tmb-id-155505 tmb-content-under tmb-media-first\" ><div class=\"t-inside style-Hablamos-blue3-bg animate_when_almost_visible top-t-bottom\" data-cursor=\"icon-accent\"><div class=\"t-entry-visual\"><div class=\"t-entry-visual-tc\"><div class=\"t-entry-visual-cont\"><div class=\"dummy\" style=\"padding-top: 100%;\"><\/div><a role=\"button\" tabindex=\"-1\" href=\"https:\/\/www.escuela-hablamos.com\/fr\/fiesta-de-verano\/\" class=\"pushed\" aria-label=\"Hablamos, Escuela de Espa\u00f1ol en Madrid\"  target=\"_self\" data-lb-index=\"37\"><div class=\"t-entry-visual-overlay\"><div class=\"t-entry-visual-overlay-in style-dark-bg\" style=\"opacity: 0.01;\"><\/div><\/div><img decoding=\"async\" class=\"wp-image-155506\" src=\"https:\/\/www.escuela-hablamos.com\/wp-content\/uploads\/2025\/07\/verano.jpg\" width=\"900\" height=\"900\" alt=\"Hablamos, Escuela de Espa\u00f1ol en Madrid\" srcset=\"https:\/\/www.escuela-hablamos.com\/wp-content\/uploads\/2025\/07\/verano.jpg 900w, https:\/\/www.escuela-hablamos.com\/wp-content\/uploads\/2025\/07\/verano-300x300.jpg 300w, https:\/\/www.escuela-hablamos.com\/wp-content\/uploads\/2025\/07\/verano-150x150.jpg 150w, https:\/\/www.escuela-hablamos.com\/wp-content\/uploads\/2025\/07\/verano-768x768.jpg 768w, https:\/\/www.escuela-hablamos.com\/wp-content\/uploads\/2025\/07\/verano-12x12.jpg 12w, https:\/\/www.escuela-hablamos.com\/wp-content\/uploads\/2025\/07\/verano-350x350.jpg 350w, https:\/\/www.escuela-hablamos.com\/wp-content\/uploads\/2025\/07\/verano-348x348.jpg 348w, https:\/\/www.escuela-hablamos.com\/wp-content\/uploads\/2025\/07\/verano-uai-720x720.jpg 720w\" sizes=\"(max-width: 900px) 100vw, 900px\" \/><\/a><\/div>\n\t\t\t\t\t<\/div>\n\t\t\t\t<\/div><div class=\"t-entry-text\">\n\t\t\t\t\t\t\t\t\t<div class=\"t-entry-text-tc half-block-padding\"><div class=\"t-entry\"><h2 class=\"t-entry-title h3 title-scale\"><a href=\"https:\/\/www.escuela-hablamos.com\/fr\/fiesta-de-verano\/\" target=\"_self\">Fiesta de Verano<\/a><\/h2><div class=\"t-entry-excerpt\"><p>Con la llegada del calor y el final de algunos de nuestros cursos intensivos y extensivos, en la\u2026<\/p><\/div><p class=\"t-entry-readmore btn-container\"><a href=\"https:\/\/www.escuela-hablamos.com\/fr\/fiesta-de-verano\/\" class=\"btn btn-default btn-sm\" target=\"_self\">Lire la suite<\/a><\/p><\/div><\/div>\n\t\t\t\t\t\t\t<\/div><\/div><\/div><div class=\"tmb atc-typography-inherit tmb-iso-w4 tmb-iso-h4 tmb-round img-round-xl tmb-light tmb-overlay-text-anim tmb-overlay-showed tmb-overlay-anim tmb-content-center tmb-content-mobile-center tmb-text-space-reduced tmb-image-color-anim tmb-image-anim-magnetic tmb-bordered  grid-cat-6 tmb-id-155234 tmb-content-under tmb-media-first\" ><div class=\"t-inside style-Hablamos-blue3-bg animate_when_almost_visible top-t-bottom\" data-cursor=\"icon-accent\"><div class=\"t-entry-visual\"><div class=\"t-entry-visual-tc\"><div class=\"t-entry-visual-cont\"><div class=\"dummy\" style=\"padding-top: 100%;\"><\/div><a role=\"button\" tabindex=\"-1\" href=\"https:\/\/www.escuela-hablamos.com\/fr\/hablamos-participant-in-icef-spanish-education-2025\/\" class=\"pushed\" aria-label=\"Hablamos s.a., participant in ICEF Spanish Education 2025\"  target=\"_self\" data-lb-index=\"38\"><div class=\"t-entry-visual-overlay\"><div class=\"t-entry-visual-overlay-in style-dark-bg\" style=\"opacity: 0.01;\"><\/div><\/div><img decoding=\"async\" class=\"wp-image-155235\" src=\"https:\/\/www.escuela-hablamos.com\/wp-content\/uploads\/2025\/06\/icef.jpg\" width=\"600\" height=\"600\" alt=\"Hablamos s.a., participant in ICEF Spanish Education 2025\" srcset=\"https:\/\/www.escuela-hablamos.com\/wp-content\/uploads\/2025\/06\/icef.jpg 600w, https:\/\/www.escuela-hablamos.com\/wp-content\/uploads\/2025\/06\/icef-300x300.jpg 300w, https:\/\/www.escuela-hablamos.com\/wp-content\/uploads\/2025\/06\/icef-150x150.jpg 150w, https:\/\/www.escuela-hablamos.com\/wp-content\/uploads\/2025\/06\/icef-12x12.jpg 12w, https:\/\/www.escuela-hablamos.com\/wp-content\/uploads\/2025\/06\/icef-350x350.jpg 350w, https:\/\/www.escuela-hablamos.com\/wp-content\/uploads\/2025\/06\/icef-348x348.jpg 348w\" sizes=\"(max-width: 600px) 100vw, 600px\" \/><\/a><\/div>\n\t\t\t\t\t<\/div>\n\t\t\t\t<\/div><div class=\"t-entry-text\">\n\t\t\t\t\t\t\t\t\t<div class=\"t-entry-text-tc half-block-padding\"><div class=\"t-entry\"><h2 class=\"t-entry-title h3 title-scale\"><a href=\"https:\/\/www.escuela-hablamos.com\/fr\/hablamos-participant-in-icef-spanish-education-2025\/\" target=\"_self\">Hablamos, participant in ICEF Spanish Education 2025<\/a><\/h2><div class=\"t-entry-excerpt\"><p>This May, Hablamos had the honour of participating in one of the most important events in the\u2026<\/p><\/div><p class=\"t-entry-readmore btn-container\"><a href=\"https:\/\/www.escuela-hablamos.com\/fr\/hablamos-participant-in-icef-spanish-education-2025\/\" class=\"btn btn-default btn-sm\" target=\"_self\">Lire la suite<\/a><\/p><\/div><\/div>\n\t\t\t\t\t\t\t<\/div><\/div><\/div><div class=\"tmb atc-typography-inherit tmb-iso-w4 tmb-iso-h4 tmb-round img-round-xl tmb-light tmb-overlay-text-anim tmb-overlay-showed tmb-overlay-anim tmb-content-center tmb-content-mobile-center tmb-text-space-reduced tmb-image-color-anim tmb-image-anim-magnetic tmb-bordered  grid-cat-9 grid-cat-5 tmb-id-154885 tmb-content-under tmb-media-first\" ><div class=\"t-inside style-Hablamos-blue3-bg animate_when_almost_visible top-t-bottom\" data-cursor=\"icon-accent\"><div class=\"t-entry-visual\"><div class=\"t-entry-visual-tc\"><div class=\"t-entry-visual-cont\"><div class=\"dummy\" style=\"padding-top: 100%;\"><\/div><a role=\"button\" tabindex=\"-1\" href=\"https:\/\/www.escuela-hablamos.com\/fr\/dele-diploma-of-spanish-as-a-foreign-language\/\" class=\"pushed\" aria-label=\"DELE: Diploma of Spanish as a Foreign Language\"  target=\"_self\" data-lb-index=\"39\"><div class=\"t-entry-visual-overlay\"><div class=\"t-entry-visual-overlay-in style-dark-bg\" style=\"opacity: 0.01;\"><\/div><\/div><img decoding=\"async\" class=\"wp-image-154886\" src=\"https:\/\/www.escuela-hablamos.com\/wp-content\/uploads\/2025\/05\/spanish-flag.jpg\" width=\"900\" height=\"900\" alt=\"DELE: Diploma of Spanish as a Foreign Language\" srcset=\"https:\/\/www.escuela-hablamos.com\/wp-content\/uploads\/2025\/05\/spanish-flag.jpg 900w, https:\/\/www.escuela-hablamos.com\/wp-content\/uploads\/2025\/05\/spanish-flag-300x300.jpg 300w, https:\/\/www.escuela-hablamos.com\/wp-content\/uploads\/2025\/05\/spanish-flag-150x150.jpg 150w, https:\/\/www.escuela-hablamos.com\/wp-content\/uploads\/2025\/05\/spanish-flag-768x768.jpg 768w, https:\/\/www.escuela-hablamos.com\/wp-content\/uploads\/2025\/05\/spanish-flag-12x12.jpg 12w, https:\/\/www.escuela-hablamos.com\/wp-content\/uploads\/2025\/05\/spanish-flag-350x350.jpg 350w, https:\/\/www.escuela-hablamos.com\/wp-content\/uploads\/2025\/05\/spanish-flag-348x348.jpg 348w, https:\/\/www.escuela-hablamos.com\/wp-content\/uploads\/2025\/05\/spanish-flag-uai-720x720.jpg 720w\" sizes=\"(max-width: 900px) 100vw, 900px\" \/><\/a><\/div>\n\t\t\t\t\t<\/div>\n\t\t\t\t<\/div><div class=\"t-entry-text\">\n\t\t\t\t\t\t\t\t\t<div class=\"t-entry-text-tc half-block-padding\"><div class=\"t-entry\"><h2 class=\"t-entry-title h3 title-scale\"><a href=\"https:\/\/www.escuela-hablamos.com\/fr\/dele-diploma-of-spanish-as-a-foreign-language\/\" target=\"_self\">DELE: Diploma of Spanish as a Foreign Language<\/a><\/h2><div class=\"t-entry-excerpt\"><p>Do you want to certify your language skills? If so, you've come to the right place! \n<\/p><\/div><p class=\"t-entry-readmore btn-container\"><a href=\"https:\/\/www.escuela-hablamos.com\/fr\/dele-diploma-of-spanish-as-a-foreign-language\/\" class=\"btn btn-default btn-sm\" target=\"_self\">Lire la suite<\/a><\/p><\/div><\/div>\n\t\t\t\t\t\t\t<\/div><\/div><\/div><div class=\"tmb atc-typography-inherit tmb-iso-w4 tmb-iso-h4 tmb-round img-round-xl tmb-light tmb-overlay-text-anim tmb-overlay-showed tmb-overlay-anim tmb-content-center tmb-content-mobile-center tmb-text-space-reduced tmb-image-color-anim tmb-image-anim-magnetic tmb-bordered  grid-cat-8 grid-cat-6 tmb-id-154875 tmb-content-under tmb-media-first\" ><div class=\"t-inside style-Hablamos-blue3-bg animate_when_almost_visible top-t-bottom\" data-cursor=\"icon-accent\"><div class=\"t-entry-visual\"><div class=\"t-entry-visual-tc\"><div class=\"t-entry-visual-cont\"><div class=\"dummy\" style=\"padding-top: 100%;\"><\/div><a role=\"button\" tabindex=\"-1\" href=\"https:\/\/www.escuela-hablamos.com\/fr\/viva-san-isidro-viva-madrid\/\" class=\"pushed\" aria-label=\"\u00a1Viva San Isidro! \u00a1Viva Madrid!\"  target=\"_self\" data-lb-index=\"40\"><div class=\"t-entry-visual-overlay\"><div class=\"t-entry-visual-overlay-in style-dark-bg\" style=\"opacity: 0.01;\"><\/div><\/div><img decoding=\"async\" class=\"wp-image-154877\" src=\"https:\/\/www.escuela-hablamos.com\/wp-content\/uploads\/2025\/05\/SI-3.jpg\" width=\"989\" height=\"989\" alt=\"\u00a1Viva San Isidro! \u00a1Viva Madrid!\" srcset=\"https:\/\/www.escuela-hablamos.com\/wp-content\/uploads\/2025\/05\/SI-3.jpg 989w, https:\/\/www.escuela-hablamos.com\/wp-content\/uploads\/2025\/05\/SI-3-300x300.jpg 300w, https:\/\/www.escuela-hablamos.com\/wp-content\/uploads\/2025\/05\/SI-3-150x150.jpg 150w, https:\/\/www.escuela-hablamos.com\/wp-content\/uploads\/2025\/05\/SI-3-768x768.jpg 768w, https:\/\/www.escuela-hablamos.com\/wp-content\/uploads\/2025\/05\/SI-3-12x12.jpg 12w, https:\/\/www.escuela-hablamos.com\/wp-content\/uploads\/2025\/05\/SI-3-350x350.jpg 350w, https:\/\/www.escuela-hablamos.com\/wp-content\/uploads\/2025\/05\/SI-3-348x348.jpg 348w, https:\/\/www.escuela-hablamos.com\/wp-content\/uploads\/2025\/05\/SI-3-uai-720x720.jpg 720w\" sizes=\"(max-width: 989px) 100vw, 989px\" \/><\/a><\/div>\n\t\t\t\t\t<\/div>\n\t\t\t\t<\/div><div class=\"t-entry-text\">\n\t\t\t\t\t\t\t\t\t<div class=\"t-entry-text-tc half-block-padding\"><div class=\"t-entry\"><h2 class=\"t-entry-title h3 title-scale\"><a href=\"https:\/\/www.escuela-hablamos.com\/fr\/viva-san-isidro-viva-madrid\/\" target=\"_self\">\u00a1Viva San Isidro! \u00a1Viva Madrid!<\/a><\/h2><div class=\"t-entry-excerpt\"><p>En v\u00edsperas de festivo, una de nuestras salidas culturales de mayo nos invitaba a conocer y\u2026<\/p><\/div><p class=\"t-entry-readmore btn-container\"><a href=\"https:\/\/www.escuela-hablamos.com\/fr\/viva-san-isidro-viva-madrid\/\" class=\"btn btn-default btn-sm\" target=\"_self\">Lire la suite<\/a><\/p><\/div><\/div>\n\t\t\t\t\t\t\t<\/div><\/div><\/div><div class=\"tmb atc-typography-inherit tmb-iso-w4 tmb-iso-h4 tmb-round img-round-xl tmb-light tmb-overlay-text-anim tmb-overlay-showed tmb-overlay-anim tmb-content-center tmb-content-mobile-center tmb-text-space-reduced tmb-image-color-anim tmb-image-anim-magnetic tmb-bordered  grid-cat-22 tmb-id-154603 tmb-content-under tmb-media-first\" ><div class=\"t-inside style-Hablamos-blue3-bg animate_when_almost_visible top-t-bottom\" data-cursor=\"icon-accent\"><div class=\"t-entry-visual\"><div class=\"t-entry-visual-tc\"><div class=\"t-entry-visual-cont\"><div class=\"dummy\" style=\"padding-top: 100%;\"><\/div><a role=\"button\" tabindex=\"-1\" href=\"https:\/\/www.escuela-hablamos.com\/fr\/episodio-4-por-que-decimos-pepe-y-mucho-mas\/\" class=\"pushed\" aria-label=\"Episodio 4. \u00bfPor qu\u00e9 decimos Pepe? Y mucho m\u00e1s\"  target=\"_self\" data-lb-index=\"41\"><div class=\"t-entry-visual-overlay\"><div class=\"t-entry-visual-overlay-in style-dark-bg\" style=\"opacity: 0.01;\"><\/div><\/div><img decoding=\"async\" class=\"wp-image-154602\" src=\"https:\/\/www.escuela-hablamos.com\/wp-content\/uploads\/2025\/05\/pepe-podcast.jpg\" width=\"900\" height=\"900\" alt=\"Episodio 4. \u00bfPor qu\u00e9 decimos Pepe? Y mucho m\u00e1s\" srcset=\"https:\/\/www.escuela-hablamos.com\/wp-content\/uploads\/2025\/05\/pepe-podcast.jpg 900w, https:\/\/www.escuela-hablamos.com\/wp-content\/uploads\/2025\/05\/pepe-podcast-300x300.jpg 300w, https:\/\/www.escuela-hablamos.com\/wp-content\/uploads\/2025\/05\/pepe-podcast-150x150.jpg 150w, https:\/\/www.escuela-hablamos.com\/wp-content\/uploads\/2025\/05\/pepe-podcast-768x768.jpg 768w, https:\/\/www.escuela-hablamos.com\/wp-content\/uploads\/2025\/05\/pepe-podcast-12x12.jpg 12w, https:\/\/www.escuela-hablamos.com\/wp-content\/uploads\/2025\/05\/pepe-podcast-350x350.jpg 350w, https:\/\/www.escuela-hablamos.com\/wp-content\/uploads\/2025\/05\/pepe-podcast-348x348.jpg 348w, https:\/\/www.escuela-hablamos.com\/wp-content\/uploads\/2025\/05\/pepe-podcast-uai-720x720.jpg 720w\" sizes=\"(max-width: 900px) 100vw, 900px\" \/><\/a><\/div>\n\t\t\t\t\t<\/div>\n\t\t\t\t<\/div><div class=\"t-entry-text\">\n\t\t\t\t\t\t\t\t\t<div class=\"t-entry-text-tc half-block-padding\"><div class=\"t-entry\"><h2 class=\"t-entry-title h3 title-scale\"><a href=\"https:\/\/www.escuela-hablamos.com\/fr\/episodio-4-por-que-decimos-pepe-y-mucho-mas\/\" target=\"_self\">Episodio 4. \u00bfPor qu\u00e9 decimos Pepe? Y mucho m\u00e1s<\/a><\/h2><div class=\"t-entry-excerpt\"><p>\u00a1Hola! Este episodio de mayo es imperdible para aprender mucho m\u00e1s.\n<\/p><\/div><p class=\"t-entry-readmore btn-container\"><a href=\"https:\/\/www.escuela-hablamos.com\/fr\/episodio-4-por-que-decimos-pepe-y-mucho-mas\/\" class=\"btn btn-default btn-sm\" target=\"_self\">Lire la suite<\/a><\/p><\/div><\/div>\n\t\t\t\t\t\t\t<\/div><\/div><\/div><div class=\"tmb atc-typography-inherit tmb-iso-w4 tmb-iso-h4 tmb-round img-round-xl tmb-light tmb-overlay-text-anim tmb-overlay-showed tmb-overlay-anim tmb-content-center tmb-content-mobile-center tmb-text-space-reduced tmb-image-color-anim tmb-image-anim-magnetic tmb-bordered  grid-cat-8 grid-cat-6 tmb-id-154462 tmb-content-under tmb-media-first\" ><div class=\"t-inside style-Hablamos-blue3-bg animate_when_almost_visible top-t-bottom\" data-cursor=\"icon-accent\"><div class=\"t-entry-visual\"><div class=\"t-entry-visual-tc\"><div class=\"t-entry-visual-cont\"><div class=\"dummy\" style=\"padding-top: 100%;\"><\/div><a role=\"button\" tabindex=\"-1\" href=\"https:\/\/www.escuela-hablamos.com\/fr\/el-diario-surrealista-del-apagon-en-madrid\/\" class=\"pushed\" aria-label=\"El diario (surrealista) del apag\u00f3n en Madrid\"  target=\"_self\" data-lb-index=\"42\"><div class=\"t-entry-visual-overlay\"><div class=\"t-entry-visual-overlay-in style-dark-bg\" style=\"opacity: 0.01;\"><\/div><\/div><img decoding=\"async\" class=\"wp-image-154463\" src=\"https:\/\/www.escuela-hablamos.com\/wp-content\/uploads\/2025\/05\/luz.jpg\" width=\"900\" height=\"900\" alt=\"El diario (surrealista) del apag\u00f3n en Madrid\" srcset=\"https:\/\/www.escuela-hablamos.com\/wp-content\/uploads\/2025\/05\/luz.jpg 900w, https:\/\/www.escuela-hablamos.com\/wp-content\/uploads\/2025\/05\/luz-300x300.jpg 300w, https:\/\/www.escuela-hablamos.com\/wp-content\/uploads\/2025\/05\/luz-150x150.jpg 150w, https:\/\/www.escuela-hablamos.com\/wp-content\/uploads\/2025\/05\/luz-768x768.jpg 768w, https:\/\/www.escuela-hablamos.com\/wp-content\/uploads\/2025\/05\/luz-12x12.jpg 12w, https:\/\/www.escuela-hablamos.com\/wp-content\/uploads\/2025\/05\/luz-350x350.jpg 350w, https:\/\/www.escuela-hablamos.com\/wp-content\/uploads\/2025\/05\/luz-348x348.jpg 348w, https:\/\/www.escuela-hablamos.com\/wp-content\/uploads\/2025\/05\/luz-uai-720x720.jpg 720w\" sizes=\"(max-width: 900px) 100vw, 900px\" \/><\/a><\/div>\n\t\t\t\t\t<\/div>\n\t\t\t\t<\/div><div class=\"t-entry-text\">\n\t\t\t\t\t\t\t\t\t<div class=\"t-entry-text-tc half-block-padding\"><div class=\"t-entry\"><h2 class=\"t-entry-title h3 title-scale\"><a href=\"https:\/\/www.escuela-hablamos.com\/fr\/el-diario-surrealista-del-apagon-en-madrid\/\" target=\"_self\">El diario (surrealista) del apag\u00f3n en Madrid<\/a><\/h2><div class=\"t-entry-excerpt\"><p>Hace unas semanas Espa\u00f1a sufri\u00f3 un apag\u00f3n. Muchos de nuestros estudiantes estaban todav\u00eda en clase\u2026<\/p><\/div><p class=\"t-entry-readmore btn-container\"><a href=\"https:\/\/www.escuela-hablamos.com\/fr\/el-diario-surrealista-del-apagon-en-madrid\/\" class=\"btn btn-default btn-sm\" target=\"_self\">Lire la suite<\/a><\/p><\/div><\/div>\n\t\t\t\t\t\t\t<\/div><\/div><\/div><div class=\"tmb atc-typography-inherit tmb-iso-w4 tmb-iso-h4 tmb-round img-round-xl tmb-light tmb-overlay-text-anim tmb-overlay-showed tmb-overlay-anim tmb-content-center tmb-content-mobile-center tmb-text-space-reduced tmb-image-color-anim tmb-image-anim-magnetic tmb-bordered  grid-cat-9 grid-cat-5 grid-cat-6 tmb-id-12536 tmb-content-under tmb-media-first\" ><div class=\"t-inside style-Hablamos-blue3-bg animate_when_almost_visible top-t-bottom\" data-cursor=\"icon-accent\"><div class=\"t-entry-visual\"><div class=\"t-entry-visual-tc\"><div class=\"t-entry-visual-cont\"><div class=\"dummy\" style=\"padding-top: 100%;\"><\/div><a role=\"button\" tabindex=\"-1\" href=\"https:\/\/www.escuela-hablamos.com\/fr\/spanish-summer-courses-in-madrid-to-get-help-you-get-around\/\" class=\"pushed\" aria-label=\"Spanish summer courses in Madrid to get help you get around\"  target=\"_self\" data-lb-index=\"43\"><div class=\"t-entry-visual-overlay\"><div class=\"t-entry-visual-overlay-in style-dark-bg\" style=\"opacity: 0.01;\"><\/div><\/div><img decoding=\"async\" class=\"wp-image-12537\" src=\"https:\/\/www.escuela-hablamos.com\/wp-content\/uploads\/2025\/05\/summer-spain.jpg\" width=\"1200\" height=\"1200\" alt=\"Spanish summer courses in Madrid to get help you get around\" srcset=\"https:\/\/www.escuela-hablamos.com\/wp-content\/uploads\/2025\/05\/summer-spain.jpg 1200w, https:\/\/www.escuela-hablamos.com\/wp-content\/uploads\/2025\/05\/summer-spain-300x300.jpg 300w, https:\/\/www.escuela-hablamos.com\/wp-content\/uploads\/2025\/05\/summer-spain-1024x1024.jpg 1024w, https:\/\/www.escuela-hablamos.com\/wp-content\/uploads\/2025\/05\/summer-spain-150x150.jpg 150w, https:\/\/www.escuela-hablamos.com\/wp-content\/uploads\/2025\/05\/summer-spain-768x768.jpg 768w, https:\/\/www.escuela-hablamos.com\/wp-content\/uploads\/2025\/05\/summer-spain-12x12.jpg 12w, https:\/\/www.escuela-hablamos.com\/wp-content\/uploads\/2025\/05\/summer-spain-350x350.jpg 350w, https:\/\/www.escuela-hablamos.com\/wp-content\/uploads\/2025\/05\/summer-spain-348x348.jpg 348w, https:\/\/www.escuela-hablamos.com\/wp-content\/uploads\/2025\/05\/summer-spain-uai-720x720.jpg 720w, https:\/\/www.escuela-hablamos.com\/wp-content\/uploads\/2025\/05\/summer-spain-uai-1032x1032.jpg 1032w\" sizes=\"(max-width: 1200px) 100vw, 1200px\" \/><\/a><\/div>\n\t\t\t\t\t<\/div>\n\t\t\t\t<\/div><div class=\"t-entry-text\">\n\t\t\t\t\t\t\t\t\t<div class=\"t-entry-text-tc half-block-padding\"><div class=\"t-entry\"><h2 class=\"t-entry-title h3 title-scale\"><a href=\"https:\/\/www.escuela-hablamos.com\/fr\/spanish-summer-courses-in-madrid-to-get-help-you-get-around\/\" target=\"_self\">Spanish summer courses in Madrid to get help you get around<\/a><\/h2><div class=\"t-entry-excerpt\"><p>Are you planning your next holiday to Spain? Fantastic! You\u2019ve probably already booked your flight\u2026<\/p><\/div><p class=\"t-entry-readmore btn-container\"><a href=\"https:\/\/www.escuela-hablamos.com\/fr\/spanish-summer-courses-in-madrid-to-get-help-you-get-around\/\" class=\"btn btn-default btn-sm\" target=\"_self\">Lire la suite<\/a><\/p><\/div><\/div>\n\t\t\t\t\t\t\t<\/div><\/div><\/div><div class=\"tmb atc-typography-inherit tmb-iso-w4 tmb-iso-h4 tmb-round img-round-xl tmb-light tmb-overlay-text-anim tmb-overlay-showed tmb-overlay-anim tmb-content-center tmb-content-mobile-center tmb-text-space-reduced tmb-image-color-anim tmb-image-anim-magnetic tmb-bordered  grid-cat-8 grid-cat-6 tmb-id-12350 tmb-content-under tmb-media-first\" ><div class=\"t-inside style-Hablamos-blue3-bg animate_when_almost_visible top-t-bottom\" data-cursor=\"icon-accent\"><div class=\"t-entry-visual\"><div class=\"t-entry-visual-tc\"><div class=\"t-entry-visual-cont\"><div class=\"dummy\" style=\"padding-top: 100%;\"><\/div><a role=\"button\" tabindex=\"-1\" href=\"https:\/\/www.escuela-hablamos.com\/fr\/el-2-de-mayo-en-madrid\/\" class=\"pushed\" aria-label=\"El 2 de mayo en Madrid\"  target=\"_self\" data-lb-index=\"44\"><div class=\"t-entry-visual-overlay\"><div class=\"t-entry-visual-overlay-in style-dark-bg\" style=\"opacity: 0.01;\"><\/div><\/div><img decoding=\"async\" class=\"wp-image-12354\" src=\"https:\/\/www.escuela-hablamos.com\/wp-content\/uploads\/2025\/04\/manuela3.jpg\" width=\"1300\" height=\"1300\" alt=\"El 2 de mayo en Madrid\" srcset=\"https:\/\/www.escuela-hablamos.com\/wp-content\/uploads\/2025\/04\/manuela3.jpg 1300w, https:\/\/www.escuela-hablamos.com\/wp-content\/uploads\/2025\/04\/manuela3-300x300.jpg 300w, https:\/\/www.escuela-hablamos.com\/wp-content\/uploads\/2025\/04\/manuela3-1024x1024.jpg 1024w, https:\/\/www.escuela-hablamos.com\/wp-content\/uploads\/2025\/04\/manuela3-150x150.jpg 150w, https:\/\/www.escuela-hablamos.com\/wp-content\/uploads\/2025\/04\/manuela3-768x768.jpg 768w, https:\/\/www.escuela-hablamos.com\/wp-content\/uploads\/2025\/04\/manuela3-12x12.jpg 12w, https:\/\/www.escuela-hablamos.com\/wp-content\/uploads\/2025\/04\/manuela3-350x350.jpg 350w, https:\/\/www.escuela-hablamos.com\/wp-content\/uploads\/2025\/04\/manuela3-348x348.jpg 348w, https:\/\/www.escuela-hablamos.com\/wp-content\/uploads\/2025\/04\/manuela3-uai-720x720.jpg 720w, https:\/\/www.escuela-hablamos.com\/wp-content\/uploads\/2025\/04\/manuela3-uai-1032x1032.jpg 1032w\" sizes=\"(max-width: 1300px) 100vw, 1300px\" \/><\/a><\/div>\n\t\t\t\t\t<\/div>\n\t\t\t\t<\/div><div class=\"t-entry-text\">\n\t\t\t\t\t\t\t\t\t<div class=\"t-entry-text-tc half-block-padding\"><div class=\"t-entry\"><h2 class=\"t-entry-title h3 title-scale\"><a href=\"https:\/\/www.escuela-hablamos.com\/fr\/el-2-de-mayo-en-madrid\/\" target=\"_self\">El 2 de mayo en Madrid<\/a><\/h2><div class=\"t-entry-excerpt\"><p>Esta semana no es una semana corriente. \u00a1Hay puente! Esto significa que hay dos d\u00edas festivos que\u2026<\/p><\/div><p class=\"t-entry-readmore btn-container\"><a href=\"https:\/\/www.escuela-hablamos.com\/fr\/el-2-de-mayo-en-madrid\/\" class=\"btn btn-default btn-sm\" target=\"_self\">Lire la suite<\/a><\/p><\/div><\/div>\n\t\t\t\t\t\t\t<\/div><\/div><\/div><div class=\"tmb atc-typography-inherit tmb-iso-w4 tmb-iso-h4 tmb-round img-round-xl tmb-light tmb-overlay-text-anim tmb-overlay-showed tmb-overlay-anim tmb-content-center tmb-content-mobile-center tmb-text-space-reduced tmb-image-color-anim tmb-image-anim-magnetic tmb-bordered  grid-cat-9 grid-cat-5 tmb-id-12206 tmb-content-under tmb-media-first\" ><div class=\"t-inside style-Hablamos-blue3-bg animate_when_almost_visible top-t-bottom\" data-cursor=\"icon-accent\"><div class=\"t-entry-visual\"><div class=\"t-entry-visual-tc\"><div class=\"t-entry-visual-cont\"><div class=\"dummy\" style=\"padding-top: 100%;\"><\/div><a role=\"button\" tabindex=\"-1\" href=\"https:\/\/www.escuela-hablamos.com\/fr\/movies-and-series-in-spanish-a-good-way-to-learn\/\" class=\"pushed\" aria-label=\"Movies and Series in Spanish \u2013 A Good Way to Learn?\"  target=\"_self\" data-lb-index=\"45\"><div class=\"t-entry-visual-overlay\"><div class=\"t-entry-visual-overlay-in style-dark-bg\" style=\"opacity: 0.01;\"><\/div><\/div><img decoding=\"async\" class=\"wp-image-12207\" src=\"https:\/\/www.escuela-hablamos.com\/wp-content\/uploads\/2025\/04\/tv-watch.jpg\" width=\"900\" height=\"900\" alt=\"Movies and Series in Spanish \u2013 A Good Way to Learn?\" srcset=\"https:\/\/www.escuela-hablamos.com\/wp-content\/uploads\/2025\/04\/tv-watch.jpg 900w, https:\/\/www.escuela-hablamos.com\/wp-content\/uploads\/2025\/04\/tv-watch-300x300.jpg 300w, https:\/\/www.escuela-hablamos.com\/wp-content\/uploads\/2025\/04\/tv-watch-150x150.jpg 150w, https:\/\/www.escuela-hablamos.com\/wp-content\/uploads\/2025\/04\/tv-watch-768x768.jpg 768w, https:\/\/www.escuela-hablamos.com\/wp-content\/uploads\/2025\/04\/tv-watch-12x12.jpg 12w, https:\/\/www.escuela-hablamos.com\/wp-content\/uploads\/2025\/04\/tv-watch-350x350.jpg 350w, https:\/\/www.escuela-hablamos.com\/wp-content\/uploads\/2025\/04\/tv-watch-348x348.jpg 348w, https:\/\/www.escuela-hablamos.com\/wp-content\/uploads\/2025\/04\/tv-watch-uai-720x720.jpg 720w\" sizes=\"(max-width: 900px) 100vw, 900px\" \/><\/a><\/div>\n\t\t\t\t\t<\/div>\n\t\t\t\t<\/div><div class=\"t-entry-text\">\n\t\t\t\t\t\t\t\t\t<div class=\"t-entry-text-tc half-block-padding\"><div class=\"t-entry\"><h2 class=\"t-entry-title h3 title-scale\"><a href=\"https:\/\/www.escuela-hablamos.com\/fr\/movies-and-series-in-spanish-a-good-way-to-learn\/\" target=\"_self\">Movies and Series in Spanish \u2013 A Good Way to Learn?<\/a><\/h2><div class=\"t-entry-excerpt\"><p>Today on the Hablamos blog, we\u2019re answering an email we received in response to one of our previous\u2026<\/p><\/div><p class=\"t-entry-readmore btn-container\"><a href=\"https:\/\/www.escuela-hablamos.com\/fr\/movies-and-series-in-spanish-a-good-way-to-learn\/\" class=\"btn btn-default btn-sm\" target=\"_self\">Lire la suite<\/a><\/p><\/div><\/div>\n\t\t\t\t\t\t\t<\/div><\/div><\/div><div class=\"tmb atc-typography-inherit tmb-iso-w4 tmb-iso-h4 tmb-round img-round-xl tmb-light tmb-overlay-text-anim tmb-overlay-showed tmb-overlay-anim tmb-content-center tmb-content-mobile-center tmb-text-space-reduced tmb-image-color-anim tmb-image-anim-magnetic tmb-bordered  grid-cat-7 grid-cat-8 grid-cat-6 tmb-id-11988 tmb-content-under tmb-media-first\" ><div class=\"t-inside style-Hablamos-blue3-bg animate_when_almost_visible top-t-bottom\" data-cursor=\"icon-accent\"><div class=\"t-entry-visual\"><div class=\"t-entry-visual-tc\"><div class=\"t-entry-visual-cont\"><div class=\"dummy\" style=\"padding-top: 100%;\"><\/div><a role=\"button\" tabindex=\"-1\" href=\"https:\/\/www.escuela-hablamos.com\/fr\/no-me-cuentes-milongas-cantalas-y-bailalas\/\" class=\"pushed\" aria-label=\"No me cuentes milongas, \u00a1c\u00e1ntalas y b\u00e1ilalas!\"  target=\"_self\" data-lb-index=\"46\"><div class=\"t-entry-visual-overlay\"><div class=\"t-entry-visual-overlay-in style-dark-bg\" style=\"opacity: 0.01;\"><\/div><\/div><img decoding=\"async\" class=\"wp-image-11989\" src=\"https:\/\/www.escuela-hablamos.com\/wp-content\/uploads\/2025\/04\/milonga1.jpg\" width=\"515\" height=\"515\" alt=\"No me cuentes milongas, \u00a1c\u00e1ntalas y b\u00e1ilalas!\" srcset=\"https:\/\/www.escuela-hablamos.com\/wp-content\/uploads\/2025\/04\/milonga1.jpg 515w, https:\/\/www.escuela-hablamos.com\/wp-content\/uploads\/2025\/04\/milonga1-300x300.jpg 300w, https:\/\/www.escuela-hablamos.com\/wp-content\/uploads\/2025\/04\/milonga1-150x150.jpg 150w, https:\/\/www.escuela-hablamos.com\/wp-content\/uploads\/2025\/04\/milonga1-12x12.jpg 12w, https:\/\/www.escuela-hablamos.com\/wp-content\/uploads\/2025\/04\/milonga1-350x350.jpg 350w, https:\/\/www.escuela-hablamos.com\/wp-content\/uploads\/2025\/04\/milonga1-348x348.jpg 348w\" sizes=\"(max-width: 515px) 100vw, 515px\" \/><\/a><\/div>\n\t\t\t\t\t<\/div>\n\t\t\t\t<\/div><div class=\"t-entry-text\">\n\t\t\t\t\t\t\t\t\t<div class=\"t-entry-text-tc half-block-padding\"><div class=\"t-entry\"><h2 class=\"t-entry-title h3 title-scale\"><a href=\"https:\/\/www.escuela-hablamos.com\/fr\/no-me-cuentes-milongas-cantalas-y-bailalas\/\" target=\"_self\">No me cuentes milongas, \u00a1c\u00e1ntalas y b\u00e1ilalas!<\/a><\/h2><div class=\"t-entry-excerpt\"><p>Como ya sabemos, el espa\u00f1ol se habla en muchos pa\u00edses adem\u00e1s de Espa\u00f1a. En esta salida cultural,\u2026<\/p><\/div><p class=\"t-entry-readmore btn-container\"><a href=\"https:\/\/www.escuela-hablamos.com\/fr\/no-me-cuentes-milongas-cantalas-y-bailalas\/\" class=\"btn btn-default btn-sm\" target=\"_self\">Lire la suite<\/a><\/p><\/div><\/div>\n\t\t\t\t\t\t\t<\/div><\/div><\/div><div class=\"tmb atc-typography-inherit tmb-iso-w4 tmb-iso-h4 tmb-round img-round-xl tmb-light tmb-overlay-text-anim tmb-overlay-showed tmb-overlay-anim tmb-content-center tmb-content-mobile-center tmb-text-space-reduced tmb-image-color-anim tmb-image-anim-magnetic tmb-bordered  grid-cat-9 grid-cat-5 tmb-id-11853 tmb-content-under tmb-media-first\" ><div class=\"t-inside style-Hablamos-blue3-bg animate_when_almost_visible top-t-bottom\" data-cursor=\"icon-accent\"><div class=\"t-entry-visual\"><div class=\"t-entry-visual-tc\"><div class=\"t-entry-visual-cont\"><div class=\"dummy\" style=\"padding-top: 100%;\"><\/div><a role=\"button\" tabindex=\"-1\" href=\"https:\/\/www.escuela-hablamos.com\/fr\/la-experiencia-de-una-estudiante-de-hablamos-en-el-examen-dele\/\" class=\"pushed\" aria-label=\"La experiencia de una estudiante de Hablamos en el examen DELE\"  target=\"_self\" data-lb-index=\"47\"><div class=\"t-entry-visual-overlay\"><div class=\"t-entry-visual-overlay-in style-dark-bg\" style=\"opacity: 0.01;\"><\/div><\/div><img decoding=\"async\" class=\"wp-image-11854\" src=\"https:\/\/www.escuela-hablamos.com\/wp-content\/uploads\/2025\/04\/dele.jpg\" width=\"900\" height=\"900\" alt=\"La experiencia de una estudiante de Hablamos en el examen DELE\" srcset=\"https:\/\/www.escuela-hablamos.com\/wp-content\/uploads\/2025\/04\/dele.jpg 900w, https:\/\/www.escuela-hablamos.com\/wp-content\/uploads\/2025\/04\/dele-300x300.jpg 300w, https:\/\/www.escuela-hablamos.com\/wp-content\/uploads\/2025\/04\/dele-150x150.jpg 150w, https:\/\/www.escuela-hablamos.com\/wp-content\/uploads\/2025\/04\/dele-768x768.jpg 768w, https:\/\/www.escuela-hablamos.com\/wp-content\/uploads\/2025\/04\/dele-12x12.jpg 12w, https:\/\/www.escuela-hablamos.com\/wp-content\/uploads\/2025\/04\/dele-350x350.jpg 350w, https:\/\/www.escuela-hablamos.com\/wp-content\/uploads\/2025\/04\/dele-348x348.jpg 348w, https:\/\/www.escuela-hablamos.com\/wp-content\/uploads\/2025\/04\/dele-uai-720x720.jpg 720w\" sizes=\"(max-width: 900px) 100vw, 900px\" \/><\/a><\/div>\n\t\t\t\t\t<\/div>\n\t\t\t\t<\/div><div class=\"t-entry-text\">\n\t\t\t\t\t\t\t\t\t<div class=\"t-entry-text-tc half-block-padding\"><div class=\"t-entry\"><h2 class=\"t-entry-title h3 title-scale\"><a href=\"https:\/\/www.escuela-hablamos.com\/fr\/la-experiencia-de-una-estudiante-de-hablamos-en-el-examen-dele\/\" target=\"_self\">La experiencia de una estudiante de Hablamos en el examen DELE<\/a><\/h2><div class=\"t-entry-excerpt\"><p>\u201c\u00a1Hice el DELE!\u201d\n<\/p><\/div><p class=\"t-entry-readmore btn-container\"><a href=\"https:\/\/www.escuela-hablamos.com\/fr\/la-experiencia-de-una-estudiante-de-hablamos-en-el-examen-dele\/\" class=\"btn btn-default btn-sm\" target=\"_self\">Lire la suite<\/a><\/p><\/div><\/div>\n\t\t\t\t\t\t\t<\/div><\/div><\/div><div class=\"tmb atc-typography-inherit tmb-iso-w4 tmb-iso-h4 tmb-round img-round-xl tmb-light tmb-overlay-text-anim tmb-overlay-showed tmb-overlay-anim tmb-content-center tmb-content-mobile-center tmb-text-space-reduced tmb-image-color-anim tmb-image-anim-magnetic tmb-bordered  grid-cat-9 grid-cat-5 tmb-id-11674 tmb-content-under tmb-media-first\" ><div class=\"t-inside style-Hablamos-blue3-bg animate_when_almost_visible top-t-bottom\" data-cursor=\"icon-accent\"><div class=\"t-entry-visual\"><div class=\"t-entry-visual-tc\"><div class=\"t-entry-visual-cont\"><div class=\"dummy\" style=\"padding-top: 100%;\"><\/div><a role=\"button\" tabindex=\"-1\" href=\"https:\/\/www.escuela-hablamos.com\/fr\/escribe-una-carta-en-espanol\/\" class=\"pushed\" aria-label=\"Escribe una carta\u2026 \u00a1en espa\u00f1ol!\"  target=\"_self\" data-lb-index=\"48\"><div class=\"t-entry-visual-overlay\"><div class=\"t-entry-visual-overlay-in style-dark-bg\" style=\"opacity: 0.01;\"><\/div><\/div><img decoding=\"async\" class=\"wp-image-11675\" src=\"https:\/\/www.escuela-hablamos.com\/wp-content\/uploads\/2025\/04\/letter.jpg\" width=\"900\" height=\"900\" alt=\"Escribe una carta\u2026 \u00a1en espa\u00f1ol!\" srcset=\"https:\/\/www.escuela-hablamos.com\/wp-content\/uploads\/2025\/04\/letter.jpg 900w, https:\/\/www.escuela-hablamos.com\/wp-content\/uploads\/2025\/04\/letter-300x300.jpg 300w, https:\/\/www.escuela-hablamos.com\/wp-content\/uploads\/2025\/04\/letter-150x150.jpg 150w, https:\/\/www.escuela-hablamos.com\/wp-content\/uploads\/2025\/04\/letter-768x768.jpg 768w, https:\/\/www.escuela-hablamos.com\/wp-content\/uploads\/2025\/04\/letter-12x12.jpg 12w, https:\/\/www.escuela-hablamos.com\/wp-content\/uploads\/2025\/04\/letter-350x350.jpg 350w, https:\/\/www.escuela-hablamos.com\/wp-content\/uploads\/2025\/04\/letter-348x348.jpg 348w, https:\/\/www.escuela-hablamos.com\/wp-content\/uploads\/2025\/04\/letter-uai-720x720.jpg 720w\" sizes=\"(max-width: 900px) 100vw, 900px\" \/><\/a><\/div>\n\t\t\t\t\t<\/div>\n\t\t\t\t<\/div><div class=\"t-entry-text\">\n\t\t\t\t\t\t\t\t\t<div class=\"t-entry-text-tc half-block-padding\"><div class=\"t-entry\"><h2 class=\"t-entry-title h3 title-scale\"><a href=\"https:\/\/www.escuela-hablamos.com\/fr\/escribe-una-carta-en-espanol\/\" target=\"_self\">Escribe una carta\u2026 \u00a1en espa\u00f1ol!<\/a><\/h2><div class=\"t-entry-excerpt\"><p>20 de abril del noventa\nHola, chata. \u00bfC\u00f3mo est\u00e1s?\n\u00bfTe sorprende que te escriba?\nTanto tiempo es\u2026<\/p><\/div><p class=\"t-entry-readmore btn-container\"><a href=\"https:\/\/www.escuela-hablamos.com\/fr\/escribe-una-carta-en-espanol\/\" class=\"btn btn-default btn-sm\" target=\"_self\">Lire la suite<\/a><\/p><\/div><\/div>\n\t\t\t\t\t\t\t<\/div><\/div><\/div><div class=\"tmb atc-typography-inherit tmb-iso-w4 tmb-iso-h4 tmb-round img-round-xl tmb-light tmb-overlay-text-anim tmb-overlay-showed tmb-overlay-anim tmb-content-center tmb-content-mobile-center tmb-text-space-reduced tmb-image-color-anim tmb-image-anim-magnetic tmb-bordered  grid-cat-8 grid-cat-6 tmb-id-11474 tmb-content-under tmb-media-first\" ><div class=\"t-inside style-Hablamos-blue3-bg animate_when_almost_visible top-t-bottom\" data-cursor=\"icon-accent\"><div class=\"t-entry-visual\"><div class=\"t-entry-visual-tc\"><div class=\"t-entry-visual-cont\"><div class=\"dummy\" style=\"padding-top: 100%;\"><\/div><a role=\"button\" tabindex=\"-1\" href=\"https:\/\/www.escuela-hablamos.com\/fr\/hablamos-de-un-feliz-ano-nuevo-chino\/\" class=\"pushed\" aria-label=\"Hablamos de un feliz a\u00f1o nuevo chino\"  target=\"_self\" data-lb-index=\"49\"><div class=\"t-entry-visual-overlay\"><div class=\"t-entry-visual-overlay-in style-dark-bg\" style=\"opacity: 0.01;\"><\/div><\/div><img decoding=\"async\" class=\"wp-image-11475\" src=\"https:\/\/www.escuela-hablamos.com\/wp-content\/uploads\/2025\/03\/chino-1.jpg\" width=\"899\" height=\"899\" alt=\"Hablamos de un feliz a\u00f1o nuevo chino\" srcset=\"https:\/\/www.escuela-hablamos.com\/wp-content\/uploads\/2025\/03\/chino-1.jpg 899w, https:\/\/www.escuela-hablamos.com\/wp-content\/uploads\/2025\/03\/chino-1-300x300.jpg 300w, https:\/\/www.escuela-hablamos.com\/wp-content\/uploads\/2025\/03\/chino-1-150x150.jpg 150w, https:\/\/www.escuela-hablamos.com\/wp-content\/uploads\/2025\/03\/chino-1-768x768.jpg 768w, https:\/\/www.escuela-hablamos.com\/wp-content\/uploads\/2025\/03\/chino-1-12x12.jpg 12w, https:\/\/www.escuela-hablamos.com\/wp-content\/uploads\/2025\/03\/chino-1-350x350.jpg 350w, https:\/\/www.escuela-hablamos.com\/wp-content\/uploads\/2025\/03\/chino-1-348x348.jpg 348w, https:\/\/www.escuela-hablamos.com\/wp-content\/uploads\/2025\/03\/chino-1-uai-720x720.jpg 720w\" sizes=\"(max-width: 899px) 100vw, 899px\" \/><\/a><\/div>\n\t\t\t\t\t<\/div>\n\t\t\t\t<\/div><div class=\"t-entry-text\">\n\t\t\t\t\t\t\t\t\t<div class=\"t-entry-text-tc half-block-padding\"><div class=\"t-entry\"><h2 class=\"t-entry-title h3 title-scale\"><a href=\"https:\/\/www.escuela-hablamos.com\/fr\/hablamos-de-un-feliz-ano-nuevo-chino\/\" target=\"_self\">Hablamos de un feliz a\u00f1o nuevo chino<\/a><\/h2><div class=\"t-entry-excerpt\"><p>Este a\u00f1o, el A\u00f1o Nuevo chino comenz\u00f3 el 29 de enero. En Hablamos aprovechamos nuestra salida\u2026<\/p><\/div><p class=\"t-entry-readmore btn-container\"><a href=\"https:\/\/www.escuela-hablamos.com\/fr\/hablamos-de-un-feliz-ano-nuevo-chino\/\" class=\"btn btn-default btn-sm\" target=\"_self\">Lire la suite<\/a><\/p><\/div><\/div>\n\t\t\t\t\t\t\t<\/div><\/div><\/div><div class=\"tmb atc-typography-inherit tmb-iso-w4 tmb-iso-h4 tmb-round img-round-xl tmb-light tmb-overlay-text-anim tmb-overlay-showed tmb-overlay-anim tmb-content-center tmb-content-mobile-center tmb-text-space-reduced tmb-image-color-anim tmb-image-anim-magnetic tmb-bordered  grid-cat-9 tmb-id-11360 tmb-content-under tmb-media-first\" ><div class=\"t-inside style-Hablamos-blue3-bg animate_when_almost_visible top-t-bottom\" data-cursor=\"icon-accent\"><div class=\"t-entry-visual\"><div class=\"t-entry-visual-tc\"><div class=\"t-entry-visual-cont\"><div class=\"dummy\" style=\"padding-top: 100%;\"><\/div><a role=\"button\" tabindex=\"-1\" href=\"https:\/\/www.escuela-hablamos.com\/fr\/how-to-keep-motivated-to-study-spanish\/\" class=\"pushed\" aria-label=\"How to keep motivated to study Spanish?\"  target=\"_self\" data-lb-index=\"50\"><div class=\"t-entry-visual-overlay\"><div class=\"t-entry-visual-overlay-in style-dark-bg\" style=\"opacity: 0.01;\"><\/div><\/div><img decoding=\"async\" class=\"wp-image-11362\" src=\"https:\/\/www.escuela-hablamos.com\/wp-content\/uploads\/2025\/03\/motivated.jpg\" width=\"800\" height=\"800\" alt=\"How to keep motivated to study Spanish?\" srcset=\"https:\/\/www.escuela-hablamos.com\/wp-content\/uploads\/2025\/03\/motivated.jpg 800w, https:\/\/www.escuela-hablamos.com\/wp-content\/uploads\/2025\/03\/motivated-300x300.jpg 300w, https:\/\/www.escuela-hablamos.com\/wp-content\/uploads\/2025\/03\/motivated-150x150.jpg 150w, https:\/\/www.escuela-hablamos.com\/wp-content\/uploads\/2025\/03\/motivated-768x768.jpg 768w, https:\/\/www.escuela-hablamos.com\/wp-content\/uploads\/2025\/03\/motivated-12x12.jpg 12w, https:\/\/www.escuela-hablamos.com\/wp-content\/uploads\/2025\/03\/motivated-350x350.jpg 350w, https:\/\/www.escuela-hablamos.com\/wp-content\/uploads\/2025\/03\/motivated-348x348.jpg 348w, https:\/\/www.escuela-hablamos.com\/wp-content\/uploads\/2025\/03\/motivated-uai-720x720.jpg 720w\" sizes=\"(max-width: 800px) 100vw, 800px\" \/><\/a><\/div>\n\t\t\t\t\t<\/div>\n\t\t\t\t<\/div><div class=\"t-entry-text\">\n\t\t\t\t\t\t\t\t\t<div class=\"t-entry-text-tc half-block-padding\"><div class=\"t-entry\"><h2 class=\"t-entry-title h3 title-scale\"><a href=\"https:\/\/www.escuela-hablamos.com\/fr\/how-to-keep-motivated-to-study-spanish\/\" target=\"_self\">How to keep motivated to study Spanish?<\/a><\/h2><div class=\"t-entry-excerpt\"><p>Perfect! You've started to study Spanish: you've chosen an academy, your teacher is very nice,\u2026<\/p><\/div><p class=\"t-entry-readmore btn-container\"><a href=\"https:\/\/www.escuela-hablamos.com\/fr\/how-to-keep-motivated-to-study-spanish\/\" class=\"btn btn-default btn-sm\" target=\"_self\">Lire la suite<\/a><\/p><\/div><\/div>\n\t\t\t\t\t\t\t<\/div><\/div><\/div><div class=\"tmb atc-typography-inherit tmb-iso-w4 tmb-iso-h4 tmb-round img-round-xl tmb-light tmb-overlay-text-anim tmb-overlay-showed tmb-overlay-anim tmb-content-center tmb-content-mobile-center tmb-text-space-reduced tmb-image-color-anim tmb-image-anim-magnetic tmb-bordered  grid-cat-22 tmb-id-11222 tmb-content-under tmb-media-first\" ><div class=\"t-inside style-Hablamos-blue3-bg animate_when_almost_visible top-t-bottom\" data-cursor=\"icon-accent\"><div class=\"t-entry-visual\"><div class=\"t-entry-visual-tc\"><div class=\"t-entry-visual-cont\"><div class=\"dummy\" style=\"padding-top: 100%;\"><\/div><a role=\"button\" tabindex=\"-1\" href=\"https:\/\/www.escuela-hablamos.com\/fr\/episodio-3-hablamos-de-la-primavera-y-del-dia-de-la-mujer\/\" class=\"pushed\" aria-label=\"Episodio 3. Hablamos de la primavera y del D\u00eda de la Mujer\"  target=\"_self\" data-lb-index=\"51\"><div class=\"t-entry-visual-overlay\"><div class=\"t-entry-visual-overlay-in style-dark-bg\" style=\"opacity: 0.01;\"><\/div><\/div><img decoding=\"async\" class=\"wp-image-11223\" src=\"https:\/\/www.escuela-hablamos.com\/wp-content\/uploads\/2025\/03\/pod3.jpg\" width=\"900\" height=\"900\" alt=\"Episodio 3. Hablamos de la primavera y del D\u00eda de la Mujer\" srcset=\"https:\/\/www.escuela-hablamos.com\/wp-content\/uploads\/2025\/03\/pod3.jpg 900w, https:\/\/www.escuela-hablamos.com\/wp-content\/uploads\/2025\/03\/pod3-300x300.jpg 300w, https:\/\/www.escuela-hablamos.com\/wp-content\/uploads\/2025\/03\/pod3-150x150.jpg 150w, https:\/\/www.escuela-hablamos.com\/wp-content\/uploads\/2025\/03\/pod3-768x768.jpg 768w, https:\/\/www.escuela-hablamos.com\/wp-content\/uploads\/2025\/03\/pod3-12x12.jpg 12w, https:\/\/www.escuela-hablamos.com\/wp-content\/uploads\/2025\/03\/pod3-350x350.jpg 350w, https:\/\/www.escuela-hablamos.com\/wp-content\/uploads\/2025\/03\/pod3-348x348.jpg 348w, https:\/\/www.escuela-hablamos.com\/wp-content\/uploads\/2025\/03\/pod3-uai-720x720.jpg 720w\" sizes=\"(max-width: 900px) 100vw, 900px\" \/><\/a><\/div>\n\t\t\t\t\t<\/div>\n\t\t\t\t<\/div><div class=\"t-entry-text\">\n\t\t\t\t\t\t\t\t\t<div class=\"t-entry-text-tc half-block-padding\"><div class=\"t-entry\"><h2 class=\"t-entry-title h3 title-scale\"><a href=\"https:\/\/www.escuela-hablamos.com\/fr\/episodio-3-hablamos-de-la-primavera-y-del-dia-de-la-mujer\/\" target=\"_self\">Episodio 3. Hablamos de la primavera y del D\u00eda de la Mujer<\/a><\/h2><div class=\"t-entry-excerpt\"><p>\u00a1Hola! En este episodio de marzo hablamos del comienzo de la primavera y del D\u00eda de la Mujer.\n<\/p><\/div><p class=\"t-entry-readmore btn-container\"><a href=\"https:\/\/www.escuela-hablamos.com\/fr\/episodio-3-hablamos-de-la-primavera-y-del-dia-de-la-mujer\/\" class=\"btn btn-default btn-sm\" target=\"_self\">Lire la suite<\/a><\/p><\/div><\/div>\n\t\t\t\t\t\t\t<\/div><\/div><\/div><div class=\"tmb atc-typography-inherit tmb-iso-w4 tmb-iso-h4 tmb-round img-round-xl tmb-light tmb-overlay-text-anim tmb-overlay-showed tmb-overlay-anim tmb-content-center tmb-content-mobile-center tmb-text-space-reduced tmb-image-color-anim tmb-image-anim-magnetic tmb-bordered  grid-cat-7 grid-cat-8 tmb-id-11112 tmb-content-under tmb-media-first\" ><div class=\"t-inside style-Hablamos-blue3-bg animate_when_almost_visible top-t-bottom\" data-cursor=\"icon-accent\"><div class=\"t-entry-visual\"><div class=\"t-entry-visual-tc\"><div class=\"t-entry-visual-cont\"><div class=\"dummy\" style=\"padding-top: 100%;\"><\/div><a role=\"button\" tabindex=\"-1\" href=\"https:\/\/www.escuela-hablamos.com\/fr\/jueves-gordo-una-tradicion-de-polonia\/\" class=\"pushed\" aria-label=\"\u201cJueves Gordo\u201d una tradici\u00f3n de Polonia\"  target=\"_self\" data-lb-index=\"52\"><div class=\"t-entry-visual-overlay\"><div class=\"t-entry-visual-overlay-in style-dark-bg\" style=\"opacity: 0.01;\"><\/div><\/div><img decoding=\"async\" class=\"wp-image-11113\" src=\"https:\/\/www.escuela-hablamos.com\/wp-content\/uploads\/2025\/03\/donut.jpg\" width=\"800\" height=\"800\" alt=\"\u201cJueves Gordo\u201d una tradici\u00f3n de Polonia\" srcset=\"https:\/\/www.escuela-hablamos.com\/wp-content\/uploads\/2025\/03\/donut.jpg 800w, https:\/\/www.escuela-hablamos.com\/wp-content\/uploads\/2025\/03\/donut-300x300.jpg 300w, https:\/\/www.escuela-hablamos.com\/wp-content\/uploads\/2025\/03\/donut-150x150.jpg 150w, https:\/\/www.escuela-hablamos.com\/wp-content\/uploads\/2025\/03\/donut-768x768.jpg 768w, https:\/\/www.escuela-hablamos.com\/wp-content\/uploads\/2025\/03\/donut-12x12.jpg 12w, https:\/\/www.escuela-hablamos.com\/wp-content\/uploads\/2025\/03\/donut-350x350.jpg 350w, https:\/\/www.escuela-hablamos.com\/wp-content\/uploads\/2025\/03\/donut-348x348.jpg 348w, https:\/\/www.escuela-hablamos.com\/wp-content\/uploads\/2025\/03\/donut-uai-720x720.jpg 720w\" sizes=\"(max-width: 800px) 100vw, 800px\" \/><\/a><\/div>\n\t\t\t\t\t<\/div>\n\t\t\t\t<\/div><div class=\"t-entry-text\">\n\t\t\t\t\t\t\t\t\t<div class=\"t-entry-text-tc half-block-padding\"><div class=\"t-entry\"><h2 class=\"t-entry-title h3 title-scale\"><a href=\"https:\/\/www.escuela-hablamos.com\/fr\/jueves-gordo-una-tradicion-de-polonia\/\" target=\"_self\">\u201cJueves Gordo\u201d una tradici\u00f3n de Polonia<\/a><\/h2><div class=\"t-entry-excerpt\"><p>Como vosotros, que le\u00e9is el blog de Hablamos, hab\u00e9is visto, en nuestra escuela nos encanta que\u2026<\/p><\/div><p class=\"t-entry-readmore btn-container\"><a href=\"https:\/\/www.escuela-hablamos.com\/fr\/jueves-gordo-una-tradicion-de-polonia\/\" class=\"btn btn-default btn-sm\" target=\"_self\">Lire la suite<\/a><\/p><\/div><\/div>\n\t\t\t\t\t\t\t<\/div><\/div><\/div><div class=\"tmb atc-typography-inherit tmb-iso-w4 tmb-iso-h4 tmb-round img-round-xl tmb-light tmb-overlay-text-anim tmb-overlay-showed tmb-overlay-anim tmb-content-center tmb-content-mobile-center tmb-text-space-reduced tmb-image-color-anim tmb-image-anim-magnetic tmb-bordered  grid-cat-5 tmb-id-10950 tmb-content-under tmb-media-first\" ><div class=\"t-inside style-Hablamos-blue3-bg animate_when_almost_visible top-t-bottom\" data-cursor=\"icon-accent\"><div class=\"t-entry-visual\"><div class=\"t-entry-visual-tc\"><div class=\"t-entry-visual-cont\"><div class=\"dummy\" style=\"padding-top: 100%;\"><\/div><a role=\"button\" tabindex=\"-1\" href=\"https:\/\/www.escuela-hablamos.com\/fr\/conectores-y-marcadores-de-discursonivel-a1-a2\/\" class=\"pushed\" aria-label=\"Conectores y marcadores de discurso\"  target=\"_self\" data-lb-index=\"53\"><div class=\"t-entry-visual-overlay\"><div class=\"t-entry-visual-overlay-in style-dark-bg\" style=\"opacity: 0.01;\"><\/div><\/div><img decoding=\"async\" class=\"wp-image-10951\" src=\"https:\/\/www.escuela-hablamos.com\/wp-content\/uploads\/2025\/02\/discurso.jpg\" width=\"900\" height=\"900\" alt=\"Conectores y marcadores de discurso\" srcset=\"https:\/\/www.escuela-hablamos.com\/wp-content\/uploads\/2025\/02\/discurso.jpg 900w, https:\/\/www.escuela-hablamos.com\/wp-content\/uploads\/2025\/02\/discurso-300x300.jpg 300w, https:\/\/www.escuela-hablamos.com\/wp-content\/uploads\/2025\/02\/discurso-150x150.jpg 150w, https:\/\/www.escuela-hablamos.com\/wp-content\/uploads\/2025\/02\/discurso-768x768.jpg 768w, https:\/\/www.escuela-hablamos.com\/wp-content\/uploads\/2025\/02\/discurso-12x12.jpg 12w, https:\/\/www.escuela-hablamos.com\/wp-content\/uploads\/2025\/02\/discurso-350x350.jpg 350w, https:\/\/www.escuela-hablamos.com\/wp-content\/uploads\/2025\/02\/discurso-348x348.jpg 348w, https:\/\/www.escuela-hablamos.com\/wp-content\/uploads\/2025\/02\/discurso-uai-720x720.jpg 720w\" sizes=\"(max-width: 900px) 100vw, 900px\" \/><\/a><\/div>\n\t\t\t\t\t<\/div>\n\t\t\t\t<\/div><div class=\"t-entry-text\">\n\t\t\t\t\t\t\t\t\t<div class=\"t-entry-text-tc half-block-padding\"><div class=\"t-entry\"><h2 class=\"t-entry-title h3 title-scale\"><a href=\"https:\/\/www.escuela-hablamos.com\/fr\/conectores-y-marcadores-de-discursonivel-a1-a2\/\" target=\"_self\">Conectores y marcadores de discurso<br>(Nivel A1-A2)<\/a><\/h2><div class=\"t-entry-excerpt\"><p>Los marcadores del discurso o conectores son palabras que sirven para ordenar y conectar las\u2026<\/p><\/div><p class=\"t-entry-readmore btn-container\"><a href=\"https:\/\/www.escuela-hablamos.com\/fr\/conectores-y-marcadores-de-discursonivel-a1-a2\/\" class=\"btn btn-default btn-sm\" target=\"_self\">Lire la suite<\/a><\/p><\/div><\/div>\n\t\t\t\t\t\t\t<\/div><\/div><\/div><div class=\"tmb atc-typography-inherit tmb-iso-w4 tmb-iso-h4 tmb-round img-round-xl tmb-light tmb-overlay-text-anim tmb-overlay-showed tmb-overlay-anim tmb-content-center tmb-content-mobile-center tmb-text-space-reduced tmb-image-color-anim tmb-image-anim-magnetic tmb-bordered  grid-cat-9 grid-cat-5 grid-cat-8 grid-cat-6 tmb-id-10859 tmb-content-under tmb-media-first\" ><div class=\"t-inside style-Hablamos-blue3-bg animate_when_almost_visible top-t-bottom\" data-cursor=\"icon-accent\"><div class=\"t-entry-visual\"><div class=\"t-entry-visual-tc\"><div class=\"t-entry-visual-cont\"><div class=\"dummy\" style=\"padding-top: 100%;\"><\/div><a role=\"button\" tabindex=\"-1\" href=\"https:\/\/www.escuela-hablamos.com\/fr\/dare-to-be-a-different-kind-of-tourist\/\" class=\"pushed\" aria-label=\"Tourisme \u00e0 Madrid en espagnol\"  target=\"_self\" data-lb-index=\"54\"><div class=\"t-entry-visual-overlay\"><div class=\"t-entry-visual-overlay-in style-dark-bg\" style=\"opacity: 0.01;\"><\/div><\/div><img decoding=\"async\" class=\"wp-image-10027\" src=\"https:\/\/www.escuela-hablamos.com\/wp-content\/uploads\/2025\/01\/turismo.jpg\" width=\"1200\" height=\"1200\" alt=\"Madrid Tourism in Spanish\" srcset=\"https:\/\/www.escuela-hablamos.com\/wp-content\/uploads\/2025\/01\/turismo.jpg 1200w, https:\/\/www.escuela-hablamos.com\/wp-content\/uploads\/2025\/01\/turismo-300x300.jpg 300w, https:\/\/www.escuela-hablamos.com\/wp-content\/uploads\/2025\/01\/turismo-1024x1024.jpg 1024w, https:\/\/www.escuela-hablamos.com\/wp-content\/uploads\/2025\/01\/turismo-150x150.jpg 150w, https:\/\/www.escuela-hablamos.com\/wp-content\/uploads\/2025\/01\/turismo-768x768.jpg 768w, https:\/\/www.escuela-hablamos.com\/wp-content\/uploads\/2025\/01\/turismo-12x12.jpg 12w, https:\/\/www.escuela-hablamos.com\/wp-content\/uploads\/2025\/01\/turismo-350x350.jpg 350w, https:\/\/www.escuela-hablamos.com\/wp-content\/uploads\/2025\/01\/turismo-348x348.jpg 348w, https:\/\/www.escuela-hablamos.com\/wp-content\/uploads\/2025\/01\/turismo-uai-720x720.jpg 720w, https:\/\/www.escuela-hablamos.com\/wp-content\/uploads\/2025\/01\/turismo-uai-1032x1032.jpg 1032w\" sizes=\"(max-width: 1200px) 100vw, 1200px\" \/><\/a><\/div>\n\t\t\t\t\t<\/div>\n\t\t\t\t<\/div><div class=\"t-entry-text\">\n\t\t\t\t\t\t\t\t\t<div class=\"t-entry-text-tc half-block-padding\"><div class=\"t-entry\"><h2 class=\"t-entry-title h3 title-scale\"><a href=\"https:\/\/www.escuela-hablamos.com\/fr\/dare-to-be-a-different-kind-of-tourist\/\" target=\"_self\">Dare to be a different kind of tourist!<\/a><\/h2><div class=\"t-entry-excerpt\"><p>Summer is approaching and with it, free time, sun, the desire to spend time outside... and travel!\u2026<\/p><\/div><p class=\"t-entry-readmore btn-container\"><a href=\"https:\/\/www.escuela-hablamos.com\/fr\/dare-to-be-a-different-kind-of-tourist\/\" class=\"btn btn-default btn-sm\" target=\"_self\">Lire la suite<\/a><\/p><\/div><\/div>\n\t\t\t\t\t\t\t<\/div><\/div><\/div><div class=\"tmb atc-typography-inherit tmb-iso-w4 tmb-iso-h4 tmb-round img-round-xl tmb-light tmb-overlay-text-anim tmb-overlay-showed tmb-overlay-anim tmb-content-center tmb-content-mobile-center tmb-text-space-reduced tmb-image-color-anim tmb-image-anim-magnetic tmb-bordered  grid-cat-22 tmb-id-10725 tmb-content-under tmb-media-first\" ><div class=\"t-inside style-Hablamos-blue3-bg animate_when_almost_visible top-t-bottom\" data-cursor=\"icon-accent\"><div class=\"t-entry-visual\"><div class=\"t-entry-visual-tc\"><div class=\"t-entry-visual-cont\"><div class=\"dummy\" style=\"padding-top: 100%;\"><\/div><a role=\"button\" tabindex=\"-1\" href=\"https:\/\/www.escuela-hablamos.com\/fr\/episodio-2-el-amor-y-los-nuevos-comienzos\/\" class=\"pushed\" aria-label=\"Episodio 2. El amor y los nuevos comienzos\"  target=\"_self\" data-lb-index=\"55\"><div class=\"t-entry-visual-overlay\"><div class=\"t-entry-visual-overlay-in style-dark-bg\" style=\"opacity: 0.01;\"><\/div><\/div><img decoding=\"async\" class=\"wp-image-10727\" src=\"https:\/\/www.escuela-hablamos.com\/wp-content\/uploads\/2025\/02\/p2.jpg\" width=\"900\" height=\"900\" alt=\"Episodio 2. El amor y los nuevos comienzos\" srcset=\"https:\/\/www.escuela-hablamos.com\/wp-content\/uploads\/2025\/02\/p2.jpg 900w, https:\/\/www.escuela-hablamos.com\/wp-content\/uploads\/2025\/02\/p2-300x300.jpg 300w, https:\/\/www.escuela-hablamos.com\/wp-content\/uploads\/2025\/02\/p2-150x150.jpg 150w, https:\/\/www.escuela-hablamos.com\/wp-content\/uploads\/2025\/02\/p2-768x768.jpg 768w, https:\/\/www.escuela-hablamos.com\/wp-content\/uploads\/2025\/02\/p2-12x12.jpg 12w, https:\/\/www.escuela-hablamos.com\/wp-content\/uploads\/2025\/02\/p2-350x350.jpg 350w, https:\/\/www.escuela-hablamos.com\/wp-content\/uploads\/2025\/02\/p2-348x348.jpg 348w, https:\/\/www.escuela-hablamos.com\/wp-content\/uploads\/2025\/02\/p2-uai-720x720.jpg 720w\" sizes=\"(max-width: 900px) 100vw, 900px\" \/><\/a><\/div>\n\t\t\t\t\t<\/div>\n\t\t\t\t<\/div><div class=\"t-entry-text\">\n\t\t\t\t\t\t\t\t\t<div class=\"t-entry-text-tc half-block-padding\"><div class=\"t-entry\"><h2 class=\"t-entry-title h3 title-scale\"><a href=\"https:\/\/www.escuela-hablamos.com\/fr\/episodio-2-el-amor-y-los-nuevos-comienzos\/\" target=\"_self\">Episodio 2. El amor y los nuevos comienzos<\/a><\/h2><div class=\"t-entry-excerpt\"><p>\u00a1Hola! Este episodio de febrero es para el amor y los nuevos comienzos.\n<\/p><\/div><p class=\"t-entry-readmore btn-container\"><a href=\"https:\/\/www.escuela-hablamos.com\/fr\/episodio-2-el-amor-y-los-nuevos-comienzos\/\" class=\"btn btn-default btn-sm\" target=\"_self\">Lire la suite<\/a><\/p><\/div><\/div>\n\t\t\t\t\t\t\t<\/div><\/div><\/div><div class=\"tmb atc-typography-inherit tmb-iso-w4 tmb-iso-h4 tmb-round img-round-xl tmb-light tmb-overlay-text-anim tmb-overlay-showed tmb-overlay-anim tmb-content-center tmb-content-mobile-center tmb-text-space-reduced tmb-image-color-anim tmb-image-anim-magnetic tmb-bordered  grid-cat-7 grid-cat-8 grid-cat-6 tmb-id-10630 tmb-content-under tmb-media-first\" ><div class=\"t-inside style-Hablamos-blue3-bg animate_when_almost_visible top-t-bottom\" data-cursor=\"icon-accent\"><div class=\"t-entry-visual\"><div class=\"t-entry-visual-tc\"><div class=\"t-entry-visual-cont\"><div class=\"dummy\" style=\"padding-top: 100%;\"><\/div><a role=\"button\" tabindex=\"-1\" href=\"https:\/\/www.escuela-hablamos.com\/fr\/espanol-tapas-y-vermut-una-actividad-cultural-diferente\/\" class=\"pushed\" aria-label=\"Espa\u00f1ol, tapas y vermut: una actividad cultural diferente\"  target=\"_self\" data-lb-index=\"56\"><div class=\"t-entry-visual-overlay\"><div class=\"t-entry-visual-overlay-in style-dark-bg\" style=\"opacity: 0.01;\"><\/div><\/div><img decoding=\"async\" class=\"wp-image-10631\" src=\"https:\/\/www.escuela-hablamos.com\/wp-content\/uploads\/2025\/02\/tapas1.jpg\" width=\"1419\" height=\"1419\" alt=\"Espa\u00f1ol, tapas y vermut: una actividad cultural diferente\" srcset=\"https:\/\/www.escuela-hablamos.com\/wp-content\/uploads\/2025\/02\/tapas1.jpg 1419w, https:\/\/www.escuela-hablamos.com\/wp-content\/uploads\/2025\/02\/tapas1-300x300.jpg 300w, https:\/\/www.escuela-hablamos.com\/wp-content\/uploads\/2025\/02\/tapas1-1024x1024.jpg 1024w, https:\/\/www.escuela-hablamos.com\/wp-content\/uploads\/2025\/02\/tapas1-150x150.jpg 150w, https:\/\/www.escuela-hablamos.com\/wp-content\/uploads\/2025\/02\/tapas1-768x768.jpg 768w, https:\/\/www.escuela-hablamos.com\/wp-content\/uploads\/2025\/02\/tapas1-12x12.jpg 12w, https:\/\/www.escuela-hablamos.com\/wp-content\/uploads\/2025\/02\/tapas1-350x350.jpg 350w, https:\/\/www.escuela-hablamos.com\/wp-content\/uploads\/2025\/02\/tapas1-348x348.jpg 348w, https:\/\/www.escuela-hablamos.com\/wp-content\/uploads\/2025\/02\/tapas1-uai-720x720.jpg 720w, https:\/\/www.escuela-hablamos.com\/wp-content\/uploads\/2025\/02\/tapas1-uai-1032x1032.jpg 1032w\" sizes=\"(max-width: 1419px) 100vw, 1419px\" \/><\/a><\/div>\n\t\t\t\t\t<\/div>\n\t\t\t\t<\/div><div class=\"t-entry-text\">\n\t\t\t\t\t\t\t\t\t<div class=\"t-entry-text-tc half-block-padding\"><div class=\"t-entry\"><h2 class=\"t-entry-title h3 title-scale\"><a href=\"https:\/\/www.escuela-hablamos.com\/fr\/espanol-tapas-y-vermut-una-actividad-cultural-diferente\/\" target=\"_self\">Espa\u00f1ol, tapas y vermut: una actividad cultural diferente<\/a><\/h2><div class=\"t-entry-excerpt\"><p>Sabemos que la cultura va m\u00e1s all\u00e1 de los museos, exposiciones y lugares t\u00edpicos de una ciudad. La\u2026<\/p><\/div><p class=\"t-entry-readmore btn-container\"><a href=\"https:\/\/www.escuela-hablamos.com\/fr\/espanol-tapas-y-vermut-una-actividad-cultural-diferente\/\" class=\"btn btn-default btn-sm\" target=\"_self\">Lire la suite<\/a><\/p><\/div><\/div>\n\t\t\t\t\t\t\t<\/div><\/div><\/div><div class=\"tmb atc-typography-inherit tmb-iso-w4 tmb-iso-h4 tmb-round img-round-xl tmb-light tmb-overlay-text-anim tmb-overlay-showed tmb-overlay-anim tmb-content-center tmb-content-mobile-center tmb-text-space-reduced tmb-image-color-anim tmb-image-anim-magnetic tmb-bordered  grid-cat-22 tmb-id-10507 tmb-content-under tmb-media-first\" ><div class=\"t-inside style-Hablamos-blue3-bg animate_when_almost_visible top-t-bottom\" data-cursor=\"icon-accent\"><div class=\"t-entry-visual\"><div class=\"t-entry-visual-tc\"><div class=\"t-entry-visual-cont\"><div class=\"dummy\" style=\"padding-top: 100%;\"><\/div><a role=\"button\" tabindex=\"-1\" href=\"https:\/\/www.escuela-hablamos.com\/fr\/episodio-1-bienvenidos-al-podcast-de-hablamos\/\" class=\"pushed\" aria-label=\"Episodio 1. Bienvenidos al Podcast de Hablamos\"  target=\"_self\" data-lb-index=\"57\"><div class=\"t-entry-visual-overlay\"><div class=\"t-entry-visual-overlay-in style-dark-bg\" style=\"opacity: 0.01;\"><\/div><\/div><img decoding=\"async\" class=\"wp-image-10510\" src=\"https:\/\/www.escuela-hablamos.com\/wp-content\/uploads\/2025\/01\/pod2.jpg\" width=\"900\" height=\"900\" alt=\"Episodio 1. Bienvenidos al Podcast de Hablamos\" srcset=\"https:\/\/www.escuela-hablamos.com\/wp-content\/uploads\/2025\/01\/pod2.jpg 900w, https:\/\/www.escuela-hablamos.com\/wp-content\/uploads\/2025\/01\/pod2-300x300.jpg 300w, https:\/\/www.escuela-hablamos.com\/wp-content\/uploads\/2025\/01\/pod2-150x150.jpg 150w, https:\/\/www.escuela-hablamos.com\/wp-content\/uploads\/2025\/01\/pod2-768x768.jpg 768w, https:\/\/www.escuela-hablamos.com\/wp-content\/uploads\/2025\/01\/pod2-12x12.jpg 12w, https:\/\/www.escuela-hablamos.com\/wp-content\/uploads\/2025\/01\/pod2-350x350.jpg 350w, https:\/\/www.escuela-hablamos.com\/wp-content\/uploads\/2025\/01\/pod2-348x348.jpg 348w, https:\/\/www.escuela-hablamos.com\/wp-content\/uploads\/2025\/01\/pod2-uai-720x720.jpg 720w\" sizes=\"(max-width: 900px) 100vw, 900px\" \/><\/a><\/div>\n\t\t\t\t\t<\/div>\n\t\t\t\t<\/div><div class=\"t-entry-text\">\n\t\t\t\t\t\t\t\t\t<div class=\"t-entry-text-tc half-block-padding\"><div class=\"t-entry\"><h2 class=\"t-entry-title h3 title-scale\"><a href=\"https:\/\/www.escuela-hablamos.com\/fr\/episodio-1-bienvenidos-al-podcast-de-hablamos\/\" target=\"_self\">Episodio 1. Bienvenidos al Podcast de Hablamos<\/a><\/h2><div class=\"t-entry-excerpt\"><p>Di\u00e1logo con Bego\u00f1a\n<\/p><\/div><p class=\"t-entry-readmore btn-container\"><a href=\"https:\/\/www.escuela-hablamos.com\/fr\/episodio-1-bienvenidos-al-podcast-de-hablamos\/\" class=\"btn btn-default btn-sm\" target=\"_self\">Lire la suite<\/a><\/p><\/div><\/div>\n\t\t\t\t\t\t\t<\/div><\/div><\/div><div class=\"tmb atc-typography-inherit tmb-iso-w4 tmb-iso-h4 tmb-round img-round-xl tmb-light tmb-overlay-text-anim tmb-overlay-showed tmb-overlay-anim tmb-content-center tmb-content-mobile-center tmb-text-space-reduced tmb-image-color-anim tmb-image-anim-magnetic tmb-bordered  grid-cat-9 grid-cat-5 tmb-id-10414 tmb-content-under tmb-media-first\" ><div class=\"t-inside style-Hablamos-blue3-bg animate_when_almost_visible top-t-bottom\" data-cursor=\"icon-accent\"><div class=\"t-entry-visual\"><div class=\"t-entry-visual-tc\"><div class=\"t-entry-visual-cont\"><div class=\"dummy\" style=\"padding-top: 100%;\"><\/div><a role=\"button\" tabindex=\"-1\" href=\"https:\/\/www.escuela-hablamos.com\/fr\/los-5-usos-del-se-que-debes-conocer\/\" class=\"pushed\" aria-label=\"Los 5 usos del \u201cSE\u201d que debes conocer\"  target=\"_self\" data-lb-index=\"58\"><div class=\"t-entry-visual-overlay\"><div class=\"t-entry-visual-overlay-in style-dark-bg\" style=\"opacity: 0.01;\"><\/div><\/div><img decoding=\"async\" class=\"wp-image-10415\" src=\"https:\/\/www.escuela-hablamos.com\/wp-content\/uploads\/2025\/01\/usos-se.jpg\" width=\"600\" height=\"600\" alt=\"Los 5 usos del \u201cSE\u201d que debes conocer\" srcset=\"https:\/\/www.escuela-hablamos.com\/wp-content\/uploads\/2025\/01\/usos-se.jpg 600w, https:\/\/www.escuela-hablamos.com\/wp-content\/uploads\/2025\/01\/usos-se-300x300.jpg 300w, https:\/\/www.escuela-hablamos.com\/wp-content\/uploads\/2025\/01\/usos-se-150x150.jpg 150w, https:\/\/www.escuela-hablamos.com\/wp-content\/uploads\/2025\/01\/usos-se-12x12.jpg 12w, https:\/\/www.escuela-hablamos.com\/wp-content\/uploads\/2025\/01\/usos-se-350x350.jpg 350w, https:\/\/www.escuela-hablamos.com\/wp-content\/uploads\/2025\/01\/usos-se-348x348.jpg 348w\" sizes=\"(max-width: 600px) 100vw, 600px\" \/><\/a><\/div>\n\t\t\t\t\t<\/div>\n\t\t\t\t<\/div><div class=\"t-entry-text\">\n\t\t\t\t\t\t\t\t\t<div class=\"t-entry-text-tc half-block-padding\"><div class=\"t-entry\"><h2 class=\"t-entry-title h3 title-scale\"><a href=\"https:\/\/www.escuela-hablamos.com\/fr\/los-5-usos-del-se-que-debes-conocer\/\" target=\"_self\">Los 5 usos del \u201cSE\u201d que debes conocer<\/a><\/h2><div class=\"t-entry-excerpt\"><p>No necesitas mucho tiempo para ver que en espa\u00f1ol la palabra \u201cSE\u201d se usa en muchos contextos\n<\/p><\/div><p class=\"t-entry-readmore btn-container\"><a href=\"https:\/\/www.escuela-hablamos.com\/fr\/los-5-usos-del-se-que-debes-conocer\/\" class=\"btn btn-default btn-sm\" target=\"_self\">Lire la suite<\/a><\/p><\/div><\/div>\n\t\t\t\t\t\t\t<\/div><\/div><\/div><div class=\"tmb atc-typography-inherit tmb-iso-w4 tmb-iso-h4 tmb-round img-round-xl tmb-light tmb-overlay-text-anim tmb-overlay-showed tmb-overlay-anim tmb-content-center tmb-content-mobile-center tmb-text-space-reduced tmb-image-color-anim tmb-image-anim-magnetic tmb-bordered  grid-cat-9 grid-cat-5 tmb-id-10232 tmb-content-under tmb-media-first\" ><div class=\"t-inside style-Hablamos-blue3-bg animate_when_almost_visible top-t-bottom\" data-cursor=\"icon-accent\"><div class=\"t-entry-visual\"><div class=\"t-entry-visual-tc\"><div class=\"t-entry-visual-cont\"><div class=\"dummy\" style=\"padding-top: 100%;\"><\/div><a role=\"button\" tabindex=\"-1\" href=\"https:\/\/www.escuela-hablamos.com\/fr\/dele-siele-or-ccse-a-comprehensive-guide-to-choosing-the-right-spanish-exam\/\" class=\"pushed\" aria-label=\"DELE, SIELE, or CCSE? A Comprehensive Guide to Choosing the Right Spanish Exam\"  target=\"_self\" data-lb-index=\"59\"><div class=\"t-entry-visual-overlay\"><div class=\"t-entry-visual-overlay-in style-dark-bg\" style=\"opacity: 0.01;\"><\/div><\/div><img decoding=\"async\" class=\"wp-image-10233\" src=\"https:\/\/www.escuela-hablamos.com\/wp-content\/uploads\/2025\/01\/think.jpg\" width=\"900\" height=\"900\" alt=\"DELE, SIELE, or CCSE? A Comprehensive Guide to Choosing the Right Spanish Exam\" srcset=\"https:\/\/www.escuela-hablamos.com\/wp-content\/uploads\/2025\/01\/think.jpg 900w, https:\/\/www.escuela-hablamos.com\/wp-content\/uploads\/2025\/01\/think-300x300.jpg 300w, https:\/\/www.escuela-hablamos.com\/wp-content\/uploads\/2025\/01\/think-150x150.jpg 150w, https:\/\/www.escuela-hablamos.com\/wp-content\/uploads\/2025\/01\/think-768x768.jpg 768w, https:\/\/www.escuela-hablamos.com\/wp-content\/uploads\/2025\/01\/think-12x12.jpg 12w, https:\/\/www.escuela-hablamos.com\/wp-content\/uploads\/2025\/01\/think-350x350.jpg 350w, https:\/\/www.escuela-hablamos.com\/wp-content\/uploads\/2025\/01\/think-348x348.jpg 348w, https:\/\/www.escuela-hablamos.com\/wp-content\/uploads\/2025\/01\/think-uai-720x720.jpg 720w\" sizes=\"(max-width: 900px) 100vw, 900px\" \/><\/a><\/div>\n\t\t\t\t\t<\/div>\n\t\t\t\t<\/div><div class=\"t-entry-text\">\n\t\t\t\t\t\t\t\t\t<div class=\"t-entry-text-tc half-block-padding\"><div class=\"t-entry\"><h2 class=\"t-entry-title h3 title-scale\"><a href=\"https:\/\/www.escuela-hablamos.com\/fr\/dele-siele-or-ccse-a-comprehensive-guide-to-choosing-the-right-spanish-exam\/\" target=\"_self\">DELE, SIELE, or CCSE? A Comprehensive Guide to Choosing the Right Spanish Exam<\/a><\/h2><div class=\"t-entry-excerpt\"><p>Deciding on the right Spanish language test can be quite unnerving! With options like DELE and\u2026<\/p><\/div><p class=\"t-entry-readmore btn-container\"><a href=\"https:\/\/www.escuela-hablamos.com\/fr\/dele-siele-or-ccse-a-comprehensive-guide-to-choosing-the-right-spanish-exam\/\" class=\"btn btn-default btn-sm\" target=\"_self\">Lire la suite<\/a><\/p><\/div><\/div>\n\t\t\t\t\t\t\t<\/div><\/div><\/div><div class=\"tmb atc-typography-inherit tmb-iso-w4 tmb-iso-h4 tmb-round img-round-xl tmb-light tmb-overlay-text-anim tmb-overlay-showed tmb-overlay-anim tmb-content-center tmb-content-mobile-center tmb-text-space-reduced tmb-image-color-anim tmb-image-anim-magnetic tmb-bordered  grid-cat-9 grid-cat-7 tmb-id-10125 tmb-content-under tmb-media-first\" ><div class=\"t-inside style-Hablamos-blue3-bg animate_when_almost_visible top-t-bottom\" data-cursor=\"icon-accent\"><div class=\"t-entry-visual\"><div class=\"t-entry-visual-tc\"><div class=\"t-entry-visual-cont\"><div class=\"dummy\" style=\"padding-top: 100%;\"><\/div><a role=\"button\" tabindex=\"-1\" href=\"https:\/\/www.escuela-hablamos.com\/fr\/el-espanol-es-la-pera\/\" class=\"pushed\" aria-label=\"\u00a1El espa\u00f1ol es la pera!\"  target=\"_self\" data-lb-index=\"60\"><div class=\"t-entry-visual-overlay\"><div class=\"t-entry-visual-overlay-in style-dark-bg\" style=\"opacity: 0.01;\"><\/div><\/div><img decoding=\"async\" class=\"wp-image-10127\" src=\"https:\/\/www.escuela-hablamos.com\/wp-content\/uploads\/2025\/01\/pear.jpg\" width=\"900\" height=\"900\" alt=\"\u00a1El espa\u00f1ol es la pera!\" srcset=\"https:\/\/www.escuela-hablamos.com\/wp-content\/uploads\/2025\/01\/pear.jpg 900w, https:\/\/www.escuela-hablamos.com\/wp-content\/uploads\/2025\/01\/pear-300x300.jpg 300w, https:\/\/www.escuela-hablamos.com\/wp-content\/uploads\/2025\/01\/pear-150x150.jpg 150w, https:\/\/www.escuela-hablamos.com\/wp-content\/uploads\/2025\/01\/pear-768x768.jpg 768w, https:\/\/www.escuela-hablamos.com\/wp-content\/uploads\/2025\/01\/pear-12x12.jpg 12w, https:\/\/www.escuela-hablamos.com\/wp-content\/uploads\/2025\/01\/pear-350x350.jpg 350w, https:\/\/www.escuela-hablamos.com\/wp-content\/uploads\/2025\/01\/pear-348x348.jpg 348w, https:\/\/www.escuela-hablamos.com\/wp-content\/uploads\/2025\/01\/pear-uai-720x720.jpg 720w\" sizes=\"(max-width: 900px) 100vw, 900px\" \/><\/a><\/div>\n\t\t\t\t\t<\/div>\n\t\t\t\t<\/div><div class=\"t-entry-text\">\n\t\t\t\t\t\t\t\t\t<div class=\"t-entry-text-tc half-block-padding\"><div class=\"t-entry\"><h2 class=\"t-entry-title h3 title-scale\"><a href=\"https:\/\/www.escuela-hablamos.com\/fr\/el-espanol-es-la-pera\/\" target=\"_self\">\u00a1El espa\u00f1ol es la pera!<\/a><\/h2><div class=\"t-entry-excerpt\"><p>Una de las cosas que m\u00e1s llama la atenci\u00f3n a los estudiantes de la escuela de espa\u00f1ol Hablamos son\u2026<\/p><\/div><p class=\"t-entry-readmore btn-container\"><a href=\"https:\/\/www.escuela-hablamos.com\/fr\/el-espanol-es-la-pera\/\" class=\"btn btn-default btn-sm\" target=\"_self\">Lire la suite<\/a><\/p><\/div><\/div>\n\t\t\t\t\t\t\t<\/div><\/div><\/div><div class=\"tmb atc-typography-inherit tmb-iso-w4 tmb-iso-h4 tmb-round img-round-xl tmb-light tmb-overlay-text-anim tmb-overlay-showed tmb-overlay-anim tmb-content-center tmb-content-mobile-center tmb-text-space-reduced tmb-image-color-anim tmb-image-anim-magnetic tmb-bordered  grid-cat-9 grid-cat-5 tmb-id-9678 tmb-content-under tmb-media-first\" ><div class=\"t-inside style-Hablamos-blue3-bg animate_when_almost_visible top-t-bottom\" data-cursor=\"icon-accent\"><div class=\"t-entry-visual\"><div class=\"t-entry-visual-tc\"><div class=\"t-entry-visual-cont\"><div class=\"dummy\" style=\"padding-top: 100%;\"><\/div><a role=\"button\" tabindex=\"-1\" href=\"https:\/\/www.escuela-hablamos.com\/fr\/i-want-to-study-spanish-but-how\/\" class=\"pushed\" aria-label=\"I want to study Spanish, but how?\"  target=\"_self\" data-lb-index=\"61\"><div class=\"t-entry-visual-overlay\"><div class=\"t-entry-visual-overlay-in style-dark-bg\" style=\"opacity: 0.01;\"><\/div><\/div><img decoding=\"async\" class=\"wp-image-9679\" src=\"https:\/\/www.escuela-hablamos.com\/wp-content\/uploads\/2024\/12\/2025.jpg\" width=\"900\" height=\"900\" alt=\"I want to study Spanish, but how?\" srcset=\"https:\/\/www.escuela-hablamos.com\/wp-content\/uploads\/2024\/12\/2025.jpg 900w, https:\/\/www.escuela-hablamos.com\/wp-content\/uploads\/2024\/12\/2025-300x300.jpg 300w, https:\/\/www.escuela-hablamos.com\/wp-content\/uploads\/2024\/12\/2025-150x150.jpg 150w, https:\/\/www.escuela-hablamos.com\/wp-content\/uploads\/2024\/12\/2025-768x768.jpg 768w, https:\/\/www.escuela-hablamos.com\/wp-content\/uploads\/2024\/12\/2025-12x12.jpg 12w, https:\/\/www.escuela-hablamos.com\/wp-content\/uploads\/2024\/12\/2025-350x350.jpg 350w, https:\/\/www.escuela-hablamos.com\/wp-content\/uploads\/2024\/12\/2025-348x348.jpg 348w, https:\/\/www.escuela-hablamos.com\/wp-content\/uploads\/2024\/12\/2025-uai-720x720.jpg 720w\" sizes=\"(max-width: 900px) 100vw, 900px\" \/><\/a><\/div>\n\t\t\t\t\t<\/div>\n\t\t\t\t<\/div><div class=\"t-entry-text\">\n\t\t\t\t\t\t\t\t\t<div class=\"t-entry-text-tc half-block-padding\"><div class=\"t-entry\"><h2 class=\"t-entry-title h3 title-scale\"><a href=\"https:\/\/www.escuela-hablamos.com\/fr\/i-want-to-study-spanish-but-how\/\" target=\"_self\">I want to study Spanish, but how?<\/a><\/h2><div class=\"t-entry-excerpt\"><p>Have you decided to start studying Spanish? Congratulations! Spanish has more than 600 million\u2026<\/p><\/div><p class=\"t-entry-readmore btn-container\"><a href=\"https:\/\/www.escuela-hablamos.com\/fr\/i-want-to-study-spanish-but-how\/\" class=\"btn btn-default btn-sm\" target=\"_self\">Lire la suite<\/a><\/p><\/div><\/div>\n\t\t\t\t\t\t\t<\/div><\/div><\/div><div class=\"tmb atc-typography-inherit tmb-iso-w4 tmb-iso-h4 tmb-round img-round-xl tmb-light tmb-overlay-text-anim tmb-overlay-showed tmb-overlay-anim tmb-content-center tmb-content-mobile-center tmb-text-space-reduced tmb-image-color-anim tmb-image-anim-magnetic tmb-bordered  grid-cat-9 grid-cat-8 grid-cat-6 tmb-id-9670 tmb-content-under tmb-media-first\" ><div class=\"t-inside style-Hablamos-blue3-bg animate_when_almost_visible top-t-bottom\" data-cursor=\"icon-accent\"><div class=\"t-entry-visual\"><div class=\"t-entry-visual-tc\"><div class=\"t-entry-visual-cont\"><div class=\"dummy\" style=\"padding-top: 100%;\"><\/div><a role=\"button\" tabindex=\"-1\" href=\"https:\/\/www.escuela-hablamos.com\/fr\/una-navidad-con-luces-y-sabores-madrilenos\/\" class=\"pushed\" aria-label=\"Una Navidad con luces y sabores madrile\u00f1os\"  target=\"_self\" data-lb-index=\"62\"><div class=\"t-entry-visual-overlay\"><div class=\"t-entry-visual-overlay-in style-dark-bg\" style=\"opacity: 0.01;\"><\/div><\/div><img decoding=\"async\" class=\"wp-image-9671\" src=\"https:\/\/www.escuela-hablamos.com\/wp-content\/uploads\/2024\/12\/churros-1.jpg\" width=\"1000\" height=\"1000\" alt=\"Una Navidad con luces y sabores madrile\u00f1os\" srcset=\"https:\/\/www.escuela-hablamos.com\/wp-content\/uploads\/2024\/12\/churros-1.jpg 1000w, https:\/\/www.escuela-hablamos.com\/wp-content\/uploads\/2024\/12\/churros-1-300x300.jpg 300w, https:\/\/www.escuela-hablamos.com\/wp-content\/uploads\/2024\/12\/churros-1-150x150.jpg 150w, https:\/\/www.escuela-hablamos.com\/wp-content\/uploads\/2024\/12\/churros-1-768x768.jpg 768w, https:\/\/www.escuela-hablamos.com\/wp-content\/uploads\/2024\/12\/churros-1-12x12.jpg 12w, https:\/\/www.escuela-hablamos.com\/wp-content\/uploads\/2024\/12\/churros-1-350x350.jpg 350w, https:\/\/www.escuela-hablamos.com\/wp-content\/uploads\/2024\/12\/churros-1-348x348.jpg 348w, https:\/\/www.escuela-hablamos.com\/wp-content\/uploads\/2024\/12\/churros-1-uai-720x720.jpg 720w\" sizes=\"(max-width: 1000px) 100vw, 1000px\" \/><\/a><\/div>\n\t\t\t\t\t<\/div>\n\t\t\t\t<\/div><div class=\"t-entry-text\">\n\t\t\t\t\t\t\t\t\t<div class=\"t-entry-text-tc half-block-padding\"><div class=\"t-entry\"><h2 class=\"t-entry-title h3 title-scale\"><a href=\"https:\/\/www.escuela-hablamos.com\/fr\/una-navidad-con-luces-y-sabores-madrilenos\/\" target=\"_self\">Una Navidad con luces y sabores madrile\u00f1os<\/a><\/h2><div class=\"t-entry-excerpt\"><p>Al llegar diciembre, se acerca la Navidad y comienza a sentirse en la ciudad. Pueden verse en las\u2026<\/p><\/div><p class=\"t-entry-readmore btn-container\"><a href=\"https:\/\/www.escuela-hablamos.com\/fr\/una-navidad-con-luces-y-sabores-madrilenos\/\" class=\"btn btn-default btn-sm\" target=\"_self\">Lire la suite<\/a><\/p><\/div><\/div>\n\t\t\t\t\t\t\t<\/div><\/div><\/div><div class=\"tmb atc-typography-inherit tmb-iso-w4 tmb-iso-h4 tmb-round img-round-xl tmb-light tmb-overlay-text-anim tmb-overlay-showed tmb-overlay-anim tmb-content-center tmb-content-mobile-center tmb-text-space-reduced tmb-image-color-anim tmb-image-anim-magnetic tmb-bordered  grid-cat-9 grid-cat-8 tmb-id-9651 tmb-content-under tmb-media-first\" ><div class=\"t-inside style-Hablamos-blue3-bg animate_when_almost_visible top-t-bottom\" data-cursor=\"icon-accent\"><div class=\"t-entry-visual\"><div class=\"t-entry-visual-tc\"><div class=\"t-entry-visual-cont\"><div class=\"dummy\" style=\"padding-top: 100%;\"><\/div><a role=\"button\" tabindex=\"-1\" href=\"https:\/\/www.escuela-hablamos.com\/fr\/se-armo-el-belen-y-otras-decoraciones-navidenas-de-espana\/\" class=\"pushed\" aria-label=\"\u00a1Se arm\u00f3 el Bel\u00e9n! Y otras decoraciones navide\u00f1as de Espa\u00f1a\"  target=\"_self\" data-lb-index=\"63\"><div class=\"t-entry-visual-overlay\"><div class=\"t-entry-visual-overlay-in style-dark-bg\" style=\"opacity: 0.01;\"><\/div><\/div><img decoding=\"async\" class=\"wp-image-9652\" src=\"https:\/\/www.escuela-hablamos.com\/wp-content\/uploads\/2024\/12\/belen.jpg\" width=\"900\" height=\"900\" alt=\"\u00a1Se arm\u00f3 el Bel\u00e9n! Y otras decoraciones navide\u00f1as de Espa\u00f1a\" srcset=\"https:\/\/www.escuela-hablamos.com\/wp-content\/uploads\/2024\/12\/belen.jpg 900w, https:\/\/www.escuela-hablamos.com\/wp-content\/uploads\/2024\/12\/belen-300x300.jpg 300w, https:\/\/www.escuela-hablamos.com\/wp-content\/uploads\/2024\/12\/belen-150x150.jpg 150w, https:\/\/www.escuela-hablamos.com\/wp-content\/uploads\/2024\/12\/belen-768x768.jpg 768w, https:\/\/www.escuela-hablamos.com\/wp-content\/uploads\/2024\/12\/belen-12x12.jpg 12w, https:\/\/www.escuela-hablamos.com\/wp-content\/uploads\/2024\/12\/belen-350x350.jpg 350w, https:\/\/www.escuela-hablamos.com\/wp-content\/uploads\/2024\/12\/belen-348x348.jpg 348w, https:\/\/www.escuela-hablamos.com\/wp-content\/uploads\/2024\/12\/belen-uai-720x720.jpg 720w\" sizes=\"(max-width: 900px) 100vw, 900px\" \/><\/a><\/div>\n\t\t\t\t\t<\/div>\n\t\t\t\t<\/div><div class=\"t-entry-text\">\n\t\t\t\t\t\t\t\t\t<div class=\"t-entry-text-tc half-block-padding\"><div class=\"t-entry\"><h2 class=\"t-entry-title h3 title-scale\"><a href=\"https:\/\/www.escuela-hablamos.com\/fr\/se-armo-el-belen-y-otras-decoraciones-navidenas-de-espana\/\" target=\"_self\">\u00a1Se arm\u00f3 el Bel\u00e9n! Y otras decoraciones navide\u00f1as de Espa\u00f1a<\/a><\/h2><div class=\"t-entry-excerpt\"><p>En las calles de Madrid huele a navidad (Woohoo!) Las luces, las decoraciones florales en las\u2026<\/p><\/div><p class=\"t-entry-readmore btn-container\"><a href=\"https:\/\/www.escuela-hablamos.com\/fr\/se-armo-el-belen-y-otras-decoraciones-navidenas-de-espana\/\" class=\"btn btn-default btn-sm\" target=\"_self\">Lire la suite<\/a><\/p><\/div><\/div>\n\t\t\t\t\t\t\t<\/div><\/div><\/div><div class=\"tmb atc-typography-inherit tmb-iso-w4 tmb-iso-h4 tmb-round img-round-xl tmb-light tmb-overlay-text-anim tmb-overlay-showed tmb-overlay-anim tmb-content-center tmb-content-mobile-center tmb-text-space-reduced tmb-image-color-anim tmb-image-anim-magnetic tmb-bordered  grid-cat-8 grid-cat-6 tmb-id-9530 tmb-content-under tmb-media-first\" ><div class=\"t-inside style-Hablamos-blue3-bg animate_when_almost_visible top-t-bottom\" data-cursor=\"icon-accent\"><div class=\"t-entry-visual\"><div class=\"t-entry-visual-tc\"><div class=\"t-entry-visual-cont\"><div class=\"dummy\" style=\"padding-top: 100%;\"><\/div><a role=\"button\" tabindex=\"-1\" href=\"https:\/\/www.escuela-hablamos.com\/fr\/te-gusta-el-chocolate\/\" class=\"pushed\" aria-label=\"\u00bfTe gusta el chocolate?\"  target=\"_self\" data-lb-index=\"64\"><div class=\"t-entry-visual-overlay\"><div class=\"t-entry-visual-overlay-in style-dark-bg\" style=\"opacity: 0.01;\"><\/div><\/div><img decoding=\"async\" class=\"wp-image-9531\" src=\"https:\/\/www.escuela-hablamos.com\/wp-content\/uploads\/2024\/12\/kai-1.jpg\" width=\"900\" height=\"900\" alt=\"\u00bfTe gusta el chocolate?\" srcset=\"https:\/\/www.escuela-hablamos.com\/wp-content\/uploads\/2024\/12\/kai-1.jpg 900w, https:\/\/www.escuela-hablamos.com\/wp-content\/uploads\/2024\/12\/kai-1-300x300.jpg 300w, https:\/\/www.escuela-hablamos.com\/wp-content\/uploads\/2024\/12\/kai-1-150x150.jpg 150w, https:\/\/www.escuela-hablamos.com\/wp-content\/uploads\/2024\/12\/kai-1-768x768.jpg 768w, https:\/\/www.escuela-hablamos.com\/wp-content\/uploads\/2024\/12\/kai-1-12x12.jpg 12w, https:\/\/www.escuela-hablamos.com\/wp-content\/uploads\/2024\/12\/kai-1-350x350.jpg 350w, https:\/\/www.escuela-hablamos.com\/wp-content\/uploads\/2024\/12\/kai-1-348x348.jpg 348w, https:\/\/www.escuela-hablamos.com\/wp-content\/uploads\/2024\/12\/kai-1-uai-720x720.jpg 720w\" sizes=\"(max-width: 900px) 100vw, 900px\" \/><\/a><\/div>\n\t\t\t\t\t<\/div>\n\t\t\t\t<\/div><div class=\"t-entry-text\">\n\t\t\t\t\t\t\t\t\t<div class=\"t-entry-text-tc half-block-padding\"><div class=\"t-entry\"><h2 class=\"t-entry-title h3 title-scale\"><a href=\"https:\/\/www.escuela-hablamos.com\/fr\/te-gusta-el-chocolate\/\" target=\"_self\">\u00bfTe gusta el chocolate?<\/a><\/h2><div class=\"t-entry-excerpt\"><p>\u00bfTe gusta el chocolate? \u00bfConoces su historia y variedades? \u00bfSabes c\u00f3mo se fabrica?\n<\/p><\/div><p class=\"t-entry-readmore btn-container\"><a href=\"https:\/\/www.escuela-hablamos.com\/fr\/te-gusta-el-chocolate\/\" class=\"btn btn-default btn-sm\" target=\"_self\">Lire la suite<\/a><\/p><\/div><\/div>\n\t\t\t\t\t\t\t<\/div><\/div><\/div><div class=\"tmb atc-typography-inherit tmb-iso-w4 tmb-iso-h4 tmb-round img-round-xl tmb-light tmb-overlay-text-anim tmb-overlay-showed tmb-overlay-anim tmb-content-center tmb-content-mobile-center tmb-text-space-reduced tmb-image-color-anim tmb-image-anim-magnetic tmb-bordered  grid-cat-5 tmb-id-9395 tmb-content-under tmb-media-first\" ><div class=\"t-inside style-Hablamos-blue3-bg animate_when_almost_visible top-t-bottom\" data-cursor=\"icon-accent\"><div class=\"t-entry-visual\"><div class=\"t-entry-visual-tc\"><div class=\"t-entry-visual-cont\"><div class=\"dummy\" style=\"padding-top: 100%;\"><\/div><a role=\"button\" tabindex=\"-1\" href=\"https:\/\/www.escuela-hablamos.com\/fr\/pero-que-es-un-adverbio\/\" class=\"pushed\" aria-label=\"Pero\u2026 \u00bfqu\u00e9 es un Adverbio?\"  target=\"_self\" data-lb-index=\"65\"><div class=\"t-entry-visual-overlay\"><div class=\"t-entry-visual-overlay-in style-dark-bg\" style=\"opacity: 0.01;\"><\/div><\/div><img decoding=\"async\" class=\"wp-image-9396\" src=\"https:\/\/www.escuela-hablamos.com\/wp-content\/uploads\/2024\/12\/adverbio.jpg\" width=\"800\" height=\"800\" alt=\"Pero\u2026 \u00bfqu\u00e9 es un Adverbio?\" srcset=\"https:\/\/www.escuela-hablamos.com\/wp-content\/uploads\/2024\/12\/adverbio.jpg 800w, https:\/\/www.escuela-hablamos.com\/wp-content\/uploads\/2024\/12\/adverbio-300x300.jpg 300w, https:\/\/www.escuela-hablamos.com\/wp-content\/uploads\/2024\/12\/adverbio-150x150.jpg 150w, https:\/\/www.escuela-hablamos.com\/wp-content\/uploads\/2024\/12\/adverbio-768x768.jpg 768w, https:\/\/www.escuela-hablamos.com\/wp-content\/uploads\/2024\/12\/adverbio-12x12.jpg 12w, https:\/\/www.escuela-hablamos.com\/wp-content\/uploads\/2024\/12\/adverbio-350x350.jpg 350w, https:\/\/www.escuela-hablamos.com\/wp-content\/uploads\/2024\/12\/adverbio-348x348.jpg 348w, https:\/\/www.escuela-hablamos.com\/wp-content\/uploads\/2024\/12\/adverbio-uai-720x720.jpg 720w\" sizes=\"(max-width: 800px) 100vw, 800px\" \/><\/a><\/div>\n\t\t\t\t\t<\/div>\n\t\t\t\t<\/div><div class=\"t-entry-text\">\n\t\t\t\t\t\t\t\t\t<div class=\"t-entry-text-tc half-block-padding\"><div class=\"t-entry\"><h2 class=\"t-entry-title h3 title-scale\"><a href=\"https:\/\/www.escuela-hablamos.com\/fr\/pero-que-es-un-adverbio\/\" target=\"_self\">Pero\u2026 \u00bfqu\u00e9 es un Adverbio?<\/a><\/h2><div class=\"t-entry-excerpt\"><p>Las clases de Hablamos est\u00e1n centradas en la comunicaci\u00f3n, pero cuando estudias un idioma\u2026<\/p><\/div><p class=\"t-entry-readmore btn-container\"><a href=\"https:\/\/www.escuela-hablamos.com\/fr\/pero-que-es-un-adverbio\/\" class=\"btn btn-default btn-sm\" target=\"_self\">Lire la suite<\/a><\/p><\/div><\/div>\n\t\t\t\t\t\t\t<\/div><\/div><\/div><div class=\"tmb atc-typography-inherit tmb-iso-w4 tmb-iso-h4 tmb-round img-round-xl tmb-light tmb-overlay-text-anim tmb-overlay-showed tmb-overlay-anim tmb-content-center tmb-content-mobile-center tmb-text-space-reduced tmb-image-color-anim tmb-image-anim-magnetic tmb-bordered  grid-cat-8 grid-cat-6 tmb-id-9283 tmb-content-under tmb-media-first\" ><div class=\"t-inside style-Hablamos-blue3-bg animate_when_almost_visible top-t-bottom\" data-cursor=\"icon-accent\"><div class=\"t-entry-visual\"><div class=\"t-entry-visual-tc\"><div class=\"t-entry-visual-cont\"><div class=\"dummy\" style=\"padding-top: 100%;\"><\/div><a role=\"button\" tabindex=\"-1\" href=\"https:\/\/www.escuela-hablamos.com\/fr\/visita-a-los-origenes-de-madrid\/\" class=\"pushed\" aria-label=\"Visita a los or\u00edgenes de Madrid\"  target=\"_self\" data-lb-index=\"66\"><div class=\"t-entry-visual-overlay\"><div class=\"t-entry-visual-overlay-in style-dark-bg\" style=\"opacity: 0.01;\"><\/div><\/div><img decoding=\"async\" class=\"wp-image-9284\" src=\"https:\/\/www.escuela-hablamos.com\/wp-content\/uploads\/2024\/11\/arabe.jpg\" width=\"800\" height=\"800\" alt=\"Visita a los or\u00edgenes de Madrid\" srcset=\"https:\/\/www.escuela-hablamos.com\/wp-content\/uploads\/2024\/11\/arabe.jpg 800w, https:\/\/www.escuela-hablamos.com\/wp-content\/uploads\/2024\/11\/arabe-300x300.jpg 300w, https:\/\/www.escuela-hablamos.com\/wp-content\/uploads\/2024\/11\/arabe-150x150.jpg 150w, https:\/\/www.escuela-hablamos.com\/wp-content\/uploads\/2024\/11\/arabe-768x768.jpg 768w, https:\/\/www.escuela-hablamos.com\/wp-content\/uploads\/2024\/11\/arabe-12x12.jpg 12w, https:\/\/www.escuela-hablamos.com\/wp-content\/uploads\/2024\/11\/arabe-350x350.jpg 350w, https:\/\/www.escuela-hablamos.com\/wp-content\/uploads\/2024\/11\/arabe-348x348.jpg 348w, https:\/\/www.escuela-hablamos.com\/wp-content\/uploads\/2024\/11\/arabe-uai-720x720.jpg 720w\" sizes=\"(max-width: 800px) 100vw, 800px\" \/><\/a><\/div>\n\t\t\t\t\t<\/div>\n\t\t\t\t<\/div><div class=\"t-entry-text\">\n\t\t\t\t\t\t\t\t\t<div class=\"t-entry-text-tc half-block-padding\"><div class=\"t-entry\"><h2 class=\"t-entry-title h3 title-scale\"><a href=\"https:\/\/www.escuela-hablamos.com\/fr\/visita-a-los-origenes-de-madrid\/\" target=\"_self\">Visita a los or\u00edgenes de Madrid<\/a><\/h2><div class=\"t-entry-excerpt\"><p>\u00bfAlguna vez te has preguntado de d\u00f3nde viene el espa\u00f1ol?\n<\/p><\/div><p class=\"t-entry-readmore btn-container\"><a href=\"https:\/\/www.escuela-hablamos.com\/fr\/visita-a-los-origenes-de-madrid\/\" class=\"btn btn-default btn-sm\" target=\"_self\">Lire la suite<\/a><\/p><\/div><\/div>\n\t\t\t\t\t\t\t<\/div><\/div><\/div><div class=\"tmb atc-typography-inherit tmb-iso-w4 tmb-iso-h4 tmb-round img-round-xl tmb-light tmb-overlay-text-anim tmb-overlay-showed tmb-overlay-anim tmb-content-center tmb-content-mobile-center tmb-text-space-reduced tmb-image-color-anim tmb-image-anim-magnetic tmb-bordered  grid-cat-9 grid-cat-5 tmb-id-9164 tmb-content-under tmb-media-first\" ><div class=\"t-inside style-Hablamos-blue3-bg animate_when_almost_visible top-t-bottom\" data-cursor=\"icon-accent\"><div class=\"t-entry-visual\"><div class=\"t-entry-visual-tc\"><div class=\"t-entry-visual-cont\"><div class=\"dummy\" style=\"padding-top: 100%;\"><\/div><a role=\"button\" tabindex=\"-1\" href=\"https:\/\/www.escuela-hablamos.com\/fr\/pequenito-pero-maton-el-diminutivo-en-espanol\/\" class=\"pushed\" aria-label=\"Peque\u00f1ito pero mat\u00f3n: el diminutivo en espa\u00f1ol\"  target=\"_self\" data-lb-index=\"67\"><div class=\"t-entry-visual-overlay\"><div class=\"t-entry-visual-overlay-in style-dark-bg\" style=\"opacity: 0.01;\"><\/div><\/div><img decoding=\"async\" class=\"wp-image-9165\" src=\"https:\/\/www.escuela-hablamos.com\/wp-content\/uploads\/2024\/11\/diminutos.jpg\" width=\"600\" height=\"600\" alt=\"Peque\u00f1ito pero mat\u00f3n: el diminutivo en espa\u00f1ol\" srcset=\"https:\/\/www.escuela-hablamos.com\/wp-content\/uploads\/2024\/11\/diminutos.jpg 600w, https:\/\/www.escuela-hablamos.com\/wp-content\/uploads\/2024\/11\/diminutos-300x300.jpg 300w, https:\/\/www.escuela-hablamos.com\/wp-content\/uploads\/2024\/11\/diminutos-150x150.jpg 150w, https:\/\/www.escuela-hablamos.com\/wp-content\/uploads\/2024\/11\/diminutos-12x12.jpg 12w, https:\/\/www.escuela-hablamos.com\/wp-content\/uploads\/2024\/11\/diminutos-350x350.jpg 350w, https:\/\/www.escuela-hablamos.com\/wp-content\/uploads\/2024\/11\/diminutos-348x348.jpg 348w\" sizes=\"(max-width: 600px) 100vw, 600px\" \/><\/a><\/div>\n\t\t\t\t\t<\/div>\n\t\t\t\t<\/div><div class=\"t-entry-text\">\n\t\t\t\t\t\t\t\t\t<div class=\"t-entry-text-tc half-block-padding\"><div class=\"t-entry\"><h2 class=\"t-entry-title h3 title-scale\"><a href=\"https:\/\/www.escuela-hablamos.com\/fr\/pequenito-pero-maton-el-diminutivo-en-espanol\/\" target=\"_self\">Peque\u00f1ito pero mat\u00f3n: el diminutivo en espa\u00f1ol<\/a><\/h2><div class=\"t-entry-excerpt\"><p>El otro d\u00eda en la clase de extensivo de A2 los estudiantes aprendieron como hacer los diminutivos\n<\/p><\/div><p class=\"t-entry-readmore btn-container\"><a href=\"https:\/\/www.escuela-hablamos.com\/fr\/pequenito-pero-maton-el-diminutivo-en-espanol\/\" class=\"btn btn-default btn-sm\" target=\"_self\">Lire la suite<\/a><\/p><\/div><\/div>\n\t\t\t\t\t\t\t<\/div><\/div><\/div><div class=\"tmb atc-typography-inherit tmb-iso-w4 tmb-iso-h4 tmb-round img-round-xl tmb-light tmb-overlay-text-anim tmb-overlay-showed tmb-overlay-anim tmb-content-center tmb-content-mobile-center tmb-text-space-reduced tmb-image-color-anim tmb-image-anim-magnetic tmb-bordered  grid-cat-9 grid-cat-5 tmb-id-9057 tmb-content-under tmb-media-first\" ><div class=\"t-inside style-Hablamos-blue3-bg animate_when_almost_visible top-t-bottom\" data-cursor=\"icon-accent\"><div class=\"t-entry-visual\"><div class=\"t-entry-visual-tc\"><div class=\"t-entry-visual-cont\"><div class=\"dummy\" style=\"padding-top: 100%;\"><\/div><a role=\"button\" tabindex=\"-1\" href=\"https:\/\/www.escuela-hablamos.com\/fr\/hablamos-at-the-iii-semana-del-espanol\/\" class=\"pushed\" aria-label=\"Hablamos at the III Semana del Espa\u00f1ol\"  target=\"_self\" data-lb-index=\"68\"><div class=\"t-entry-visual-overlay\"><div class=\"t-entry-visual-overlay-in style-dark-bg\" style=\"opacity: 0.01;\"><\/div><\/div><img decoding=\"async\" class=\"wp-image-9058\" src=\"https:\/\/www.escuela-hablamos.com\/wp-content\/uploads\/2024\/11\/espanol.jpg\" width=\"800\" height=\"800\" alt=\"Hablamos at the III Semana del Espa\u00f1ol\" srcset=\"https:\/\/www.escuela-hablamos.com\/wp-content\/uploads\/2024\/11\/espanol.jpg 800w, https:\/\/www.escuela-hablamos.com\/wp-content\/uploads\/2024\/11\/espanol-300x300.jpg 300w, https:\/\/www.escuela-hablamos.com\/wp-content\/uploads\/2024\/11\/espanol-150x150.jpg 150w, https:\/\/www.escuela-hablamos.com\/wp-content\/uploads\/2024\/11\/espanol-768x768.jpg 768w, https:\/\/www.escuela-hablamos.com\/wp-content\/uploads\/2024\/11\/espanol-12x12.jpg 12w, https:\/\/www.escuela-hablamos.com\/wp-content\/uploads\/2024\/11\/espanol-350x350.jpg 350w, https:\/\/www.escuela-hablamos.com\/wp-content\/uploads\/2024\/11\/espanol-348x348.jpg 348w, https:\/\/www.escuela-hablamos.com\/wp-content\/uploads\/2024\/11\/espanol-uai-720x720.jpg 720w\" sizes=\"(max-width: 800px) 100vw, 800px\" \/><\/a><\/div>\n\t\t\t\t\t<\/div>\n\t\t\t\t<\/div><div class=\"t-entry-text\">\n\t\t\t\t\t\t\t\t\t<div class=\"t-entry-text-tc half-block-padding\"><div class=\"t-entry\"><h2 class=\"t-entry-title h3 title-scale\"><a href=\"https:\/\/www.escuela-hablamos.com\/fr\/hablamos-at-the-iii-semana-del-espanol\/\" target=\"_self\">Hablamos at the III Semana del Espa\u00f1ol<\/a><\/h2><div class=\"t-entry-excerpt\"><p>This October, the director and the academic coordinator of Hablamos attended, in Alicante, the III\u2026<\/p><\/div><p class=\"t-entry-readmore btn-container\"><a href=\"https:\/\/www.escuela-hablamos.com\/fr\/hablamos-at-the-iii-semana-del-espanol\/\" class=\"btn btn-default btn-sm\" target=\"_self\">Lire la suite<\/a><\/p><\/div><\/div>\n\t\t\t\t\t\t\t<\/div><\/div><\/div><div class=\"tmb atc-typography-inherit tmb-iso-w4 tmb-iso-h4 tmb-round img-round-xl tmb-light tmb-overlay-text-anim tmb-overlay-showed tmb-overlay-anim tmb-content-center tmb-content-mobile-center tmb-text-space-reduced tmb-image-color-anim tmb-image-anim-magnetic tmb-bordered  grid-cat-8 grid-cat-6 tmb-id-8938 tmb-content-under tmb-media-first\" ><div class=\"t-inside style-Hablamos-blue3-bg animate_when_almost_visible top-t-bottom\" data-cursor=\"icon-accent\"><div class=\"t-entry-visual\"><div class=\"t-entry-visual-tc\"><div class=\"t-entry-visual-cont\"><div class=\"dummy\" style=\"padding-top: 100%;\"><\/div><a role=\"button\" tabindex=\"-1\" href=\"https:\/\/www.escuela-hablamos.com\/fr\/dia-de-muertos-en-hablamos\/\" class=\"pushed\" target=\"_self\" data-lb-index=\"69\"><div class=\"t-entry-visual-overlay\"><div class=\"t-entry-visual-overlay-in style-dark-bg\" style=\"opacity: 0.01;\"><\/div><\/div><img decoding=\"async\" class=\"wp-image-8939\" src=\"https:\/\/www.escuela-hablamos.com\/wp-content\/uploads\/2024\/11\/hallo1.jpg\" width=\"800\" height=\"800\" alt=\"\" srcset=\"https:\/\/www.escuela-hablamos.com\/wp-content\/uploads\/2024\/11\/hallo1.jpg 800w, https:\/\/www.escuela-hablamos.com\/wp-content\/uploads\/2024\/11\/hallo1-300x300.jpg 300w, https:\/\/www.escuela-hablamos.com\/wp-content\/uploads\/2024\/11\/hallo1-150x150.jpg 150w, https:\/\/www.escuela-hablamos.com\/wp-content\/uploads\/2024\/11\/hallo1-768x768.jpg 768w, https:\/\/www.escuela-hablamos.com\/wp-content\/uploads\/2024\/11\/hallo1-12x12.jpg 12w, https:\/\/www.escuela-hablamos.com\/wp-content\/uploads\/2024\/11\/hallo1-350x350.jpg 350w, https:\/\/www.escuela-hablamos.com\/wp-content\/uploads\/2024\/11\/hallo1-348x348.jpg 348w, https:\/\/www.escuela-hablamos.com\/wp-content\/uploads\/2024\/11\/hallo1-uai-720x720.jpg 720w\" sizes=\"(max-width: 800px) 100vw, 800px\" \/><\/a><\/div>\n\t\t\t\t\t<\/div>\n\t\t\t\t<\/div><div class=\"t-entry-text\">\n\t\t\t\t\t\t\t\t\t<div class=\"t-entry-text-tc half-block-padding\"><div class=\"t-entry\"><h2 class=\"t-entry-title h3 title-scale\"><a href=\"https:\/\/www.escuela-hablamos.com\/fr\/dia-de-muertos-en-hablamos\/\" target=\"_self\">D\u00eda de Muertos en Hablamos<\/a><\/h2><div class=\"t-entry-excerpt\"><p>Octubre es, para muchos, sin\u00f3nimo de Halloween, pero \u00bfy en los pa\u00edses hispanohablantes? \u00a1Ten\u00edamos\u2026<\/p><\/div><p class=\"t-entry-readmore btn-container\"><a href=\"https:\/\/www.escuela-hablamos.com\/fr\/dia-de-muertos-en-hablamos\/\" class=\"btn btn-default btn-sm\" target=\"_self\">Lire la suite<\/a><\/p><\/div><\/div>\n\t\t\t\t\t\t\t<\/div><\/div><\/div><div class=\"tmb atc-typography-inherit tmb-iso-w4 tmb-iso-h4 tmb-round img-round-xl tmb-light tmb-overlay-text-anim tmb-overlay-showed tmb-overlay-anim tmb-content-center tmb-content-mobile-center tmb-text-space-reduced tmb-image-color-anim tmb-image-anim-magnetic tmb-bordered  grid-cat-8 grid-cat-6 tmb-id-8853 tmb-content-under tmb-media-first\" ><div class=\"t-inside style-Hablamos-blue3-bg animate_when_almost_visible top-t-bottom\" data-cursor=\"icon-accent\"><div class=\"t-entry-visual\"><div class=\"t-entry-visual-tc\"><div class=\"t-entry-visual-cont\"><div class=\"dummy\" style=\"padding-top: 100%;\"><\/div><a role=\"button\" tabindex=\"-1\" href=\"https:\/\/www.escuela-hablamos.com\/fr\/casas-encantadas-de-madrid\/\" class=\"pushed\" aria-label=\"Casas encantadas de Madrid\"  target=\"_self\" data-lb-index=\"70\"><div class=\"t-entry-visual-overlay\"><div class=\"t-entry-visual-overlay-in style-dark-bg\" style=\"opacity: 0.01;\"><\/div><\/div><img decoding=\"async\" class=\"wp-image-8854\" src=\"https:\/\/www.escuela-hablamos.com\/wp-content\/uploads\/2024\/10\/encantada.jpg\" width=\"800\" height=\"800\" alt=\"Casas encantadas de Madrid\" srcset=\"https:\/\/www.escuela-hablamos.com\/wp-content\/uploads\/2024\/10\/encantada.jpg 800w, https:\/\/www.escuela-hablamos.com\/wp-content\/uploads\/2024\/10\/encantada-300x300.jpg 300w, https:\/\/www.escuela-hablamos.com\/wp-content\/uploads\/2024\/10\/encantada-150x150.jpg 150w, https:\/\/www.escuela-hablamos.com\/wp-content\/uploads\/2024\/10\/encantada-768x768.jpg 768w, https:\/\/www.escuela-hablamos.com\/wp-content\/uploads\/2024\/10\/encantada-12x12.jpg 12w, https:\/\/www.escuela-hablamos.com\/wp-content\/uploads\/2024\/10\/encantada-350x350.jpg 350w, https:\/\/www.escuela-hablamos.com\/wp-content\/uploads\/2024\/10\/encantada-348x348.jpg 348w, https:\/\/www.escuela-hablamos.com\/wp-content\/uploads\/2024\/10\/encantada-uai-720x720.jpg 720w\" sizes=\"(max-width: 800px) 100vw, 800px\" \/><\/a><\/div>\n\t\t\t\t\t<\/div>\n\t\t\t\t<\/div><div class=\"t-entry-text\">\n\t\t\t\t\t\t\t\t\t<div class=\"t-entry-text-tc half-block-padding\"><div class=\"t-entry\"><h2 class=\"t-entry-title h3 title-scale\"><a href=\"https:\/\/www.escuela-hablamos.com\/fr\/casas-encantadas-de-madrid\/\" target=\"_self\">Casas encantadas de Madrid<\/a><\/h2><div class=\"t-entry-excerpt\"><p>\u00bfNotas eso? Un escalofr\u00edo que sube por la espalda, que te pone los pelos de punta. Sientes que\u2026<\/p><\/div><p class=\"t-entry-readmore btn-container\"><a href=\"https:\/\/www.escuela-hablamos.com\/fr\/casas-encantadas-de-madrid\/\" class=\"btn btn-default btn-sm\" target=\"_self\">Lire la suite<\/a><\/p><\/div><\/div>\n\t\t\t\t\t\t\t<\/div><\/div><\/div><div class=\"tmb atc-typography-inherit tmb-iso-w4 tmb-iso-h4 tmb-round img-round-xl tmb-light tmb-overlay-text-anim tmb-overlay-showed tmb-overlay-anim tmb-content-center tmb-content-mobile-center tmb-text-space-reduced tmb-image-color-anim tmb-image-anim-magnetic tmb-bordered  grid-cat-8 grid-cat-6 tmb-id-8792 tmb-content-under tmb-media-first\" ><div class=\"t-inside style-Hablamos-blue3-bg animate_when_almost_visible top-t-bottom\" data-cursor=\"icon-accent\"><div class=\"t-entry-visual\"><div class=\"t-entry-visual-tc\"><div class=\"t-entry-visual-cont\"><div class=\"dummy\" style=\"padding-top: 100%;\"><\/div><a role=\"button\" tabindex=\"-1\" href=\"https:\/\/www.escuela-hablamos.com\/fr\/una-noche-con-duende\/\" class=\"pushed\" aria-label=\"Una noche con duende\"  target=\"_self\" data-lb-index=\"71\"><div class=\"t-entry-visual-overlay\"><div class=\"t-entry-visual-overlay-in style-dark-bg\" style=\"opacity: 0.01;\"><\/div><\/div><img decoding=\"async\" class=\"wp-image-8793\" src=\"https:\/\/www.escuela-hablamos.com\/wp-content\/uploads\/2024\/10\/fla-1.jpg\" width=\"1000\" height=\"1000\" alt=\"Una noche con duende\" srcset=\"https:\/\/www.escuela-hablamos.com\/wp-content\/uploads\/2024\/10\/fla-1.jpg 1000w, https:\/\/www.escuela-hablamos.com\/wp-content\/uploads\/2024\/10\/fla-1-300x300.jpg 300w, https:\/\/www.escuela-hablamos.com\/wp-content\/uploads\/2024\/10\/fla-1-150x150.jpg 150w, https:\/\/www.escuela-hablamos.com\/wp-content\/uploads\/2024\/10\/fla-1-768x768.jpg 768w, https:\/\/www.escuela-hablamos.com\/wp-content\/uploads\/2024\/10\/fla-1-12x12.jpg 12w, https:\/\/www.escuela-hablamos.com\/wp-content\/uploads\/2024\/10\/fla-1-350x350.jpg 350w, https:\/\/www.escuela-hablamos.com\/wp-content\/uploads\/2024\/10\/fla-1-348x348.jpg 348w, https:\/\/www.escuela-hablamos.com\/wp-content\/uploads\/2024\/10\/fla-1-uai-720x720.jpg 720w\" sizes=\"(max-width: 1000px) 100vw, 1000px\" \/><\/a><\/div>\n\t\t\t\t\t<\/div>\n\t\t\t\t<\/div><div class=\"t-entry-text\">\n\t\t\t\t\t\t\t\t\t<div class=\"t-entry-text-tc half-block-padding\"><div class=\"t-entry\"><h2 class=\"t-entry-title h3 title-scale\"><a href=\"https:\/\/www.escuela-hablamos.com\/fr\/una-noche-con-duende\/\" target=\"_self\">Una noche con duende<\/a><\/h2><div class=\"t-entry-excerpt\"><p>En Hablamos nos encanta presumir de nuestras actividades culturales. \u00a1Y es l\u00f3gico! Cada viernes los\u2026<\/p><\/div><p class=\"t-entry-readmore btn-container\"><a href=\"https:\/\/www.escuela-hablamos.com\/fr\/una-noche-con-duende\/\" class=\"btn btn-default btn-sm\" target=\"_self\">Lire la suite<\/a><\/p><\/div><\/div>\n\t\t\t\t\t\t\t<\/div><\/div><\/div><div class=\"tmb atc-typography-inherit tmb-iso-w4 tmb-iso-h4 tmb-round img-round-xl tmb-light tmb-overlay-text-anim tmb-overlay-showed tmb-overlay-anim tmb-content-center tmb-content-mobile-center tmb-text-space-reduced tmb-image-color-anim tmb-image-anim-magnetic tmb-bordered  grid-cat-9 grid-cat-5 tmb-id-8668 tmb-content-under tmb-media-first\" ><div class=\"t-inside style-Hablamos-blue3-bg animate_when_almost_visible top-t-bottom\" data-cursor=\"icon-accent\"><div class=\"t-entry-visual\"><div class=\"t-entry-visual-tc\"><div class=\"t-entry-visual-cont\"><div class=\"dummy\" style=\"padding-top: 100%;\"><\/div><a role=\"button\" tabindex=\"-1\" href=\"https:\/\/www.escuela-hablamos.com\/fr\/el-presente-del-indicativo-en-espanol\/\" class=\"pushed\" aria-label=\"El Presente del Indicativo en espa\u00f1ol\"  target=\"_self\" data-lb-index=\"72\"><div class=\"t-entry-visual-overlay\"><div class=\"t-entry-visual-overlay-in style-dark-bg\" style=\"opacity: 0.01;\"><\/div><\/div><img decoding=\"async\" class=\"wp-image-8669\" src=\"https:\/\/www.escuela-hablamos.com\/wp-content\/uploads\/2024\/10\/now.jpg\" width=\"1200\" height=\"1200\" alt=\"El Presente del Indicativo en espa\u00f1ol\" srcset=\"https:\/\/www.escuela-hablamos.com\/wp-content\/uploads\/2024\/10\/now.jpg 1200w, https:\/\/www.escuela-hablamos.com\/wp-content\/uploads\/2024\/10\/now-300x300.jpg 300w, https:\/\/www.escuela-hablamos.com\/wp-content\/uploads\/2024\/10\/now-1024x1024.jpg 1024w, https:\/\/www.escuela-hablamos.com\/wp-content\/uploads\/2024\/10\/now-150x150.jpg 150w, https:\/\/www.escuela-hablamos.com\/wp-content\/uploads\/2024\/10\/now-768x768.jpg 768w, https:\/\/www.escuela-hablamos.com\/wp-content\/uploads\/2024\/10\/now-12x12.jpg 12w, https:\/\/www.escuela-hablamos.com\/wp-content\/uploads\/2024\/10\/now-350x350.jpg 350w, https:\/\/www.escuela-hablamos.com\/wp-content\/uploads\/2024\/10\/now-348x348.jpg 348w, https:\/\/www.escuela-hablamos.com\/wp-content\/uploads\/2024\/10\/now-uai-720x720.jpg 720w, https:\/\/www.escuela-hablamos.com\/wp-content\/uploads\/2024\/10\/now-uai-1032x1032.jpg 1032w\" sizes=\"(max-width: 1200px) 100vw, 1200px\" \/><\/a><\/div>\n\t\t\t\t\t<\/div>\n\t\t\t\t<\/div><div class=\"t-entry-text\">\n\t\t\t\t\t\t\t\t\t<div class=\"t-entry-text-tc half-block-padding\"><div class=\"t-entry\"><h2 class=\"t-entry-title h3 title-scale\"><a href=\"https:\/\/www.escuela-hablamos.com\/fr\/el-presente-del-indicativo-en-espanol\/\" target=\"_self\">El Presente del Indicativo en espa\u00f1ol<\/a><\/h2><div class=\"t-entry-excerpt\"><p>El presente es el tiempo verbal que primero aprendemos en las clases de espa\u00f1ol\n<\/p><\/div><p class=\"t-entry-readmore btn-container\"><a href=\"https:\/\/www.escuela-hablamos.com\/fr\/el-presente-del-indicativo-en-espanol\/\" class=\"btn btn-default btn-sm\" target=\"_self\">Lire la suite<\/a><\/p><\/div><\/div>\n\t\t\t\t\t\t\t<\/div><\/div><\/div><div class=\"tmb atc-typography-inherit tmb-iso-w4 tmb-iso-h4 tmb-round img-round-xl tmb-light tmb-overlay-text-anim tmb-overlay-showed tmb-overlay-anim tmb-content-center tmb-content-mobile-center tmb-text-space-reduced tmb-image-color-anim tmb-image-anim-magnetic tmb-bordered  grid-cat-8 tmb-id-8564 tmb-content-under tmb-media-first\" ><div class=\"t-inside style-Hablamos-blue3-bg animate_when_almost_visible top-t-bottom\" data-cursor=\"icon-accent\"><div class=\"t-entry-visual\"><div class=\"t-entry-visual-tc\"><div class=\"t-entry-visual-cont\"><div class=\"dummy\" style=\"padding-top: 100%;\"><\/div><a role=\"button\" tabindex=\"-1\" href=\"https:\/\/www.escuela-hablamos.com\/fr\/feliz-dia-europeo-de-las-lenguas\/\" class=\"pushed\" aria-label=\"\u00a1Feliz D\u00eda Europeo de las Lenguas!\"  target=\"_self\" data-lb-index=\"73\"><div class=\"t-entry-visual-overlay\"><div class=\"t-entry-visual-overlay-in style-dark-bg\" style=\"opacity: 0.01;\"><\/div><\/div><img decoding=\"async\" class=\"wp-image-8565\" src=\"https:\/\/www.escuela-hablamos.com\/wp-content\/uploads\/2024\/10\/europa-1.jpg\" width=\"1200\" height=\"1200\" alt=\"\u00a1Feliz D\u00eda Europeo de las Lenguas!\" srcset=\"https:\/\/www.escuela-hablamos.com\/wp-content\/uploads\/2024\/10\/europa-1.jpg 1200w, https:\/\/www.escuela-hablamos.com\/wp-content\/uploads\/2024\/10\/europa-1-300x300.jpg 300w, https:\/\/www.escuela-hablamos.com\/wp-content\/uploads\/2024\/10\/europa-1-1024x1024.jpg 1024w, https:\/\/www.escuela-hablamos.com\/wp-content\/uploads\/2024\/10\/europa-1-150x150.jpg 150w, https:\/\/www.escuela-hablamos.com\/wp-content\/uploads\/2024\/10\/europa-1-768x768.jpg 768w, https:\/\/www.escuela-hablamos.com\/wp-content\/uploads\/2024\/10\/europa-1-12x12.jpg 12w, https:\/\/www.escuela-hablamos.com\/wp-content\/uploads\/2024\/10\/europa-1-350x350.jpg 350w, https:\/\/www.escuela-hablamos.com\/wp-content\/uploads\/2024\/10\/europa-1-348x348.jpg 348w, https:\/\/www.escuela-hablamos.com\/wp-content\/uploads\/2024\/10\/europa-1-uai-720x720.jpg 720w, https:\/\/www.escuela-hablamos.com\/wp-content\/uploads\/2024\/10\/europa-1-uai-1032x1032.jpg 1032w\" sizes=\"(max-width: 1200px) 100vw, 1200px\" \/><\/a><\/div>\n\t\t\t\t\t<\/div>\n\t\t\t\t<\/div><div class=\"t-entry-text\">\n\t\t\t\t\t\t\t\t\t<div class=\"t-entry-text-tc half-block-padding\"><div class=\"t-entry\"><h2 class=\"t-entry-title h3 title-scale\"><a href=\"https:\/\/www.escuela-hablamos.com\/fr\/feliz-dia-europeo-de-las-lenguas\/\" target=\"_self\">\u00a1Feliz D\u00eda Europeo de las Lenguas!<\/a><\/h2><div class=\"t-entry-excerpt\"><p>El 26 de septiembre celebramos el D\u00eda Europeo de las Lenguas. En esta fiesta, el Consejo de Europa\u2026<\/p><\/div><p class=\"t-entry-readmore btn-container\"><a href=\"https:\/\/www.escuela-hablamos.com\/fr\/feliz-dia-europeo-de-las-lenguas\/\" class=\"btn btn-default btn-sm\" target=\"_self\">Lire la suite<\/a><\/p><\/div><\/div>\n\t\t\t\t\t\t\t<\/div><\/div><\/div><div class=\"tmb atc-typography-inherit tmb-iso-w4 tmb-iso-h4 tmb-round img-round-xl tmb-light tmb-overlay-text-anim tmb-overlay-showed tmb-overlay-anim tmb-content-center tmb-content-mobile-center tmb-text-space-reduced tmb-image-color-anim tmb-image-anim-magnetic tmb-bordered  grid-cat-9 grid-cat-5 tmb-id-8445 tmb-content-under tmb-media-first\" ><div class=\"t-inside style-Hablamos-blue3-bg animate_when_almost_visible top-t-bottom\" data-cursor=\"icon-accent\"><div class=\"t-entry-visual\"><div class=\"t-entry-visual-tc\"><div class=\"t-entry-visual-cont\"><div class=\"dummy\" style=\"padding-top: 100%;\"><\/div><a role=\"button\" tabindex=\"-1\" href=\"https:\/\/www.escuela-hablamos.com\/fr\/por-o-para\/\" class=\"pushed\" aria-label=\"\u00bfPor o para?\"  target=\"_self\" data-lb-index=\"74\"><div class=\"t-entry-visual-overlay\"><div class=\"t-entry-visual-overlay-in style-dark-bg\" style=\"opacity: 0.01;\"><\/div><\/div><img decoding=\"async\" class=\"wp-image-8446\" src=\"https:\/\/www.escuela-hablamos.com\/wp-content\/uploads\/2024\/10\/por-para.jpg\" width=\"600\" height=\"600\" alt=\"\u00bfPor o para?\" srcset=\"https:\/\/www.escuela-hablamos.com\/wp-content\/uploads\/2024\/10\/por-para.jpg 600w, https:\/\/www.escuela-hablamos.com\/wp-content\/uploads\/2024\/10\/por-para-300x300.jpg 300w, https:\/\/www.escuela-hablamos.com\/wp-content\/uploads\/2024\/10\/por-para-150x150.jpg 150w, https:\/\/www.escuela-hablamos.com\/wp-content\/uploads\/2024\/10\/por-para-12x12.jpg 12w, https:\/\/www.escuela-hablamos.com\/wp-content\/uploads\/2024\/10\/por-para-350x350.jpg 350w, https:\/\/www.escuela-hablamos.com\/wp-content\/uploads\/2024\/10\/por-para-348x348.jpg 348w\" sizes=\"(max-width: 600px) 100vw, 600px\" \/><\/a><\/div>\n\t\t\t\t\t<\/div>\n\t\t\t\t<\/div><div class=\"t-entry-text\">\n\t\t\t\t\t\t\t\t\t<div class=\"t-entry-text-tc half-block-padding\"><div class=\"t-entry\"><h2 class=\"t-entry-title h3 title-scale\"><a href=\"https:\/\/www.escuela-hablamos.com\/fr\/por-o-para\/\" target=\"_self\">\u00bfPor o para?<\/a><\/h2><div class=\"t-entry-excerpt\"><p>\u201cProfe, no entiendo\u2026 \u00bfcu\u00e1ndo escribo por? \u00bfcu\u00e1ndo escribo para?\u201d A que a ti tambi\u00e9n te ha pasado\u2026<\/p><\/div><p class=\"t-entry-readmore btn-container\"><a href=\"https:\/\/www.escuela-hablamos.com\/fr\/por-o-para\/\" class=\"btn btn-default btn-sm\" target=\"_self\">Lire la suite<\/a><\/p><\/div><\/div>\n\t\t\t\t\t\t\t<\/div><\/div><\/div><div class=\"tmb atc-typography-inherit tmb-iso-w4 tmb-iso-h4 tmb-round img-round-xl tmb-light tmb-overlay-text-anim tmb-overlay-showed tmb-overlay-anim tmb-content-center tmb-content-mobile-center tmb-text-space-reduced tmb-image-color-anim tmb-image-anim-magnetic tmb-bordered  grid-cat-8 tmb-id-8318 tmb-content-under tmb-media-first\" ><div class=\"t-inside style-Hablamos-blue3-bg animate_when_almost_visible top-t-bottom\" data-cursor=\"icon-accent\"><div class=\"t-entry-visual\"><div class=\"t-entry-visual-tc\"><div class=\"t-entry-visual-cont\"><div class=\"dummy\" style=\"padding-top: 100%;\"><\/div><a role=\"button\" tabindex=\"-1\" href=\"https:\/\/www.escuela-hablamos.com\/fr\/chuseok-una-fiesta-de-corea\/\" class=\"pushed\" aria-label=\"Chuseok, una fiesta de Corea\"  target=\"_self\" data-lb-index=\"75\"><div class=\"t-entry-visual-overlay\"><div class=\"t-entry-visual-overlay-in style-dark-bg\" style=\"opacity: 0.01;\"><\/div><\/div><img decoding=\"async\" class=\"wp-image-8331\" src=\"https:\/\/www.escuela-hablamos.com\/wp-content\/uploads\/2024\/09\/corea.jpg\" width=\"1100\" height=\"1100\" alt=\"Chuseok, una fiesta de Corea\" srcset=\"https:\/\/www.escuela-hablamos.com\/wp-content\/uploads\/2024\/09\/corea.jpg 1100w, https:\/\/www.escuela-hablamos.com\/wp-content\/uploads\/2024\/09\/corea-300x300.jpg 300w, https:\/\/www.escuela-hablamos.com\/wp-content\/uploads\/2024\/09\/corea-1024x1024.jpg 1024w, https:\/\/www.escuela-hablamos.com\/wp-content\/uploads\/2024\/09\/corea-150x150.jpg 150w, https:\/\/www.escuela-hablamos.com\/wp-content\/uploads\/2024\/09\/corea-768x768.jpg 768w, https:\/\/www.escuela-hablamos.com\/wp-content\/uploads\/2024\/09\/corea-12x12.jpg 12w, https:\/\/www.escuela-hablamos.com\/wp-content\/uploads\/2024\/09\/corea-350x350.jpg 350w, https:\/\/www.escuela-hablamos.com\/wp-content\/uploads\/2024\/09\/corea-348x348.jpg 348w, https:\/\/www.escuela-hablamos.com\/wp-content\/uploads\/2024\/09\/corea-uai-720x720.jpg 720w, https:\/\/www.escuela-hablamos.com\/wp-content\/uploads\/2024\/09\/corea-uai-1032x1032.jpg 1032w\" sizes=\"(max-width: 1100px) 100vw, 1100px\" \/><\/a><\/div>\n\t\t\t\t\t<\/div>\n\t\t\t\t<\/div><div class=\"t-entry-text\">\n\t\t\t\t\t\t\t\t\t<div class=\"t-entry-text-tc half-block-padding\"><div class=\"t-entry\"><h2 class=\"t-entry-title h3 title-scale\"><a href=\"https:\/\/www.escuela-hablamos.com\/fr\/chuseok-una-fiesta-de-corea\/\" target=\"_self\">Chuseok, una fiesta de Corea<\/a><\/h2><div class=\"t-entry-excerpt\"><p>En Hablamos nos encanta que nuestros estudiantes compartan su propia cultura con el resto de las\u2026<\/p><\/div><p class=\"t-entry-readmore btn-container\"><a href=\"https:\/\/www.escuela-hablamos.com\/fr\/chuseok-una-fiesta-de-corea\/\" class=\"btn btn-default btn-sm\" target=\"_self\">Lire la suite<\/a><\/p><\/div><\/div>\n\t\t\t\t\t\t\t<\/div><\/div><\/div><div class=\"tmb atc-typography-inherit tmb-iso-w4 tmb-iso-h4 tmb-round img-round-xl tmb-light tmb-overlay-text-anim tmb-overlay-showed tmb-overlay-anim tmb-content-center tmb-content-mobile-center tmb-text-space-reduced tmb-image-color-anim tmb-image-anim-magnetic tmb-bordered  grid-cat-8 grid-cat-6 tmb-id-8238 tmb-content-under tmb-media-first\" ><div class=\"t-inside style-Hablamos-blue3-bg animate_when_almost_visible top-t-bottom\" data-cursor=\"icon-accent\"><div class=\"t-entry-visual\"><div class=\"t-entry-visual-tc\"><div class=\"t-entry-visual-cont\"><div class=\"dummy\" style=\"padding-top: 100%;\"><\/div><a role=\"button\" tabindex=\"-1\" href=\"https:\/\/www.escuela-hablamos.com\/fr\/hablamos-en-el-museo-sorolla\/\" class=\"pushed\" aria-label=\"Hablamos en el Museo Sorolla\"  target=\"_self\" data-lb-index=\"76\"><div class=\"t-entry-visual-overlay\"><div class=\"t-entry-visual-overlay-in style-dark-bg\" style=\"opacity: 0.01;\"><\/div><\/div><img decoding=\"async\" class=\"wp-image-8239\" src=\"https:\/\/www.escuela-hablamos.com\/wp-content\/uploads\/2024\/09\/sorolla-1.jpg\" width=\"900\" height=\"900\" alt=\"Hablamos en el Museo Sorolla\" srcset=\"https:\/\/www.escuela-hablamos.com\/wp-content\/uploads\/2024\/09\/sorolla-1.jpg 900w, https:\/\/www.escuela-hablamos.com\/wp-content\/uploads\/2024\/09\/sorolla-1-300x300.jpg 300w, https:\/\/www.escuela-hablamos.com\/wp-content\/uploads\/2024\/09\/sorolla-1-150x150.jpg 150w, https:\/\/www.escuela-hablamos.com\/wp-content\/uploads\/2024\/09\/sorolla-1-768x768.jpg 768w, https:\/\/www.escuela-hablamos.com\/wp-content\/uploads\/2024\/09\/sorolla-1-12x12.jpg 12w, https:\/\/www.escuela-hablamos.com\/wp-content\/uploads\/2024\/09\/sorolla-1-350x350.jpg 350w, https:\/\/www.escuela-hablamos.com\/wp-content\/uploads\/2024\/09\/sorolla-1-348x348.jpg 348w, https:\/\/www.escuela-hablamos.com\/wp-content\/uploads\/2024\/09\/sorolla-1-uai-720x720.jpg 720w\" sizes=\"(max-width: 900px) 100vw, 900px\" \/><\/a><\/div>\n\t\t\t\t\t<\/div>\n\t\t\t\t<\/div><div class=\"t-entry-text\">\n\t\t\t\t\t\t\t\t\t<div class=\"t-entry-text-tc half-block-padding\"><div class=\"t-entry\"><h2 class=\"t-entry-title h3 title-scale\"><a href=\"https:\/\/www.escuela-hablamos.com\/fr\/hablamos-en-el-museo-sorolla\/\" target=\"_self\">Hablamos en el Museo Sorolla<\/a><\/h2><div class=\"t-entry-excerpt\"><p>El viernes pasado los estudiantes de Hablamos visitaron el museo Sorolla. Como en otras ocasiones,\u2026<\/p><\/div><p class=\"t-entry-readmore btn-container\"><a href=\"https:\/\/www.escuela-hablamos.com\/fr\/hablamos-en-el-museo-sorolla\/\" class=\"btn btn-default btn-sm\" target=\"_self\">Lire la suite<\/a><\/p><\/div><\/div>\n\t\t\t\t\t\t\t<\/div><\/div><\/div><div class=\"tmb atc-typography-inherit tmb-iso-w4 tmb-iso-h4 tmb-round img-round-xl tmb-light tmb-overlay-text-anim tmb-overlay-showed tmb-overlay-anim tmb-content-center tmb-content-mobile-center tmb-text-space-reduced tmb-image-color-anim tmb-image-anim-magnetic tmb-bordered  grid-cat-8 grid-cat-6 tmb-id-8142 tmb-content-under tmb-media-first\" ><div class=\"t-inside style-Hablamos-blue3-bg animate_when_almost_visible top-t-bottom\" data-cursor=\"icon-accent\"><div class=\"t-entry-visual\"><div class=\"t-entry-visual-tc\"><div class=\"t-entry-visual-cont\"><div class=\"dummy\" style=\"padding-top: 100%;\"><\/div><a role=\"button\" tabindex=\"-1\" href=\"https:\/\/www.escuela-hablamos.com\/fr\/10-curiosidades-que-quiza-no-conozcas-de-madrid\/\" class=\"pushed\" aria-label=\"10 curiosidades que quiz\u00e1 no conozcas de Madrid\"  target=\"_self\" data-lb-index=\"77\"><div class=\"t-entry-visual-overlay\"><div class=\"t-entry-visual-overlay-in style-dark-bg\" style=\"opacity: 0.01;\"><\/div><\/div><img decoding=\"async\" class=\"wp-image-8143\" src=\"https:\/\/www.escuela-hablamos.com\/wp-content\/uploads\/2024\/09\/rastro.jpg\" width=\"900\" height=\"900\" alt=\"10 curiosidades que quiz\u00e1 no conozcas de Madrid\" srcset=\"https:\/\/www.escuela-hablamos.com\/wp-content\/uploads\/2024\/09\/rastro.jpg 900w, https:\/\/www.escuela-hablamos.com\/wp-content\/uploads\/2024\/09\/rastro-300x300.jpg 300w, https:\/\/www.escuela-hablamos.com\/wp-content\/uploads\/2024\/09\/rastro-150x150.jpg 150w, https:\/\/www.escuela-hablamos.com\/wp-content\/uploads\/2024\/09\/rastro-768x768.jpg 768w, https:\/\/www.escuela-hablamos.com\/wp-content\/uploads\/2024\/09\/rastro-12x12.jpg 12w, https:\/\/www.escuela-hablamos.com\/wp-content\/uploads\/2024\/09\/rastro-350x350.jpg 350w, https:\/\/www.escuela-hablamos.com\/wp-content\/uploads\/2024\/09\/rastro-348x348.jpg 348w, https:\/\/www.escuela-hablamos.com\/wp-content\/uploads\/2024\/09\/rastro-uai-720x720.jpg 720w\" sizes=\"(max-width: 900px) 100vw, 900px\" \/><\/a><\/div>\n\t\t\t\t\t<\/div>\n\t\t\t\t<\/div><div class=\"t-entry-text\">\n\t\t\t\t\t\t\t\t\t<div class=\"t-entry-text-tc half-block-padding\"><div class=\"t-entry\"><h2 class=\"t-entry-title h3 title-scale\"><a href=\"https:\/\/www.escuela-hablamos.com\/fr\/10-curiosidades-que-quiza-no-conozcas-de-madrid\/\" target=\"_self\">10 curiosidades que quiz\u00e1 no conozcas de Madrid<\/a><\/h2><div class=\"t-entry-excerpt\"><p>Madrid, la capital de Espa\u00f1a y tambi\u00e9n un ba\u00fal de los secretos. Seguro que ya conoces el Palacio\u2026<\/p><\/div><p class=\"t-entry-readmore btn-container\"><a href=\"https:\/\/www.escuela-hablamos.com\/fr\/10-curiosidades-que-quiza-no-conozcas-de-madrid\/\" class=\"btn btn-default btn-sm\" target=\"_self\">Lire la suite<\/a><\/p><\/div><\/div>\n\t\t\t\t\t\t\t<\/div><\/div><\/div><div class=\"tmb atc-typography-inherit tmb-iso-w4 tmb-iso-h4 tmb-round img-round-xl tmb-light tmb-overlay-text-anim tmb-overlay-showed tmb-overlay-anim tmb-content-center tmb-content-mobile-center tmb-text-space-reduced tmb-image-color-anim tmb-image-anim-magnetic tmb-bordered  grid-cat-8 grid-cat-6 tmb-id-8052 tmb-content-under tmb-media-first\" ><div class=\"t-inside style-Hablamos-blue3-bg animate_when_almost_visible top-t-bottom\" data-cursor=\"icon-accent\"><div class=\"t-entry-visual\"><div class=\"t-entry-visual-tc\"><div class=\"t-entry-visual-cont\"><div class=\"dummy\" style=\"padding-top: 100%;\"><\/div><a role=\"button\" tabindex=\"-1\" href=\"https:\/\/www.escuela-hablamos.com\/fr\/el-madrid-de-almodovar\/\" class=\"pushed\" aria-label=\"El Madrid de Almod\u00f3var\"  target=\"_self\" data-lb-index=\"78\"><div class=\"t-entry-visual-overlay\"><div class=\"t-entry-visual-overlay-in style-dark-bg\" style=\"opacity: 0.01;\"><\/div><\/div><img decoding=\"async\" class=\"wp-image-8053\" src=\"https:\/\/www.escuela-hablamos.com\/wp-content\/uploads\/2024\/09\/almo.jpg\" width=\"900\" height=\"900\" alt=\"El Madrid de Almod\u00f3var\" srcset=\"https:\/\/www.escuela-hablamos.com\/wp-content\/uploads\/2024\/09\/almo.jpg 900w, https:\/\/www.escuela-hablamos.com\/wp-content\/uploads\/2024\/09\/almo-300x300.jpg 300w, https:\/\/www.escuela-hablamos.com\/wp-content\/uploads\/2024\/09\/almo-150x150.jpg 150w, https:\/\/www.escuela-hablamos.com\/wp-content\/uploads\/2024\/09\/almo-768x768.jpg 768w, https:\/\/www.escuela-hablamos.com\/wp-content\/uploads\/2024\/09\/almo-12x12.jpg 12w, https:\/\/www.escuela-hablamos.com\/wp-content\/uploads\/2024\/09\/almo-350x350.jpg 350w, https:\/\/www.escuela-hablamos.com\/wp-content\/uploads\/2024\/09\/almo-348x348.jpg 348w, https:\/\/www.escuela-hablamos.com\/wp-content\/uploads\/2024\/09\/almo-uai-720x720.jpg 720w\" sizes=\"(max-width: 900px) 100vw, 900px\" \/><\/a><\/div>\n\t\t\t\t\t<\/div>\n\t\t\t\t<\/div><div class=\"t-entry-text\">\n\t\t\t\t\t\t\t\t\t<div class=\"t-entry-text-tc half-block-padding\"><div class=\"t-entry\"><h2 class=\"t-entry-title h3 title-scale\"><a href=\"https:\/\/www.escuela-hablamos.com\/fr\/el-madrid-de-almodovar\/\" target=\"_self\">El Madrid de Almod\u00f3var<\/a><\/h2><div class=\"t-entry-excerpt\"><p>Ya sabr\u00e1s que Hablamos, nuestra escuela de espa\u00f1ol, se sit\u00faa en pleno centro de Madrid, una ciudad\u2026<\/p><\/div><p class=\"t-entry-readmore btn-container\"><a href=\"https:\/\/www.escuela-hablamos.com\/fr\/el-madrid-de-almodovar\/\" class=\"btn btn-default btn-sm\" target=\"_self\">Lire la suite<\/a><\/p><\/div><\/div>\n\t\t\t\t\t\t\t<\/div><\/div><\/div><div class=\"tmb atc-typography-inherit tmb-iso-w4 tmb-iso-h4 tmb-round img-round-xl tmb-light tmb-overlay-text-anim tmb-overlay-showed tmb-overlay-anim tmb-content-center tmb-content-mobile-center tmb-text-space-reduced tmb-image-color-anim tmb-image-anim-magnetic tmb-bordered  grid-cat-9 grid-cat-5 grid-cat-6 tmb-id-7927 tmb-content-under tmb-media-first\" ><div class=\"t-inside style-Hablamos-blue3-bg animate_when_almost_visible top-t-bottom\" data-cursor=\"icon-accent\"><div class=\"t-entry-visual\"><div class=\"t-entry-visual-tc\"><div class=\"t-entry-visual-cont\"><div class=\"dummy\" style=\"padding-top: 100%;\"><\/div><a role=\"button\" tabindex=\"-1\" href=\"https:\/\/www.escuela-hablamos.com\/fr\/studying-spanish-through-immersion-the-best-option\/\" class=\"pushed\" aria-label=\"Studying Spanish through immersion: the best option?\"  target=\"_self\" data-lb-index=\"79\"><div class=\"t-entry-visual-overlay\"><div class=\"t-entry-visual-overlay-in style-dark-bg\" style=\"opacity: 0.01;\"><\/div><\/div><img decoding=\"async\" class=\"wp-image-7929\" src=\"https:\/\/www.escuela-hablamos.com\/wp-content\/uploads\/2024\/08\/ella.jpg\" width=\"600\" height=\"600\" alt=\"Studying Spanish through immersion: the best option?\" srcset=\"https:\/\/www.escuela-hablamos.com\/wp-content\/uploads\/2024\/08\/ella.jpg 600w, https:\/\/www.escuela-hablamos.com\/wp-content\/uploads\/2024\/08\/ella-300x300.jpg 300w, https:\/\/www.escuela-hablamos.com\/wp-content\/uploads\/2024\/08\/ella-150x150.jpg 150w, https:\/\/www.escuela-hablamos.com\/wp-content\/uploads\/2024\/08\/ella-12x12.jpg 12w, https:\/\/www.escuela-hablamos.com\/wp-content\/uploads\/2024\/08\/ella-350x350.jpg 350w, https:\/\/www.escuela-hablamos.com\/wp-content\/uploads\/2024\/08\/ella-348x348.jpg 348w\" sizes=\"(max-width: 600px) 100vw, 600px\" \/><\/a><\/div>\n\t\t\t\t\t<\/div>\n\t\t\t\t<\/div><div class=\"t-entry-text\">\n\t\t\t\t\t\t\t\t\t<div class=\"t-entry-text-tc half-block-padding\"><div class=\"t-entry\"><h2 class=\"t-entry-title h3 title-scale\"><a href=\"https:\/\/www.escuela-hablamos.com\/fr\/studying-spanish-through-immersion-the-best-option\/\" target=\"_self\">Studying Spanish through immersion: the best option?<\/a><\/h2><div class=\"t-entry-excerpt\"><p>At Hablamos, a Spanish school for foreigners in Madrid, we often get asked this question: Is it\u2026<\/p><\/div><p class=\"t-entry-readmore btn-container\"><a href=\"https:\/\/www.escuela-hablamos.com\/fr\/studying-spanish-through-immersion-the-best-option\/\" class=\"btn btn-default btn-sm\" target=\"_self\">Lire la suite<\/a><\/p><\/div><\/div>\n\t\t\t\t\t\t\t<\/div><\/div><\/div><div class=\"tmb atc-typography-inherit tmb-iso-w4 tmb-iso-h4 tmb-round img-round-xl tmb-light tmb-overlay-text-anim tmb-overlay-showed tmb-overlay-anim tmb-content-center tmb-content-mobile-center tmb-text-space-reduced tmb-image-color-anim tmb-image-anim-magnetic tmb-bordered  grid-cat-7 grid-cat-8 grid-cat-6 tmb-id-7914 tmb-content-under tmb-media-first\" ><div class=\"t-inside style-Hablamos-blue3-bg animate_when_almost_visible top-t-bottom\" data-cursor=\"icon-accent\"><div class=\"t-entry-visual\"><div class=\"t-entry-visual-tc\"><div class=\"t-entry-visual-cont\"><div class=\"dummy\" style=\"padding-top: 75%;\"><\/div><a role=\"button\" tabindex=\"-1\" href=\"https:\/\/www.escuela-hablamos.com\/fr\/fiesta-de-verano-en-hablamos\/\" class=\"pushed\" aria-label=\"\u00a1Fiesta de verano en Hablamos!\"  target=\"_self\" data-lb-index=\"80\"><div class=\"t-entry-visual-overlay\"><div class=\"t-entry-visual-overlay-in style-dark-bg\" style=\"opacity: 0.01;\"><\/div><\/div><img decoding=\"async\" class=\"wp-image-7920\" src=\"https:\/\/www.escuela-hablamos.com\/wp-content\/uploads\/2024\/08\/mk1.jpg\" width=\"640\" height=\"480\" alt=\"\u00a1Fiesta de verano en Hablamos!\" srcset=\"https:\/\/www.escuela-hablamos.com\/wp-content\/uploads\/2024\/08\/mk1.jpg 640w, https:\/\/www.escuela-hablamos.com\/wp-content\/uploads\/2024\/08\/mk1-300x225.jpg 300w, https:\/\/www.escuela-hablamos.com\/wp-content\/uploads\/2024\/08\/mk1-16x12.jpg 16w, https:\/\/www.escuela-hablamos.com\/wp-content\/uploads\/2024\/08\/mk1-350x263.jpg 350w\" sizes=\"(max-width: 640px) 100vw, 640px\" \/><\/a><\/div>\n\t\t\t\t\t<\/div>\n\t\t\t\t<\/div><div class=\"t-entry-text\">\n\t\t\t\t\t\t\t\t\t<div class=\"t-entry-text-tc half-block-padding\"><div class=\"t-entry\"><h2 class=\"t-entry-title h3 title-scale\"><a href=\"https:\/\/www.escuela-hablamos.com\/fr\/fiesta-de-verano-en-hablamos\/\" target=\"_self\">\u00a1Fiesta de verano en Hablamos!<\/a><\/h2><div class=\"t-entry-excerpt\"><p>El curso ha llegado a su fin y los alumnos de la escuela de espa\u00f1ol Hablamos se preparan para sus\u2026<\/p><\/div><p class=\"t-entry-readmore btn-container\"><a href=\"https:\/\/www.escuela-hablamos.com\/fr\/fiesta-de-verano-en-hablamos\/\" class=\"btn btn-default btn-sm\" target=\"_self\">Lire la suite<\/a><\/p><\/div><\/div>\n\t\t\t\t\t\t\t<\/div><\/div><\/div><div class=\"tmb atc-typography-inherit tmb-iso-w4 tmb-iso-h4 tmb-round img-round-xl tmb-light tmb-overlay-text-anim tmb-overlay-showed tmb-overlay-anim tmb-content-center tmb-content-mobile-center tmb-text-space-reduced tmb-image-color-anim tmb-image-anim-magnetic tmb-bordered  grid-cat-9 grid-cat-5 tmb-id-7813 tmb-content-under tmb-media-first\" ><div class=\"t-inside style-Hablamos-blue3-bg animate_when_almost_visible top-t-bottom\" data-cursor=\"icon-accent\"><div class=\"t-entry-visual\"><div class=\"t-entry-visual-tc\"><div class=\"t-entry-visual-cont\"><div class=\"dummy\" style=\"padding-top: 100%;\"><\/div><a role=\"button\" tabindex=\"-1\" href=\"https:\/\/www.escuela-hablamos.com\/fr\/hablamos-en-la-cocina\/\" class=\"pushed\" aria-label=\"Hablamos en la cocina\"  target=\"_self\" data-lb-index=\"81\"><div class=\"t-entry-visual-overlay\"><div class=\"t-entry-visual-overlay-in style-dark-bg\" style=\"opacity: 0.01;\"><\/div><\/div><img decoding=\"async\" class=\"wp-image-7814\" src=\"https:\/\/www.escuela-hablamos.com\/wp-content\/uploads\/2024\/08\/kit1.jpg\" width=\"1204\" height=\"1204\" alt=\"Hablamos en la cocina\" srcset=\"https:\/\/www.escuela-hablamos.com\/wp-content\/uploads\/2024\/08\/kit1.jpg 1204w, https:\/\/www.escuela-hablamos.com\/wp-content\/uploads\/2024\/08\/kit1-300x300.jpg 300w, https:\/\/www.escuela-hablamos.com\/wp-content\/uploads\/2024\/08\/kit1-1024x1024.jpg 1024w, https:\/\/www.escuela-hablamos.com\/wp-content\/uploads\/2024\/08\/kit1-150x150.jpg 150w, https:\/\/www.escuela-hablamos.com\/wp-content\/uploads\/2024\/08\/kit1-768x768.jpg 768w, https:\/\/www.escuela-hablamos.com\/wp-content\/uploads\/2024\/08\/kit1-12x12.jpg 12w, https:\/\/www.escuela-hablamos.com\/wp-content\/uploads\/2024\/08\/kit1-350x350.jpg 350w, https:\/\/www.escuela-hablamos.com\/wp-content\/uploads\/2024\/08\/kit1-348x348.jpg 348w, https:\/\/www.escuela-hablamos.com\/wp-content\/uploads\/2024\/08\/kit1-uai-720x720.jpg 720w, https:\/\/www.escuela-hablamos.com\/wp-content\/uploads\/2024\/08\/kit1-uai-1032x1032.jpg 1032w\" sizes=\"(max-width: 1204px) 100vw, 1204px\" \/><\/a><\/div>\n\t\t\t\t\t<\/div>\n\t\t\t\t<\/div><div class=\"t-entry-text\">\n\t\t\t\t\t\t\t\t\t<div class=\"t-entry-text-tc half-block-padding\"><div class=\"t-entry\"><h2 class=\"t-entry-title h3 title-scale\"><a href=\"https:\/\/www.escuela-hablamos.com\/fr\/hablamos-en-la-cocina\/\" target=\"_self\">Hablamos en la cocina<\/a><\/h2><div class=\"t-entry-excerpt\"><p>Los profes de Hablamos creemos firmemente que aprender un idioma va mucho m\u00e1s all\u00e1 de memorizar\u2026<\/p><\/div><p class=\"t-entry-readmore btn-container\"><a href=\"https:\/\/www.escuela-hablamos.com\/fr\/hablamos-en-la-cocina\/\" class=\"btn btn-default btn-sm\" target=\"_self\">Lire la suite<\/a><\/p><\/div><\/div>\n\t\t\t\t\t\t\t<\/div><\/div><\/div><div class=\"tmb atc-typography-inherit tmb-iso-w4 tmb-iso-h4 tmb-round img-round-xl tmb-light tmb-overlay-text-anim tmb-overlay-showed tmb-overlay-anim tmb-content-center tmb-content-mobile-center tmb-text-space-reduced tmb-image-color-anim tmb-image-anim-magnetic tmb-bordered  grid-cat-9 grid-cat-5 tmb-id-7760 tmb-content-under tmb-media-first\" ><div class=\"t-inside style-Hablamos-blue3-bg animate_when_almost_visible top-t-bottom\" data-cursor=\"icon-accent\"><div class=\"t-entry-visual\"><div class=\"t-entry-visual-tc\"><div class=\"t-entry-visual-cont\"><div class=\"dummy\" style=\"padding-top: 100%;\"><\/div><a role=\"button\" tabindex=\"-1\" href=\"https:\/\/www.escuela-hablamos.com\/fr\/el-uso-del-aunque-en-espanol\/\" class=\"pushed\" target=\"_self\" data-lb-index=\"82\"><div class=\"t-entry-visual-overlay\"><div class=\"t-entry-visual-overlay-in style-dark-bg\" style=\"opacity: 0.01;\"><\/div><\/div><img decoding=\"async\" class=\"wp-image-7761\" src=\"https:\/\/www.escuela-hablamos.com\/wp-content\/uploads\/2024\/08\/aunque.jpg\" width=\"600\" height=\"600\" alt=\"\" srcset=\"https:\/\/www.escuela-hablamos.com\/wp-content\/uploads\/2024\/08\/aunque.jpg 600w, https:\/\/www.escuela-hablamos.com\/wp-content\/uploads\/2024\/08\/aunque-300x300.jpg 300w, https:\/\/www.escuela-hablamos.com\/wp-content\/uploads\/2024\/08\/aunque-150x150.jpg 150w, https:\/\/www.escuela-hablamos.com\/wp-content\/uploads\/2024\/08\/aunque-12x12.jpg 12w, https:\/\/www.escuela-hablamos.com\/wp-content\/uploads\/2024\/08\/aunque-350x350.jpg 350w, https:\/\/www.escuela-hablamos.com\/wp-content\/uploads\/2024\/08\/aunque-348x348.jpg 348w\" sizes=\"(max-width: 600px) 100vw, 600px\" \/><\/a><\/div>\n\t\t\t\t\t<\/div>\n\t\t\t\t<\/div><div class=\"t-entry-text\">\n\t\t\t\t\t\t\t\t\t<div class=\"t-entry-text-tc half-block-padding\"><div class=\"t-entry\"><h2 class=\"t-entry-title h3 title-scale\"><a href=\"https:\/\/www.escuela-hablamos.com\/fr\/el-uso-del-aunque-en-espanol\/\" target=\"_self\">El uso del &#8220;aunque&#8221; en espa\u00f1ol<\/a><\/h2><div class=\"t-entry-excerpt\"><p>En espa\u00f1ol, contamos con una gran variedad de herramientas para expresar matices e ideas. La\u2026<\/p><\/div><p class=\"t-entry-readmore btn-container\"><a href=\"https:\/\/www.escuela-hablamos.com\/fr\/el-uso-del-aunque-en-espanol\/\" class=\"btn btn-default btn-sm\" target=\"_self\">Lire la suite<\/a><\/p><\/div><\/div>\n\t\t\t\t\t\t\t<\/div><\/div><\/div><div class=\"tmb atc-typography-inherit tmb-iso-w4 tmb-iso-h4 tmb-round img-round-xl tmb-light tmb-overlay-text-anim tmb-overlay-showed tmb-overlay-anim tmb-content-center tmb-content-mobile-center tmb-text-space-reduced tmb-image-color-anim tmb-image-anim-magnetic tmb-bordered  grid-cat-8 grid-cat-6 tmb-id-7714 tmb-content-under tmb-media-first\" ><div class=\"t-inside style-Hablamos-blue3-bg animate_when_almost_visible top-t-bottom\" data-cursor=\"icon-accent\"><div class=\"t-entry-visual\"><div class=\"t-entry-visual-tc\"><div class=\"t-entry-visual-cont\"><div class=\"dummy\" style=\"padding-top: 100%;\"><\/div><a role=\"button\" tabindex=\"-1\" href=\"https:\/\/www.escuela-hablamos.com\/fr\/disfruta-del-verano-en-espana-en-la-piscina\/\" class=\"pushed\" aria-label=\"Disfruta del verano en Espa\u00f1a\u2026 \u00a1en la piscina!\"  target=\"_self\" data-lb-index=\"83\"><div class=\"t-entry-visual-overlay\"><div class=\"t-entry-visual-overlay-in style-dark-bg\" style=\"opacity: 0.01;\"><\/div><\/div><img decoding=\"async\" class=\"wp-image-7715\" src=\"https:\/\/www.escuela-hablamos.com\/wp-content\/uploads\/2024\/07\/pool.jpg\" width=\"900\" height=\"900\" alt=\"Disfruta del verano en Espa\u00f1a\u2026 \u00a1en la piscina!\" srcset=\"https:\/\/www.escuela-hablamos.com\/wp-content\/uploads\/2024\/07\/pool.jpg 900w, https:\/\/www.escuela-hablamos.com\/wp-content\/uploads\/2024\/07\/pool-300x300.jpg 300w, https:\/\/www.escuela-hablamos.com\/wp-content\/uploads\/2024\/07\/pool-150x150.jpg 150w, https:\/\/www.escuela-hablamos.com\/wp-content\/uploads\/2024\/07\/pool-768x768.jpg 768w, https:\/\/www.escuela-hablamos.com\/wp-content\/uploads\/2024\/07\/pool-12x12.jpg 12w, https:\/\/www.escuela-hablamos.com\/wp-content\/uploads\/2024\/07\/pool-350x350.jpg 350w, https:\/\/www.escuela-hablamos.com\/wp-content\/uploads\/2024\/07\/pool-348x348.jpg 348w, https:\/\/www.escuela-hablamos.com\/wp-content\/uploads\/2024\/07\/pool-uai-720x720.jpg 720w\" sizes=\"(max-width: 900px) 100vw, 900px\" \/><\/a><\/div>\n\t\t\t\t\t<\/div>\n\t\t\t\t<\/div><div class=\"t-entry-text\">\n\t\t\t\t\t\t\t\t\t<div class=\"t-entry-text-tc half-block-padding\"><div class=\"t-entry\"><h2 class=\"t-entry-title h3 title-scale\"><a href=\"https:\/\/www.escuela-hablamos.com\/fr\/disfruta-del-verano-en-espana-en-la-piscina\/\" target=\"_self\">Disfruta del verano en Espa\u00f1a\u2026 \u00a1en la piscina!<\/a><\/h2><div class=\"t-entry-excerpt\"><p>El verano ha llegado. En Hablamos, nuestros alumnos de los cursos de verano ya han descubierto que\u2026<\/p><\/div><p class=\"t-entry-readmore btn-container\"><a href=\"https:\/\/www.escuela-hablamos.com\/fr\/disfruta-del-verano-en-espana-en-la-piscina\/\" class=\"btn btn-default btn-sm\" target=\"_self\">Lire la suite<\/a><\/p><\/div><\/div>\n\t\t\t\t\t\t\t<\/div><\/div><\/div><div class=\"tmb atc-typography-inherit tmb-iso-w4 tmb-iso-h4 tmb-round img-round-xl tmb-light tmb-overlay-text-anim tmb-overlay-showed tmb-overlay-anim tmb-content-center tmb-content-mobile-center tmb-text-space-reduced tmb-image-color-anim tmb-image-anim-magnetic tmb-bordered  grid-cat-9 grid-cat-5 grid-cat-6 tmb-id-7647 tmb-content-under tmb-media-first\" ><div class=\"t-inside style-Hablamos-blue3-bg animate_when_almost_visible top-t-bottom\" data-cursor=\"icon-accent\"><div class=\"t-entry-visual\"><div class=\"t-entry-visual-tc\"><div class=\"t-entry-visual-cont\"><div class=\"dummy\" style=\"padding-top: 100%;\"><\/div><a role=\"button\" tabindex=\"-1\" href=\"https:\/\/www.escuela-hablamos.com\/fr\/learn-spanish-through-hablamos-intensive-courses\/\" class=\"pushed\" aria-label=\"Learn Spanish through Hablamos Intensive Courses\"  target=\"_self\" data-lb-index=\"84\"><div class=\"t-entry-visual-overlay\"><div class=\"t-entry-visual-overlay-in style-dark-bg\" style=\"opacity: 0.01;\"><\/div><\/div><img decoding=\"async\" class=\"wp-image-7648\" src=\"https:\/\/www.escuela-hablamos.com\/wp-content\/uploads\/2024\/07\/intensivo20.jpg\" width=\"900\" height=\"900\" alt=\"Learn Spanish through Hablamos Intensive Courses\" srcset=\"https:\/\/www.escuela-hablamos.com\/wp-content\/uploads\/2024\/07\/intensivo20.jpg 900w, https:\/\/www.escuela-hablamos.com\/wp-content\/uploads\/2024\/07\/intensivo20-300x300.jpg 300w, https:\/\/www.escuela-hablamos.com\/wp-content\/uploads\/2024\/07\/intensivo20-150x150.jpg 150w, https:\/\/www.escuela-hablamos.com\/wp-content\/uploads\/2024\/07\/intensivo20-768x768.jpg 768w, https:\/\/www.escuela-hablamos.com\/wp-content\/uploads\/2024\/07\/intensivo20-12x12.jpg 12w, https:\/\/www.escuela-hablamos.com\/wp-content\/uploads\/2024\/07\/intensivo20-350x350.jpg 350w, https:\/\/www.escuela-hablamos.com\/wp-content\/uploads\/2024\/07\/intensivo20-348x348.jpg 348w, https:\/\/www.escuela-hablamos.com\/wp-content\/uploads\/2024\/07\/intensivo20-uai-720x720.jpg 720w\" sizes=\"(max-width: 900px) 100vw, 900px\" \/><\/a><\/div>\n\t\t\t\t\t<\/div>\n\t\t\t\t<\/div><div class=\"t-entry-text\">\n\t\t\t\t\t\t\t\t\t<div class=\"t-entry-text-tc half-block-padding\"><div class=\"t-entry\"><h2 class=\"t-entry-title h3 title-scale\"><a href=\"https:\/\/www.escuela-hablamos.com\/fr\/learn-spanish-through-hablamos-intensive-courses\/\" target=\"_self\">Learn Spanish through Hablamos Intensive Courses<\/a><\/h2><div class=\"t-entry-excerpt\"><p>Are you interested in mastering Spanish? Hablamos, the language school for students, offers courses\u2026<\/p><\/div><p class=\"t-entry-readmore btn-container\"><a href=\"https:\/\/www.escuela-hablamos.com\/fr\/learn-spanish-through-hablamos-intensive-courses\/\" class=\"btn btn-default btn-sm\" target=\"_self\">Lire la suite<\/a><\/p><\/div><\/div>\n\t\t\t\t\t\t\t<\/div><\/div><\/div><div class=\"tmb atc-typography-inherit tmb-iso-w4 tmb-iso-h4 tmb-round img-round-xl tmb-light tmb-overlay-text-anim tmb-overlay-showed tmb-overlay-anim tmb-content-center tmb-content-mobile-center tmb-text-space-reduced tmb-image-color-anim tmb-image-anim-magnetic tmb-bordered  grid-cat-7 grid-cat-8 tmb-id-7588 tmb-content-under tmb-media-first\" ><div class=\"t-inside style-Hablamos-blue3-bg animate_when_almost_visible top-t-bottom\" data-cursor=\"icon-accent\"><div class=\"t-entry-visual\"><div class=\"t-entry-visual-tc\"><div class=\"t-entry-visual-cont\"><div class=\"dummy\" style=\"padding-top: 100%;\"><\/div><a role=\"button\" tabindex=\"-1\" href=\"https:\/\/www.escuela-hablamos.com\/fr\/sabores-del-verano-espanol-bebidas-y-tapas-para-disfruta\/\" class=\"pushed\" aria-label=\"Sabores del Verano Espa\u00f1ol: Bebidas y Tapas para Disfruta\"  target=\"_self\" data-lb-index=\"85\"><div class=\"t-entry-visual-overlay\"><div class=\"t-entry-visual-overlay-in style-dark-bg\" style=\"opacity: 0.01;\"><\/div><\/div><img decoding=\"async\" class=\"wp-image-7589\" src=\"https:\/\/www.escuela-hablamos.com\/wp-content\/uploads\/2024\/07\/beer.jpg\" width=\"1000\" height=\"1000\" alt=\"Sabores del Verano Espa\u00f1ol: Bebidas y Tapas para Disfruta\" srcset=\"https:\/\/www.escuela-hablamos.com\/wp-content\/uploads\/2024\/07\/beer.jpg 1000w, https:\/\/www.escuela-hablamos.com\/wp-content\/uploads\/2024\/07\/beer-300x300.jpg 300w, https:\/\/www.escuela-hablamos.com\/wp-content\/uploads\/2024\/07\/beer-150x150.jpg 150w, https:\/\/www.escuela-hablamos.com\/wp-content\/uploads\/2024\/07\/beer-768x768.jpg 768w, https:\/\/www.escuela-hablamos.com\/wp-content\/uploads\/2024\/07\/beer-12x12.jpg 12w, https:\/\/www.escuela-hablamos.com\/wp-content\/uploads\/2024\/07\/beer-350x350.jpg 350w, https:\/\/www.escuela-hablamos.com\/wp-content\/uploads\/2024\/07\/beer-348x348.jpg 348w, https:\/\/www.escuela-hablamos.com\/wp-content\/uploads\/2024\/07\/beer-uai-720x720.jpg 720w\" sizes=\"(max-width: 1000px) 100vw, 1000px\" \/><\/a><\/div>\n\t\t\t\t\t<\/div>\n\t\t\t\t<\/div><div class=\"t-entry-text\">\n\t\t\t\t\t\t\t\t\t<div class=\"t-entry-text-tc half-block-padding\"><div class=\"t-entry\"><h2 class=\"t-entry-title h3 title-scale\"><a href=\"https:\/\/www.escuela-hablamos.com\/fr\/sabores-del-verano-espanol-bebidas-y-tapas-para-disfruta\/\" target=\"_self\">Sabores del Verano Espa\u00f1ol: Bebidas y Tapas para Disfruta<\/a><\/h2><div class=\"t-entry-excerpt\"><p>\u00a1Bienvenidos a Espa\u00f1a, donde el verano es sin\u00f3nimo de sol, diversi\u00f3n y, por supuesto, deliciosas\u2026<\/p><\/div><p class=\"t-entry-readmore btn-container\"><a href=\"https:\/\/www.escuela-hablamos.com\/fr\/sabores-del-verano-espanol-bebidas-y-tapas-para-disfruta\/\" class=\"btn btn-default btn-sm\" target=\"_self\">Lire la suite<\/a><\/p><\/div><\/div>\n\t\t\t\t\t\t\t<\/div><\/div><\/div><div class=\"tmb atc-typography-inherit tmb-iso-w4 tmb-iso-h4 tmb-round img-round-xl tmb-light tmb-overlay-text-anim tmb-overlay-showed tmb-overlay-anim tmb-content-center tmb-content-mobile-center tmb-text-space-reduced tmb-image-color-anim tmb-image-anim-magnetic tmb-bordered  grid-cat-8 tmb-id-7553 tmb-content-under tmb-media-first\" ><div class=\"t-inside style-Hablamos-blue3-bg animate_when_almost_visible top-t-bottom\" data-cursor=\"icon-accent\"><div class=\"t-entry-visual\"><div class=\"t-entry-visual-tc\"><div class=\"t-entry-visual-cont\"><div class=\"dummy\" style=\"padding-top: 100%;\"><\/div><a role=\"button\" tabindex=\"-1\" href=\"https:\/\/www.escuela-hablamos.com\/fr\/fiesta-de-san-fermin-tradicion-y-debate\/\" class=\"pushed\" aria-label=\"Fiesta de San Ferm\u00edn: Tradici\u00f3n y Debate\"  target=\"_self\" data-lb-index=\"86\"><div class=\"t-entry-visual-overlay\"><div class=\"t-entry-visual-overlay-in style-dark-bg\" style=\"opacity: 0.01;\"><\/div><\/div><img decoding=\"async\" class=\"wp-image-7554\" src=\"https:\/\/www.escuela-hablamos.com\/wp-content\/uploads\/2024\/07\/fermin.jpg\" width=\"900\" height=\"900\" alt=\"Fiesta de San Ferm\u00edn: Tradici\u00f3n y Debate\" srcset=\"https:\/\/www.escuela-hablamos.com\/wp-content\/uploads\/2024\/07\/fermin.jpg 900w, https:\/\/www.escuela-hablamos.com\/wp-content\/uploads\/2024\/07\/fermin-300x300.jpg 300w, https:\/\/www.escuela-hablamos.com\/wp-content\/uploads\/2024\/07\/fermin-150x150.jpg 150w, https:\/\/www.escuela-hablamos.com\/wp-content\/uploads\/2024\/07\/fermin-768x768.jpg 768w, https:\/\/www.escuela-hablamos.com\/wp-content\/uploads\/2024\/07\/fermin-12x12.jpg 12w, https:\/\/www.escuela-hablamos.com\/wp-content\/uploads\/2024\/07\/fermin-350x350.jpg 350w, https:\/\/www.escuela-hablamos.com\/wp-content\/uploads\/2024\/07\/fermin-348x348.jpg 348w, https:\/\/www.escuela-hablamos.com\/wp-content\/uploads\/2024\/07\/fermin-uai-720x720.jpg 720w\" sizes=\"(max-width: 900px) 100vw, 900px\" \/><\/a><\/div>\n\t\t\t\t\t<\/div>\n\t\t\t\t<\/div><div class=\"t-entry-text\">\n\t\t\t\t\t\t\t\t\t<div class=\"t-entry-text-tc half-block-padding\"><div class=\"t-entry\"><h2 class=\"t-entry-title h3 title-scale\"><a href=\"https:\/\/www.escuela-hablamos.com\/fr\/fiesta-de-san-fermin-tradicion-y-debate\/\" target=\"_self\">Fiesta de San Ferm\u00edn: Tradici\u00f3n y Debate<\/a><\/h2><div class=\"t-entry-excerpt\"><p>Uno de enero, dos de febrero, tres de marzo, cuatro de abril, cinco de mayo, seis de junio, siete\u2026<\/p><\/div><p class=\"t-entry-readmore btn-container\"><a href=\"https:\/\/www.escuela-hablamos.com\/fr\/fiesta-de-san-fermin-tradicion-y-debate\/\" class=\"btn btn-default btn-sm\" target=\"_self\">Lire la suite<\/a><\/p><\/div><\/div>\n\t\t\t\t\t\t\t<\/div><\/div><\/div><div class=\"tmb atc-typography-inherit tmb-iso-w4 tmb-iso-h4 tmb-round img-round-xl tmb-light tmb-overlay-text-anim tmb-overlay-showed tmb-overlay-anim tmb-content-center tmb-content-mobile-center tmb-text-space-reduced tmb-image-color-anim tmb-image-anim-magnetic tmb-bordered  grid-cat-6 tmb-id-7513 tmb-content-under tmb-media-first\" ><div class=\"t-inside style-Hablamos-blue3-bg animate_when_almost_visible top-t-bottom\" data-cursor=\"icon-accent\"><div class=\"t-entry-visual\"><div class=\"t-entry-visual-tc\"><div class=\"t-entry-visual-cont\"><div class=\"dummy\" style=\"padding-top: 100%;\"><\/div><a role=\"button\" tabindex=\"-1\" href=\"https:\/\/www.escuela-hablamos.com\/fr\/suvenires-de-madrid\/\" class=\"pushed\" aria-label=\"Suvenires de Madrid\"  target=\"_self\" data-lb-index=\"87\"><div class=\"t-entry-visual-overlay\"><div class=\"t-entry-visual-overlay-in style-dark-bg\" style=\"opacity: 0.01;\"><\/div><\/div><img decoding=\"async\" class=\"wp-image-7514\" src=\"https:\/\/www.escuela-hablamos.com\/wp-content\/uploads\/2024\/06\/the-fan.jpg\" width=\"800\" height=\"800\" alt=\"Suvenires de Madrid\" srcset=\"https:\/\/www.escuela-hablamos.com\/wp-content\/uploads\/2024\/06\/the-fan.jpg 800w, https:\/\/www.escuela-hablamos.com\/wp-content\/uploads\/2024\/06\/the-fan-300x300.jpg 300w, https:\/\/www.escuela-hablamos.com\/wp-content\/uploads\/2024\/06\/the-fan-150x150.jpg 150w, https:\/\/www.escuela-hablamos.com\/wp-content\/uploads\/2024\/06\/the-fan-768x768.jpg 768w, https:\/\/www.escuela-hablamos.com\/wp-content\/uploads\/2024\/06\/the-fan-12x12.jpg 12w, https:\/\/www.escuela-hablamos.com\/wp-content\/uploads\/2024\/06\/the-fan-350x350.jpg 350w, https:\/\/www.escuela-hablamos.com\/wp-content\/uploads\/2024\/06\/the-fan-348x348.jpg 348w, https:\/\/www.escuela-hablamos.com\/wp-content\/uploads\/2024\/06\/the-fan-uai-720x720.jpg 720w\" sizes=\"(max-width: 800px) 100vw, 800px\" \/><\/a><\/div>\n\t\t\t\t\t<\/div>\n\t\t\t\t<\/div><div class=\"t-entry-text\">\n\t\t\t\t\t\t\t\t\t<div class=\"t-entry-text-tc half-block-padding\"><div class=\"t-entry\"><h2 class=\"t-entry-title h3 title-scale\"><a href=\"https:\/\/www.escuela-hablamos.com\/fr\/suvenires-de-madrid\/\" target=\"_self\">Suvenires de Madrid<\/a><\/h2><div class=\"t-entry-excerpt\"><p>\u00a1Hola a todos! \u00bfPlaneando las vacaciones de verano? Si es que verano significa viajar y los viajes,\u2026<\/p><\/div><p class=\"t-entry-readmore btn-container\"><a href=\"https:\/\/www.escuela-hablamos.com\/fr\/suvenires-de-madrid\/\" class=\"btn btn-default btn-sm\" target=\"_self\">Lire la suite<\/a><\/p><\/div><\/div>\n\t\t\t\t\t\t\t<\/div><\/div><\/div><div class=\"tmb atc-typography-inherit tmb-iso-w4 tmb-iso-h4 tmb-round img-round-xl tmb-light tmb-overlay-text-anim tmb-overlay-showed tmb-overlay-anim tmb-content-center tmb-content-mobile-center tmb-text-space-reduced tmb-image-color-anim tmb-image-anim-magnetic tmb-bordered  grid-cat-9 grid-cat-5 tmb-id-7494 tmb-content-under tmb-media-first\" ><div class=\"t-inside style-Hablamos-blue3-bg animate_when_almost_visible top-t-bottom\" data-cursor=\"icon-accent\"><div class=\"t-entry-visual\"><div class=\"t-entry-visual-tc\"><div class=\"t-entry-visual-cont\"><div class=\"dummy\" style=\"padding-top: 100%;\"><\/div><a role=\"button\" tabindex=\"-1\" href=\"https:\/\/www.escuela-hablamos.com\/fr\/el-dele-diploma-de-espanol-como-lengua-extranjera\/\" class=\"pushed\" aria-label=\"El DELE: Diploma de Espa\u00f1ol como Lengua Extranjera\"  target=\"_self\" data-lb-index=\"88\"><div class=\"t-entry-visual-overlay\"><div class=\"t-entry-visual-overlay-in style-dark-bg\" style=\"opacity: 0.01;\"><\/div><\/div><img decoding=\"async\" class=\"wp-image-7495\" src=\"https:\/\/www.escuela-hablamos.com\/wp-content\/uploads\/2024\/06\/success.jpg\" width=\"1000\" height=\"1000\" alt=\"El DELE: Diploma de Espa\u00f1ol como Lengua Extranjera\" srcset=\"https:\/\/www.escuela-hablamos.com\/wp-content\/uploads\/2024\/06\/success.jpg 1000w, https:\/\/www.escuela-hablamos.com\/wp-content\/uploads\/2024\/06\/success-300x300.jpg 300w, https:\/\/www.escuela-hablamos.com\/wp-content\/uploads\/2024\/06\/success-150x150.jpg 150w, https:\/\/www.escuela-hablamos.com\/wp-content\/uploads\/2024\/06\/success-768x768.jpg 768w, https:\/\/www.escuela-hablamos.com\/wp-content\/uploads\/2024\/06\/success-12x12.jpg 12w, https:\/\/www.escuela-hablamos.com\/wp-content\/uploads\/2024\/06\/success-350x350.jpg 350w, https:\/\/www.escuela-hablamos.com\/wp-content\/uploads\/2024\/06\/success-348x348.jpg 348w, https:\/\/www.escuela-hablamos.com\/wp-content\/uploads\/2024\/06\/success-uai-720x720.jpg 720w\" sizes=\"(max-width: 1000px) 100vw, 1000px\" \/><\/a><\/div>\n\t\t\t\t\t<\/div>\n\t\t\t\t<\/div><div class=\"t-entry-text\">\n\t\t\t\t\t\t\t\t\t<div class=\"t-entry-text-tc half-block-padding\"><div class=\"t-entry\"><h2 class=\"t-entry-title h3 title-scale\"><a href=\"https:\/\/www.escuela-hablamos.com\/fr\/el-dele-diploma-de-espanol-como-lengua-extranjera\/\" target=\"_self\">El DELE: Diploma de Espa\u00f1ol como Lengua Extranjera<\/a><\/h2><div class=\"t-entry-excerpt\"><p>Si has estado estudiando espa\u00f1ol una temporada seguramente est\u00e9s interesado en certificar tus\u2026<\/p><\/div><p class=\"t-entry-readmore btn-container\"><a href=\"https:\/\/www.escuela-hablamos.com\/fr\/el-dele-diploma-de-espanol-como-lengua-extranjera\/\" class=\"btn btn-default btn-sm\" target=\"_self\">Lire la suite<\/a><\/p><\/div><\/div>\n\t\t\t\t\t\t\t<\/div><\/div><\/div><div class=\"tmb atc-typography-inherit tmb-iso-w4 tmb-iso-h4 tmb-round img-round-xl tmb-light tmb-overlay-text-anim tmb-overlay-showed tmb-overlay-anim tmb-content-center tmb-content-mobile-center tmb-text-space-reduced tmb-image-color-anim tmb-image-anim-magnetic tmb-bordered  grid-cat-8 grid-cat-6 tmb-id-7449 tmb-content-under tmb-media-first\" ><div class=\"t-inside style-Hablamos-blue3-bg animate_when_almost_visible top-t-bottom\" data-cursor=\"icon-accent\"><div class=\"t-entry-visual\"><div class=\"t-entry-visual-tc\"><div class=\"t-entry-visual-cont\"><div class=\"dummy\" style=\"padding-top: 100%;\"><\/div><a role=\"button\" tabindex=\"-1\" href=\"https:\/\/www.escuela-hablamos.com\/fr\/fiestas-del-orgullo-de-madrid-una-celebracion-de-diversidad-y-tolerancia\/\" class=\"pushed\" aria-label=\"Fiestas del Orgullo de Madrid: Una Celebraci\u00f3n de Diversidad y Tolerancia\"  target=\"_self\" data-lb-index=\"89\"><div class=\"t-entry-visual-overlay\"><div class=\"t-entry-visual-overlay-in style-dark-bg\" style=\"opacity: 0.01;\"><\/div><\/div><img decoding=\"async\" class=\"wp-image-7450\" src=\"https:\/\/www.escuela-hablamos.com\/wp-content\/uploads\/2024\/06\/pride.jpg\" width=\"800\" height=\"800\" alt=\"Fiestas del Orgullo de Madrid: Una Celebraci\u00f3n de Diversidad y Tolerancia\" srcset=\"https:\/\/www.escuela-hablamos.com\/wp-content\/uploads\/2024\/06\/pride.jpg 800w, https:\/\/www.escuela-hablamos.com\/wp-content\/uploads\/2024\/06\/pride-300x300.jpg 300w, https:\/\/www.escuela-hablamos.com\/wp-content\/uploads\/2024\/06\/pride-150x150.jpg 150w, https:\/\/www.escuela-hablamos.com\/wp-content\/uploads\/2024\/06\/pride-768x768.jpg 768w, https:\/\/www.escuela-hablamos.com\/wp-content\/uploads\/2024\/06\/pride-12x12.jpg 12w, https:\/\/www.escuela-hablamos.com\/wp-content\/uploads\/2024\/06\/pride-350x350.jpg 350w, https:\/\/www.escuela-hablamos.com\/wp-content\/uploads\/2024\/06\/pride-348x348.jpg 348w, https:\/\/www.escuela-hablamos.com\/wp-content\/uploads\/2024\/06\/pride-uai-720x720.jpg 720w\" sizes=\"(max-width: 800px) 100vw, 800px\" \/><\/a><\/div>\n\t\t\t\t\t<\/div>\n\t\t\t\t<\/div><div class=\"t-entry-text\">\n\t\t\t\t\t\t\t\t\t<div class=\"t-entry-text-tc half-block-padding\"><div class=\"t-entry\"><h2 class=\"t-entry-title h3 title-scale\"><a href=\"https:\/\/www.escuela-hablamos.com\/fr\/fiestas-del-orgullo-de-madrid-una-celebracion-de-diversidad-y-tolerancia\/\" target=\"_self\">Fiestas del Orgullo de Madrid: Una Celebraci\u00f3n de Diversidad y Tolerancia<\/a><\/h2><div class=\"t-entry-excerpt\"><p>Como cada a\u00f1o en el mes de junio, Madrid se llena de banderas arco\u00edris. Es tiempo de las Fiestas\u2026<\/p><\/div><p class=\"t-entry-readmore btn-container\"><a href=\"https:\/\/www.escuela-hablamos.com\/fr\/fiestas-del-orgullo-de-madrid-una-celebracion-de-diversidad-y-tolerancia\/\" class=\"btn btn-default btn-sm\" target=\"_self\">Lire la suite<\/a><\/p><\/div><\/div>\n\t\t\t\t\t\t\t<\/div><\/div><\/div>\t\t<\/div>\t\n\t\n\n\t<\/div>\t\t\t<div class=\"isotope-footer grid-footer style-light without-bg single-gutter\">\n\t\t\t\t\t\t\t<div class=\"isotope-footer-inner grid-footer-inner limit-width menu-light text-center\">\n\t\t\t\t\t<nav class=\"loadmore-button\" style=\"display: none;\">\n\t\t\t\t\t\t<a data-page=\"2\" data-pages=\"3\" href=\"https:\/\/www.escuela-hablamos.com\/fr\/wp-json\/wp\/v2\/pages\/186\/?upage=2\" class=\"btn btn-default\" data-label=\"Chargement...\"><span>Chargement...<\/span><\/a>\t\t\t\t\t<\/nav>\n\t\t\t\t<\/div>\n\t\t\t\t\t<\/div>\n\t\t\t\t<\/div>\n<\/div><\/div><\/div><\/div><\/div><script id=\"script-row-unique-1\" data-row=\"script-row-unique-1\" type=\"text\/javascript\" class=\"vc_controls\">UNCODE.initRow(document.getElementById(\"row-unique-1\"));<\/script><\/div><\/div><\/div>\n<\/div>","protected":false},"excerpt":{"rendered":"<p>Interesting and fun information to learn Spanish and get to know Madrid<\/p>","protected":false},"author":2,"featured_media":381,"parent":0,"menu_order":0,"comment_status":"closed","ping_status":"closed","template":"","meta":{"iawp_total_views":762,"footnotes":""},"class_list":["post-186","page","type-page","status-publish","has-post-thumbnail","hentry"],"_links":{"self":[{"href":"https:\/\/www.escuela-hablamos.com\/fr\/wp-json\/wp\/v2\/pages\/186","targetHints":{"allow":["GET"]}}],"collection":[{"href":"https:\/\/www.escuela-hablamos.com\/fr\/wp-json\/wp\/v2\/pages"}],"about":[{"href":"https:\/\/www.escuela-hablamos.com\/fr\/wp-json\/wp\/v2\/types\/page"}],"author":[{"embeddable":true,"href":"https:\/\/www.escuela-hablamos.com\/fr\/wp-json\/wp\/v2\/users\/2"}],"replies":[{"embeddable":true,"href":"https:\/\/www.escuela-hablamos.com\/fr\/wp-json\/wp\/v2\/comments?post=186"}],"version-history":[{"count":47,"href":"https:\/\/www.escuela-hablamos.com\/fr\/wp-json\/wp\/v2\/pages\/186\/revisions"}],"predecessor-version":[{"id":2146,"href":"https:\/\/www.escuela-hablamos.com\/fr\/wp-json\/wp\/v2\/pages\/186\/revisions\/2146"}],"wp:featuredmedia":[{"embeddable":true,"href":"https:\/\/www.escuela-hablamos.com\/fr\/wp-json\/wp\/v2\/media\/381"}],"wp:attachment":[{"href":"https:\/\/www.escuela-hablamos.com\/fr\/wp-json\/wp\/v2\/media?parent=186"}],"curies":[{"name":"wp","href":"https:\/\/api.w.org\/{rel}","templated":true}]}}