{"id":149,"date":"2022-05-27T13:13:51","date_gmt":"2022-05-27T13:13:51","guid":{"rendered":"https:\/\/www.escuela-hablamos.com\/?page_id=149"},"modified":"2025-04-23T06:54:12","modified_gmt":"2025-04-23T06:54:12","slug":"methodology-and-team","status":"publish","type":"page","link":"https:\/\/www.escuela-hablamos.com\/fr\/methodology-and-team\/","title":{"rendered":"M\u00e9thodologie et Equipe"},"content":{"rendered":"<div class=\"wpb-content-wrapper\"><div data-parent=\"true\" class=\"vc_row row-container\" id=\"row-unique-4\"><div class=\"row unequal no-top-padding no-bottom-padding no-h-padding full-width row-parent\"><div class=\"wpb_row row-inner\"><div class=\"wpb_column pos-top pos-center align_left column_parent col-lg-6 single-internal-gutter\"><div class=\"uncol style-light animate_when_almost_visible left-t-right\"  ><div class=\"uncoltable\" style=\"min-height: 340px;\"><div class=\"uncell no-block-padding\" ><div class=\"column-background background-element\">\n\t\t\t\t\t\t\t\t\t\t\t<div class=\"background-wrapper\">\n\t\t\t\t\t\t\t\t\t\t\t\t<div class=\"background-inner\" style=\"background-image: url(https:\/\/www.escuela-hablamos.com\/wp-content\/uploads\/2022\/07\/profe-el.jpg);background-repeat: no-repeat;background-position: center center;background-size: cover;\" data-o_src=\"https:\/\/www.escuela-hablamos.com\/wp-content\/uploads\/2022\/07\/profe-el.jpg\"><\/div>\n\t\t\t\t\t\t\t\t\t\t\t\t\n\t\t\t\t\t\t\t\t\t\t\t<\/div>\n\t\t\t\t\t\t\t\t\t\t<\/div><div class=\"uncont\" ><\/div><\/div><\/div><\/div><\/div><div class=\"wpb_column pos-middle pos-left align_left column_parent col-lg-6 single-internal-gutter\"><div class=\"uncol style-light animate_when_almost_visible right-t-left\"  ><div class=\"uncoltable\"><div class=\"uncell no-block-padding\" ><div class=\"uncont\" ><div class=\"vc_row row-internal row-container\"><div class=\"row row-child\"><div class=\"wpb_row row-inner\"><div class=\"wpb_column pos-top pos-left align_left column_child col-lg-12 half-internal-gutter\"><div class=\"uncol style-light\" ><div class=\"uncoltable\"><div class=\"uncell single-block-padding\" ><div class=\"uncont\" style=\" max-width:80%;\" ><div class=\"vc_custom_heading_wrap\"><div class=\"heading-text el-text\" data-marquee-speed=\"\"><h3 class=\"h3 font-weight-400 text-color-620122-color text-uppercase un-text-marquee un-marquee\" ><span><mark>Hablamos,<\/mark> c&#8217;est parler en espagnol et pratiquer ce que l&#8217;on apprend tout le temps<\/span><\/h3><\/div><div class=\"clear\"><\/div><\/div><div class=\"empty-space empty-single\" ><span class=\"empty-space-inner\"><\/span><\/div>\n<div class=\"vc_custom_heading_wrap\"><div class=\"heading-text el-text\" ><h1 class=\"h2\" ><span>M\u00e9thodologie et \u00e9quipe<\/span><\/h1><\/div><div class=\"clear\"><\/div><\/div><div class=\"uncode_text_column text-lead\" ><p>Notre m\u00e9thodologie consiste simplement \u00e0 dire notre nom. <strong>Hablamos, c&#8217;est parler espagnol et mettre en pratique ce que vous apprenez en permanence,<\/strong> car tout ce que nous faisons est ax\u00e9 sur la pratique et la communication, m\u00eame si nous enseignons la grammaire, la lecture ou les exercices audio. Et cela vaut aussi bien pour nos cours en face \u00e0 face que pour nos cours en ligne.<\/p>\n<\/div><div class=\"uncode_text_column text-lead\" ><p>Notre m\u00e9thode <mark>Hablamos<\/mark> est bas\u00e9e sur ces principes :<\/p>\n<\/div><div class=\"empty-space empty-double\" ><span class=\"empty-space-inner\"><\/span><\/div>\n<\/div><\/div><\/div><\/div><\/div><\/div><\/div><\/div><\/div><\/div><\/div><\/div><\/div><script id=\"script-row-unique-4\" data-row=\"script-row-unique-4\" type=\"text\/javascript\" class=\"vc_controls\">UNCODE.initRow(document.getElementById(\"row-unique-4\"));<\/script><\/div><\/div><\/div><div data-parent=\"true\" class=\"vc_row has-bg need-focus style-Hablamos-blue3-bg row-container\" id=\"row-unique-11\"><div class=\"row unequal col-double-gutter triple-top-padding triple-bottom-padding single-h-padding limit-width row-parent\"><div class=\"wpb_row row-inner\"><div class=\"wpb_column pos-top pos-center align_left column_parent col-lg-4 half-internal-gutter\"><div class=\"uncol style-light animate_when_almost_visible top-t-bottom\"  ><div class=\"uncoltable\"><div class=\"uncell no-block-padding\" ><div class=\"uncont\" ><div class=\"vc_custom_heading_wrap\"><div class=\"heading-text el-text\" ><h6 class=\"h6 text-accent-color text-uppercase\" ><span><mark>Pratique<\/mark><\/span><\/h6><\/div><div class=\"clear\"><\/div><\/div><div class=\"vc_custom_heading_wrap\"><div class=\"heading-text el-text\" ><h2 class=\"h3\" ><span>Ce qui est appris est mis en pratique<\/span><\/h2><\/div><div class=\"clear\"><\/div><\/div><div class=\"uncode_text_column\" ><p>D\u00e8s que vous entrez dans l&#8217;une de nos classes, notre objectif est que vous ne cessiez de parler et d&#8217;utiliser ce que nous vous enseignons. <strong>Notre approche est purement communicative. Nous mettons l&#8217;accent sur l&#8217;am\u00e9lioration de votre prononciation et la correction de vos erreurs de base afin que vous fassiez de r\u00e9els progr\u00e8s.<\/strong><\/p>\n<\/div><\/div><\/div><\/div><\/div><\/div><div class=\"wpb_column pos-top pos-center align_left column_parent col-lg-4 half-internal-gutter\"><div class=\"uncol style-light animate_when_almost_visible top-t-bottom\"  ><div class=\"uncoltable\"><div class=\"uncell no-block-padding\" ><div class=\"uncont\" ><div class=\"vc_custom_heading_wrap\"><div class=\"heading-text el-text\" ><h6 class=\"h6 text-accent-color text-uppercase\" ><span><mark>Avec du sens<\/mark><\/span><\/h6><\/div><div class=\"clear\"><\/div><\/div><div class=\"vc_custom_heading_wrap\"><div class=\"heading-text el-text\" ><h2 class=\"h3\" ><span>Ce qui est appris est compris<\/span><\/h2><\/div><div class=\"clear\"><\/div><\/div><div class=\"uncode_text_column\" ><p>Nous voulons que vous utilisiez votre espagnol tout le temps, mais pas de mani\u00e8re m\u00e9canique ou robotique, <b><i>mais de mani\u00e8re significative<\/i><\/b>, en donnant un sens aux phrases que vous formez, aux mots que vous utilisez.<\/p>\n<\/div><\/div><\/div><\/div><\/div><\/div><div class=\"wpb_column pos-top pos-center align_left column_parent col-lg-4 half-internal-gutter\"><div class=\"uncol style-light animate_when_almost_visible top-t-bottom\"  ><div class=\"uncoltable\"><div class=\"uncell no-block-padding\" ><div class=\"uncont\" ><div class=\"vc_custom_heading_wrap\"><div class=\"heading-text el-text\" ><h6 class=\"h6 text-accent-color text-uppercase\" ><span><mark>Dans le contexte<\/mark><\/span><\/h6><\/div><div class=\"clear\"><\/div><\/div><div class=\"vc_custom_heading_wrap\"><div class=\"heading-text el-text\" ><h2 class=\"h3\" ><span>Ce qui est appris est utilis\u00e9 en fonction du contexte<\/span><\/h2><\/div><div class=\"clear\"><\/div><\/div><div class=\"uncode_text_column\" ><p>Il y a un espagnol informel, un espagnol formel, un espagnol plus litt\u00e9raire, un espagnol plus commercial. Il est essentiel que, <strong>d\u00e8s le d\u00e9but, votre espagnol ait un registre,<\/strong> c&#8217;est-\u00e0-dire que vous puissiez le moduler en fonction du contexte dans lequel vous devez l&#8217;utiliser. C&#8217;est pourquoi, dans nos cours, nous t&#8217;apprenons \u00e0 contextualiser ce que tu apprends pour que ton espagnol soit non seulement le plus efficace, mais aussi pour que tu saches quel espagnol utiliser dans le meilleur contexte.<\/p>\n<\/div><\/div><\/div><\/div><\/div><\/div><script id=\"script-row-unique-11\" data-row=\"script-row-unique-11\" type=\"text\/javascript\" class=\"vc_controls\">UNCODE.initRow(document.getElementById(\"row-unique-11\"));<\/script><\/div><\/div><\/div><div data-parent=\"true\" class=\"vc_row row-container\" id=\"row-unique-18\"><div class=\"row unequal no-top-padding no-bottom-padding no-h-padding full-width row-parent\"><div class=\"wpb_row row-inner\"><div class=\"wpb_column pos-middle pos-left align_left column_parent col-lg-6 single-internal-gutter\"><div class=\"uncol style-light animate_when_almost_visible right-t-left\"  ><div class=\"uncoltable\"><div class=\"uncell no-block-padding\" ><div class=\"uncont\" ><div class=\"vc_row row-internal row-container\"><div class=\"row row-child\"><div class=\"wpb_row row-inner\"><div class=\"wpb_column pos-top pos-right align_left column_child col-lg-12 half-internal-gutter\"><div class=\"uncol style-light\" ><div class=\"uncoltable\"><div class=\"uncell single-block-padding\" ><div class=\"uncont\" style=\" max-width:80%;\" ><div class=\"empty-space empty-double\" ><span class=\"empty-space-inner\"><\/span><\/div>\n<div class=\"vc_custom_heading_wrap\"><div class=\"heading-text el-text\" ><h1 class=\"h2\" ><span>Les enseignants de Hablamos : Une excellente \u00e9quipe<\/span><\/h1><\/div><div class=\"clear\"><\/div><\/div><div class=\"uncode_text_column text-lead\" ><p>Le personnel enseignant est l&#8217;\u00e9l\u00e9ment le plus important dans le fonctionnement d&#8217;un centre \u00e9ducatif. C&#8217;est pourquoi, \u00e0 <mark>Hablamos<\/mark>, nous prenons le plus grand soin de cr\u00e9er de bonnes conditions de travail pour nos professeurs, ainsi que de leur fournir tous les moyens p\u00e9dagogiques n\u00e9cessaires au meilleur accomplissement de leur travail. Ils sont tous de langue maternelle, ont un dipl\u00f4me universitaire et sont des professeurs exp\u00e9riment\u00e9s d&#8217;espagnol comme langue \u00e9trang\u00e8re. Ils b\u00e9n\u00e9ficient d&#8217;un contrat d&#8217;heures d&#8217;enseignement et de non-enseignement pour la pr\u00e9paration des cours. Ils participent r\u00e9guli\u00e8rement \u00e0 des r\u00e9unions avec les responsables des \u00e9tudes, et toute l&#8217;\u00e9quipe est motiv\u00e9e pour offrir les meilleurs cours d&#8217;espagnol.<\/p>\n<\/div><div class=\"empty-space empty-double\" ><span class=\"empty-space-inner\"><\/span><\/div>\n<\/div><\/div><\/div><\/div><\/div><\/div><\/div><\/div><\/div><\/div><\/div><\/div><\/div><div class=\"wpb_column pos-top pos-center align_left column_parent col-lg-6 single-internal-gutter\"><div class=\"uncol style-light animate_when_almost_visible left-t-right\"  ><div class=\"uncoltable\" style=\"min-height: 340px;\"><div class=\"uncell no-block-padding\" ><div class=\"column-background background-element\">\n\t\t\t\t\t\t\t\t\t\t\t<div class=\"background-wrapper\">\n\t\t\t\t\t\t\t\t\t\t\t\t<div class=\"background-inner\" style=\"background-image: url(https:\/\/www.escuela-hablamos.com\/wp-content\/uploads\/2022\/07\/profe-ella.jpg);background-repeat: no-repeat;background-position: center center;background-size: cover;\" data-o_src=\"https:\/\/www.escuela-hablamos.com\/wp-content\/uploads\/2022\/07\/profe-ella.jpg\"><\/div>\n\t\t\t\t\t\t\t\t\t\t\t\t\n\t\t\t\t\t\t\t\t\t\t\t<\/div>\n\t\t\t\t\t\t\t\t\t\t<\/div><div class=\"uncont\" ><\/div><\/div><\/div><\/div><\/div><script id=\"script-row-unique-18\" data-row=\"script-row-unique-18\" type=\"text\/javascript\" class=\"vc_controls\">UNCODE.initRow(document.getElementById(\"row-unique-18\"));<\/script><\/div><\/div><\/div><div data-parent=\"true\" class=\"vc_row inverted-device-order has-bg need-focus style-accent-bg row-container\" id=\"row-unique-21\"><div class=\"row unequal full-width row-parent\"><div class=\"wpb_row row-inner\"><div class=\"wpb_column pos-top pos-center align_left column_parent col-lg-4 single-internal-gutter\"><div class=\"uncol style-light\"  ><div class=\"uncoltable\"><div class=\"uncell no-block-padding\" ><div class=\"uncont\" ><div class=\"uncode-single-media  text-left\"><div class=\"single-wrapper\" style=\"max-width: 100%;\"><div class=\"tmb tmb-light  tmb-media-first tmb-media-last tmb-content-overlay tmb-no-bg\"><div class=\"t-inside\"><div class=\"t-entry-visual\"><div class=\"t-entry-visual-tc\"><div class=\"uncode-single-media-wrapper\"><div class=\"h3 youtube-video fluid-object\" style=\"padding-top: 56.31%\"><iframe title=\"Interview with Olga - Spanish Teacher with Hablamos Escuela de Espa&ntilde;ol, in Madrid\" width=\"840\" height=\"473\" src=\"https:\/\/www.youtube.com\/embed\/V9mM5AplCk4?feature=oembed&amp;v=V9mM5AplCk4\" frameborder=\"0\" allow=\"accelerometer; autoplay; clipboard-write; encrypted-media; gyroscope; picture-in-picture; web-share\" referrerpolicy=\"strict-origin-when-cross-origin\" allowfullscreen><\/iframe><\/div><\/div>\n\t\t\t\t\t<\/div>\n\t\t\t\t<\/div><\/div><\/div><\/div><\/div><\/div><\/div><\/div><\/div><\/div><div class=\"wpb_column pos-top pos-center align_left column_parent col-lg-4 single-internal-gutter\"><div class=\"uncol style-light\"  ><div class=\"uncoltable\"><div class=\"uncell no-block-padding\" ><div class=\"uncont\" ><div class=\"uncode-single-media  text-left\"><div class=\"single-wrapper\" style=\"max-width: 100%;\"><div class=\"tmb tmb-light  tmb-media-first tmb-media-last tmb-content-overlay tmb-no-bg\"><div class=\"t-inside\"><div class=\"t-entry-visual\"><div class=\"t-entry-visual-tc\"><div class=\"uncode-single-media-wrapper\"><div class=\"h3 youtube-video fluid-object\" style=\"padding-top: 56.31%\"><iframe title=\"Hablamos Entrevista Oscar, Profesor de Espa&ntilde;ol\" width=\"840\" height=\"473\" src=\"https:\/\/www.youtube.com\/embed\/lpsT6JSvsyw?feature=oembed&amp;v=lpsT6JSvsyw\" frameborder=\"0\" allow=\"accelerometer; autoplay; clipboard-write; encrypted-media; gyroscope; picture-in-picture; web-share\" referrerpolicy=\"strict-origin-when-cross-origin\" allowfullscreen><\/iframe><\/div><\/div>\n\t\t\t\t\t<\/div>\n\t\t\t\t<\/div><\/div><\/div><\/div><\/div><\/div><\/div><\/div><\/div><\/div><div class=\"wpb_column pos-top pos-center align_left column_parent col-lg-4 single-internal-gutter\"><div class=\"uncol style-light\"  ><div class=\"uncoltable\"><div class=\"uncell no-block-padding\" ><div class=\"uncont\" ><div class=\"uncode-single-media  text-left\"><div class=\"single-wrapper\" style=\"max-width: 100%;\"><div class=\"tmb tmb-light  tmb-media-first tmb-media-last tmb-content-overlay tmb-no-bg\"><div class=\"t-inside\"><div class=\"t-entry-visual\"><div class=\"t-entry-visual-tc\"><div class=\"uncode-single-media-wrapper\"><div class=\"h3 youtube-video fluid-object\" style=\"padding-top: 56.31%\"><iframe title=\"Interview with Maria - Spanish Teacher with Hablamos\" width=\"840\" height=\"473\" src=\"https:\/\/www.youtube.com\/embed\/gZMwAGFnec0?feature=oembed&amp;v=gZMwAGFnec0\" frameborder=\"0\" allow=\"accelerometer; autoplay; clipboard-write; encrypted-media; gyroscope; picture-in-picture; web-share\" referrerpolicy=\"strict-origin-when-cross-origin\" allowfullscreen><\/iframe><\/div><\/div>\n\t\t\t\t\t<\/div>\n\t\t\t\t<\/div><\/div><\/div><\/div><\/div><\/div><\/div><\/div><\/div><\/div><script id=\"script-row-unique-21\" data-row=\"script-row-unique-21\" type=\"text\/javascript\" class=\"vc_controls\">UNCODE.initRow(document.getElementById(\"row-unique-21\"));<\/script><\/div><\/div><\/div><div data-parent=\"true\" class=\"vc_row inverted-device-order has-bg need-focus style-accent-bg row-container\" id=\"row-unique-22\"><div class=\"row unequal full-width row-parent\"><div class=\"wpb_row row-inner\"><div class=\"wpb_column pos-top pos-center align_left column_parent col-lg-4 single-internal-gutter\"><div class=\"uncol style-light\"  ><div class=\"uncoltable\"><div class=\"uncell no-block-padding\" ><div class=\"uncont\" ><div class=\"uncode-single-media  text-left\"><div class=\"single-wrapper\" style=\"max-width: 100%;\"><div class=\"tmb tmb-light  tmb-media-first tmb-media-last tmb-content-overlay tmb-no-bg\"><div class=\"t-inside\"><div class=\"t-entry-visual\"><div class=\"t-entry-visual-tc\"><div class=\"uncode-single-media-wrapper\"><div class=\"h3 youtube-video fluid-object\" style=\"padding-top: 56.31%\"><iframe title=\"Learn Spanish with Clara | Interactive Spanish Classes Online\" width=\"840\" height=\"473\" src=\"https:\/\/www.youtube.com\/embed\/ZELb2LC1rrg?feature=oembed\" frameborder=\"0\" allow=\"accelerometer; autoplay; clipboard-write; encrypted-media; gyroscope; picture-in-picture; web-share\" referrerpolicy=\"strict-origin-when-cross-origin\" allowfullscreen><\/iframe><\/div><\/div>\n\t\t\t\t\t<\/div>\n\t\t\t\t<\/div><\/div><\/div><\/div><\/div><\/div><\/div><\/div><\/div><\/div><div class=\"wpb_column pos-top pos-center align_left column_parent col-lg-4 single-internal-gutter\"><div class=\"uncol style-light\"  ><div class=\"uncoltable\"><div class=\"uncell no-block-padding\" ><div class=\"uncont\" ><div class=\"uncode-single-media  text-left\"><div class=\"single-wrapper\" style=\"max-width: 100%;\"><div class=\"tmb tmb-light  tmb-media-first tmb-media-last tmb-content-overlay tmb-no-bg\"><div class=\"t-inside\"><div class=\"t-entry-visual\"><div class=\"t-entry-visual-tc\"><div class=\"uncode-single-media-wrapper\"><div class=\"h3 youtube-video fluid-object\" style=\"padding-top: 56.31%\"><iframe title=\"Meet Mari&aacute;ngeles | Spanish Teacher at Escuela Hablamos\" width=\"840\" height=\"473\" src=\"https:\/\/www.youtube.com\/embed\/stNLgavYYSU?feature=oembed\" frameborder=\"0\" allow=\"accelerometer; autoplay; clipboard-write; encrypted-media; gyroscope; picture-in-picture; web-share\" referrerpolicy=\"strict-origin-when-cross-origin\" allowfullscreen><\/iframe><\/div><\/div>\n\t\t\t\t\t<\/div>\n\t\t\t\t<\/div><\/div><\/div><\/div><\/div><\/div><\/div><\/div><\/div><\/div><div class=\"wpb_column pos-top pos-center align_left column_parent col-lg-4 single-internal-gutter\"><div class=\"uncol style-light\"  ><div class=\"uncoltable\"><div class=\"uncell no-block-padding\" ><div class=\"uncont\" ><div class=\"uncode-single-media  text-left\"><div class=\"single-wrapper\" style=\"max-width: 100%;\"><div class=\"tmb tmb-light  tmb-media-first tmb-media-last tmb-content-overlay tmb-no-bg\"><div class=\"t-inside\"><div class=\"t-entry-visual\"><div class=\"t-entry-visual-tc\"><div class=\"uncode-single-media-wrapper\"><div class=\"h3 youtube-video fluid-object\" style=\"padding-top: 56.31%\"><iframe title=\"Interview with Begon&#771;a - Spanish Teacher with Hablamos Escuela de Espa&ntilde;ol, in Madrid\" width=\"840\" height=\"473\" src=\"https:\/\/www.youtube.com\/embed\/mswPdv2vEVI?feature=oembed&amp;v=mswPdv2vEVI\" frameborder=\"0\" allow=\"accelerometer; autoplay; clipboard-write; encrypted-media; gyroscope; picture-in-picture; web-share\" referrerpolicy=\"strict-origin-when-cross-origin\" allowfullscreen><\/iframe><\/div><\/div>\n\t\t\t\t\t<\/div>\n\t\t\t\t<\/div><\/div><\/div><\/div><\/div><\/div><\/div><\/div><\/div><\/div><script id=\"script-row-unique-22\" data-row=\"script-row-unique-22\" type=\"text\/javascript\" class=\"vc_controls\">UNCODE.initRow(document.getElementById(\"row-unique-22\"));<\/script><\/div><\/div><\/div><div data-parent=\"true\" class=\"vc_row has-bg need-focus style-accent-bg row-container mobile-hidden\" id=\"row-unique-40\"><div class=\"row limit-width row-parent\"><div class=\"wpb_row row-inner\"><div class=\"wpb_column pos-top pos-center align_center column_parent col-lg-12 single-internal-gutter\"><div class=\"uncol style-light\"  ><div class=\"uncoltable\"><div class=\"uncell no-block-padding\" ><div class=\"uncont\" ><div class=\"vc_custom_heading_wrap mobile-hidden\"><div class=\"heading-text el-text\" ><h2 class=\"h1 text-color-xsdn-color\" ><span>C'est <span class=\"split-word uncode-rotating-span uncode-rotating-text-start\" data-text=\"votre \u00e9cole d'espagnol \u00e0 Madrid|bien plus qu'apprendre l'espagnol|Hablamos\" data-fx=\"zoom\" data-wait=\"3000\">&nbsp;<\/span><span class=\"split-word word1\"><span class=\"split-word-flow\"><span class=\"split-word-inner\"><span class=\"split-char char92\">H<\/span><span class=\"split-char char93\">a<\/span><span class=\"split-char char94\">b<\/span><span class=\"split-char char95\">l<\/span><span class=\"split-char char96\">a<\/span><span class=\"split-char char97\">m<\/span><span class=\"split-char char98\">o<\/span><span class=\"split-char char99\">s<\/span><\/span><\/span><\/span><span class=\"split-word uncode-rotating-span uncode-rotating-text-end\">&nbsp;<\/span><\/span><\/h2><\/div><div class=\"clear\"><\/div><\/div><\/div><\/div><\/div><\/div><\/div><script id=\"script-row-unique-40\" data-row=\"script-row-unique-40\" type=\"text\/javascript\" class=\"vc_controls\">UNCODE.initRow(document.getElementById(\"row-unique-40\"));<\/script><\/div><\/div><\/div><div data-parent=\"true\" class=\"vc_row row-container\" id=\"row-unique-42\"><div class=\"row double-top-padding double-bottom-padding single-h-padding limit-width row-parent\"><div class=\"wpb_row row-inner\"><div class=\"wpb_column pos-top pos-center align_center column_parent col-lg-12 single-internal-gutter\"><div class=\"uncol style-light\"  ><div class=\"uncoltable\"><div class=\"uncell no-block-padding\" ><div class=\"uncont\" ><span class=\"btn-container btn-inline animate_when_almost_visible left-t-right\" ><a role=\"button\"  href=\"https:\/\/www.escuela-hablamos.com\/fr\/contact-hablamos\/\" class=\"custom-link btn border-width-0 btn-accent btn-no-scale btn-icon-left\" title=\"Contact Hablamos\">On peut parler ?<\/a><\/span><span class=\"btn-container btn-inline animate_when_almost_visible right-t-left\" ><a role=\"button\"  href=\"#\" class=\"custom-link btn border-width-0 popmake-1853 btn-Hablamos-blue btn-no-scale btn-icon-left\" title=\"Contact Hablamos\">Recevoir notre newsletter ?<\/a><\/span><\/div><\/div><\/div><\/div><\/div><script id=\"script-row-unique-42\" data-row=\"script-row-unique-42\" type=\"text\/javascript\" class=\"vc_controls\">UNCODE.initRow(document.getElementById(\"row-unique-42\"));<\/script><\/div><\/div><\/div>\n<\/div>","protected":false},"excerpt":{"rendered":"<p>Hablamos is speaking Spanish and practising what you learn all the time<\/p>","protected":false},"author":2,"featured_media":1142,"parent":0,"menu_order":0,"comment_status":"closed","ping_status":"closed","template":"","meta":{"iawp_total_views":997,"footnotes":""},"class_list":["post-149","page","type-page","status-publish","has-post-thumbnail","hentry"],"_links":{"self":[{"href":"https:\/\/www.escuela-hablamos.com\/fr\/wp-json\/wp\/v2\/pages\/149","targetHints":{"allow":["GET"]}}],"collection":[{"href":"https:\/\/www.escuela-hablamos.com\/fr\/wp-json\/wp\/v2\/pages"}],"about":[{"href":"https:\/\/www.escuela-hablamos.com\/fr\/wp-json\/wp\/v2\/types\/page"}],"author":[{"embeddable":true,"href":"https:\/\/www.escuela-hablamos.com\/fr\/wp-json\/wp\/v2\/users\/2"}],"replies":[{"embeddable":true,"href":"https:\/\/www.escuela-hablamos.com\/fr\/wp-json\/wp\/v2\/comments?post=149"}],"version-history":[{"count":44,"href":"https:\/\/www.escuela-hablamos.com\/fr\/wp-json\/wp\/v2\/pages\/149\/revisions"}],"predecessor-version":[{"id":12173,"href":"https:\/\/www.escuela-hablamos.com\/fr\/wp-json\/wp\/v2\/pages\/149\/revisions\/12173"}],"wp:featuredmedia":[{"embeddable":true,"href":"https:\/\/www.escuela-hablamos.com\/fr\/wp-json\/wp\/v2\/media\/1142"}],"wp:attachment":[{"href":"https:\/\/www.escuela-hablamos.com\/fr\/wp-json\/wp\/v2\/media?parent=149"}],"curies":[{"name":"wp","href":"https:\/\/api.w.org\/{rel}","templated":true}]}}