{"id":10146,"date":"2025-01-10T11:33:40","date_gmt":"2025-01-10T11:33:40","guid":{"rendered":"https:\/\/www.escuela-hablamos.com\/?page_id=10146"},"modified":"2025-12-11T09:25:18","modified_gmt":"2025-12-11T09:25:18","slug":"details-about-the-dele-exam","status":"publish","type":"page","link":"https:\/\/www.escuela-hablamos.com\/fr\/details-about-the-dele-exam\/","title":{"rendered":"Details about the DELE exam"},"content":{"rendered":"<div class=\"wpb-content-wrapper\"><div data-parent=\"true\" class=\"vc_row row-container desktop-hidden\" id=\"row-unique-0\"><div class=\"row no-top-padding no-bottom-padding no-h-padding full-width row-parent\"><div class=\"wpb_row row-inner\"><div class=\"wpb_column pos-top pos-center align_left column_parent col-lg-12 single-internal-gutter\"><div class=\"uncol style-light\"  ><div class=\"uncoltable\"><div class=\"uncell no-block-padding\" ><div class=\"uncont\" ><div class=\"uncode-single-media  text-left\"><div class=\"single-wrapper\" style=\"max-width: 100%;\"><div class=\"tmb tmb-light  tmb-media-first tmb-media-last tmb-content-overlay tmb-no-bg\"><div class=\"t-inside\"><div class=\"t-entry-visual\"><div class=\"t-entry-visual-tc\"><div class=\"uncode-single-media-wrapper\"><img decoding=\"async\" class=\"wp-image-10148\" src=\"https:\/\/www.escuela-hablamos.com\/wp-content\/uploads\/2025\/01\/dele-sq.jpg\" width=\"900\" height=\"900\" alt=\"Preparation Course for DELE Exam @ Hablamos, Madrid\" srcset=\"https:\/\/www.escuela-hablamos.com\/wp-content\/uploads\/2025\/01\/dele-sq.jpg 900w, https:\/\/www.escuela-hablamos.com\/wp-content\/uploads\/2025\/01\/dele-sq-300x300.jpg 300w, https:\/\/www.escuela-hablamos.com\/wp-content\/uploads\/2025\/01\/dele-sq-150x150.jpg 150w, https:\/\/www.escuela-hablamos.com\/wp-content\/uploads\/2025\/01\/dele-sq-768x768.jpg 768w, https:\/\/www.escuela-hablamos.com\/wp-content\/uploads\/2025\/01\/dele-sq-12x12.jpg 12w, https:\/\/www.escuela-hablamos.com\/wp-content\/uploads\/2025\/01\/dele-sq-350x350.jpg 350w, https:\/\/www.escuela-hablamos.com\/wp-content\/uploads\/2025\/01\/dele-sq-348x348.jpg 348w, https:\/\/www.escuela-hablamos.com\/wp-content\/uploads\/2025\/01\/dele-sq-uai-720x720.jpg 720w\" sizes=\"(max-width: 900px) 100vw, 900px\" \/><\/div>\n\t\t\t\t\t<\/div>\n\t\t\t\t<\/div><\/div><\/div><\/div><\/div><\/div><\/div><\/div><\/div><\/div><script id=\"script-row-unique-0\" data-row=\"script-row-unique-0\" type=\"text\/javascript\" class=\"vc_controls\">UNCODE.initRow(document.getElementById(\"row-unique-0\"));<\/script><\/div><\/div><\/div><div data-parent=\"true\" class=\"vc_row row-container\" id=\"row-unique-5\"><div class=\"row unequal no-top-padding no-bottom-padding no-h-padding limit-width row-parent\"><div class=\"wpb_row row-inner\"><div class=\"wpb_column pos-middle pos-left align_left column_parent col-lg-7 single-internal-gutter\"><div class=\"uncol style-light animate_when_almost_visible right-t-left\"  ><div class=\"uncoltable\"><div class=\"uncell single-block-padding\" ><div class=\"uncont\" ><div class=\"empty-space empty-quart\" ><span class=\"empty-space-inner\"><\/span><\/div>\n<div class=\"vc_custom_heading_wrap\"><div class=\"heading-text el-text\" ><h2 class=\"h4\" ><span><mark>TOUT CE QU&#8217;IL FAUT SAVOIR SUR L&#8217;EXAMEN DELE<\/mark><\/span><\/h2><\/div><div class=\"clear\"><\/div><\/div><div class=\"vc_custom_heading_wrap\"><div class=\"heading-text el-text\" ><h1 class=\"h2\" ><span>FAQs<\/span><\/h1><\/div><div class=\"clear\"><\/div><\/div><div class=\"uncode-accordion wpb_accordion wpb_content_element  sign-size-rg default-typography w-border\" data-collapsible=\"no\" data-target=\"\" data-active-tab=\"0\" >\n\t\t<div class=\"panel-group wpb_wrapper wpb_accordion_wrapper\" id=\"accordion_233931366\" data-no-toggle=\"\">\n\n<div class=\"panel panel-default wpb_accordion_section group\"><div class=\"panel-heading wpb_accordion_header ui-accordion-header\"><p class=\"panel-title font-weight- text-   icon-size-rg\"><a data-toggle=\"collapse\" data-parent=\"#accordion_233931366\" href=\"#1658837132-1-914\"><span>Qu'est-ce que l'examen DELE ?<\/span><\/a><\/p><\/div><div id=\"1658837132-1-914\" class=\"panel-collapse collapse\"><div class=\"panel-body wpb_accordion_content ui-accordion-content half-internal-gutter single-block-padding\">\n\t\t\t\t\t\t<div class=\"uncode_text_column\" ><p>Les dipl\u00f4mes d&#8217;espagnol DELE (Diploma de Espa\u00f1ol como Lengua Extranjera) sont des qualifications officielles accr\u00e9ditant le degr\u00e9 de comp\u00e9tence et de ma\u00eetrise de la langue espagnole, d\u00e9livr\u00e9es par l&#8217;Instituto Cervantes au nom du minist\u00e8re espagnol de l&#8217;\u00e9ducation, de la formation professionnelle et des sports.<\/p>\n<p>Ces examens sont con\u00e7us selon les lignes directrices du Cadre europ\u00e9en commun de r\u00e9f\u00e9rence pour les langues (CECR) et du Manuel pour la mise en relation des examens avec le CECR, deux ouvrages du Conseil de l&#8217;Europe.<\/p>\n<p>Ces examens sont organis\u00e9s en six niveaux : A1, A2, B1, B2, C1 et C2.<\/p>\n<\/div><\/div><\/div><\/div><div class=\"panel panel-default wpb_accordion_section group\"><div class=\"panel-heading wpb_accordion_header ui-accordion-header\"><p class=\"panel-title font-weight- text-   icon-size-rg\"><a data-toggle=\"collapse\" data-parent=\"#accordion_233931366\" href=\"#1658837132-2-948\"><span>O\u00f9 et quand se d\u00e9roule l'examen ?<\/span><\/a><\/p><\/div><div id=\"1658837132-2-948\" class=\"panel-collapse collapse\"><div class=\"panel-body wpb_accordion_content ui-accordion-content half-internal-gutter single-block-padding\">\n\t\t\t\t\t\t<div class=\"uncode_text_column\" ><p>Les examens DELE se d\u00e9roulent dans les centres de l&#8217;Instituto Cervantes et dans son r\u00e9seau de plus de 1000 centres d&#8217;examens officiels dans plus de 100 pays.<\/p>\n<p>En Espagne, 5 examens officiels sont organis\u00e9s tout au long de l&#8217;ann\u00e9e. <strong>Pour l&#8217;ann\u00e9e 2026, voici les dates disponibles :<\/strong><\/p>\n<div style=\"overflow-x: auto;\">\n<table>\n<tbody>\n<tr style=\"background-color: #ebf2f7;\">\n<td>Dates d\u2019examen<\/td>\n<td>\u00c9preuve \u00e9crite<\/td>\n<td>Date limite d\u2019inscription<\/td>\n<td>Examens disponibles<\/td>\n<\/tr>\n<tr>\n<td>F\u00e9vrier<\/td>\n<td>Vendredi, 13 F\u00e9vrier<\/td>\n<td>7 Janvier<\/td>\n<td>G\u00e9n\u00e9ral: A2, A2-NA<\/td>\n<\/tr>\n<tr>\n<td>Avril<\/td>\n<td>Vendredi, 17 Avril<\/td>\n<td>25 F\u00e9vrier<\/td>\n<td>G\u00e9n\u00e9ral: A2, A2-NA (Espagne uniquement)<\/td>\n<\/tr>\n<tr>\n<td>Mai<\/td>\n<td>Vendredi, 22 Mai<\/td>\n<td>8 Avril<\/td>\n<td>\u00c9coles: A1, A2\/B1, B2\/C1<\/td>\n<\/tr>\n<tr>\n<td>Mai<\/td>\n<td>Samedi, 23 Mai<\/td>\n<td>8 Avril<\/td>\n<td>G\u00e9n\u00e9ral: A1, A2, A2-NA, B1, B2, C1, C2<\/td>\n<\/tr>\n<tr>\n<td>Octobre<\/td>\n<td>Vendredi, 16 Octobre<\/td>\n<td>2 Septembre<\/td>\n<td>G\u00e9n\u00e9ral: B1, B2, C1<\/td>\n<\/tr>\n<tr>\n<td>Octobre<\/td>\n<td>Samedi, 17 Octobre<\/td>\n<td>2 Septembre<\/td>\n<td>G\u00e9n\u00e9ral: A2, A2-NA<\/td>\n<\/tr>\n<tr>\n<td>Novembre<\/td>\n<td>Vendredi, 13 Novembre<\/td>\n<td>30 Septembre<\/td>\n<td>\u00c9coles: A1, A2\/B1, B2\/C1<br \/>\nG\u00e9n\u00e9ral: A2, A2-NA<\/td>\n<\/tr>\n<tr>\n<td>Novembre<\/td>\n<td>Samedi, 14 Novembre<\/td>\n<td>30 Septembre<\/td>\n<td>G\u00e9n\u00e9ral: A1, B1, B2, C1, C2<\/td>\n<\/tr>\n<\/tbody>\n<\/table>\n<\/div>\n<p>Veuillez noter que la partie orale de cet examen peut se d\u00e9rouler \u00e0 une date diff\u00e9rente de celle de l&#8217;\u00e9preuve \u00e9crite.<\/p>\n<\/div><\/div><\/div><\/div><div class=\"panel panel-default wpb_accordion_section group\"><div class=\"panel-heading wpb_accordion_header ui-accordion-header\"><p class=\"panel-title font-weight- text-   icon-size-rg\"><a data-toggle=\"collapse\" data-parent=\"#accordion_233931366\" href=\"#1658837590938-2-45\"><span>Comment se d\u00e9roule l'examen ?<\/span><\/a><\/p><\/div><div id=\"1658837590938-2-45\" class=\"panel-collapse collapse\"><div class=\"panel-body wpb_accordion_content ui-accordion-content half-internal-gutter single-block-padding\">\n\t\t\t\t\t\t<div class=\"uncode_text_column\" ><p>L&#8217;examen DELE comprend diff\u00e9rentes \u00e9preuves li\u00e9es aux quatre comp\u00e9tences : compr\u00e9hension \u00e9crite, expression \u00e9crite, compr\u00e9hension orale et expression orale. Les t\u00e2ches de chaque \u00e9preuve sont contextualis\u00e9es dans les sph\u00e8res personnelle, publique, \u00e9ducative et professionnelle, et leur objectif est de certifier le degr\u00e9 de comp\u00e9tence linguistique g\u00e9n\u00e9rale en espagnol.<\/p>\n<p>La dur\u00e9e de chaque \u00e9preuve varie en fonction du niveau.<\/p>\n<p>Dans les \u00e9preuves de compr\u00e9hension, les principales vari\u00e9t\u00e9s d&#8217;espagnol sont incluses \u00e0 partir du niveau B1, et dans les \u00e9preuves d&#8217;expression et d&#8217;interaction, toute vari\u00e9t\u00e9 d&#8217;espagnol utilis\u00e9e par le candidat est consid\u00e9r\u00e9e comme valable \u00e0 tous les niveaux.<\/p>\n<\/div><\/div><\/div><\/div><div class=\"panel panel-default wpb_accordion_section group\"><div class=\"panel-heading wpb_accordion_header ui-accordion-header\"><p class=\"panel-title font-weight- text-   icon-size-rg\"><a data-toggle=\"collapse\" data-parent=\"#accordion_233931366\" href=\"#1658837594814-3-96\"><span>Combien co\u00fbte l'examen et comment s'inscrire ?<\/span><\/a><\/p><\/div><div id=\"1658837594814-3-96\" class=\"panel-collapse collapse\"><div class=\"panel-body wpb_accordion_content ui-accordion-content half-internal-gutter single-block-padding\">\n\t\t\t\t\t\t<div class=\"uncode_text_column\" ><p>Le prix de l&#8217;examen DELE d\u00e9pend du pays o\u00f9 se d\u00e9roule l&#8217;examen et du niveau que vous poss\u00e9dez et que vous souhaitez certifier. En Espagne, les prix varient de 112 euros \u00e0 201\/234 euros pour les niveaux sup\u00e9rieurs.<\/p>\n<p>L&#8217;inscription \u00e0 cet examen et le paiement des frais se font sur le site officiel de l&#8217;Instituto Cervantes<span style=\"font-family: -apple-system, BlinkMacSystemFont, 'Segoe UI', Roboto, Oxygen-Sans, Ubuntu, Cantarell, 'Helvetica Neue', sans-serif;\">\u00a0(<\/span><a style=\"font-family: -apple-system, BlinkMacSystemFont, 'Segoe UI', Roboto, Oxygen-Sans, Ubuntu, Cantarell, 'Helvetica Neue', sans-serif;\" href=\"https:\/\/examenes.cervantes.es\/es\" target=\"_blank\" rel=\"noopener\">https:\/\/examenes.cervantes.es\/es<\/a><span style=\"font-family: -apple-system, BlinkMacSystemFont, 'Segoe UI', Roboto, Oxygen-Sans, Ubuntu, Cantarell, 'Helvetica Neue', sans-serif;\">).<\/span><\/p>\n<p>Chez Hablamos, nous avons plusieurs examens officiels. Vous pouvez vous inscrire directement via le lien ci-dessous.<\/p>\n<div style=\"overflow-x: auto;\">\n<table>\n<tbody>\n<tr>\n<td>Avril 25<\/td>\n<td>DELE A2<\/td>\n<td><a href=\"https:\/\/examenes.cervantes.es\/es\/dele\/donde?country=es&amp;field_region_value=857&amp;field_province_value=4005&amp;field_fecha_examen_value=1-04-2025&amp;field_tipo_de_examen_value=&amp;keys=hablamos\" target=\"_blank\" rel=\"noopener\">Lien d&#8217;inscription<\/a><\/td>\n<\/tr>\n<tr>\n<td>Juillet 25<\/td>\n<td>DELE A2<\/td>\n<td><a href=\"https:\/\/examenes.cervantes.es\/es\/dele\/donde?country=es&amp;field_region_value=857&amp;field_province_value=4005&amp;field_fecha_examen_value=1-07-2025&amp;field_tipo_de_examen_value=&amp;keys=hablamos\" target=\"_blank\" rel=\"noopener\">Lien d&#8217;inscription<\/a><\/td>\n<\/tr>\n<tr>\n<td>Octobre 25<\/td>\n<td>DELE A2<\/td>\n<td><a href=\"https:\/\/examenes.cervantes.es\/es\/dele\/donde?country=es&amp;field_region_value=857&amp;field_province_value=4005&amp;field_fecha_examen_value=1-10-2025&amp;field_tipo_de_examen_value=&amp;keys=hablamos\" target=\"_blank\" rel=\"noopener\">Lien d&#8217;inscription<\/a><\/td>\n<\/tr>\n<\/tbody>\n<\/table>\n<\/div>\n<div style=\"background-color: #ffe79d; padding: 20px;\">Chez Hablamos, nous vous aiderons \u00e0 remplir toutes les formalit\u00e9s administratives pour cet examen. \u00c9crivez-nous \u00e0 <a href=\"mailto:examenes@escuela-hablamos.com\">examenes@escuela-hablamos.com<\/a>, appelez-nous ou contactez-nous par WhatsApp !<\/div>\n<p>\n<\/div><\/div><\/div><\/div><div class=\"panel panel-default wpb_accordion_section group\"><div class=\"panel-heading wpb_accordion_header ui-accordion-header\"><p class=\"panel-title font-weight- text-   icon-size-rg\"><a data-toggle=\"collapse\" data-parent=\"#accordion_233931366\" href=\"#1736419481198-7-36\"><span>Pourquoi est-il important d'avoir ce dipl\u00f4me ou certificat ?<\/span><\/a><\/p><\/div><div id=\"1736419481198-7-36\" class=\"panel-collapse collapse\"><div class=\"panel-body wpb_accordion_content ui-accordion-content half-internal-gutter single-block-padding\">\n\t\t\t\t\t\t<div class=\"uncode_text_column\" ><\/p>\n<ul>\n<li>Les dipl\u00f4mes DELE n&#8217;expirent pas \u00e0 une date pr\u00e9cise.<\/li>\n<li>Ce dipl\u00f4me est essentiel pour les demandes de permis de s\u00e9jour, car il est n\u00e9cessaire de prouver que vous avez un niveau A2 ou plus pour obtenir un permis de s\u00e9jour. Il est \u00e9galement n\u00e9cessaire pour la demande de certains visas d&#8217;\u00e9tudes.<\/li>\n<li>Le dipl\u00f4me DELE est exig\u00e9 par les entreprises et les universit\u00e9s pour l&#8217;emploi et l&#8217;enseignement sup\u00e9rieur.<\/li>\n<li>Le dipl\u00f4me DELE est exig\u00e9 pour l&#8217;homologation de certains dipl\u00f4mes ou \u00e9tudes sup\u00e9rieures.<\/li>\n<\/ul>\n<p>\n<\/div><\/div><\/div><\/div><div class=\"panel panel-default wpb_accordion_section group\"><div class=\"panel-heading wpb_accordion_header ui-accordion-header\"><p class=\"panel-title font-weight- text-   icon-size-rg\"><a data-toggle=\"collapse\" data-parent=\"#accordion_233931366\" href=\"#1658837597005-5-05\"><span>Cours de pr\u00e9paration au DELE avec Hablamos<\/span><\/a><\/p><\/div><div id=\"1658837597005-5-05\" class=\"panel-collapse collapse\"><div class=\"panel-body wpb_accordion_content ui-accordion-content half-internal-gutter single-block-padding\">\n\t\t\t\t\t\t<div class=\"uncode_text_column\" ><p>Vous souhaitez pr\u00e9parer l&#8217;examen avec nous ? <a href=\"https:\/\/www.escuela-hablamos.com\/fr\/preparation-course-for-dele-exam\/\">D\u00e9couvrez nos cours sp\u00e9ciaux !<\/a><\/p>\n<\/div><\/div><\/div><\/div><div class=\"panel panel-default wpb_accordion_section group\"><div class=\"panel-heading wpb_accordion_header ui-accordion-header\"><p class=\"panel-title font-weight- text-   icon-size-rg\"><a data-toggle=\"collapse\" data-parent=\"#accordion_233931366\" href=\"#1659424462392-6-21\"><span>Apprenez-en plus avec notre blog !<\/span><\/a><\/p><\/div><div id=\"1659424462392-6-21\" class=\"panel-collapse collapse\"><div class=\"panel-body wpb_accordion_content ui-accordion-content half-internal-gutter single-block-padding\">\n\t\t\t\t\t\t<div class=\"uncode_text_column\" ><p><a href=\"https:\/\/www.escuela-hablamos.com\/fr\/blog\/\">En savoir plus sur l&#8217;examen, des conseils et plus encore !<\/a><\/p>\n<\/div><\/div><\/div><\/div><div class=\"panel panel-default wpb_accordion_section group\"><div class=\"panel-heading wpb_accordion_header ui-accordion-header\"><p class=\"panel-title font-weight- text-   icon-size-rg\"><a data-toggle=\"collapse\" data-parent=\"#accordion_233931366\" href=\"#1659424628289-7-46\"><span>Vous avez d'autres questions ?<\/span><\/a><\/p><\/div><div id=\"1659424628289-7-46\" class=\"panel-collapse collapse\"><div class=\"panel-body wpb_accordion_content ui-accordion-content half-internal-gutter single-block-padding\">\n\t\t\t\t\t\t<div class=\"uncode_text_column\" ><p>Ecrivez-nous ! <a href=\"mailto:examenes@escuela-hablamos.com\">examenes@escuela-hablamos.com<\/a><\/p>\n<\/div><\/div><\/div><\/div>\n\t\t<\/div><\/div><div class=\"empty-space empty-double\" ><span class=\"empty-space-inner\"><\/span><\/div>\n<\/div><\/div><\/div><\/div><\/div><div class=\"wpb_column pos-top pos-center align_left column_parent col-lg-5 tablet-hidden mobile-hidden single-internal-gutter\"><div class=\"uncol style-light sticky-element sticky-sidebar animate_when_almost_visible left-t-right\"  ><div class=\"uncoltable\" style=\"min-height: 340px;\"><div class=\"uncell single-block-padding\" ><div class=\"uncont\" ><div class=\"empty-space empty-quart\" ><span class=\"empty-space-inner\"><\/span><\/div>\n<div class=\"uncode-single-media  text-center\"><div class=\"single-wrapper\" style=\"max-width: 100%;\"><div class=\"tmb tmb-light  img-circle tmb-media-first tmb-media-last tmb-content-overlay tmb-no-bg\"><div class=\"t-inside\"><div class=\"t-entry-visual\"><div class=\"t-entry-visual-tc\"><div class=\"uncode-single-media-wrapper img-circle\"><img decoding=\"async\" class=\"wp-image-10148\" src=\"https:\/\/www.escuela-hablamos.com\/wp-content\/uploads\/2025\/01\/dele-sq.jpg\" width=\"900\" height=\"900\" alt=\"Preparation Course for DELE Exam @ Hablamos, Madrid\" srcset=\"https:\/\/www.escuela-hablamos.com\/wp-content\/uploads\/2025\/01\/dele-sq.jpg 900w, https:\/\/www.escuela-hablamos.com\/wp-content\/uploads\/2025\/01\/dele-sq-300x300.jpg 300w, https:\/\/www.escuela-hablamos.com\/wp-content\/uploads\/2025\/01\/dele-sq-150x150.jpg 150w, https:\/\/www.escuela-hablamos.com\/wp-content\/uploads\/2025\/01\/dele-sq-768x768.jpg 768w, https:\/\/www.escuela-hablamos.com\/wp-content\/uploads\/2025\/01\/dele-sq-12x12.jpg 12w, https:\/\/www.escuela-hablamos.com\/wp-content\/uploads\/2025\/01\/dele-sq-350x350.jpg 350w, https:\/\/www.escuela-hablamos.com\/wp-content\/uploads\/2025\/01\/dele-sq-348x348.jpg 348w, https:\/\/www.escuela-hablamos.com\/wp-content\/uploads\/2025\/01\/dele-sq-uai-720x720.jpg 720w\" sizes=\"(max-width: 900px) 100vw, 900px\" \/><\/div>\n\t\t\t\t\t<\/div>\n\t\t\t\t<\/div><\/div><\/div><\/div><\/div><div class=\"empty-space empty-quart\" ><span class=\"empty-space-inner\"><\/span><\/div>\n<\/div><\/div><\/div><\/div><\/div><script id=\"script-row-unique-5\" data-row=\"script-row-unique-5\" type=\"text\/javascript\" class=\"vc_controls\">UNCODE.initRow(document.getElementById(\"row-unique-5\"));<\/script><\/div><\/div><\/div><div data-parent=\"true\" class=\"vc_row row-container\" id=\"row-unique-8\"><div class=\"row no-top-padding no-bottom-padding no-h-padding full-width row-parent\"><div class=\"wpb_row row-inner\"><div class=\"wpb_column pos-top pos-center align_left column_parent col-lg-12 single-internal-gutter\"><div class=\"uncol style-light\"  ><div class=\"uncoltable\"><div class=\"uncell\" ><div class=\"uncont single-block-padding col-custom-width\" style=\" max-width:70%;\" ><div class=\"vc_custom_heading_wrap\"><div class=\"heading-text el-text\" ><h2 class=\"h4\" ><span><mark>Tableau comparatif entre les examens DELE et SIELE : Avantages et caract\u00e9ristiques de chacun<\/mark><\/span><\/h2><\/div><div class=\"clear\"><\/div><\/div><div class=\"uncode_text_column\" ><\/p>\n<table>\n<tbody>\n<tr style=\"background-color: #ebf2f7;\">\n<td><\/td>\n<td>DELE<\/td>\n<td>SIELE<\/td>\n<\/tr>\n<tr>\n<td width=\"20%\">Description<\/td>\n<td style=\"font-weight: 400 !important;\" width=\"40%\">Dipl\u00f4me de comp\u00e9tence en espagnol au niveau du CEFR (A1-C2)<\/td>\n<td style=\"font-weight: 400 !important;\" width=\"40%\">Certificat de connaissance de l&#8217;espagnol sur une \u00e9chelle de points avec des \u00e9quivalences aux niveaux A1-C1 du CEFR<\/td>\n<\/tr>\n<tr>\n<td>Propri\u00e9t\u00e9<\/td>\n<td style=\"font-weight: 400 !important;\">Minist\u00e8re espagnol de l&#8217;\u00e9ducation et de la formation professionnelle. L&#8217;Instituto Cervantes assure la direction acad\u00e9mique, \u00e9conomique et administrative depuis 2002<\/td>\n<td style=\"font-weight: 400 !important;\">Instituto Cervantes (IC), Universidad Nacional Aut\u00f3noma de M\u00e9xico (UNAM), Universidad de Salamanca (USAL), Universidad de Buenos Aires (UBA)<\/td>\n<\/tr>\n<tr>\n<td>G\u00e9r\u00e9 par<\/td>\n<td style=\"font-weight: 400 !important;\">1989<\/td>\n<td style=\"font-weight: 400 !important;\">2016<\/td>\n<\/tr>\n<tr>\n<td>Origine<\/td>\n<td style=\"font-weight: 400 !important;\">Espagne<\/td>\n<td style=\"font-weight: 400 !important;\">Espagne, Mexique et Argentine<\/td>\n<\/tr>\n<tr>\n<td>Validit\u00e9<\/td>\n<td style=\"font-weight: 400 !important;\">Ind\u00e9finie<\/td>\n<td style=\"font-weight: 400 !important;\">Cinq ans<\/td>\n<\/tr>\n<tr>\n<td>Reconnaissance internationale<\/td>\n<td style=\"font-weight: 400 !important;\">Reconnaissance internationale dans les syst\u00e8mes \u00e9ducatifs r\u00e9glement\u00e9s (par exemple, au Br\u00e9sil, en France et en Italie), les institutions, les entreprises, les universit\u00e9s, etc.<br \/>\nEn Espagne : Nationalit\u00e9 espagnole, MIR, FIR, etc.<\/td>\n<td style=\"font-weight: 400 !important;\">Reconnaissance internationale dans les syst\u00e8mes d&#8217;enseignement sup\u00e9rieur et universitaire, les institutions, les entreprises, etc.<br \/>\nEn Espagne : MIR, FIR, etc.<\/td>\n<\/tr>\n<tr>\n<td>Responsable de la gestion administrative et commerciale<\/td>\n<td style=\"font-weight: 400 !important;\">Institut Cervantes<\/td>\n<td style=\"font-weight: 400 !important;\">Entreprise performante dans le domaine de la technologie et du marketing : Telef\u00f3nica Educaci\u00f3n Digital<\/td>\n<\/tr>\n<tr>\n<td>Destinataires<\/td>\n<td style=\"font-weight: 400 !important;\">ELE et L2, \u00e9coliers, jeunes et adultes<\/td>\n<td style=\"font-weight: 400 !important;\">ELE, L2 et L1, jeunes apprenants et adultes<\/td>\n<\/tr>\n<tr>\n<td>Forme d&#8217;administration<\/td>\n<td style=\"font-weight: 400 !important;\">Dans les centres d&#8217;examen, sur papier, par le biais d&#8217;examens internationaux en face \u00e0 face.<\/td>\n<td style=\"font-weight: 400 !important;\">Dans les centres d&#8217;examen, sur ordinateur, et par un syst\u00e8me de rendez-vous que le centre lui-m\u00eame annonce tout au long de l&#8217;ann\u00e9e dans un calendrier public et ouvert.<br \/>\n\u00c0 distance : le candidat passe l&#8217;examen sur son ordinateur \u00e0 domicile et le centre d&#8217;examen surveille l&#8217;examen en temps r\u00e9el en ligne.<\/td>\n<\/tr>\n<tr>\n<td>R\u00e9seau de centres d&#8217;examen<\/td>\n<td style=\"font-weight: 400 !important;\">Plus de 1 000 centres d&#8217;examen dans le monde<\/td>\n<td style=\"font-weight: 400 !important;\">Plus de 1 600 centres d&#8217;examen dans le monde<\/td>\n<\/tr>\n<tr>\n<td>Int\u00e9gration des vari\u00e9t\u00e9s d&#8217;espagnol<\/td>\n<td style=\"font-weight: 400 !important;\">Oui, surtout \u00e0 partir du niveau B1<\/td>\n<td style=\"font-weight: 400 !important;\">Oui, surtout \u00e0 partir du niveau B1<\/td>\n<\/tr>\n<tr>\n<td>\u00c9preuves d&#8217;examen<\/td>\n<td style=\"font-weight: 400 !important;\">&#8211; Compr\u00e9hension \u00e9crite (CL)<br \/>\n&#8211; Compr\u00e9hension orale (CA)<br \/>\n&#8211; Expression et interaction \u00e9crites (EIE)<br \/>\n&#8211; Expression et interaction orales (EIO)<br \/>\nEn C1 et C2, les \u00e9preuves sont des \u00e9preuves de comp\u00e9tences int\u00e9gr\u00e9es.<\/td>\n<td style=\"font-weight: 400 !important;\">&#8211; Compr\u00e9hension \u00e9crite (CL)<br \/>\n&#8211; Compr\u00e9hension orale (CA)<br \/>\n&#8211; Expression et interaction \u00e9crites (EIE)<br \/>\n&#8211; Expression et interaction orales (EIO)<\/td>\n<\/tr>\n<tr>\n<td>Nombre d&#8217;examens et de niveaux<\/td>\n<td style=\"font-weight: 400 !important;\">Six examens pour adultes : A1 &#8211; C2<br \/>\nDeux examens scolaires : A1 &#8211; A2\/B1<\/td>\n<td style=\"font-weight: 400 !important;\">SIELE GLOBAL, un examen pour adultes qui int\u00e8gre des t\u00e2ches de A1 \u00e0 C1.<br \/>\nEt cinq modalit\u00e9s ind\u00e9pendantes : S1 : RC+LC ; S2 : RC+WEI ; S3 : LC+SEI ; S4 : SEI, y S5 : WEI+SEI<\/td>\n<\/tr>\n<tr>\n<td>Informations sur le r\u00e9sultat<\/td>\n<td style=\"font-weight: 400 !important;\">R\u00e9ussite ou \u00e9chec en fonction de la ma\u00eetrise par le candidat du niveau pour lequel il passe l&#8217;examen<\/td>\n<td style=\"font-weight: 400 !important;\">Score de ma\u00eetrise de la langue espagnole dans chaque comp\u00e9tence exprim\u00e9 sur une \u00e9chelle de 250 points avec \u00e9quivalence aux niveaux du CECR. Score total sur 1000<\/td>\n<\/tr>\n<tr>\n<td>Type de certificat d\u00e9livr\u00e9<\/td>\n<td style=\"font-weight: 400 !important;\">Certification \u00e9lectronique des qualifications avec validit\u00e9 officielle Dipl\u00f4me officiel pour les candidats ayant r\u00e9ussi l&#8217;examen<\/td>\n<td style=\"font-weight: 400 !important;\">Certificat (SIELE GLOBAL) ou rapport (S1, S2, S3, S4 et S5) avec validit\u00e9 officielle et code de v\u00e9rification<\/td>\n<\/tr>\n<tr>\n<td>Communication des r\u00e9sultats<\/td>\n<td style=\"font-weight: 400 !important;\">Trois mois au maximum<\/td>\n<td style=\"font-weight: 400 !important;\">Trois semaines au maximum<\/td>\n<\/tr>\n<tr>\n<td>Conformit\u00e9 aux normes internationales de certification<\/td>\n<td style=\"font-weight: 400 !important;\"><img decoding=\"async\" src=\"https:\/\/www.escuela-hablamos.com\/wp-content\/uploads\/2023\/03\/alteq.jpg\" \/><\/td>\n<td style=\"font-weight: 400 !important;\"><img decoding=\"async\" src=\"https:\/\/www.escuela-hablamos.com\/wp-content\/uploads\/2023\/03\/sicele.jpg\" \/><\/td>\n<\/tr>\n<tr>\n<td>Page web<\/td>\n<td style=\"font-weight: 400 !important;\"><a href=\"https:\/\/examenes.cervantes.es\/es\/dele\/que-es\" target=\"_blank\" rel=\"noopener\"><span style=\"color: #5b636b;\">https:\/\/examenes.cervantes.es\/es\/dele\/que-es<\/span><\/a><\/td>\n<td style=\"font-weight: 400 !important;\"><a href=\"https:\/\/siele.org\/\" target=\"_blank\" rel=\"noopener\"><span style=\"color: #5b636b;\">https:\/\/siele.org\/<\/span><\/a><\/td>\n<\/tr>\n<\/tbody>\n<\/table>\n<p>\n<\/div><\/div><\/div><\/div><\/div><\/div><script id=\"script-row-unique-8\" data-row=\"script-row-unique-8\" type=\"text\/javascript\" class=\"vc_controls\">UNCODE.initRow(document.getElementById(\"row-unique-8\"));<\/script><\/div><\/div><\/div><div data-parent=\"true\" class=\"vc_row has-bg need-focus style-accent-bg row-container mobile-hidden\" id=\"row-unique-26\"><div class=\"row limit-width row-parent\"><div class=\"wpb_row row-inner\"><div class=\"wpb_column pos-top pos-center align_center column_parent col-lg-12 single-internal-gutter\"><div class=\"uncol style-light\"  ><div class=\"uncoltable\"><div class=\"uncell no-block-padding\" ><div class=\"uncont\" ><div class=\"vc_custom_heading_wrap mobile-hidden\"><div class=\"heading-text el-text\" ><h2 class=\"h1 text-color-xsdn-color\" ><span>C'est <span class=\"split-word uncode-rotating-span uncode-rotating-text-start\" data-text=\"votre \u00e9cole d'espagnol \u00e0 Madrid|bien plus qu'apprendre l'espagnol|Hablamos\" data-fx=\"zoom\" data-wait=\"3000\">&nbsp;<\/span><span class=\"split-word word1\"><span class=\"split-word-flow\"><span class=\"split-word-inner\"><span class=\"split-char char92\">H<\/span><span class=\"split-char char93\">a<\/span><span class=\"split-char char94\">b<\/span><span class=\"split-char char95\">l<\/span><span class=\"split-char char96\">a<\/span><span class=\"split-char char97\">m<\/span><span class=\"split-char char98\">o<\/span><span class=\"split-char char99\">s<\/span><\/span><\/span><\/span><span class=\"split-word uncode-rotating-span uncode-rotating-text-end\">&nbsp;<\/span><\/span><\/h2><\/div><div class=\"clear\"><\/div><\/div><\/div><\/div><\/div><\/div><\/div><script id=\"script-row-unique-26\" data-row=\"script-row-unique-26\" type=\"text\/javascript\" class=\"vc_controls\">UNCODE.initRow(document.getElementById(\"row-unique-26\"));<\/script><\/div><\/div><\/div><div data-parent=\"true\" class=\"vc_row row-container\" id=\"row-unique-28\"><div class=\"row double-top-padding double-bottom-padding single-h-padding limit-width row-parent\"><div class=\"wpb_row row-inner\"><div class=\"wpb_column pos-top pos-center align_center column_parent col-lg-12 single-internal-gutter\"><div class=\"uncol style-light\"  ><div class=\"uncoltable\"><div class=\"uncell no-block-padding\" ><div class=\"uncont\" ><span class=\"btn-container btn-inline animate_when_almost_visible left-t-right\" ><a role=\"button\"  href=\"https:\/\/www.escuela-hablamos.com\/fr\/contact-hablamos\/\" class=\"custom-link btn border-width-0 btn-accent btn-no-scale btn-icon-left\" title=\"Contact Hablamos\">On peut parler ?<\/a><\/span><span class=\"btn-container btn-inline animate_when_almost_visible right-t-left\" ><a role=\"button\"  href=\"#\" class=\"custom-link btn border-width-0 popmake-1853 btn-Hablamos-blue btn-no-scale btn-icon-left\" title=\"Contact Hablamos\">Recevoir notre newsletter ?<\/a><\/span><\/div><\/div><\/div><\/div><\/div><script id=\"script-row-unique-28\" data-row=\"script-row-unique-28\" type=\"text\/javascript\" class=\"vc_controls\">UNCODE.initRow(document.getElementById(\"row-unique-28\"));<\/script><\/div><\/div><\/div>\n<\/div>","protected":false},"excerpt":{"rendered":"<p>At Hablamos, we answer all your questions<\/p>","protected":false},"author":2,"featured_media":1021,"parent":0,"menu_order":0,"comment_status":"closed","ping_status":"closed","template":"","meta":{"iawp_total_views":1122,"footnotes":""},"class_list":["post-10146","page","type-page","status-publish","has-post-thumbnail","hentry"],"_links":{"self":[{"href":"https:\/\/www.escuela-hablamos.com\/fr\/wp-json\/wp\/v2\/pages\/10146","targetHints":{"allow":["GET"]}}],"collection":[{"href":"https:\/\/www.escuela-hablamos.com\/fr\/wp-json\/wp\/v2\/pages"}],"about":[{"href":"https:\/\/www.escuela-hablamos.com\/fr\/wp-json\/wp\/v2\/types\/page"}],"author":[{"embeddable":true,"href":"https:\/\/www.escuela-hablamos.com\/fr\/wp-json\/wp\/v2\/users\/2"}],"replies":[{"embeddable":true,"href":"https:\/\/www.escuela-hablamos.com\/fr\/wp-json\/wp\/v2\/comments?post=10146"}],"version-history":[{"count":29,"href":"https:\/\/www.escuela-hablamos.com\/fr\/wp-json\/wp\/v2\/pages\/10146\/revisions"}],"predecessor-version":[{"id":157133,"href":"https:\/\/www.escuela-hablamos.com\/fr\/wp-json\/wp\/v2\/pages\/10146\/revisions\/157133"}],"wp:featuredmedia":[{"embeddable":true,"href":"https:\/\/www.escuela-hablamos.com\/fr\/wp-json\/wp\/v2\/media\/1021"}],"wp:attachment":[{"href":"https:\/\/www.escuela-hablamos.com\/fr\/wp-json\/wp\/v2\/media?parent=10146"}],"curies":[{"name":"wp","href":"https:\/\/api.w.org\/{rel}","templated":true}]}}